{"id":15815,"date":"2025-10-14T19:28:15","date_gmt":"2025-10-14T16:28:15","guid":{"rendered":"https:\/\/www.estrad.fi\/barnensestrad\/?post_type=aktuellt&#038;p=15815"},"modified":"2026-04-01T16:36:25","modified_gmt":"2026-04-01T13:36:25","slug":"nar-findus-var-liten-och-forsvann","status":"publish","type":"aktuellt","link":"https:\/\/www.estrad.fi\/barnensestrad\/aktuellt\/nar-findus-var-liten-och-forsvann\/","title":{"rendered":"N\u00e4r Findus var liten och f\u00f6rsvann"},"content":{"rendered":"\n<p class=\" eplus-wrapper\">I februari 2026 hade vi en efterl\u00e4ngtad premi\u00e4r p\u00e5 <em>N\u00e4r Findus var liten och f\u00f6rsvann<\/em>.<br>I den nyskrivna, roliga och fartfyllda pj\u00e4sen, som baserar sig p\u00e5 Sven Nordqvists fantastiska b\u00f6cker, <br>f\u00e5r vi f\u00f6lja med de k\u00e4ra v\u00e4nnernas \u00e4ventyr.<br>Det \u00e4r fart och fl\u00e4ng och roligheter med Pettson, Findus och de skojig Mucklorna &#8211; <br>och lugna stunder n\u00e4r Findus hittar sitt hem hos Pettson.<br><br>F\u00f6rest\u00e4llningen \u00e4r c. 35 minuter l\u00e5ng och riktar sig till barn i sm\u00e5barnspedagogiken &#8211; med familjer.<br>Till f\u00f6rest\u00e4llningen h\u00f6r ett pedagogiskt material.<br>Vi rekommenderar en maxpublik p\u00e5 80 personer.<\/p>\n\n\n\n<p class=\" eplus-wrapper\"><em>Respons fr\u00e5n v\u00e5rens turn\u00e9er:<br><em>&#8221;Tack f\u00f6r en fantastisk teaterpj\u00e4s. Barn och personal tyckte v\u00e4ldigt mycket om den. Barnen\u00a0ritade teckningar av Findus och Pettson dagen efter.&#8221;<\/em><\/em><br><em>&#8221;Tack, b\u00e5de barn och vuxna tyckte f\u00f6rest\u00e4llningen var super &#8211; \u00e4ven de minsta orkade f\u00f6lja med!&#8221;<br>&#8221;Tack, vi var j\u00e4tten\u00f6jda!!&#8221;<\/em><br><em>&#8221;Barnen \u00e4lskade det!&#8221;<\/em><br><em>&#8221;Vi var v\u00e4ldigt n\u00f6jda med f\u00f6rest\u00e4llningen. Den v\u00e4ckte mycket skratt och nyfikenhet hos b\u00e5de barn och vuxna.<\/em>&#8221;<br><br>F\u00f6rest\u00e4llningen spelas \u00f6ver 40 g\u00e5nger under v\u00e5ren 2026 och turnerar ocks\u00e5 h\u00f6sten 2026 och v\u00e5ren 2027.<br>H\u00f6r g\u00e4rna av er om ni \u00e4r intresserade av en f\u00f6rest\u00e4llning!<\/p>\n\n\n\n<p class=\" eplus-wrapper\"><\/p>\n\n\n\n<p class=\" eplus-wrapper\"><\/p>\n\n\n\n<figure class=\" wp-block-image aligncenter size-large eplus-wrapper\"><img loading=\"lazy\" decoding=\"async\" width=\"1024\" height=\"844\" src=\"https:\/\/www.estrad.fi\/barnensestrad\/wp-content\/uploads\/2025\/10\/NarFindusVarLiten-demokuva-1-1024x844.jpeg\" alt=\"\" class=\"wp-image-15816\" srcset=\"https:\/\/www.estrad.fi\/barnensestrad\/wp-content\/uploads\/2025\/10\/NarFindusVarLiten-demokuva-1-1024x844.jpeg 1024w, https:\/\/www.estrad.fi\/barnensestrad\/wp-content\/uploads\/2025\/10\/NarFindusVarLiten-demokuva-1-300x247.jpeg 300w, https:\/\/www.estrad.fi\/barnensestrad\/wp-content\/uploads\/2025\/10\/NarFindusVarLiten-demokuva-1-768x633.jpeg 768w, https:\/\/www.estrad.fi\/barnensestrad\/wp-content\/uploads\/2025\/10\/NarFindusVarLiten-demokuva-1-1200x990.jpeg 1200w, https:\/\/www.estrad.fi\/barnensestrad\/wp-content\/uploads\/2025\/10\/NarFindusVarLiten-demokuva-1-600x495.jpeg 600w, https:\/\/www.estrad.fi\/barnensestrad\/wp-content\/uploads\/2025\/10\/NarFindusVarLiten-demokuva-1.jpeg 1397w\" sizes=\"auto, (max-width: 709px) 85vw, (max-width: 909px) 67vw, (max-width: 1362px) 62vw, 840px\" \/><\/figure>\n\n\n\n<p class=\" eplus-wrapper\"><em><br><\/em><\/p>\n\n\n\n<p class=\" eplus-wrapper\"><strong>N\u00e4r Findus var liten och f\u00f6rsvann<br><\/strong><span style=\"font-family: arial, sans-serif;\">Av Jesper Fransson efter Sven Nordqvists b\u00f6cker.<\/span><br><span style=\"font-family: arial, sans-serif;\"><strong>Regi\u00f6ga<\/strong>: Samuel Karlsson <br><strong>Dr\u00e4kter:&nbsp;<\/strong>Marjo Haapasalo<br><strong>Scenografi:&nbsp;<\/strong>Oliver Gr\u00f6n<br><strong>Foto &amp; scenografibygge:&nbsp;<\/strong>Lasse Andersson<br><strong>Musik och ljudeffekter:&nbsp;<\/strong>Stefan \u201dKilju\u201d Lindblom och Anders Gr\u00f6nroos<br><strong>Rekvisit\u00f6r &amp; dockmakare:&nbsp;<\/strong>Pia Lind\u00e9n-Lamoureux<br><strong>Turn\u00e9producent:&nbsp;<\/strong>Marica Fagerholm-\u00c5sten<br><strong>Producent:&nbsp;<\/strong>Anders Gr\u00f6nroos<br><strong>I rollerna<\/strong>: Jesper Fransson<br><strong>F\u00f6rlag<\/strong>: Agency North<\/span><br><span style=\"font-family: arial, sans-serif;\"><strong>Publik<\/strong>: <\/span><span style=\"font-family: arial, sans-serif;\">2-7 \u00e5ringar, med familjer<\/span><br><span style=\"font-family: arial, sans-serif;\"><strong>Scen\/golvutrymme<\/strong>: Minst 3&#215;3 meter<br><strong>L\u00e4ngd<\/strong>: c. 35 minuter.<\/span><\/p>\n\n\n\n<p class=\" eplus-wrapper\">___________________<\/p>\n\n\n\n<p class=\" eplus-wrapper\"><\/p>\n\n\n\n<p class=\" eplus-wrapper\"><\/p>\n\n\n\n<figure class=\" wp-block-image size-large eplus-wrapper\"><a href=\"https:\/\/www.estrad.fi\/barnensestrad\/wp-content\/uploads\/2025\/10\/NarFindus_01_2026_small-scaled.jpg\"><img loading=\"lazy\" decoding=\"async\" width=\"768\" height=\"1024\" src=\"https:\/\/www.estrad.fi\/barnensestrad\/wp-content\/uploads\/2025\/10\/NarFindus_01_2026_small-768x1024.jpg\" alt=\"\" class=\"wp-image-17032\" srcset=\"https:\/\/www.estrad.fi\/barnensestrad\/wp-content\/uploads\/2025\/10\/NarFindus_01_2026_small-768x1024.jpg 768w, https:\/\/www.estrad.fi\/barnensestrad\/wp-content\/uploads\/2025\/10\/NarFindus_01_2026_small-225x300.jpg 225w, https:\/\/www.estrad.fi\/barnensestrad\/wp-content\/uploads\/2025\/10\/NarFindus_01_2026_small-1152x1536.jpg 1152w, https:\/\/www.estrad.fi\/barnensestrad\/wp-content\/uploads\/2025\/10\/NarFindus_01_2026_small-1536x2048.jpg 1536w, https:\/\/www.estrad.fi\/barnensestrad\/wp-content\/uploads\/2025\/10\/NarFindus_01_2026_small-1200x1600.jpg 1200w, https:\/\/www.estrad.fi\/barnensestrad\/wp-content\/uploads\/2025\/10\/NarFindus_01_2026_small-600x800.jpg 600w, https:\/\/www.estrad.fi\/barnensestrad\/wp-content\/uploads\/2025\/10\/NarFindus_01_2026_small-scaled.jpg 1920w\" sizes=\"auto, (max-width: 709px) 85vw, (max-width: 909px) 67vw, (max-width: 984px) 61vw, (max-width: 1362px) 45vw, 600px\" \/><\/a><\/figure>\n\n\n\n<p class=\" eplus-wrapper\">H\u00f6r g\u00e4rna av er till Anders: anders@estrad.fi eller 0400-531770<br>om ni \u00e4r intresserade av en f\u00f6rest\u00e4llning!<\/p>\n\n\n\n<p class=\" eplus-wrapper\"><\/p>\n","protected":false},"featured_media":15816,"menu_order":0,"template":"","meta":{"editor_plus_copied_stylings":"{}","_price":"","_stock":"","_tribe_ticket_header":"","_tribe_default_ticket_provider":"","_tribe_ticket_capacity":"0","_ticket_start_date":"","_ticket_end_date":"","_tribe_ticket_show_description":"","_tribe_ticket_show_not_going":false,"_tribe_ticket_use_global_stock":"","_tribe_ticket_global_stock_level":"","_global_stock_mode":"","_global_stock_cap":"","_tribe_rsvp_for_event":"","_tribe_ticket_going_count":"","_tribe_ticket_not_going_count":"","_tribe_tickets_list":"[]","_tribe_ticket_has_attendee_info_fields":false},"categories":[5],"class_list":["post-15815","aktuellt","type-aktuellt","status-publish","has-post-thumbnail","hentry","category-aktuellt"],"_links":{"self":[{"href":"https:\/\/www.estrad.fi\/barnensestrad\/wp-json\/wp\/v2\/aktuellt\/15815","targetHints":{"allow":["GET"]}}],"collection":[{"href":"https:\/\/www.estrad.fi\/barnensestrad\/wp-json\/wp\/v2\/aktuellt"}],"about":[{"href":"https:\/\/www.estrad.fi\/barnensestrad\/wp-json\/wp\/v2\/types\/aktuellt"}],"wp:featuredmedia":[{"embeddable":true,"href":"https:\/\/www.estrad.fi\/barnensestrad\/wp-json\/wp\/v2\/media\/15816"}],"wp:attachment":[{"href":"https:\/\/www.estrad.fi\/barnensestrad\/wp-json\/wp\/v2\/media?parent=15815"}],"wp:term":[{"taxonomy":"category","embeddable":true,"href":"https:\/\/www.estrad.fi\/barnensestrad\/wp-json\/wp\/v2\/categories?post=15815"}],"curies":[{"name":"wp","href":"https:\/\/api.w.org\/{rel}","templated":true}]}}