{"id":17080,"date":"2026-04-29T18:26:19","date_gmt":"2026-04-29T15:26:19","guid":{"rendered":"https:\/\/www.estrad.fi\/barnensestrad\/?post_type=aktuellt&#038;p=17080"},"modified":"2026-04-29T18:36:23","modified_gmt":"2026-04-29T15:36:23","slug":"barnens-sommarteater-2026-findus-flyttar-ut","status":"publish","type":"aktuellt","link":"https:\/\/www.estrad.fi\/barnensestrad\/aktuellt\/barnens-sommarteater-2026-findus-flyttar-ut\/","title":{"rendered":"Barnens Sommarteater 2026 &#8211; Findus flyttar ut"},"content":{"rendered":"\n<p class=\" eplus-wrapper\"><\/p>\n\n\n\n<p class=\" eplus-wrapper\">Sedan 2006 har vi&nbsp;turnerat runt med mysiga familjeevenemang ocks\u00e5 sommartid.<\/p>\n\n\n\n<p class=\" eplus-wrapper\">Den roliga och musikaliska pj\u00e4sen \u201dFindus flyttar ut\u201d spelas denna sommar.<br>Det \u00e4r en mycket barnv\u00e4nlig och trevlig f\u00f6rest\u00e4llning som riktar sig till hela familjen.<br>Pettson tar v\u00e4nligt emot publiken och n\u00e4r alla kommit b\u00f6rjar den roliga f\u00f6rest\u00e4llningen<br>och d\u00e5 dyker ocks\u00e5 Findus upp.<br>Efter f\u00f6rest\u00e4llningen f\u00f6ljer servering p\u00e5 flera platser.<br><br><strong><span style=\"color: #339966;\">Kom ih\u00e5g att k\u00f6pa biljetter p\u00e5 f\u00f6rhand. Biljetter s\u00e4ljs endast som f\u00f6rk\u00f6p s\u00e5 att alla som har biljetter f\u00e5r bra platser! <\/span><\/strong><br><strong><span style=\"color: #339966;\"><em>OBS: Vid k\u00f6p med telefon ska man skriva in antal biljetter, med dator kan man klicka p\u00e5 + till r\u00e4tt antal.<br><\/em><\/span><\/strong><\/p>\n\n\n\n<figure class=\" wp-block-image size-large eplus-wrapper\"><a href=\"https:\/\/www.estrad.fi\/barnensestrad\/wp-content\/uploads\/2018\/04\/PF_01_SvenNordqvist.jpg\"><img loading=\"lazy\" decoding=\"async\" width=\"1024\" height=\"771\" src=\"https:\/\/www.estrad.fi\/barnensestrad\/wp-content\/uploads\/2018\/04\/PF_01_SvenNordqvist-1024x771.jpg\" alt=\"\" class=\"wp-image-6682\" srcset=\"https:\/\/www.estrad.fi\/barnensestrad\/wp-content\/uploads\/2018\/04\/PF_01_SvenNordqvist-1024x771.jpg 1024w, https:\/\/www.estrad.fi\/barnensestrad\/wp-content\/uploads\/2018\/04\/PF_01_SvenNordqvist-300x226.jpg 300w, https:\/\/www.estrad.fi\/barnensestrad\/wp-content\/uploads\/2018\/04\/PF_01_SvenNordqvist-768x578.jpg 768w, https:\/\/www.estrad.fi\/barnensestrad\/wp-content\/uploads\/2018\/04\/PF_01_SvenNordqvist-1536x1157.jpg 1536w, https:\/\/www.estrad.fi\/barnensestrad\/wp-content\/uploads\/2018\/04\/PF_01_SvenNordqvist-1200x904.jpg 1200w, https:\/\/www.estrad.fi\/barnensestrad\/wp-content\/uploads\/2018\/04\/PF_01_SvenNordqvist-600x452.jpg 600w, https:\/\/www.estrad.fi\/barnensestrad\/wp-content\/uploads\/2018\/04\/PF_01_SvenNordqvist.jpg 1969w\" sizes=\"auto, (max-width: 709px) 85vw, (max-width: 909px) 67vw, (max-width: 1362px) 62vw, 840px\" \/><\/a><\/figure>\n\n\n\n<p class=\" eplus-wrapper\"><strong>Findus flyttar ut<\/strong><br>Varje morgon vaknar Pettson klockan fyra av att Findus hoppar i s\u00e4ngen. Pettson blir tokig!<br>Kanske \u00e4r det b\u00e4st att Findus flyttar? Tillsammans inreder de det gamla dasset.<br>Men s\u00e5 n\u00e4r Findus ska g\u00e5 och l\u00e4gga sig blir han lite orolig f\u00f6r r\u00e4ven \u2026<br>En rolig, musikalisk och varm pj\u00e4s om det h\u00e4rliga paret \u2013<br>Pettson och Findus \u2013 och deras skojiga \u00e4ventyr.<br><br><strong>ON 1.7.2026 kl. 15, KYRKSL\u00c4TT, Bygdebo, <\/strong>Volsv\u00e4gen 688<br>I samarbete med Vohlsnejdens UF.<strong><br><\/strong><em>Biljetter, <strong><span style=\"color: #339966;\">ENDAST F\u00d6RK\u00d6P<\/span><\/strong>: 16,50 \u20ac\/pers. Gruppbilj. 5 pers: 70 \u20ac. F\u00f6rk\u00f6p: <a href=\"https:\/\/www.estrad.fi\/barnensestrad\/event\/\" target=\"_blank\" rel=\"noopener\">H\u00e4r<\/a>.<\/em><br><em>0-1-\u00e5ringar gratis<\/em><br><br><strong>TO 2.7.2026 kl. 15, KIMITO, Villa Lande<br><\/strong><em>Biljetter, <strong><span style=\"color: #339966;\">ENDAST F\u00d6RK\u00d6P<\/span><\/strong>: 16,50 \u20ac\/pers. Gruppbilj. 5 pers: 70 \u20ac. F\u00f6rk\u00f6p: <a href=\"https:\/\/www.estrad.fi\/barnensestrad\/event\/\" target=\"_blank\" rel=\"noopener\">H\u00e4r<\/a>.<br>0-1-\u00e5ringar gratis<\/em><\/p>\n\n\n\n<h2 class=\" wp-block-heading eplus-wrapper\"><\/h2>\n\n\n\n<p class=\" eplus-wrapper\"><strong>FR 3.7.2026 kl.  OCH , N\u00c4RPES, Tomatkarnevalen<\/strong><br><em>Arr. N\u00e4rpes stad, fritt intr\u00e4de.<\/em><\/p>\n\n\n\n<p class=\" eplus-wrapper\"><strong>L\u00d6 4.7.2026 kl. 15, Maxmo dansbana<\/strong><br><em>Arr. K\u00e4rklax UF, fritt intr\u00e4de<\/em><br><br><strong>S\u00d6 5.7.2025 kl. 15, H\u00e4rkmeri dansbana<\/strong><br><em>Arr. H\u00e4rkmeri UF, fritt intr\u00e4de<\/em><\/p>\n\n\n\n<p class=\" eplus-wrapper\"><strong>M\u00c5 6.7.2026 kl. 15, S\u00d6DRA VALLGRUND, UF Havsbandet<\/strong><em><br><\/em>I samarbete med: UF Havsbandet och Hotel Astor.<br><em>Biljetter, <strong><span style=\"color: #339966;\">ENDAST F\u00d6RK\u00d6P<\/span><\/strong>: 16,50 \u20ac\/pers. Gruppbilj. 5 pers: 70 \u20ac. F\u00f6rk\u00f6p: <a href=\"https:\/\/www.estrad.fi\/barnensestrad\/event\/\" target=\"_blank\" rel=\"noopener\">H\u00e4r<\/a>.<br>0-1-\u00e5ringar gratis<\/em><\/p>\n\n\n\n<p class=\" eplus-wrapper\"><strong>TI 7.7.2026 kl. 13 OCH kl. 15, KARLEBY, Karleby Stadsbibliotek<\/strong><br><em>Arrang\u00f6r: Luckan i Karleby. Fritt intr\u00e4de.<br>Gratisbiljetter skall h\u00e4mtas fr\u00e5n Luckan i Karleby Stadsbibliotek p\u00e5 f\u00f6rhand f.r.o.m. 22.6. (m\u00e5-fr kl. 10-16).<\/em><\/p>\n\n\n\n<p class=\" eplus-wrapper\"><strong>ON 8.7.2026 kl. 15, NYKARLEBY, Scala<\/strong><em><br><\/em>I samarbete med: Juthbacka teater.<br><em>Biljetter, <strong><span style=\"color: #339966;\">ENDAST F\u00d6RK\u00d6P<\/span><\/strong>: 16,50 \u20ac\/pers. Gruppbilj. 5 pers: 70 \u20ac. F\u00f6rk\u00f6p: <a href=\"https:\/\/www.estrad.fi\/barnensestrad\/event\/\" target=\"_blank\" rel=\"noopener\">H\u00e4r<\/a>.<br>0-1-\u00e5ringar gratis<\/em><\/p>\n\n\n\n<p class=\" eplus-wrapper\"><strong>TO 9.7.2026 kl. 15, ESSE, Esseg\u00e5rden<br><\/strong>I samarbete med: \u00d6veresse UF.<br><em>Biljetter, <strong><span style=\"color: #339966;\">ENDAST F\u00d6RK\u00d6P<\/span><\/strong>: 16,50 \u20ac\/pers. Gruppbilj. 5 pers: 70 \u20ac. F\u00f6rk\u00f6p: <a href=\"https:\/\/www.estrad.fi\/barnensestrad\/event\/\" target=\"_blank\" rel=\"noopener\">H\u00e4r<\/a>.<\/em><br><em>0-1-\u00e5ringar gratis<br><\/em><br><strong>ON 15.7.2026 kl. 14, PELLINGE, H\u00f6rbergsg\u00e5rden<br><\/strong>Arr. <em>Pellinge UF<\/em><br><em><br><\/em><strong>TO 16.7.2026 kl. 15 OCH kl. 16.30, BORG\u00c5, Postbacken<br><\/strong>I samarbete med Postbacken.<strong><br><\/strong><em>Biljetter, <strong><span style=\"color: #339966;\">ENDAST F\u00d6RK\u00d6P<\/span><\/strong>: 16,50 \u20ac\/pers. Gruppbilj. 5 pers: 70 \u20ac. F\u00f6rk\u00f6p: <a href=\"https:\/\/www.estrad.fi\/barnensestrad\/event\/\" target=\"_blank\" rel=\"noopener\">H\u00e4r<\/a>.<br>0-1-\u00e5ringar gratis<br><\/em><br><strong>M\u00c5 20.7.2026 kl. 15, KORPO, Kommunalg\u00e5rden<br><\/strong>I samarbete med Pargas stad.<br><em>Biljetter, <strong><span style=\"color: #339966;\">ENDAST F\u00d6RK\u00d6P<\/span><\/strong>: 16,50 \u20ac\/pers. Gruppbilj. 5 pers: 70 \u20ac. F\u00f6rk\u00f6p: <a href=\"https:\/\/www.estrad.fi\/barnensestrad\/event\/\" target=\"_blank\" rel=\"noopener\">H\u00e4r<\/a>.<br>0-1-\u00e5ringar gratis<\/em><br><br><strong>TI 21.7.2026 kl. 15, HOUTSK\u00c4R, Vesterlid<br><\/strong>I samarbete med Houtsk\u00e4rs UF och Pargas stad.<br><em>Biljetter, <strong><span style=\"color: #339966;\">ENDAST F\u00d6RK\u00d6P<\/span><\/strong>: 16,50 \u20ac\/pers. Gruppbilj. 5 pers: 70 \u20ac. F\u00f6rk\u00f6p: <a href=\"https:\/\/www.estrad.fi\/barnensestrad\/event\/\" target=\"_blank\" rel=\"noopener\">H\u00e4r<\/a>.<br>0-1-\u00e5ringar grati<\/em>s<br><br><strong>ON 22.7.2026 kl. 15, NAGU, Framn\u00e4s<\/strong><br>I samarbete med Pargas stad.<strong><br><\/strong><em>Biljetter, <strong><span style=\"color: #339966;\">ENDAST F\u00d6RK\u00d6P<\/span><\/strong>: 16,50 \u20ac\/pers. Gruppbilj. 5 pers: 70 \u20ac. F\u00f6rk\u00f6p: <a href=\"https:\/\/www.estrad.fi\/barnensestrad\/event\/\" target=\"_blank\" rel=\"noopener\">H\u00e4r<\/a>.<br>0-1-\u00e5ringar gratis<br><\/em><br><strong>TO 23.7.2026 kl. 15, PARGAS, Piug<\/strong><br>I samarbete med Pargas stad.<strong><em><br><\/em><\/strong><em>Biljetter, <strong><span style=\"color: #339966;\">ENDAST F\u00d6RK\u00d6P<\/span><\/strong>: 16,50 \u20ac\/pers. Gruppbilj. 5 pers: 70 \u20ac. F\u00f6rk\u00f6p: <a href=\"https:\/\/www.estrad.fi\/barnensestrad\/event\/\" target=\"_blank\" rel=\"noopener\">H\u00e4r<\/a>.<br>0-1-\u00e5ringar gratis<br><\/em><\/p>\n\n\n\n<p class=\" eplus-wrapper\"><strong>Findus flyttar ut<\/strong><br><br>Av Christian Lindroos och Sofia Finnil\u00e4 efter Sven Nordqvists b\u00f6cker.<br><strong>Regi &amp; foto<\/strong>: Samuel Karlsson<br><strong>Musik &amp; s\u00e5ngtexter:&nbsp;<\/strong>Sofia Finnil\u00e4<br><strong>Dr\u00e4kter:&nbsp;<\/strong>Marjo Haapasalo<br><strong>Scenografi och rekvisita:&nbsp;<\/strong>Minna<strong>&nbsp;<\/strong>Ihalainen<strong><br>Scenografibygge:&nbsp;<\/strong>Lasse Andersson<br><strong>I rollerna<\/strong>: Matilda Lindstr\u00f6m och Jesper Fransson<br><strong>Producent:&nbsp;<\/strong>Anders Gr\u00f6nroos<br><strong>F\u00f6rlag<\/strong>: Agency North<br><strong>Publik<\/strong>: 2-8-\u00e5ringar och deras familjer.<br><strong>L\u00e4ngd<\/strong>: c. 35 minuter.<\/p>\n\n\n\n<p class=\" eplus-wrapper\">Barnens Sommarteater underst\u00f6ds av Svenska kulturfonden.<\/p>\n\n\n\n<figure class=\" wp-block-image size-full is-resized eplus-wrapper\"><a href=\"https:\/\/www.estrad.fi\/barnensestrad\/wp-content\/uploads\/2026\/04\/Svenska_kulturfonden_logo_svart_RGB.jpg\"><img loading=\"lazy\" decoding=\"async\" width=\"800\" height=\"850\" src=\"https:\/\/www.estrad.fi\/barnensestrad\/wp-content\/uploads\/2026\/04\/Svenska_kulturfonden_logo_svart_RGB.jpg\" alt=\"\" class=\"wp-image-17082\" style=\"width:166px;height:auto\" srcset=\"https:\/\/www.estrad.fi\/barnensestrad\/wp-content\/uploads\/2026\/04\/Svenska_kulturfonden_logo_svart_RGB.jpg 800w, https:\/\/www.estrad.fi\/barnensestrad\/wp-content\/uploads\/2026\/04\/Svenska_kulturfonden_logo_svart_RGB-282x300.jpg 282w, https:\/\/www.estrad.fi\/barnensestrad\/wp-content\/uploads\/2026\/04\/Svenska_kulturfonden_logo_svart_RGB-768x816.jpg 768w, https:\/\/www.estrad.fi\/barnensestrad\/wp-content\/uploads\/2026\/04\/Svenska_kulturfonden_logo_svart_RGB-600x638.jpg 600w\" sizes=\"auto, (max-width: 709px) 85vw, (max-width: 909px) 67vw, (max-width: 984px) 61vw, (max-width: 1362px) 45vw, 600px\" \/><\/a><\/figure>\n\n\n\n<p class=\" eplus-wrapper\">___________________<\/p>\n\n\n\n<p class=\" eplus-wrapper\">Kontakt:<br>Anders Gr\u00f6nroos<br>tfn. 0400-531770<br>e-post: anders@estrad.fi<\/p>\n\n\n\n<p class=\" eplus-wrapper\">V\u00e4lkomna!<\/p>\n\n\n\n<p class=\" eplus-wrapper\">H\u00f6r g\u00e4rna av er till Anders: anders@estrad.fi eller 0400-531770<br>om ni \u00e4r intresserade av en f\u00f6rest\u00e4llning!<br><br><\/p>\n\n\n\n<figure class=\" wp-block-image size-large eplus-wrapper\"><a href=\"https:\/\/www.estrad.fi\/barnensestrad\/wp-content\/uploads\/2018\/04\/BE-FFU-23_06-scaled.jpg\"><img loading=\"lazy\" decoding=\"async\" width=\"1024\" height=\"683\" src=\"https:\/\/www.estrad.fi\/barnensestrad\/wp-content\/uploads\/2018\/04\/BE-FFU-23_06-1024x683.jpg\" alt=\"\" class=\"wp-image-7744\" srcset=\"https:\/\/www.estrad.fi\/barnensestrad\/wp-content\/uploads\/2018\/04\/BE-FFU-23_06-1024x683.jpg 1024w, https:\/\/www.estrad.fi\/barnensestrad\/wp-content\/uploads\/2018\/04\/BE-FFU-23_06-300x200.jpg 300w, https:\/\/www.estrad.fi\/barnensestrad\/wp-content\/uploads\/2018\/04\/BE-FFU-23_06-768x512.jpg 768w, https:\/\/www.estrad.fi\/barnensestrad\/wp-content\/uploads\/2018\/04\/BE-FFU-23_06-1536x1024.jpg 1536w, https:\/\/www.estrad.fi\/barnensestrad\/wp-content\/uploads\/2018\/04\/BE-FFU-23_06-2048x1365.jpg 2048w, https:\/\/www.estrad.fi\/barnensestrad\/wp-content\/uploads\/2018\/04\/BE-FFU-23_06-1200x800.jpg 1200w, https:\/\/www.estrad.fi\/barnensestrad\/wp-content\/uploads\/2018\/04\/BE-FFU-23_06-600x400.jpg 600w\" sizes=\"auto, (max-width: 709px) 85vw, (max-width: 909px) 67vw, (max-width: 1362px) 62vw, 840px\" \/><\/a><\/figure>\n\n\n\n<p class=\" eplus-wrapper\"><\/p>\n\n\n\n<p class=\" eplus-wrapper\"><\/p>\n\n\n\n<p class=\" eplus-wrapper\"><\/p>\n","protected":false},"featured_media":7744,"menu_order":0,"template":"","meta":{"editor_plus_copied_stylings":"{}","_price":"","_stock":"","_tribe_ticket_header":"","_tribe_default_ticket_provider":"","_tribe_ticket_capacity":"0","_ticket_start_date":"","_ticket_end_date":"","_tribe_ticket_show_description":"","_tribe_ticket_show_not_going":false,"_tribe_ticket_use_global_stock":"","_tribe_ticket_global_stock_level":"","_global_stock_mode":"","_global_stock_cap":"","_tribe_rsvp_for_event":"","_tribe_ticket_going_count":"","_tribe_ticket_not_going_count":"","_tribe_tickets_list":"[]","_tribe_ticket_has_attendee_info_fields":false},"categories":[5],"class_list":["post-17080","aktuellt","type-aktuellt","status-publish","has-post-thumbnail","hentry","category-aktuellt"],"_links":{"self":[{"href":"https:\/\/www.estrad.fi\/barnensestrad\/wp-json\/wp\/v2\/aktuellt\/17080","targetHints":{"allow":["GET"]}}],"collection":[{"href":"https:\/\/www.estrad.fi\/barnensestrad\/wp-json\/wp\/v2\/aktuellt"}],"about":[{"href":"https:\/\/www.estrad.fi\/barnensestrad\/wp-json\/wp\/v2\/types\/aktuellt"}],"wp:featuredmedia":[{"embeddable":true,"href":"https:\/\/www.estrad.fi\/barnensestrad\/wp-json\/wp\/v2\/media\/7744"}],"wp:attachment":[{"href":"https:\/\/www.estrad.fi\/barnensestrad\/wp-json\/wp\/v2\/media?parent=17080"}],"wp:term":[{"taxonomy":"category","embeddable":true,"href":"https:\/\/www.estrad.fi\/barnensestrad\/wp-json\/wp\/v2\/categories?post=17080"}],"curies":[{"name":"wp","href":"https:\/\/api.w.org\/{rel}","templated":true}]}}