{"id":3707,"date":"2020-03-30T11:46:46","date_gmt":"2020-03-30T08:46:46","guid":{"rendered":"https:\/\/www.estrad.fi\/barnensestrad\/?post_type=aktuellt&#038;p=3707"},"modified":"2022-09-12T23:17:07","modified_gmt":"2022-09-12T20:17:07","slug":"barnens-sommarteater-2020-mamma-mu-cyklar","status":"publish","type":"aktuellt","link":"https:\/\/www.estrad.fi\/barnensestrad\/aktuellt\/barnens-sommarteater-2020-mamma-mu-cyklar\/","title":{"rendered":"Barnens Sommarteater 2022 &#8211; Mamma Mu och Kr\u00e5kan &#8211; Kozoo"},"content":{"rendered":"<p>&#8221;Barnens Sommarteater&#8221; \u00e4r v\u00e5rt turnerande sommarevenemang som reser runt sommaren 2022! <a href=\"https:\/\/www.estrad.fi\/barnensestrad\/wp-content\/uploads\/2018\/08\/MammaMuKrakan01_ram02.jpg\"><img loading=\"lazy\" decoding=\"async\" class=\"size-medium wp-image-2034 alignright\" src=\"https:\/\/www.estrad.fi\/barnensestrad\/wp-content\/uploads\/2018\/08\/MammaMuKrakan01_ram02-300x296.jpg\" alt=\"\" width=\"300\" height=\"296\" \/><\/a><br \/>\nSedan 2006 har vi\u00a0 turnerat runt med mysiga familjeevenemang ocks\u00e5 sommartid.<\/p>\n<p>Den roliga, interaktiva och musikaliska pj\u00e4sen &#8221;Mamma Mu och Kr\u00e5kan &#8211; KoZoo&#8221;<br \/>\nom de h\u00e4rliga v\u00e4nnerna Mamma Mu och Kr\u00e5kan spelas denna sommar.<br \/>\nDet \u00e4r ett mycket barnv\u00e4nligt och trevligt evenemang som riktar sig till hela familjen.<br \/>\nKr\u00e5kan tar hj\u00e4rtligt emot publiken och n\u00e4r alla kommit b\u00f6rjar den roliga f\u00f6rest\u00e4llningen<br \/>\noch d\u00e5 dyker ocks\u00e5 Mamma Mu upp.<br \/>\nEfter f\u00f6rest\u00e4llningen f\u00f6ljer pyssel och servering.<\/p>\n<p><em>Turn\u00e9n underst\u00f6ds av Svenska Kulturfonden och Nygr\u00e9ns stiftelse.<\/em><\/p>\n<p>N\u00e4r de goda v\u00e4nnerna tr\u00e4ffas uppst\u00e5r alltid roliga och tokiga situationer!<br \/>\nEn rolig, varm, interaktiv och musikalisk pj\u00e4s om de goda v\u00e4nnerna och deras \u00e4ventyr.<\/p>\n<p>Pj\u00e4sen hade premi\u00e4r h\u00f6sten 2009 och spelades 2009-2010, 2015 &amp; h\u00f6sten 2018 sammanlagt \u00f6ver 220 g\u00e5nger.<br \/>\nNu spelas den i juli och augusti 2022, b\u00e5de utomhus p\u00e5 v\u00e5r scenbil och inomhus!<\/p>\n<p><em>\u201dDet fungerar utm\u00e4rkt och skvallrar om en fin k\u00e4nsla f\u00f6r den speciella publiken\u201d.<\/em><\/p>\n<p><strong>S\u00d6 3.7.2022 kl. 16-17, PARGAS, Piug <span style=\"color: #ff0000;\">SLUTS\u00c5LD<\/span><br \/>\n<\/strong>I samarbete med Pargas stad.<strong><em><br \/>\n<\/em><\/strong><em>Biljetter i f\u00f6rk\u00f6p: 13 \u20ac\/pers. Gruppbilj. 5 pers: 55 \u20ac. F\u00f6rk\u00f6p: <a href=\"https:\/\/www.estrad.fi\/barnensestrad\/butik\/\">H\u00e4r<\/a>.<br \/>\nBiljetter vid d\u00f6rren: 15 \u20ac\/pers. Gruppbilj. 5 pers: 65 \u20ac.<br \/>\n0-1-\u00e5ringar gratis<\/em><\/p>\n<p><strong>M\u00c5 4.7 kl. 17-18, NAGU, Framn\u00e4s<br \/>\n<\/strong>I samarbete med Pargas stad.<strong><br \/>\n<\/strong><em>Biljetter i f\u00f6rk\u00f6p: 13 \u20ac\/pers. Gruppbilj. 5 pers: 55 \u20ac. F\u00f6rk\u00f6p: <a href=\"https:\/\/www.estrad.fi\/barnensestrad\/butik\/\">H\u00e4r<\/a>.<br \/>\nBiljetter vid d\u00f6rren: 15 \u20ac\/pers. Gruppbilj. 5 pers: 65 \u20ac.<br \/>\n0-1-\u00e5ringar gratis<\/em><\/p>\n<p><strong>TI 5.7 kl. 17-18 KIMITO, Wrethalla<br \/>\n<\/strong>I samarbete med Kimito UF.<br \/>\n<em>Biljetter i f\u00f6rk\u00f6p: 13 \u20ac\/pers. Gruppbilj. 5 pers: 55 \u20ac. F\u00f6rk\u00f6p: <a href=\"https:\/\/www.estrad.fi\/barnensestrad\/butik\/\">H\u00e4r<\/a>.<br \/>\nBiljetter vid d\u00f6rren: 15 \u20ac\/pers. Gruppbilj. 5 pers: 65 \u20ac.<br \/>\n0-1-\u00e5ringar gratis<\/em><\/p>\n<p><strong>ON 6.7 kl. 17-18 HOUTSK\u00c4R, Vesterlid<br \/>\n<\/strong>I samarbete med Houtsk\u00e4rs UF och Pargas stad.<br \/>\n<em>Biljetter i f\u00f6rk\u00f6p: 13 \u20ac\/pers. Gruppbilj. 5 pers: 55 \u20ac. F\u00f6rk\u00f6p: <a href=\"https:\/\/www.estrad.fi\/barnensestrad\/butik\/\">H\u00e4r<\/a>.<br \/>\nBiljetter vid d\u00f6rren: 15 \u20ac\/pers. Gruppbilj. 5 pers: 65 \u20ac.<br \/>\n0-1-\u00e5ringar gratis<\/em><\/p>\n<p><strong>TO 7.7 kl. 17-18 KORPO, Kommunalg\u00e5rden<br \/>\n<\/strong>I samarbete med Pargas stad.<br \/>\n<em>Biljetter i f\u00f6rk\u00f6p: 13 \u20ac\/pers. Gruppbilj. 5 pers: 55 \u20ac. F\u00f6rk\u00f6p: <a href=\"https:\/\/www.estrad.fi\/barnensestrad\/butik\/\">H\u00e4r<\/a>.<br \/>\nBiljetter vid d\u00f6rren: 15 \u20ac\/pers. Gruppbilj. 5 pers: 65 \u20ac.<br \/>\n0-1-\u00e5ringar gratis<\/em><\/p>\n<p><strong>M\u00c5 11.7 kl. 17-18, S\u00d6DRA VALLGRUND, UF Havsbandet <span style=\"color: #ff0000;\">SLUTS\u00c5LD<\/span><\/strong><em><br \/>\n<\/em>I samarbete med: UF Havsbandet och Hotel Astor.<br \/>\n<em>Biljetter i f\u00f6rk\u00f6p: 13 \u20ac\/pers. Gruppbilj. 5 pers: 55 \u20ac. F\u00f6rk\u00f6p: <a href=\"https:\/\/www.estrad.fi\/barnensestrad\/butik\/\">H\u00e4r<\/a>.<br \/>\nBiljetter vid d\u00f6rren: 15 \u20ac\/pers. Gruppbilj. 5 pers: 65 \u20ac.<br \/>\n0-1-\u00e5ringar gratis<\/em><\/p>\n<p><strong>TI 12.7 kl. 13-14 KARLEBY, Karleby Stadsbibliotek &#8211; Luckan<\/strong><br \/>\n<em>Arrang\u00f6r: Luckan i Karleby. Fritt intr\u00e4de.<br \/>\n<\/em><\/p>\n<p><strong>ON 13.7 kl. 17-18 KRISTINESTAD, Braheg\u00e5rden <span style=\"color: #ff0000;\">SLUTS\u00c5LD<\/span><\/strong><em><br \/>\n<\/em>I samarbete med Svenska F\u00f6reningen Braheg\u00e5rden.<br \/>\n<em>Biljetter i f\u00f6rk\u00f6p: 13 \u20ac\/pers. Gruppbilj. 5 pers: 55 \u20ac. F\u00f6rk\u00f6p: <a href=\"https:\/\/www.estrad.fi\/barnensestrad\/butik\/\">H\u00e4r<\/a>.<br \/>\nBiljetter vid d\u00f6rren: 15 \u20ac\/pers. Gruppbilj. 5 pers: 65 \u20ac.<br \/>\n0-1-\u00e5ringar gratis<\/em><\/p>\n<p><strong>TO 14.7 kl. 17-18 ESSE, Esseg\u00e5rden <span style=\"color: #ff0000;\">SLUTS\u00c5LD<\/span><br \/>\n<\/strong>I samarbete med: \u00d6veresse UF.<br \/>\n<em>Biljetter i f\u00f6rk\u00f6p: 13 \u20ac\/pers. Gruppbilj. 5 pers: 55 \u20ac. F\u00f6rk\u00f6p: <a href=\"https:\/\/www.estrad.fi\/barnensestrad\/butik\/\">H\u00e4r<\/a>.<br \/>\nBiljetter vid d\u00f6rren: 15 \u20ac\/pers. Gruppbilj. 5 pers: 65 \u20ac.<br \/>\n0-1-\u00e5ringar gratis<\/em><\/p>\n<p><strong>Mamma Mu och Kr\u00e5kan &#8211; KoZoo<\/strong><br \/>\nAv Bobo Lund\u00e9n efter Juija Wieslanders b\u00f6cker.<br \/>\n<strong>Regi<\/strong>: Malin Olkkola<br \/>\n<strong>Dr\u00e4kter:\u00a0<\/strong>Sonja Dragon<strong><br \/>\nDekor, foto &amp; grafik:\u00a0<\/strong>Lasse Andersson<strong><br \/>\nMusik:\u00a0<\/strong>Juija Wieslander och Anders Gr\u00f6nroos<strong><br \/>\nMusikarrangemang och inspelning:\u00a0<\/strong>Stefan \u201dKilju\u201d Lindblom<strong><br \/>\nKoreograf: <\/strong>Vendela Nylund<strong><br \/>\nI rollerna<\/strong>: Matilda Anttila, Catrine Krusberg och<br \/>\nAnders Gr\u00f6nroos (musiker).<br \/>\n<strong>F\u00f6rlag<\/strong>: Agency North<br \/>\n<strong>Publik<\/strong>: 2-8-\u00e5ringar och deras familjer.<br \/>\n<strong>L\u00e4ngd<\/strong>: c. 35 minuter.<\/p>\n<p><a href=\"https:\/\/www.estrad.fi\/barnensestrad\/wp-content\/uploads\/2020\/03\/BarnensEstrad_MammaMu_212web-scaled.jpg\"><img loading=\"lazy\" decoding=\"async\" class=\"alignleft size-medium wp-image-4748\" src=\"https:\/\/www.estrad.fi\/barnensestrad\/wp-content\/uploads\/2020\/03\/BarnensEstrad_MammaMu_212web-300x200.jpg\" alt=\"\" width=\"300\" height=\"200\" srcset=\"https:\/\/www.estrad.fi\/barnensestrad\/wp-content\/uploads\/2020\/03\/BarnensEstrad_MammaMu_212web-300x200.jpg 300w, https:\/\/www.estrad.fi\/barnensestrad\/wp-content\/uploads\/2020\/03\/BarnensEstrad_MammaMu_212web-1024x683.jpg 1024w, https:\/\/www.estrad.fi\/barnensestrad\/wp-content\/uploads\/2020\/03\/BarnensEstrad_MammaMu_212web-768x513.jpg 768w, https:\/\/www.estrad.fi\/barnensestrad\/wp-content\/uploads\/2020\/03\/BarnensEstrad_MammaMu_212web-1536x1025.jpg 1536w, https:\/\/www.estrad.fi\/barnensestrad\/wp-content\/uploads\/2020\/03\/BarnensEstrad_MammaMu_212web-2048x1367.jpg 2048w, https:\/\/www.estrad.fi\/barnensestrad\/wp-content\/uploads\/2020\/03\/BarnensEstrad_MammaMu_212web-1200x801.jpg 1200w, https:\/\/www.estrad.fi\/barnensestrad\/wp-content\/uploads\/2020\/03\/BarnensEstrad_MammaMu_212web-600x400.jpg 600w\" sizes=\"auto, (max-width: 300px) 85vw, 300px\" \/><\/a><\/p>\n<p>&nbsp;<\/p>\n<p>&nbsp;<\/p>\n<p>&nbsp;<\/p>\n<p>&nbsp;<\/p>\n<p>&nbsp;<\/p>\n<p>&nbsp;<\/p>\n<p>&nbsp;<\/p>\n<p>&nbsp;<\/p>\n<p>Med &#8221;Barnens Sommarteater&#8221; vill vi erbjuda barn och barnfamiljer ett trevligt<br \/>\noch meningsfullt program i sin hemkommun eller i sin sommarkommun.<br \/>\nTurn\u00e9n produceras av Big Drama! Oy Ab och g\u00f6rs i samarbete med<br \/>\nTeater Barnens Estrad\/Estrad Evenemang och lokala f\u00f6reningar och f\u00f6retag.<\/p>\n<p>HJ\u00c4RTLIGT V\u00c4LKOMNA, VI SES!<\/p>\n","protected":false},"featured_media":3709,"menu_order":0,"template":"","meta":{"editor_plus_copied_stylings":"{}","_price":"","_stock":"","_tribe_ticket_header":"","_tribe_default_ticket_provider":"","_tribe_ticket_capacity":"0","_ticket_start_date":"","_ticket_end_date":"","_tribe_ticket_show_description":"","_tribe_ticket_show_not_going":false,"_tribe_ticket_use_global_stock":"","_tribe_ticket_global_stock_level":"","_global_stock_mode":"","_global_stock_cap":"","_tribe_rsvp_for_event":"","_tribe_ticket_going_count":"","_tribe_ticket_not_going_count":"","_tribe_tickets_list":"[]","_tribe_ticket_has_attendee_info_fields":false},"categories":[6],"class_list":["post-3707","aktuellt","type-aktuellt","status-publish","has-post-thumbnail","hentry","category-vilande"],"_links":{"self":[{"href":"https:\/\/www.estrad.fi\/barnensestrad\/wp-json\/wp\/v2\/aktuellt\/3707","targetHints":{"allow":["GET"]}}],"collection":[{"href":"https:\/\/www.estrad.fi\/barnensestrad\/wp-json\/wp\/v2\/aktuellt"}],"about":[{"href":"https:\/\/www.estrad.fi\/barnensestrad\/wp-json\/wp\/v2\/types\/aktuellt"}],"wp:featuredmedia":[{"embeddable":true,"href":"https:\/\/www.estrad.fi\/barnensestrad\/wp-json\/wp\/v2\/media\/3709"}],"wp:attachment":[{"href":"https:\/\/www.estrad.fi\/barnensestrad\/wp-json\/wp\/v2\/media?parent=3707"}],"wp:term":[{"taxonomy":"category","embeddable":true,"href":"https:\/\/www.estrad.fi\/barnensestrad\/wp-json\/wp\/v2\/categories?post=3707"}],"curies":[{"name":"wp","href":"https:\/\/api.w.org\/{rel}","templated":true}]}}