{"id":5683,"date":"2022-09-12T23:07:41","date_gmt":"2022-09-12T20:07:41","guid":{"rendered":"https:\/\/www.estrad.fi\/barnensestrad\/?post_type=aktuellt&#038;p=5683"},"modified":"2026-02-23T16:54:38","modified_gmt":"2026-02-23T14:54:38","slug":"milles-nya-van-millen-uusi-ystava","status":"publish","type":"aktuellt","link":"https:\/\/www.estrad.fi\/barnensestrad\/aktuellt\/milles-nya-van-millen-uusi-ystava\/","title":{"rendered":"Milles nya v\u00e4n &#8211; Millen uusi yst\u00e4v\u00e4"},"content":{"rendered":"<div><i><i>Hauska, l\u00e4mminhenkinen ja interaktiivinen esitys yst\u00e4vyydest\u00e4\u00a0ja suomi-ruotsi-kaksikielisyydest\u00e4 arjessa.<br \/>\nEsityksell\u00e4 on kolme p\u00e4\u00e4teemaa: ruotsin kieli, liikkumisen iloa ja yst\u00e4vyys.<br \/>\n<\/i><\/i><i>Uudet laulut, joiden tahdissa saa liikkua, yhdistyv\u00e4t kohtauksiin, joissa on mm. fantasiaa&#8230;<br \/>\n<\/i><em>Ensi ilta: 17.10.2022!<\/em><\/div>\n<p><em><br \/>\nEn rolig, varm och interaktiv f\u00f6rest\u00e4llning om v\u00e4nskap och tv\u00e5spr\u00e5kighet &#8211; finska och svenska &#8211; i vardagen.<br \/>\nEn rolig, fartfylld och interaktiv f\u00f6rest\u00e4llning med det svenska spr\u00e5ket, r\u00f6relsegl\u00e4dje och v\u00e4nskap som huvudteman.<br \/>\nNyskrivna r\u00f6relses\u00e5nger ing\u00e5r i f\u00f6rest\u00e4llningen som &#8211; f\u00f6rutom hur skoj och viktigt det \u00e4r att r\u00f6ra p\u00e5 sig &#8211; handlar om fantasi&#8230;<br \/>\n<\/em><em>M\u00e5lgruppen \u00e4r finskspr\u00e5kiga barn i \u00e5ldern 6-8-\u00e5r.<br \/>\nPremi\u00e4r 17.10.2022!<\/em><\/p>\n<p><strong>K\u00e4sikirjoitus ja ohjaus &#8211;\u00a0Manus och regi<\/strong>: Matilda Anttila &amp; Anna H\u00f6gstr\u00f6m<br \/>\n<strong>Konsepti, tuottaja &#8211; Koncept, producent: <\/strong>Anders Gr\u00f6nroos<strong><br \/>\nSuomennos &#8211; \u00d6vers\u00e4ttning till finska:\u00a0<\/strong>Mirja Hovila<strong><br \/>\nMusiikki &#8211;\u00a0Musik<\/strong>: Stefan &#8221;Kilju&#8221; Lindblom &amp; Anders Gr\u00f6nroos<br \/>\n<strong>Muusikot \u2013 Musiker:<\/strong> Kilju Lindblom, Mikael Svarvar, Tuukka Aitoaho<br \/>\n<strong>Puvustus &#8211; Dr\u00e4kter: <\/strong>Sonja\u00a0Dragon<strong><br \/>\nKuvitus &#8211; Illustration: <\/strong>Oliver Gr\u00f6n<strong><br \/>\nKuvat &amp; animaatiovideo &#8211; Foto &amp; animationsvideo: <\/strong>Lasse Andersson<strong><br \/>\nRooleissa &#8211; I rollerna<\/strong>: Catrine Krusberg\/Petra Rauhala &amp; Matilda Lindstr\u00f6m\/Petra Rauhala<br \/>\n<strong>Karakt\u00e4rernas r\u00f6ster: <\/strong>Stella Laine<strong><br \/>\nYleis\u00f6 &#8211;\u00a0Publik<\/strong>: 6-8-\u00e5ringar &#8211; 6-8-vuotiaat.<br \/>\n<strong>Kesto &#8211; L\u00e4ngd<\/strong>: 35 min.<\/p>\n<p><strong>Opettajan opas. <\/strong>Esityksess\u00e4 k\u00e4yminen voi antaa paljon, jos asiaa\u00a0valmistellaan etuk\u00e4teen ja jos sit\u00e4 k\u00e4sitell\u00e4\u00e4n my\u00f6s esityksen j\u00e4lkeen.<br \/>\n<a href=\"https:\/\/www.estrad.fi\/barnensestrad\/wp-content\/uploads\/2024\/09\/25_02_LararhandledningKPS_web.pdf\" target=\"_blank\" rel=\"noopener\">Opettajan opas (pdf)<\/a>.<\/p>\n<p>Palaute:<br \/>\n\u201dSaimme ilon kokea \u201cMillens ny v\u00e4n\u201d -esityksen, joka oli t\u00e4ynn\u00e4 energiaa. Ennakkomateriaali her\u00e4tti uteliaisuutemme<br \/>\nja johdatti meid\u00e4t sujuvasti esityksen syd\u00e4meen.<br \/>\nEsitys itse oli raikas tuulahdus modernia esityst\u00e4, ja sen tarina puhutteli suoraan 1. ja 2. luokkalaisten mielikuvitusta.<br \/>\nHahmoihin oli helppo samaistua, ja heid\u00e4n seikkailunsa her\u00e4ttiv\u00e4t v\u00e4litt\u00f6m\u00e4sti lasten mielenkiinnon.<br \/>\nLaulut kaikuivat voimakkaasti ja tanssiliikkeet olivat tarttuvia, mik\u00e4 sai koko salin el\u00e4m\u00e4\u00e4n mukana.<br \/>\nErityisen merkitt\u00e4v\u00e4\u00e4 oli, ett\u00e4 monelle oppilaalle t\u00e4m\u00e4 oli ensimm\u00e4inen kerta kohdata ruotsinkielinen esitys.<br \/>\nHeid\u00e4n innostuksensa ja uteliaisuutensa ruotsin kielt\u00e4 kohtaan kasvoi huomattavasti, ja esityksen j\u00e4lkeen<br \/>\nuseampi oppilas tuli kertomaan minulle, ett\u00e4 ruotsin kieli onkin yll\u00e4tt\u00e4v\u00e4n hauskaa.<br \/>\nT\u00e4m\u00e4 kokemus ei ainoastaan rikastuttanut oppilaiden kulttuurista ymm\u00e4rryst\u00e4, vaan my\u00f6s avasi uusia ovia kielten maailmaan.<br \/>\nKiitos \u201cMillens ny v\u00e4n\u201d -tiimille unohtumattomasta p\u00e4iv\u00e4st\u00e4!\u201d<\/p>\n<p><strong>Kontakt:<br \/>\n<\/strong>Anders Gr\u00f6nroos<br \/>\ne-post: anders(a)estrad.fi<br \/>\ntfn. 0400-531770<br \/>\nwebb: www.estrad.fi<\/p>\n<p>I samarbete med<br \/>\n<a href=\"https:\/\/svenskanu.fi\/\" target=\"_blank\" rel=\"noopener\"><img loading=\"lazy\" decoding=\"async\" class=\"alignleft size-medium wp-image-5690\" src=\"https:\/\/www.estrad.fi\/barnensestrad\/wp-content\/uploads\/2022\/09\/svenska_nu_utan_bakgrund-300x89.png\" alt=\"\" width=\"300\" height=\"89\" data-wp-editing=\"1\" srcset=\"https:\/\/www.estrad.fi\/barnensestrad\/wp-content\/uploads\/2022\/09\/svenska_nu_utan_bakgrund-300x89.png 300w, https:\/\/www.estrad.fi\/barnensestrad\/wp-content\/uploads\/2022\/09\/svenska_nu_utan_bakgrund.png 500w\" sizes=\"auto, (max-width: 300px) 85vw, 300px\" \/><\/a><\/p>\n<p><a href=\"https:\/\/www.estrad.fi\/barnensestrad\/wp-content\/uploads\/2021\/01\/210126_Majasnyavan_009_01-scaled.jpg\"><img loading=\"lazy\" decoding=\"async\" class=\"alignleft wp-image-3940 size-large\" src=\"https:\/\/www.estrad.fi\/barnensestrad\/wp-content\/uploads\/2021\/01\/210126_Majasnyavan_009_01-1024x580.jpg\" alt=\"\" width=\"840\" height=\"476\" srcset=\"https:\/\/www.estrad.fi\/barnensestrad\/wp-content\/uploads\/2021\/01\/210126_Majasnyavan_009_01-1024x580.jpg 1024w, https:\/\/www.estrad.fi\/barnensestrad\/wp-content\/uploads\/2021\/01\/210126_Majasnyavan_009_01-300x170.jpg 300w, https:\/\/www.estrad.fi\/barnensestrad\/wp-content\/uploads\/2021\/01\/210126_Majasnyavan_009_01-768x435.jpg 768w, https:\/\/www.estrad.fi\/barnensestrad\/wp-content\/uploads\/2021\/01\/210126_Majasnyavan_009_01-1536x870.jpg 1536w, https:\/\/www.estrad.fi\/barnensestrad\/wp-content\/uploads\/2021\/01\/210126_Majasnyavan_009_01-2048x1160.jpg 2048w, https:\/\/www.estrad.fi\/barnensestrad\/wp-content\/uploads\/2021\/01\/210126_Majasnyavan_009_01-1200x680.jpg 1200w, https:\/\/www.estrad.fi\/barnensestrad\/wp-content\/uploads\/2021\/01\/210126_Majasnyavan_009_01-600x340.jpg 600w\" sizes=\"auto, (max-width: 709px) 85vw, (max-width: 909px) 67vw, (max-width: 1362px) 62vw, 840px\" \/><\/a><\/p>\n<p><em>\u00a0<\/em><\/p>\n","protected":false},"featured_media":3941,"menu_order":0,"template":"","meta":{"editor_plus_copied_stylings":"{}","_price":"","_stock":"","_tribe_ticket_header":"","_tribe_default_ticket_provider":"","_tribe_ticket_capacity":"0","_ticket_start_date":"","_ticket_end_date":"","_tribe_ticket_show_description":"","_tribe_ticket_show_not_going":false,"_tribe_ticket_use_global_stock":"","_tribe_ticket_global_stock_level":"","_global_stock_mode":"","_global_stock_cap":"","_tribe_rsvp_for_event":"","_tribe_ticket_going_count":"","_tribe_ticket_not_going_count":"","_tribe_tickets_list":"[]","_tribe_ticket_has_attendee_info_fields":false},"categories":[5],"class_list":["post-5683","aktuellt","type-aktuellt","status-publish","has-post-thumbnail","hentry","category-aktuellt"],"_links":{"self":[{"href":"https:\/\/www.estrad.fi\/barnensestrad\/wp-json\/wp\/v2\/aktuellt\/5683","targetHints":{"allow":["GET"]}}],"collection":[{"href":"https:\/\/www.estrad.fi\/barnensestrad\/wp-json\/wp\/v2\/aktuellt"}],"about":[{"href":"https:\/\/www.estrad.fi\/barnensestrad\/wp-json\/wp\/v2\/types\/aktuellt"}],"wp:featuredmedia":[{"embeddable":true,"href":"https:\/\/www.estrad.fi\/barnensestrad\/wp-json\/wp\/v2\/media\/3941"}],"wp:attachment":[{"href":"https:\/\/www.estrad.fi\/barnensestrad\/wp-json\/wp\/v2\/media?parent=5683"}],"wp:term":[{"taxonomy":"category","embeddable":true,"href":"https:\/\/www.estrad.fi\/barnensestrad\/wp-json\/wp\/v2\/categories?post=5683"}],"curies":[{"name":"wp","href":"https:\/\/api.w.org\/{rel}","templated":true}]}}