{"id":6035,"date":"2022-11-10T12:22:12","date_gmt":"2022-11-10T10:22:12","guid":{"rendered":"https:\/\/www.estrad.fi\/barnensestrad\/?post_type=aktuellt&#038;p=6035"},"modified":"2023-04-20T10:59:28","modified_gmt":"2023-04-20T07:59:28","slug":"mamma-mu-och-krakan-kozoo-var-2023","status":"publish","type":"aktuellt","link":"https:\/\/www.estrad.fi\/barnensestrad\/aktuellt\/mamma-mu-och-krakan-kozoo-var-2023\/","title":{"rendered":"Mamma Mu och Kr\u00e5kan &#8211; KoZoo, v\u00e5r 2023"},"content":{"rendered":"<p><img loading=\"lazy\" decoding=\"async\" class=\"alignright wp-image-888 size-full\" src=\"https:\/\/www.estrad.fi\/barnensestrad\/wp-content\/uploads\/2013\/01\/MammaMuKrakan01_ram02.jpg\" alt=\"MammaMu&amp;Krakan01_ram02\" width=\"300\" height=\"296\" \/>N\u00e4r de goda v\u00e4nnerna tr\u00e4ffas uppst\u00e5r alltid roliga och tokiga<br \/>\nsituationer!<br \/>\nD\u00e5 Kr\u00e5kan h\u00e4lsar p\u00e5 Mamma Mu och ber\u00e4ttar att han varit p\u00e5 zoo blir Mamma Mu ivrig och vill \u00f6ppna ett Ko-Zoo.<br \/>\nEn rolig, varm, interaktiv och musikalisk pj\u00e4s om de goda v\u00e4nnerna och deras \u00e4ventyr.<\/p>\n<p>Pj\u00e4sen hade premi\u00e4r h\u00f6sten 2009 och har spelats \u00f6ver 300 g\u00e5nger under \u00e5rens lopp med olika sk\u00e5despelare.<br \/>\nDenna &#8211; uppdaterade version med ny regi och nyarrangerad musik &#8211; hade premi\u00e4r sommaren 2022.<\/p>\n<p><em>\u201dDet fungerar utm\u00e4rkt och skvallrar om en fin k\u00e4nsla f\u00f6r den speciella publiken&#8221;.<\/em><\/p>\n<p><strong>Mamma Mu och Kr\u00e5kan \u2013 KoZoo<\/strong><br \/>\nAv Bobo Lund\u00e9n efter Juija Wieslanders b\u00f6cker.<br \/>\n<strong>Regi<\/strong>: Malin Olkkola<br \/>\n<strong>Dr\u00e4kter:\u00a0<\/strong>Sonja Dragon<strong><br \/>\nDekor, foto &amp; grafik:\u00a0<\/strong>Lasse Andersson<strong><br \/>\nMusik:\u00a0<\/strong>Juija Wieslander och Anders Gr\u00f6nroos<strong><br \/>\nMusikarrangemang och inspelning:\u00a0<\/strong>Stefan \u201dKilju\u201d Lindblom<strong><br \/>\nKoreograf:\u00a0<\/strong>Vendela Nylund<br \/>\n<strong>Producent: <\/strong>Anders Gr\u00f6nroos<strong><br \/>\nI rollerna<\/strong>: Matilda Anttila, Catrine Krusberg och<br \/>\nAnders Gr\u00f6nroos (musiker).<br \/>\n<strong>Publik<\/strong>: 2-8-\u00e5ringar och deras familjer.<br \/>\n<strong>L\u00e4ngd<\/strong>: c. 35 minuter.<\/p>\n<p>Teknisk raider finns\u00a0<a href=\"https:\/\/www.estrad.fi\/barnensestrad\/wp-content\/uploads\/2022\/11\/MammaMu-MimmiLehma\u0308-23_TekninenRaider.pdf\" target=\"_blank\" rel=\"noopener\">h\u00e4r<\/a>.<\/p>\n<p>Kontakt:<br \/>\nAnders Gr\u00f6nroos<br \/>\ntfn. 0400-531770<br \/>\ne-post: anders(a)estrad.fi<br \/>\n___________________<\/p>\n<p>H\u00e4r nedanf\u00f6r kommer ni att se var och n\u00e4r vi spelar och <em><span style=\"color: #339966;\">vilka dagar som \u00e4r m\u00f6jliga att boka.<br \/>\nH\u00f6r g\u00e4rna av er om ni vill boka en f\u00f6rest\u00e4llning!<\/span><\/em><br \/>\nVi spelar b\u00e5de p\u00e5 daghem, skolor, bibliotek och i andra utrymmen.<br \/>\nVissa f\u00f6rest\u00e4llningar \u00e4r k\u00f6pta medan andra \u00e4r \u00f6ppna f\u00f6r allm\u00e4nheten.<br \/>\nDet g\u00e5r mycket bra att h\u00f6ra av er om ni vill k\u00f6pa in en f\u00f6rest\u00e4llning!<\/p>\n<p><strong>TO 2.3.2023 kl. 9-9.40 BJ\u00d6RNEBORG, Svenska barntr\u00e4dg\u00e5rden &amp; skolan<br \/>\n<\/strong>Teater: Mamma Mu och Kr\u00e5kan &#8211; KoZoo<br \/>\n<em>K\u00f6pt f\u00f6rest\u00e4llning, inte f\u00f6r allm\u00e4nheten.<\/em><\/p>\n<p><strong>TO 2.3.2023 kl. 10-10.40 BJ\u00d6RNEBORG, Svenska barntr\u00e4dg\u00e5rden &amp; skolan<br \/>\n<\/strong>Teater: Mamma Mu och Kr\u00e5kan &#8211; KoZoo<br \/>\n<em>K\u00f6pt f\u00f6rest\u00e4llning, inte f\u00f6r allm\u00e4nheten.<\/em><\/p>\n<p><strong>FR 3.3.2023 kl. 9.45-10.20 HELSINGFORS, Zackarias Topelius skola<br \/>\n<\/strong>Teater: Mamma Mu och Kr\u00e5kan &#8211; KoZoo<br \/>\n<em>K\u00f6pt f\u00f6rest\u00e4llning, inte f\u00f6r allm\u00e4nheten.<\/em><\/p>\n<p><span style=\"color: #0000ff;\"><strong>Suomenkielinen esitys:<br \/>\nPE 3.3.2023 klo. 17-17.40 KARJAA, TryckeriTeatern<br \/>\n<\/strong>Teatteria: Mimmi Lehm\u00e4 ja Varis &#8211; Lehm\u00e4puisto<\/span><br \/>\n<span style=\"color: #0000ff;\"><em>Liput <a style=\"color: #0000ff;\" href=\"https:\/\/tryckeriteatern.org\/sv\/start\/view-184356-100235\" target=\"_blank\" rel=\"noopener\">t\u00e4st\u00e4<\/a>.<\/em><\/span><\/p>\n<p><strong>FR 3.3.2023 kl. 18-18.40 KARIS, TryckeriTeatern<br \/>\n<span style=\"color: #ff0000;\">SLUTS\u00c5LT!<\/span><\/strong><br \/>\nTeater: Mamma Mu och Kr\u00e5kan &#8211; KoZoo<br \/>\n<em>Info och biljetter <a href=\"https:\/\/tryckeriteatern.org\/sv\/start\/view-184356-100236\" target=\"_blank\" rel=\"noopener\">h\u00e4r<\/a>.\u00a0<\/em><\/p>\n<p><strong>L\u00d6 4.3.2023 kl. 15-15.40 BORG\u00c5, Kulturhuset Grand<br \/>\n<span style=\"color: #ff0000;\">SLUTS\u00c5LT!<\/span><br \/>\n<\/strong>Teater: Mamma Mu och Kr\u00e5kan &#8211; KoZoo<br \/>\nBiljetter: 15 \u20ac\/person. Gruppbiljett, minst 5 personer 13 \u20ac<br \/>\n0-1-\u00e5ringar gratis utan egen stol.<br \/>\n<em>K\u00f6p biljetter <a href=\"https:\/\/www.netticket.fi\/product_info.php?products_id=466006\" target=\"_blank\" rel=\"noopener\">h\u00e4r<\/a><\/em><em>.<\/em><\/p>\n<p><strong><span style=\"color: #0000ff;\">Suomenkielinen esitys:<\/span><br \/>\n<span style=\"color: #0000ff;\">LA 4.3.2023 klo. 16.30-17.10 PORVOO, Kulttuuritalo Grand<br \/>\n<\/span><\/strong><strong><span style=\"color: #ff0000;\">LOPPUUNMYYTY!<\/span><br \/>\n<\/strong><span style=\"color: #0000ff;\">Mimmi Lehm\u00e4 ja Varis &#8211; Lehm\u00e4tarha<\/span><br \/>\n<span style=\"color: #0000ff;\">Liput: 15 \u20ac, ryhm\u00e4lippu: 13 \u20ac, minimi 5 henk.<\/span><br \/>\n<span style=\"color: #0000ff;\">1-vuotiaat sylilapset ilmaiseksi.<\/span><br \/>\n<span style=\"color: #0000ff;\">Ostakaa liput <a href=\"https:\/\/www.netticket.fi\/product_info.php?products_id=466007&amp;language=fi\" target=\"_blank\" rel=\"noopener\">t\u00e4st\u00e4<\/a>.<\/span><\/p>\n<p><strong>S\u00d6 5.3.2022 kl. 15-15.40 \u00c5BO, \u00c4ventyrsparkens teater<br \/>\n<span style=\"color: #ff0000;\">SLUTS\u00c5LT!<\/span><br \/>\n<\/strong>Teater: Mamma Mu och Kr\u00e5kan &#8211; KoZoo<br \/>\n<em>Info och biljetter <a href=\"https:\/\/www.turku.fi\/seikkailupuisto\/esitykset\/barnens-estrad-mamma-mu-och-krakan-53\" target=\"_blank\" rel=\"noopener\">h\u00e4r<\/a><\/em><em>.<\/em><\/p>\n<p><strong>TO 16.3.2023 kl. 18-18.40 N\u00c4RPES, Frans Henriksonssalen<br \/>\n<span style=\"color: #ff0000;\">SLUTS\u00c5LT!<\/span><\/strong><br \/>\nTeater: Mamma Mu och Kr\u00e5kan &#8211; KoZoo<br \/>\n<strong>ENDAST F\u00d6RK\u00d6P, S\u00c5 ALLA S\u00c4KERT RYMS MED OCH SER BRA!<\/strong><em><br \/>\n<\/em><em>Biljetter i f\u00f6rk\u00f6p: 13,50 \u20ac\/pers. Gruppbilj. 5 pers: 57,50 \u20ac. F\u00f6rk\u00f6p:\u00a0<a href=\"https:\/\/www.estrad.fi\/barnensestrad\/butik\/\">H\u00e4r<\/a>.<br \/>\n0-1-\u00e5ringar gratis utan egen stol, de beh\u00f6ver inte biljett.<br \/>\n<\/em><em>F\u00f6r bokning med \u201dKultur f\u00f6r alla-kortet (Kaikukortti):<br \/>\nMejla anders@estrad.fi senast 6.3.2023.<br \/>\n<\/em><em>Detta m\u00f6jligg\u00f6rs genom samarbete med N\u00e4rpes Stad.<\/em><\/p>\n<p><strong>FR 17.3.2023 kl. 18-18.40 NYKARLEBY, Scala<br \/>\n<span style=\"color: #ff0000;\">SLUTS\u00c5LT!<\/span><br \/>\n<\/strong>Teater: Mamma Mu och Kr\u00e5kan &#8211; KoZoo<br \/>\n<strong>ENDAST F\u00d6RK\u00d6P, S\u00c5 ALLA S\u00c4KERT RYMS MED OCH SER BRA!<\/strong><br \/>\n<em>Biljetter i f\u00f6rk\u00f6p: 13,50 \u20ac\/pers. Gruppbilj. 5 pers: 57,50 \u20ac. F\u00f6rk\u00f6p:\u00a0<a href=\"https:\/\/www.estrad.fi\/barnensestrad\/butik\/\">H\u00e4r<\/a>.<\/em><br \/>\n0-1-\u00e5ringar gratis utan egen stol, de beh\u00f6ver inte biljett.<\/p>\n<p><strong>L\u00d6 18.3.2023 kl. 14 TERJ\u00c4RV UF<\/strong><br \/>\nTeater: Mamma Mu och Kr\u00e5kan &#8211; KoZoo<em><br \/>\n<\/em>arr. Terj\u00e4rv UF<em><br \/>\nN\u00e4rmare info\u00a0<a href=\"http:\/\/www.terjarvuf.net\/\" target=\"_blank\" rel=\"noopener\">h\u00e4r<\/a>.<br \/>\n<span style=\"color: #0000ff;\"><span style=\"color: #ff0000;\"><strong>TYV\u00c4RR \u00c4R F\u00d6REST\u00c4LLNINGEN INST\u00c4LLD PGA. SJUKDOM.<\/strong><\/span><\/span><br \/>\n<strong><br \/>\n<\/strong><\/em><span style=\"color: #0000ff;\"><strong>Suomenkielinen esitys:<\/strong><strong><br \/>\nSU 19.3.2023 klo. 13.30-14.10 VAASA, Ritz<\/strong><\/span><br \/>\n<span style=\"color: #0000ff;\">Mimmi Lehm\u00e4 ja Varis &#8211; Lehm\u00e4tarha<\/span><br \/>\n<span style=\"color: #0000ff;\">Liput: 14 \u20ac, ryhm\u00e4lippu: 12 \u20ac, minimi 5 henk.<\/span><br \/>\n<span style=\"color: #0000ff;\">1-vuotiaat sylilapset ilmaiseksi.<\/span><em><br \/>\n<span style=\"color: #0000ff;\">Ostakaa liput\u00a0t\u00e4st\u00e4.<br \/>\n<span style=\"color: #ff0000;\"><strong>ESITYS\u00a0PERUTTU\u00a0N\u00c4YTTELIJ\u00c4N\u00a0SAIRAUDEN VUOKSI.<\/strong><\/span><\/span><br \/>\n<\/em><\/p>\n<p><strong>S\u00d6 19.3.2023 kl. 15-15.40 VASA, Ritz<br \/>\n<span style=\"color: #ff0000;\">SLUTS\u00c5LT!<\/span><br \/>\n<\/strong>Teater: Mamma Mu och Kr\u00e5kan &#8211; KoZoo<br \/>\nBiljettinfo:\u00a014 \u20ac\/person (inkl. exp.avgift), gruppbilj. minst 5 pers: 12 \u20ac\/pers<em><br \/>\n<\/em>0-1-\u00e5ringar gratis utan egen stol.<br \/>\n<em>F\u00f6r att alla ska se bra s\u00e4ljs inte de tv\u00e5 sista raderna p\u00e5 parketten och p\u00e5 balkongen s\u00e4ljer vi endast de tv\u00e5 f\u00f6rsta raderna.<br \/>\n<\/em><strong><em>K\u00f6p biljetter <a href=\"https:\/\/www.netticket.fi\/mamma-mu-vasa?language=sv\" target=\"_blank\" rel=\"noopener\">h\u00e4r<\/a>.<\/em><\/strong><\/p>\n<p><strong><span style=\"color: #0000ff;\">Suomenkielinen esitys:<br \/>\nPE 24.3.2023 klo. 9.30-10.10 TAMMISAARI, Karelia<\/span><br \/>\n<\/strong><span style=\"color: #0000ff;\">Mimmi Lehm\u00e4 ja Varis &#8211; Lehm\u00e4tarha<br \/>\n<\/span><\/p>\n<p><strong>FR 24.3.2023 kl. 18-18.40 EKEN\u00c4S, Karelia<\/strong><br \/>\nTeater: Mamma Mu och Kr\u00e5kan &#8211; KoZoo<br \/>\nBiljettinfo:\u00a014 \u20ac\/person (inkl. exp.avgift), gruppbilj. minst 5 pers: 12 \u20ac\/pers<br \/>\n0-1-\u00e5ringar gratis utan egen stol.<br \/>\n<em>K\u00f6p biljetter <a href=\"https:\/\/www.netticket.fi\/mamma-mu-och-krakan-kozoo-ekenas\" target=\"_blank\" rel=\"noopener\">h\u00e4r<\/a>.<\/em><\/p>\n<p><strong>L\u00d6 25.3.2023 kl. 14-14.40 ESBO<\/strong>,\u00a0<strong>Vind\u00e4ngen<br \/>\n<span style=\"color: #ff0000;\">SLUTS\u00c5LT!<\/span><\/strong><em><br \/>\n<\/em>Teater: Mamma Mu och Kr\u00e5kan &#8211; KoZoo<em><br \/>\nK\u00f6p biljetter\u00a0<a href=\"https:\/\/www.lippu.fi\/sv\/event\/mamma-mu-och-krakan-kozoo-barnens-estrad-vindaengen-16365229\/\" target=\"_blank\" rel=\"noopener\">h\u00e4r.<\/a><\/em><\/p>\n<p><strong>TI 4.4.2023 kl. 9.30-10.10 HELSINGFORS, Rastis<br \/>\n<\/strong>Teater: Mamma Mu och Kr\u00e5kan &#8211; KoZoo<br \/>\n<em>K\u00f6pt f\u00f6rest\u00e4llning, inte f\u00f6r allm\u00e4nheten.<\/em><\/p>\n<p><strong>TI 4.4.2023 kl. 10.30-11.10 HELSINGFORS, Rastis<br \/>\n<\/strong>Teater: Mamma Mu och Kr\u00e5kan &#8211; KoZoo<br \/>\n<em>K\u00f6pt f\u00f6rest\u00e4llning, inte f\u00f6r allm\u00e4nheten.<\/em><\/p>\n<p><a href=\"https:\/\/www.estrad.fi\/barnensestrad\/wp-content\/uploads\/2020\/03\/BarnensEstrad_MammaMu_212web-scaled.jpg\"><img loading=\"lazy\" decoding=\"async\" class=\"alignleft wp-image-4748 size-large\" src=\"https:\/\/www.estrad.fi\/barnensestrad\/wp-content\/uploads\/2020\/03\/BarnensEstrad_MammaMu_212web-1024x683.jpg\" alt=\"\" width=\"840\" height=\"560\" srcset=\"https:\/\/www.estrad.fi\/barnensestrad\/wp-content\/uploads\/2020\/03\/BarnensEstrad_MammaMu_212web-1024x683.jpg 1024w, https:\/\/www.estrad.fi\/barnensestrad\/wp-content\/uploads\/2020\/03\/BarnensEstrad_MammaMu_212web-300x200.jpg 300w, https:\/\/www.estrad.fi\/barnensestrad\/wp-content\/uploads\/2020\/03\/BarnensEstrad_MammaMu_212web-768x513.jpg 768w, https:\/\/www.estrad.fi\/barnensestrad\/wp-content\/uploads\/2020\/03\/BarnensEstrad_MammaMu_212web-1536x1025.jpg 1536w, https:\/\/www.estrad.fi\/barnensestrad\/wp-content\/uploads\/2020\/03\/BarnensEstrad_MammaMu_212web-2048x1367.jpg 2048w, https:\/\/www.estrad.fi\/barnensestrad\/wp-content\/uploads\/2020\/03\/BarnensEstrad_MammaMu_212web-1200x801.jpg 1200w, https:\/\/www.estrad.fi\/barnensestrad\/wp-content\/uploads\/2020\/03\/BarnensEstrad_MammaMu_212web-600x400.jpg 600w\" sizes=\"auto, (max-width: 709px) 85vw, (max-width: 909px) 67vw, (max-width: 1362px) 62vw, 840px\" \/><\/a><\/p>\n<p><a href=\"https:\/\/www.estrad.fi\/barnensestrad\/wp-content\/uploads\/2013\/01\/BarnensEstrad_MammaMu_063Web-1.jpg\"><img loading=\"lazy\" decoding=\"async\" class=\"size-large wp-image-2072 alignleft\" src=\"https:\/\/www.estrad.fi\/barnensestrad\/wp-content\/uploads\/2013\/01\/BarnensEstrad_MammaMu_063Web-1-1024x683.jpg\" alt=\"\" width=\"840\" height=\"560\" srcset=\"https:\/\/www.estrad.fi\/barnensestrad\/wp-content\/uploads\/2013\/01\/BarnensEstrad_MammaMu_063Web-1-1024x683.jpg 1024w, https:\/\/www.estrad.fi\/barnensestrad\/wp-content\/uploads\/2013\/01\/BarnensEstrad_MammaMu_063Web-1-300x200.jpg 300w, https:\/\/www.estrad.fi\/barnensestrad\/wp-content\/uploads\/2013\/01\/BarnensEstrad_MammaMu_063Web-1-768x513.jpg 768w, https:\/\/www.estrad.fi\/barnensestrad\/wp-content\/uploads\/2013\/01\/BarnensEstrad_MammaMu_063Web-1-1200x801.jpg 1200w, https:\/\/www.estrad.fi\/barnensestrad\/wp-content\/uploads\/2013\/01\/BarnensEstrad_MammaMu_063Web-1-600x400.jpg 600w\" sizes=\"auto, (max-width: 709px) 85vw, (max-width: 909px) 67vw, (max-width: 1362px) 62vw, 840px\" \/><\/a><\/p>\n","protected":false},"featured_media":6037,"menu_order":0,"template":"","meta":{"editor_plus_copied_stylings":"{}","_price":"","_stock":"","_tribe_ticket_header":"","_tribe_default_ticket_provider":"","_tribe_ticket_capacity":"0","_ticket_start_date":"","_ticket_end_date":"","_tribe_ticket_show_description":"","_tribe_ticket_show_not_going":false,"_tribe_ticket_use_global_stock":"","_tribe_ticket_global_stock_level":"","_global_stock_mode":"","_global_stock_cap":"","_tribe_rsvp_for_event":"","_tribe_ticket_going_count":"","_tribe_ticket_not_going_count":"","_tribe_tickets_list":"[]","_tribe_ticket_has_attendee_info_fields":false},"categories":[6],"class_list":["post-6035","aktuellt","type-aktuellt","status-publish","has-post-thumbnail","hentry","category-vilande"],"_links":{"self":[{"href":"https:\/\/www.estrad.fi\/barnensestrad\/wp-json\/wp\/v2\/aktuellt\/6035","targetHints":{"allow":["GET"]}}],"collection":[{"href":"https:\/\/www.estrad.fi\/barnensestrad\/wp-json\/wp\/v2\/aktuellt"}],"about":[{"href":"https:\/\/www.estrad.fi\/barnensestrad\/wp-json\/wp\/v2\/types\/aktuellt"}],"wp:featuredmedia":[{"embeddable":true,"href":"https:\/\/www.estrad.fi\/barnensestrad\/wp-json\/wp\/v2\/media\/6037"}],"wp:attachment":[{"href":"https:\/\/www.estrad.fi\/barnensestrad\/wp-json\/wp\/v2\/media?parent=6035"}],"wp:term":[{"taxonomy":"category","embeddable":true,"href":"https:\/\/www.estrad.fi\/barnensestrad\/wp-json\/wp\/v2\/categories?post=6035"}],"curies":[{"name":"wp","href":"https:\/\/api.w.org\/{rel}","templated":true}]}}