{"id":6592,"date":"2023-01-10T17:27:52","date_gmt":"2023-01-10T15:27:52","guid":{"rendered":"https:\/\/www.estrad.fi\/barnensestrad\/?post_type=aktuellt&#038;p=6592"},"modified":"2023-04-20T11:01:38","modified_gmt":"2023-04-20T08:01:38","slug":"mimmi-lehma-ja-varis-maaliskuu-2023","status":"publish","type":"aktuellt","link":"https:\/\/www.estrad.fi\/barnensestrad\/aktuellt\/mimmi-lehma-ja-varis-maaliskuu-2023\/","title":{"rendered":"Mimmi Lehm\u00e4 ja Varis, maaliskuu 2023"},"content":{"rendered":"<p><img loading=\"lazy\" decoding=\"async\" class=\"alignright wp-image-888 size-full\" src=\"https:\/\/www.estrad.fi\/barnensestrad\/wp-content\/uploads\/2013\/01\/MammaMuKrakan01_ram02.jpg\" alt=\"MammaMu&amp;Krakan01_ram02\" width=\"300\" height=\"296\" \/><\/p>\n<p>Lasten Estradi, lastenteatteriesitys:<br \/>\nMimmi Lehm\u00e4 ja Varis &#8211; Lehm\u00e4puisto<\/p>\n<p>Silloin kun hyv\u00e4t yst\u00e4v\u00e4t kohtaavat, syntyy hassunhauskoja tilanteita! Varis tulee tapaamaan Mimmi Lehm\u00e4\u00e4 ja kertoo t\u00e4lle k\u00e4yneens\u00e4 el\u00e4intarhassa. Mimmi Lehm\u00e4 innostuu t\u00e4st\u00e4 ja p\u00e4\u00e4tt\u00e4\u00e4 perustaa Lehm\u00e4tarhan. Varis ep\u00e4r\u00f6i aikansa, mutta l\u00e4mpenee ajatukselle huomattuaan, ett\u00e4 h\u00e4n itseh\u00e4n se on varsinainen vetonaula!<\/p>\n<p>Hauska ja musikaalinen esitys joka sopii my\u00f6s perheen pienimmille!<\/p>\n<p>Tervetuloa!<\/p>\n<p><b>Dramatisointi:\u00a0<\/b>Jujja Wieslanderin kirjoista, Bobo Lund\u00e9n<b><br \/>\n<\/b><b>Suomennos:\u00a0<\/b>Mirja Hovila<br \/>\n<b>Ohjaus<\/b>: Malin Olkkola<br \/>\n<b>Puvustus:\u00a0<\/b>Sonja Dragon<br \/>\n<b>Lavastus, kuva &amp; grafikkaa:\u00a0<\/b>Lasse Andersson<br \/>\n<b>Rooleissa<\/b>: Catrine Krusberg, Matilda Anttila ja Anders Gr\u00f6nroos (muusikko).<br \/>\n<b>Tuottaja<\/b>: Anders Gr\u00f6nroos<br \/>\n<b>Kustantamo<\/b>: Agency North<br \/>\n<b>Yleis\u00f6<\/b>: 2-9-vuotiaat perheineen<br \/>\n<b>Kesto<\/b>: 35-40 minuuttia<br \/>\n___________________<\/p>\n<p><span style=\"color: #0000ff;\"><strong>Suomenkielinen esitys:<br \/>\nPE 3.3.2023 klo. 17-17.40 KARJAA, TryckeriTeatern<br \/>\n<\/strong>Teatteria: Mimmi Lehm\u00e4 ja Varis &#8211; Lehm\u00e4puisto<\/span><br \/>\n<span style=\"color: #0000ff;\"><em>Liput <a style=\"color: #0000ff;\" href=\"https:\/\/tryckeriteatern.org\/sv\/start\/view-184356-100235\" target=\"_blank\" rel=\"noopener\">t\u00e4st\u00e4<\/a>.<\/em><\/span><\/p>\n<p><strong><span style=\"color: #0000ff;\">Suomenkielinen esitys:<\/span><br \/>\n<span style=\"color: #0000ff;\">LA 4.3.2023 klo. 16.30-17.10 PORVOO, Kulttuuritalo Grand<\/span><br \/>\n<\/strong><span style=\"color: #0000ff;\">Mimmi Lehm\u00e4 ja Varis &#8211; Lehm\u00e4tarha<\/span><br \/>\n<span style=\"color: #0000ff;\">Liput: 15 \u20ac, ryhm\u00e4lippu: 13 \u20ac, minimi 5 henk.<\/span><br \/>\n<span style=\"color: #0000ff;\">1-vuotiaat sylilapset ilmaiseksi.<\/span><br \/>\n<span style=\"color: #0000ff;\">Ostakaa liput <a href=\"https:\/\/www.netticket.fi\/product_info.php?products_id=466007&amp;language=fi\" target=\"_blank\" rel=\"noopener\">t\u00e4st\u00e4<\/a>.<\/span><\/p>\n<p><span style=\"color: #0000ff;\"><strong>Suomenkielinen esitys:<\/strong><strong><br \/>\nSU 19.3.2023 klo. 13.30-14.10 VAASA, Ritz<\/strong><\/span><br \/>\n<span style=\"color: #0000ff;\">Mimmi Lehm\u00e4 ja Varis &#8211; Lehm\u00e4tarha<\/span><br \/>\n<span style=\"color: #0000ff;\">Liput: 14 \u20ac, ryhm\u00e4lippu: 12 \u20ac, minimi 5 henk.<\/span><br \/>\n<span style=\"color: #0000ff;\">1-vuotiaat sylilapset ilmaiseksi.<\/span><em><br \/>\n<span style=\"color: #0000ff;\">Ostakaa liput\u00a0t\u00e4st\u00e4.<br \/>\n<span style=\"color: #ff0000;\"><strong>ESITYS\u00a0PERUTTU\u00a0N\u00c4YTTELIJ\u00c4N\u00a0SAIRAUDEN VUOKSI.<\/strong><\/span><br \/>\n<\/span><\/em><\/p>\n<p><strong><span style=\"color: #0000ff;\">Suomenkielinen esitys:<br \/>\nPE 24.3.2023 klo. 9.30-10.10 TAMMISAARI, Karelia<\/span><br \/>\n<\/strong><span style=\"color: #0000ff;\">Mimmi Lehm\u00e4 ja Varis &#8211; Lehm\u00e4tarha<\/span><\/p>\n<p><a href=\"https:\/\/www.estrad.fi\/barnensestrad\/wp-content\/uploads\/2020\/03\/BarnensEstrad_MammaMu_212web-scaled.jpg\"><img loading=\"lazy\" decoding=\"async\" class=\"alignleft wp-image-4748 size-large\" src=\"https:\/\/www.estrad.fi\/barnensestrad\/wp-content\/uploads\/2020\/03\/BarnensEstrad_MammaMu_212web-1024x683.jpg\" alt=\"\" width=\"840\" height=\"560\" srcset=\"https:\/\/www.estrad.fi\/barnensestrad\/wp-content\/uploads\/2020\/03\/BarnensEstrad_MammaMu_212web-1024x683.jpg 1024w, https:\/\/www.estrad.fi\/barnensestrad\/wp-content\/uploads\/2020\/03\/BarnensEstrad_MammaMu_212web-300x200.jpg 300w, https:\/\/www.estrad.fi\/barnensestrad\/wp-content\/uploads\/2020\/03\/BarnensEstrad_MammaMu_212web-768x513.jpg 768w, https:\/\/www.estrad.fi\/barnensestrad\/wp-content\/uploads\/2020\/03\/BarnensEstrad_MammaMu_212web-1536x1025.jpg 1536w, https:\/\/www.estrad.fi\/barnensestrad\/wp-content\/uploads\/2020\/03\/BarnensEstrad_MammaMu_212web-2048x1367.jpg 2048w, https:\/\/www.estrad.fi\/barnensestrad\/wp-content\/uploads\/2020\/03\/BarnensEstrad_MammaMu_212web-1200x801.jpg 1200w, https:\/\/www.estrad.fi\/barnensestrad\/wp-content\/uploads\/2020\/03\/BarnensEstrad_MammaMu_212web-600x400.jpg 600w\" sizes=\"auto, (max-width: 709px) 85vw, (max-width: 909px) 67vw, (max-width: 1362px) 62vw, 840px\" \/><\/a><\/p>\n<p><a href=\"https:\/\/www.estrad.fi\/barnensestrad\/wp-content\/uploads\/2013\/01\/BarnensEstrad_MammaMu_063Web-1.jpg\"><img loading=\"lazy\" decoding=\"async\" class=\"size-large wp-image-2072 alignleft\" src=\"https:\/\/www.estrad.fi\/barnensestrad\/wp-content\/uploads\/2013\/01\/BarnensEstrad_MammaMu_063Web-1-1024x683.jpg\" alt=\"\" width=\"840\" height=\"560\" srcset=\"https:\/\/www.estrad.fi\/barnensestrad\/wp-content\/uploads\/2013\/01\/BarnensEstrad_MammaMu_063Web-1-1024x683.jpg 1024w, https:\/\/www.estrad.fi\/barnensestrad\/wp-content\/uploads\/2013\/01\/BarnensEstrad_MammaMu_063Web-1-300x200.jpg 300w, https:\/\/www.estrad.fi\/barnensestrad\/wp-content\/uploads\/2013\/01\/BarnensEstrad_MammaMu_063Web-1-768x513.jpg 768w, https:\/\/www.estrad.fi\/barnensestrad\/wp-content\/uploads\/2013\/01\/BarnensEstrad_MammaMu_063Web-1-1200x801.jpg 1200w, https:\/\/www.estrad.fi\/barnensestrad\/wp-content\/uploads\/2013\/01\/BarnensEstrad_MammaMu_063Web-1-600x400.jpg 600w\" sizes=\"auto, (max-width: 709px) 85vw, (max-width: 909px) 67vw, (max-width: 1362px) 62vw, 840px\" \/><\/a><\/p>\n","protected":false},"featured_media":6037,"menu_order":0,"template":"","meta":{"editor_plus_copied_stylings":"{}","_price":"","_stock":"","_tribe_ticket_header":"","_tribe_default_ticket_provider":"","_tribe_ticket_capacity":"0","_ticket_start_date":"","_ticket_end_date":"","_tribe_ticket_show_description":"","_tribe_ticket_show_not_going":false,"_tribe_ticket_use_global_stock":"","_tribe_ticket_global_stock_level":"","_global_stock_mode":"","_global_stock_cap":"","_tribe_rsvp_for_event":"","_tribe_ticket_going_count":"","_tribe_ticket_not_going_count":"","_tribe_tickets_list":"[]","_tribe_ticket_has_attendee_info_fields":false},"categories":[6],"class_list":["post-6592","aktuellt","type-aktuellt","status-publish","has-post-thumbnail","hentry","category-vilande"],"_links":{"self":[{"href":"https:\/\/www.estrad.fi\/barnensestrad\/wp-json\/wp\/v2\/aktuellt\/6592","targetHints":{"allow":["GET"]}}],"collection":[{"href":"https:\/\/www.estrad.fi\/barnensestrad\/wp-json\/wp\/v2\/aktuellt"}],"about":[{"href":"https:\/\/www.estrad.fi\/barnensestrad\/wp-json\/wp\/v2\/types\/aktuellt"}],"wp:featuredmedia":[{"embeddable":true,"href":"https:\/\/www.estrad.fi\/barnensestrad\/wp-json\/wp\/v2\/media\/6037"}],"wp:attachment":[{"href":"https:\/\/www.estrad.fi\/barnensestrad\/wp-json\/wp\/v2\/media?parent=6592"}],"wp:term":[{"taxonomy":"category","embeddable":true,"href":"https:\/\/www.estrad.fi\/barnensestrad\/wp-json\/wp\/v2\/categories?post=6592"}],"curies":[{"name":"wp","href":"https:\/\/api.w.org\/{rel}","templated":true}]}}