{"id":9418,"date":"2023-11-27T15:37:24","date_gmt":"2023-11-27T13:37:24","guid":{"rendered":"https:\/\/www.estrad.fi\/barnensestrad\/?post_type=aktuellt&#038;p=9418"},"modified":"2025-01-24T11:42:17","modified_gmt":"2025-01-24T09:42:17","slug":"mamma-mu-och-krakan-firar-jul-14-11-14-12-2024","status":"publish","type":"aktuellt","link":"https:\/\/www.estrad.fi\/barnensestrad\/aktuellt\/mamma-mu-och-krakan-firar-jul-14-11-14-12-2024\/","title":{"rendered":"Mamma Mu och Kr\u00e5kan firar jul, 19.11-14.12.2024"},"content":{"rendered":"<p>Nu f\u00e5r teaterpubliken ta del av de h\u00e4rliga ber\u00e4ttelserna om n\u00e4r<br \/>\nMamma Mu och Kr\u00e5kan firar Lucia och firar jul.<a href=\"https:\/\/www.estrad.fi\/barnensestrad\/wp-content\/uploads\/2013\/01\/Mu-i-julkok_org.jpg\"><img loading=\"lazy\" decoding=\"async\" class=\"alignright wp-image-2472 size-large\" src=\"https:\/\/www.estrad.fi\/barnensestrad\/wp-content\/uploads\/2013\/01\/Mu-i-julkok_org-860x1024.jpg\" alt=\"\" width=\"840\" height=\"1000\" srcset=\"https:\/\/www.estrad.fi\/barnensestrad\/wp-content\/uploads\/2013\/01\/Mu-i-julkok_org-860x1024.jpg 860w, https:\/\/www.estrad.fi\/barnensestrad\/wp-content\/uploads\/2013\/01\/Mu-i-julkok_org-252x300.jpg 252w, https:\/\/www.estrad.fi\/barnensestrad\/wp-content\/uploads\/2013\/01\/Mu-i-julkok_org-768x914.jpg 768w, https:\/\/www.estrad.fi\/barnensestrad\/wp-content\/uploads\/2013\/01\/Mu-i-julkok_org-1200x1429.jpg 1200w, https:\/\/www.estrad.fi\/barnensestrad\/wp-content\/uploads\/2013\/01\/Mu-i-julkok_org-600x714.jpg 600w\" sizes=\"auto, (max-width: 709px) 85vw, (max-width: 909px) 67vw, (max-width: 1362px) 62vw, 840px\" \/><\/a><br \/>\nEn rolig, st\u00e4mningsfull och musikalisk pj\u00e4s som handlar om det omaka paret,<br \/>\nsom \u00e4r varandras b\u00e4sta v\u00e4nner, och om deras julbestyr.<\/p>\n<p>Av Bobo Lund\u00e9n efter Juija Wieslanders b\u00f6cker.<br \/>\n<strong>Regi<\/strong>: Jesper Fransson<br \/>\n<strong>Dr\u00e4kter:\u00a0<\/strong>Sonja Dragon<br \/>\n<strong>Dekor, foto &amp; grafik:\u00a0<\/strong>Lasse Andersson<br \/>\n<strong>Musikarrangemang och inspelning:<\/strong><br \/>\nStefan \u201dKilju\u201d Lindblom<br \/>\n<strong>I rollerna<\/strong>: Jesper Fransson\/Catrine Krusberg, Petra Rauhala och<br \/>\nAnders Gr\u00f6nroos (musiker).<br \/>\n<strong>F\u00f6rlag<\/strong>: Agency North<br \/>\n<strong>Publik<\/strong>: 2-8-\u00e5ringar och deras familjer.<br \/>\n<strong>L\u00e4ngd<\/strong>: c. 35 minuter.<\/p>\n<p>Pj\u00e4sen hade premi\u00e4r i mitten av november 2015 och spelades under en intensiv turn\u00e9 fram till julen 2015. 14.11-15.12.2019 och 15.11-14.12.2021 spelades den igen med nya sk\u00e5despelare.<br \/>\nF\u00f6rest\u00e4llningen togs emot med \u00f6ppna armar.<br \/>\nNu hade den mycket popul\u00e4ra pj\u00e4sen nypremi\u00e4r!<\/p>\n<p><em>\u201dDet fungerar utm\u00e4rkt och skvallrar om en fin k\u00e4nsla f\u00f6r den speciella publiken&#8221;.<br \/>\n<\/em><\/p>\n<p>________________________<\/p>\n<p>Tekniska raidern finns <a href=\"https:\/\/www.estrad.fi\/barnensestrad\/wp-content\/uploads\/2023\/11\/MammaMuJul_TekninenRaider_2024.pdf\" target=\"_blank\" rel=\"noopener\">h\u00e4r<\/a>.<br \/>\n________________________<\/p>\n<p>Turn\u00e9dagarna \u00e4r i princip slut men det kan finnas n\u00e5gon dag\/tid kvar.<br \/>\nH\u00f6r g\u00e4rna av er!<\/p>\n<p>Kontakt:<br \/>\nAnders Gr\u00f6nroos<br \/>\ntfn. 0400-531770<br \/>\ne-post: anders(a)estrad.fi<br \/>\n___________________<\/p>\n<p><strong><span style=\"font-size: small;\"><span style=\"font-size: medium;\">TI 19.11.2024 kl. 10 HELSINGFORS<\/span><\/span><\/strong><span style=\"font-size: small;\"><span style=\"font-size: medium;\"><strong>, Gamlasg\u00e5rden<\/strong><br \/>\n<\/span><\/span><span style=\"font-size: small;\"><span style=\"font-size: medium;\">Teater: Mamma Mu och Kr\u00e5kan firar jul<br \/>\n<span style=\"color: #000000;\"><i>Arr. Gamlasg\u00e5rden &#8211; Kanneltalo<br \/>\n<\/i><\/span><\/span><\/span><strong><br \/>\nON 20.11.2024 kl. 18-18.40 SIBBO, Topeliussalen, <\/strong>Norra skolv\u00e4gen 2<br \/>\n<span style=\"color: #000000;\"><span style=\"color: #ff0000;\"><strong>ENDAST F\u00d6RK\u00d6P, S\u00c5 ALLA S\u00c4KERT RYMS MED OCH SER BRA!<\/strong><\/span><\/span><br \/>\nTeater: Mamma Mu och Kr\u00e5kan firar jul<br \/>\n<em>Biljetter i f\u00f6rk\u00f6p: 15 \u20ac\/pers. Gruppbilj. 5 pers: 65 \u20ac.<br \/>\nF\u00f6rk\u00f6p: <a href=\"https:\/\/www.estrad.fi\/barnensestrad\/butik\/\" target=\"_blank\" rel=\"noopener\">H\u00e4r<\/a>.<\/em><br \/>\n0-1-\u00e5ringar gratis utan egen stol, de beh\u00f6ver inte biljett.<\/p>\n<p><strong>TO 21.11.2024 kl. 9.30-10.10 VANDA, V\u00e4stersundom skola<\/strong><br \/>\nTeater: Mamma Mu och Kr\u00e5kan firar jul<br \/>\n<em>K\u00f6pt f\u00f6rest\u00e4llning, inte f\u00f6r allm\u00e4nheten.<\/em><\/p>\n<p><span style=\"color: #000000;\"><strong>TO 21.11.2024 kl. 18-18.40 KARIS, TryckeriTeatern<\/strong><br \/>\nTeater: Mamma Mu och Kr\u00e5kan firar jul<br \/>\nBiljettinfo: 15 \u20ac\/person (inkl. exp.avgift), gruppbilj. minst 5 pers: 15 \u20ac\/pers<br \/>\n0-1-\u00e5ringar gratis utan egen stol.<br \/>\n<em>K\u00f6p biljetter <a href=\"https:\/\/www.netticket.fi\/mamma-mu-och-krakan-karis\" target=\"_blank\" rel=\"noopener\">h\u00e4r<\/a>.<\/em><\/span><\/p>\n<p><strong>FR 22.11.2024 kl. 9.30-10.10 BROMARV, Bromarv skola<br \/>\n<\/strong>Teater: Mamma Mu och Kr\u00e5kan firar jul<br \/>\n<em>K\u00f6pt f\u00f6rest\u00e4llning, inte f\u00f6r allm\u00e4nheten.<\/em><\/p>\n<p><strong>FR 22.11.2024 kl. 18 HELSINGFORS, Nordhuset <\/strong><strong><span style=\"color: #ff0000;\">SLUTS\u00c5LT!<\/span><\/strong><em><br \/>\n<\/em>Teater: Mamma Mu och Kr\u00e5kan firar jul<br \/>\n<em>Biljetter <a href=\"https:\/\/www.lippu.fi\/event\/mamma-mu-och-krakan-mamma-mu-och-krakan-firar-jul-helsinki-vuotalo-19093430\/\" target=\"_blank\" rel=\"noopener\">h\u00e4r<\/a>.<\/em><\/p>\n<p><strong>L\u00d6 23.11.2024 kl. 15-15.40 PARGAS, Piugs kultursal <span style=\"color: #ff0000;\">SLUTS\u00c5LT!<\/span><\/strong><br \/>\n<span style=\"color: #ff0000;\"><strong>ENDAST F\u00d6RK\u00d6P, S\u00c5 ALLA S\u00c4KERT RYMS MED OCH SER BRA!<\/strong><\/span><br \/>\nTeater: Mamma Mu och Kr\u00e5kan firar jul<br \/>\n<em>Biljetter i f\u00f6rk\u00f6p: 15 \u20ac\/pers. Gruppbilj. 5 pers: 65 \u20ac.<br \/>\nF\u00f6rk\u00f6p: <a href=\"https:\/\/www.estrad.fi\/barnensestrad\/butik\/\" target=\"_blank\" rel=\"noopener\">H\u00e4r<\/a>.<\/em><br \/>\n0-1-\u00e5ringar gratis utan egen stol, de beh\u00f6ver inte biljett.<\/p>\n<p><strong>S\u00d6 24.11.2024 kl. 15-15.40 \u00c5BO, Diamantteatern i \u00c4ventyrsparken <span style=\"color: #ff0000;\">SLUTS\u00c5LD!<\/span><\/strong><br \/>\nTeater: Mamma Mu och Kr\u00e5kan firar jul<em><br \/>\n<\/em><i>Biljettbokningen startar s\u00f6 27.10 kl. 18 <a href=\"https:\/\/kalenteri.turku.fi\/sv-FI\/page\/6703a75304f56904a604193a?widget_id=65b3a5243cc374235214aa3c\" target=\"_blank\" rel=\"noopener\">h\u00e4r<\/a>. Biljetterna betalas p\u00e5 plats f\u00f6re f\u00f6rest\u00e4llningen.<br \/>\n<\/i><\/p>\n<p><strong>S\u00d6 24.11.2024 kl. 17-17.40 \u00c5BO, Diamantteatern i \u00c4ventyrsparken <span style=\"color: #ff0000;\">SLUTS\u00c5LD!<\/span><\/strong><br \/>\nTeater: Mamma Mu och Kr\u00e5kan firar jul<i><em><br \/>\n<\/em>Biljettbokningen startar s\u00f6 27.10 kl. 18 <a href=\"https:\/\/kalenteri.turku.fi\/sv-FI\/page\/6703a75304f56904a604193a?widget_id=65b3a5243cc374235214aa3c\" target=\"_blank\" rel=\"noopener\">h\u00e4r<\/a>. Biljetterna betalas p\u00e5 plats f\u00f6re f\u00f6rest\u00e4llningen.<br \/>\n<\/i><\/p>\n<p><strong>TO 28.11.2024 kl. 9.30-10.10 HELSINGFORS, Malms kulturhus<\/strong><br \/>\nTeater: Mamma Mu och Kr\u00e5kan firar ju<\/p>\n<p><strong>FR 29.11.2024 kl. 9.30-10.10 V\u00d6R\u00c5, Koskeby skolas gymnastiksal<br \/>\n<\/strong>Teater: Mamma Mu och Kr\u00e5kan firar jul<em><br \/>\n<\/em><em>K\u00f6pt f\u00f6rest\u00e4llning, inte f\u00f6r allm\u00e4nheten.<\/em><\/p>\n<p><strong>FR 29.11.2024 kl. 18-18.40 NEDERVETIL, Skolan<\/strong><br \/>\nTeater: Mamma Mu och Kr\u00e5kan firar jul<br \/>\narr. Folkh\u00e4lsan i Nedervetil<em><br \/>\nN\u00e4rmare info <a href=\"https:\/\/fb.me\/e\/2e5qdDvOX\" target=\"_blank\" rel=\"noopener\">h\u00e4r<\/a>.<\/em><\/p>\n<p><strong>L\u00d6 30.11.2024 kl. 10.30-11.10 NYKARLEBY, Scala <span style=\"color: #ff0000;\">SLUTS\u00c5LD!<\/span><\/strong><br \/>\n<span style=\"color: #ff0000;\"><strong>ENDAST F\u00d6RK\u00d6P, S\u00c5 ALLA S\u00c4KERT RYMS MED OCH SER BRA!<\/strong><\/span><br \/>\nTeater: Mamma Mu och Kr\u00e5kan firar jul<em><br \/>\nBiljetter i f\u00f6rk\u00f6p: 15 \u20ac\/pers. Gruppbilj. 5 pers: 65 \u20ac.<br \/>\nF\u00f6rk\u00f6p: <a href=\"https:\/\/www.estrad.fi\/barnensestrad\/butik\/\" target=\"_blank\" rel=\"noopener\">H\u00e4r<\/a>.<br \/>\n0-1-\u00e5ringar gratis utan egen stol, de beh\u00f6ver inte biljett.<\/em><\/p>\n<p><strong>L\u00d6 30.11.2024 kl. 15 Lepplax samlingshus<\/strong><em><br \/>\n<\/em>Teater: Mamma Mu och Kr\u00e5kan firar jul<em><br \/>\nMete, popcorn, saft&#8230;<br \/>\nBiljetter: Barn 5 \u20ac, vuxna 10 \u20ac.<br \/>\n<span style=\"color: #000000;\">arr. Lepplax byaf\u00f6rening<\/span><br \/>\nBoka platser: lepplaxbyf@gmail.com<br \/>\n<\/em><\/p>\n<p><strong>S\u00d6 1.12.2024 kl. 13-13.40 VASA, Ritz<br \/>\n<span style=\"color: #ff0000;\">SLUTS\u00c5LT, utom en handfull platser p\u00e5 l\u00e4ktaren.<\/span><br \/>\n<\/strong><span style=\"font-size: small;\"><span style=\"font-size: medium;\"><span style=\"color: #0000ff;\"><span style=\"color: #000000;\">Teater: Mamma Mu och Kr\u00e5kan firar jul<br \/>\nBiljettinfo: 15 \u20ac\/person (inkl. exp.avgift), gruppbilj. minst 5 pers: 13 \u20ac\/pers<em><br \/>\n<\/em>0-1-\u00e5ringar gratis utan egen stol.<br \/>\n<\/span><\/span><em>F\u00f6r att alla ska se bra s\u00e4ljs inte de tv\u00e5 sista raderna p\u00e5 parketten.<br \/>\nP\u00e5 balkongen s\u00e4ljs endast de tv\u00e5 f\u00f6rsta\u00a0raderna<\/em><br \/>\n<em>K\u00f6p biljetter <a href=\"https:\/\/www.netticket.fi\/mamma-mu-och-krakan-firar-jul-vasa\" target=\"_blank\" rel=\"noopener\">h\u00e4r<\/a>.<\/em><\/span><\/span><\/p>\n<p><strong>S\u00d6 1.12.2024 kl. 14.30-15.10 VASA, Ritz<br \/>\n<span style=\"color: #ff0000;\">SLUTS\u00c5LT, utom en handfull platser p\u00e5 l\u00e4ktaren.<\/span><br \/>\n<\/strong><span style=\"font-size: small;\"><span style=\"font-size: medium;\"><span style=\"color: #0000ff;\"><span style=\"color: #000000;\">Teater: Mamma Mu och Kr\u00e5kan firar jul<br \/>\nBiljettinfo: 15 \u20ac\/person (inkl. exp.avgift), gruppbilj. minst 5 pers: 13 \u20ac\/pers<em><br \/>\n<\/em>0-1-\u00e5ringar gratis utan egen stol.<\/span><\/span><br \/>\n<em>F\u00f6r att alla ska se bra s\u00e4ljs inte de tv\u00e5 sista raderna p\u00e5 parketten.<br \/>\nP\u00e5 balkongen s\u00e4ljs endast de tv\u00e5 f\u00f6rsta\u00a0raderna<\/em><br \/>\n<em>K\u00f6p biljetter <a href=\"https:\/\/www.netticket.fi\/mamma-mu-och-krakan-firar-jul-vasa\" target=\"_blank\" rel=\"noopener\">h\u00e4r<\/a>.<\/em><\/span><\/span><\/p>\n<p><strong><span style=\"color: #ff0000;\">EXTRA F\u00d6REST\u00c4LLNING!<\/span><span style=\"color: #ff0000;\"><br \/>\n<\/span><\/strong><span style=\"font-size: small;\"><span style=\"font-size: medium;\"><strong>S\u00d6 1.12.2024 kl. 16-16.40 VASA, Ritz<br \/>\n<span style=\"color: #ff0000;\">SLUTS\u00c5LT, utom en handfull platser p\u00e5 l\u00e4ktaren.<\/span><br \/>\n<\/strong><span style=\"color: #0000ff;\"><span style=\"color: #000000;\">Teater: Mamma Mu och Kr\u00e5kan firar jul<br \/>\nBiljettinfo: 15 \u20ac\/person (inkl. exp.avgift), gruppbilj. minst 5 pers: 13 \u20ac\/pers<br \/>\n0-1-\u00e5ringar gratis utan egen stol.<\/span><\/span><em><br \/>\nF\u00f6r att alla ska se bra s\u00e4ljs inte de tv\u00e5 sista raderna p\u00e5 parketten.<br \/>\nP\u00e5 balkongen s\u00e4ljs endast de tv\u00e5 f\u00f6rsta\u00a0raderna<br \/>\nK\u00f6p biljetter <a href=\"https:\/\/www.netticket.fi\/mamma-mu-och-krakan-firar-jul-vasa\" target=\"_blank\" rel=\"noopener\">h\u00e4r<\/a>.<br \/>\n<\/em><\/span><\/span><\/p>\n<p><strong>M\u00c5 2.12.2024 kl. 9.15 KARLEBY, Jungsborg<br \/>\n<span style=\"color: #ff0000;\">Fullbokad.<br \/>\n<\/span><\/strong><span style=\"color: #0000ff;\"><span style=\"color: #000000;\">Teater: Mamma Mu och Kr\u00e5kan firar jul<\/span><\/span><em><span style=\"color: #0000ff;\"><span style=\"color: #000000;\"><br \/>\n<\/span><\/span>Arr. Luckan i Karleby<\/em><\/p>\n<p><strong>M\u00c5 2.12.2024 kl. 10.30 KARLEBY, Jungsborg<br \/>\n<span style=\"color: #ff0000;\">Fullbokad. <\/span><\/strong><span style=\"color: #ff0000;\">Finns en handfull platser f\u00f6r barn och f\u00f6r\u00e4ldrar.<br \/>\n<\/span><span style=\"color: #ff0000;\">Boka de platserna: reidunn.manderbacka@kulturosterbotten.fi\u00a0<\/span><em><strong><br \/>\n<\/strong><\/em><span style=\"color: #0000ff;\"><span style=\"color: #000000;\">Teater: Mamma Mu och Kr\u00e5kan firar jul<\/span><\/span><em><span style=\"color: #0000ff;\"><span style=\"color: #000000;\"><br \/>\n<\/span><\/span>Arr. Luckan i Karleby<\/em><\/p>\n<p><strong>M\u00c5 2.12.2024 kl. 17.30-18.10 JAKOBSTAD, Svenska G\u00e5rden <span style=\"color: #ff0000;\">SLUTS\u00c5LT<\/span><\/strong><br \/>\n<span style=\"color: #ff0000;\"><strong>ENDAST F\u00d6RK\u00d6P, S\u00c5 ALLA S\u00c4KERT RYMS MED OCH SER BRA!<\/strong><\/span><br \/>\nTeater: Mamma Mu och Kr\u00e5kan firar jul<em><br \/>\nBiljetter i f\u00f6rk\u00f6p: 15 \u20ac\/pers. Gruppbilj. 5 pers: 65 \u20ac.<br \/>\nF\u00f6rk\u00f6p: <a href=\"https:\/\/www.estrad.fi\/barnensestrad\/butik\/\" target=\"_blank\" rel=\"noopener\">H\u00e4r<\/a>.<br \/>\n0-1-\u00e5ringar gratis utan egen stol, de beh\u00f6ver inte biljett.<\/em><\/p>\n<p><strong>TI 3.12.2024 kl. 9.30-10.10 KORSN\u00c4S, Kyrkoby skola<br \/>\n<\/strong><span style=\"color: #0000ff;\"><span style=\"color: #000000;\">Teater: Mamma Mu och Kr\u00e5kan firar jul<\/span><\/span><strong><em><span style=\"color: #0000ff;\"><span style=\"color: #000000;\"><br \/>\n<\/span><\/span><\/em><\/strong><em>Arr. Korsn\u00e4s kommun<\/em><\/p>\n<p><strong>TI 3.12.2024 kl. 18-18.40 N\u00c4RPES, Frans Henrikson-salen <span style=\"color: #ff0000;\">SLUTS\u00c5LT<\/span><\/strong><br \/>\n<strong><span style=\"color: #ff0000;\">ENDAST F\u00d6RK\u00d6P, S\u00c5 ALLA S\u00c4KERT RYMS MED OCH SER BRA!<\/span><\/strong><br \/>\n<span style=\"color: #0000ff;\"><span style=\"color: #000000;\">Teater: Mamma Mu och Kr\u00e5kan firar jul<\/span><\/span><em><br \/>\nBiljetter i f\u00f6rk\u00f6p: 15 \u20ac\/pers. Gruppbilj. 5 pers: 65 \u20ac.<br \/>\nF\u00f6rk\u00f6p: <a href=\"https:\/\/www.estrad.fi\/barnensestrad\/butik\/\" target=\"_blank\" rel=\"noopener\">H\u00e4r<\/a>.<br \/>\n0-1-\u00e5ringar gratis utan egen stol, de beh\u00f6ver inte biljett.<\/em><\/p>\n<p><strong>ON 4.12.2024 kl. 18-18.40 SKAFTUNG UF, <\/strong>Frivilasv\u00e4gen 1, Kristinestad\u00a0\u00a0<strong><br \/>\n<\/strong><span style=\"color: #0000ff;\"><span style=\"color: #000000;\">Teater: Mamma Mu och Kr\u00e5kan firar jul<br \/>\n<\/span><\/span><em><span style=\"color: #0000ff;\"><span style=\"color: #000000;\">Biljetter 15 \u20ac\/pers. Gruppbilj. 5 pers: 65 \u20ac.<br \/>\n0-1-\u00e5ringar gratis utan egen stol, de beh\u00f6ver inte biljett.<br \/>\nBoka plats till skaftunguf@hotmail.com f\u00f6r att f\u00f6rs\u00e4kra dig om plats.<br \/>\nBetalning p\u00e5 plats med kort eller kontant.<br \/>\n<\/span><\/span>Arr. Skaftung UF<br \/>\n<strong><span style=\"color: #ff0000;\"><br \/>\n<\/span><\/strong><\/em><strong><span style=\"color: #ff0000;\">EXTRA F\u00d6REST\u00c4LLNING! SLUTS\u00c5LD!<\/span><\/strong><strong><span style=\"color: #ff0000;\"><br \/>\n<\/span>L\u00d6 7.12.2024 kl. 13.30-14.10 BORG\u00c5, Kulturhuset Grand<\/strong><span style=\"color: #000000;\"><br \/>\n<\/span><span style=\"color: #000000;\">Teater: Mamma Mu och Kr\u00e5kan firar jul<\/span><em><span style=\"color: #000000;\"><span style=\"color: #0000ff;\"><br \/>\n<\/span><\/span>Biljetter: 15 \u20ac\/person. Gruppbiljett, minst 5 personer 13 \u20ac<br \/>\n0-1-\u00e5ringar gratis utan egen stol.<i><br \/>\nK\u00f6p biljetter <a href=\"https:\/\/www.netticket.fi\/information_plays.php?info_id=26343\" target=\"_blank\" rel=\"noopener\">h\u00e4r<\/a>.<\/i><br \/>\n<\/em><\/p>\n<p><strong><span style=\"color: #ff0000;\">SLUTS\u00c5LD!<\/span><br \/>\nL\u00d6 7.12.2024 kl. 15-15.40 BORG\u00c5, Kulturhuset Grand<\/strong><em><span style=\"color: #000000;\"><br \/>\n<\/span><\/em><span style=\"color: #000000;\"><span style=\"color: #0000ff;\"><span style=\"color: #000000;\">Teater: Mamma Mu och Kr\u00e5kan firar jul<\/span><\/span><\/span><em><span style=\"color: #000000;\"><span style=\"color: #0000ff;\"><br \/>\n<\/span><\/span>Biljetter: 15 \u20ac\/person. Gruppbiljett, minst 5 personer 13 \u20ac<br \/>\n0-1-\u00e5ringar gratis utan egen stol.<i><br \/>\nK\u00f6p biljetter <a href=\"https:\/\/www.netticket.fi\/information_plays.php?info_id=26343\" target=\"_blank\" rel=\"noopener\">h\u00e4r<\/a>.<\/i><\/em><\/p>\n<p><strong><span style=\"color: #ff0000;\">EXTRA F\u00d6REST\u00c4LLNING! SLUTS\u00c5LD!<br \/>\n<\/span>L\u00d6 7.12.2024 kl. 16.30-17.10 BORG\u00c5, Kulturhuset Grand<\/strong><em><span style=\"color: #000000;\"><br \/>\n<\/span><\/em><span style=\"color: #000000;\">Teater: Mamma Mu och Kr\u00e5kan firar jul<\/span><em><span style=\"color: #000000;\"><span style=\"color: #0000ff;\"><br \/>\n<\/span><\/span>Biljetter: 15 \u20ac\/person. Gruppbiljett, minst 5 personer 13 \u20ac<br \/>\n0-1-\u00e5ringar gratis utan egen stol.<i><br \/>\nK\u00f6p biljetter <a href=\"https:\/\/www.netticket.fi\/information_plays.php?info_id=26343\" target=\"_blank\" rel=\"noopener\">h\u00e4r<\/a>.<\/i><\/em><\/p>\n<p><strong>S\u00d6 8.12.2024 kl. 15-15.40 ING\u00c5, Furuborg<\/strong><br \/>\n<span style=\"color: #000000;\">Teater: Mamma Mu och Kr\u00e5kan firar jul<\/span><em><i><br \/>\nArr. Degerby Ungdomsf\u00f6rening<br \/>\nBiljetter: 5 \u20ac f\u00f6r medlemmar i f\u00f6reningen. 10 \u20ac f\u00f6r icke medlemmar.<br \/>\nBokningar: <a href=\"mailto:biljetter@degerbyuf.fi\" target=\"_blank\" rel=\"noopener\">biljetter@degerbyuf.fi<\/a>, betalning p\u00e5 plats kontant eller mobilepay.<\/i><\/em><\/p>\n<p><strong>TI 10.12.2024 kl. 9.30-10.10 SJUNDE\u00c5, Daghemmet Lilla Alexis<br \/>\n<\/strong>Teater: Mamma Mu och Kr\u00e5kan firar jul<br \/>\n<em>K\u00f6pt f\u00f6rest\u00e4llning, inte f\u00f6r allm\u00e4nheten.<\/em><\/p>\n<p><strong>TI 10.12.2024 kl. 18-18.40 GRANKULLA, Nya Paviljongen <span style=\"color: #ff0000;\">SLUTS\u00c5LD!<\/span><\/strong><em><i><br \/>\n<strong><span style=\"color: #ff0000;\">ENDAST F\u00d6RK\u00d6P, S\u00c5 ALLA S\u00c4KERT RYMS MED OCH SER BRA!<\/span><\/strong><br \/>\n<\/i><\/em><span style=\"color: #0000ff;\"><span style=\"color: #000000;\">Teater: Mamma Mu och Kr\u00e5kan firar jul<\/span><\/span><em><i><br \/>\nBiljetter i f\u00f6rk\u00f6p: 15 \u20ac\/pers. Gruppbilj. 5 pers: 65 \u20ac.<br \/>\nF\u00f6rk\u00f6p: <a href=\"https:\/\/www.estrad.fi\/barnensestrad\/butik\/\" target=\"_blank\" rel=\"noopener\">H\u00e4r<\/a>.<br \/>\n0-1-\u00e5ringar gratis utan egen stol, de beh\u00f6ver inte biljett.<br \/>\n<\/i><\/em><em>Mejla\u00a0<a href=\"mailto:anders@estrad.fi\">anders@estrad.fi<\/a>\u00a0senast en vecka f\u00f6re f\u00f6rest\u00e4llningen f\u00f6r bokning med<\/em><em><br \/>\n\u201dKultur f\u00f6r alla\u201d-kortet (Kaikukortti).\u00a0Detta m\u00f6jligg\u00f6rs genom samarbete med Grankulla stad.<\/em><i><\/i><\/p>\n<p><strong>ON 11.12.2024 kl. 9.30-10.10 HELSINGFORS, \u00d6stersundom skola<\/strong><br \/>\n<em>Teater: Mamma Mu och Kr\u00e5kan firar jul<i><br \/>\nK\u00f6pt f\u00f6rest\u00e4llning, inte f\u00f6r allm\u00e4nheten<\/i><\/em><\/p>\n<p><strong>ON 11.12.2024 kl. 17.30-18.10 KYRKSL\u00c4TT, Runh\u00e4lla, <\/strong>Medvastv\u00e4gen 6 <strong><span style=\"color: #ff0000;\">SLUTS\u00c5LD!<\/span><\/strong><br \/>\n<strong><span style=\"color: #ff0000;\">ENDAST F\u00d6RK\u00d6P, S\u00c5 ALLA S\u00c4KERT RYMS MED OCH SER BRA!<\/span><\/strong><br \/>\n<span style=\"color: #0000ff;\"><span style=\"color: #000000;\">Teater: Mamma Mu och Kr\u00e5kan firar jul<\/span><\/span><em><i><br \/>\nBiljetter i f\u00f6rk\u00f6p: 15 \u20ac\/pers. Gruppbilj. 5 pers: 65 \u20ac.<br \/>\nF\u00f6rk\u00f6p: <a href=\"https:\/\/www.estrad.fi\/barnensestrad\/butik\/\" target=\"_blank\" rel=\"noopener\">H\u00e4r<\/a>.<br \/>\n0-1-\u00e5ringar gratis utan egen stol, de beh\u00f6ver inte biljett.<\/i><\/em><\/p>\n<p><strong>ON 11.12.2024 kl. 18.30-19.10 KYRKSL\u00c4TT, Runh\u00e4lla, <\/strong>Medvastv\u00e4gen 6<br \/>\n<strong><span style=\"color: #ff0000;\">ENDAST F\u00d6RK\u00d6P, S\u00c5 ALLA S\u00c4KERT RYMS MED OCH SER BRA!<\/span><\/strong><br \/>\n<span style=\"color: #0000ff;\"><span style=\"color: #000000;\">Teater: Mamma Mu och Kr\u00e5kan firar jul<\/span><\/span><em><i><br \/>\nBiljetter i f\u00f6rk\u00f6p: 15 \u20ac\/pers. Gruppbilj. 5 pers: 65 \u20ac.<br \/>\nF\u00f6rk\u00f6p: <a href=\"https:\/\/www.estrad.fi\/barnensestrad\/butik\/\">H\u00e4r<\/a>.<br \/>\n0-1-\u00e5ringar gratis utan egen stol, de beh\u00f6ver inte biljett.<\/i><\/em><\/p>\n<p><span style=\"color: #000000;\"><strong>TO 12.12.2024 kl. 18-18.40 EKEN\u00c4S, Karelia <span style=\"color: #ff0000;\">SLUTS\u00c5LD!<\/span><\/strong><br \/>\nTeater: Mamma Mu och Kr\u00e5kan firar jul<\/span><em><i><span style=\"color: #000000;\"><br \/>\n<\/span><\/i><span style=\"color: #000000;\">Biljettinfo: <\/span><span style=\"color: #000000;\">15 \u20ac\/person (inkl. exp.avgift), gruppbilj. minst 5 pers: 15 \u20ac\/pers<\/span><i><span style=\"color: #000000;\"><br \/>\n0-1-\u00e5ringar gratis utan egen stol.<br \/>\nK\u00f6p biljetter\u00a0<a href=\"https:\/\/www.netticket.fi\/mamma-mu-ekenas\" target=\"_blank\" rel=\"noopener\">h\u00e4r<\/a>.<\/span><\/i><\/em><\/p>\n<p><span style=\"color: #000000;\"><strong>L\u00d6 14.12.2024 kl. 14-14.40 ESBO<\/strong><\/span><span style=\"color: #000000;\">, <\/span><span style=\"color: #000000;\"><strong>Vind\u00e4ngen <span style=\"color: #ff0000;\">SLUTS\u00c5LD!<\/span><\/strong><\/span><em><i><span style=\"color: #000000;\"><span style=\"color: #0000ff;\"><br \/>\n<\/span><\/span><\/i><\/em><span style=\"color: #000000;\">Teater: Mamma Mu och Kr\u00e5kan firar jul<br \/>\n<\/span><em>K\u00f6p biljetter <a href=\"https:\/\/www.lippu.fi\/artist\/esbo-stad\/mamma-mu-och-krakan-firar-jul-3670379\/\" target=\"_blank\" rel=\"noopener\">h\u00e4r.<\/a><\/em><\/p>\n<p><i>\u00a0<\/i><\/p>\n<p><img loading=\"lazy\" decoding=\"async\" class=\"wp-image-2474 size-medium alignnone\" src=\"https:\/\/www.estrad.fi\/barnensestrad\/wp-content\/uploads\/2013\/01\/StudioS_181201_MammaMu_018_WEBfix01-243x300.jpg\" alt=\"\" width=\"243\" height=\"300\" srcset=\"https:\/\/www.estrad.fi\/barnensestrad\/wp-content\/uploads\/2013\/01\/StudioS_181201_MammaMu_018_WEBfix01-243x300.jpg 243w, https:\/\/www.estrad.fi\/barnensestrad\/wp-content\/uploads\/2013\/01\/StudioS_181201_MammaMu_018_WEBfix01-768x949.jpg 768w, https:\/\/www.estrad.fi\/barnensestrad\/wp-content\/uploads\/2013\/01\/StudioS_181201_MammaMu_018_WEBfix01-829x1024.jpg 829w, https:\/\/www.estrad.fi\/barnensestrad\/wp-content\/uploads\/2013\/01\/StudioS_181201_MammaMu_018_WEBfix01-1200x1483.jpg 1200w, https:\/\/www.estrad.fi\/barnensestrad\/wp-content\/uploads\/2013\/01\/StudioS_181201_MammaMu_018_WEBfix01-600x742.jpg 600w, https:\/\/www.estrad.fi\/barnensestrad\/wp-content\/uploads\/2013\/01\/StudioS_181201_MammaMu_018_WEBfix01.jpg 1492w\" sizes=\"auto, (max-width: 243px) 85vw, 243px\" \/><\/p>\n<p><a href=\"https:\/\/www.estrad.fi\/barnensestrad\/wp-content\/uploads\/2013\/01\/mujul1.jpg\"><img loading=\"lazy\" decoding=\"async\" class=\"alignleft wp-image-2473 size-large\" src=\"https:\/\/www.estrad.fi\/barnensestrad\/wp-content\/uploads\/2013\/01\/mujul1-1024x664.jpg\" alt=\"\" width=\"840\" height=\"545\" srcset=\"https:\/\/www.estrad.fi\/barnensestrad\/wp-content\/uploads\/2013\/01\/mujul1-1024x664.jpg 1024w, https:\/\/www.estrad.fi\/barnensestrad\/wp-content\/uploads\/2013\/01\/mujul1-300x195.jpg 300w, https:\/\/www.estrad.fi\/barnensestrad\/wp-content\/uploads\/2013\/01\/mujul1-768x498.jpg 768w, https:\/\/www.estrad.fi\/barnensestrad\/wp-content\/uploads\/2013\/01\/mujul1-1200x779.jpg 1200w, https:\/\/www.estrad.fi\/barnensestrad\/wp-content\/uploads\/2013\/01\/mujul1-600x389.jpg 600w\" sizes=\"auto, (max-width: 709px) 85vw, (max-width: 909px) 67vw, (max-width: 1362px) 62vw, 840px\" \/><\/a><\/p>\n","protected":false},"featured_media":2476,"menu_order":0,"template":"","meta":{"editor_plus_copied_stylings":"{}","_price":"","_stock":"","_tribe_ticket_header":"","_tribe_default_ticket_provider":"","_tribe_ticket_capacity":"0","_ticket_start_date":"","_ticket_end_date":"","_tribe_ticket_show_description":"","_tribe_ticket_show_not_going":false,"_tribe_ticket_use_global_stock":"","_tribe_ticket_global_stock_level":"","_global_stock_mode":"","_global_stock_cap":"","_tribe_rsvp_for_event":"","_tribe_ticket_going_count":"","_tribe_ticket_not_going_count":"","_tribe_tickets_list":"[]","_tribe_ticket_has_attendee_info_fields":false},"categories":[6],"class_list":["post-9418","aktuellt","type-aktuellt","status-publish","has-post-thumbnail","hentry","category-vilande"],"_links":{"self":[{"href":"https:\/\/www.estrad.fi\/barnensestrad\/wp-json\/wp\/v2\/aktuellt\/9418","targetHints":{"allow":["GET"]}}],"collection":[{"href":"https:\/\/www.estrad.fi\/barnensestrad\/wp-json\/wp\/v2\/aktuellt"}],"about":[{"href":"https:\/\/www.estrad.fi\/barnensestrad\/wp-json\/wp\/v2\/types\/aktuellt"}],"wp:featuredmedia":[{"embeddable":true,"href":"https:\/\/www.estrad.fi\/barnensestrad\/wp-json\/wp\/v2\/media\/2476"}],"wp:attachment":[{"href":"https:\/\/www.estrad.fi\/barnensestrad\/wp-json\/wp\/v2\/media?parent=9418"}],"wp:term":[{"taxonomy":"category","embeddable":true,"href":"https:\/\/www.estrad.fi\/barnensestrad\/wp-json\/wp\/v2\/categories?post=9418"}],"curies":[{"name":"wp","href":"https:\/\/api.w.org\/{rel}","templated":true}]}}