{"id":9663,"date":"2024-05-13T12:47:35","date_gmt":"2024-05-13T09:47:35","guid":{"rendered":"https:\/\/www.estrad.fi\/barnensestrad\/?post_type=aktuellt&#038;p=9663"},"modified":"2024-09-05T10:37:42","modified_gmt":"2024-09-05T07:37:42","slug":"barnens-sommarteater-2024-mycket-skoj-alfons-aberg","status":"publish","type":"aktuellt","link":"https:\/\/www.estrad.fi\/barnensestrad\/aktuellt\/barnens-sommarteater-2024-mycket-skoj-alfons-aberg\/","title":{"rendered":"Barnens Sommarteater 2024 &#8211; Mycket Skoj, Alfons \u00c5berg"},"content":{"rendered":"<p><a href=\"https:\/\/www.estrad.fi\/barnensestrad\/wp-content\/uploads\/2024\/05\/MycketSkoj_02_print-scaled.jpg\"><img loading=\"lazy\" decoding=\"async\" class=\"wp-image-9664 size-large aligncenter\" src=\"https:\/\/www.estrad.fi\/barnensestrad\/wp-content\/uploads\/2024\/05\/MycketSkoj_02_print-1024x1024.jpg\" alt=\"\" width=\"840\" height=\"840\" srcset=\"https:\/\/www.estrad.fi\/barnensestrad\/wp-content\/uploads\/2024\/05\/MycketSkoj_02_print-1024x1024.jpg 1024w, https:\/\/www.estrad.fi\/barnensestrad\/wp-content\/uploads\/2024\/05\/MycketSkoj_02_print-300x300.jpg 300w, https:\/\/www.estrad.fi\/barnensestrad\/wp-content\/uploads\/2024\/05\/MycketSkoj_02_print-150x150.jpg 150w, https:\/\/www.estrad.fi\/barnensestrad\/wp-content\/uploads\/2024\/05\/MycketSkoj_02_print-768x768.jpg 768w, https:\/\/www.estrad.fi\/barnensestrad\/wp-content\/uploads\/2024\/05\/MycketSkoj_02_print-1536x1536.jpg 1536w, https:\/\/www.estrad.fi\/barnensestrad\/wp-content\/uploads\/2024\/05\/MycketSkoj_02_print-2048x2048.jpg 2048w, https:\/\/www.estrad.fi\/barnensestrad\/wp-content\/uploads\/2024\/05\/MycketSkoj_02_print-1200x1200.jpg 1200w, https:\/\/www.estrad.fi\/barnensestrad\/wp-content\/uploads\/2024\/05\/MycketSkoj_02_print-600x600.jpg 600w, https:\/\/www.estrad.fi\/barnensestrad\/wp-content\/uploads\/2024\/05\/MycketSkoj_02_print-100x100.jpg 100w\" sizes=\"auto, (max-width: 709px) 85vw, (max-width: 909px) 67vw, (max-width: 1362px) 62vw, 840px\" \/><\/a><\/p>\n<p>&#8221;Barnens Sommarteater&#8221; \u00e4r v\u00e5rt turnerande sommarevenemang som reser runt sommaren 2024!<br \/>\nSedan 2006 har vi\u00a0 turnerat runt med mysiga familjeevenemang ocks\u00e5 sommartid.<\/p>\n<p>Den roliga och barnv\u00e4nliga pj\u00e4sen \u201dMycket skoj, Alfons \u00c5berg\u201d spelas denna sommar.<br \/>\nPj\u00e4sen \u00e4r nyskriven utg\u00e5ende fr\u00e5n fyra k\u00e4nda Alfons-b\u00f6cker.<br \/>\nAlfons pappa tar v\u00e4nligt emot publiken och n\u00e4r alla kommit b\u00f6rjar den roliga f\u00f6rest\u00e4llningen<br \/>\noch d\u00e5 dyker ocks\u00e5 Alfons upp.<br \/>\nEfter f\u00f6rest\u00e4llningen f\u00f6ljer servering p\u00e5 flera platser.<\/p>\n<p><strong>Pga. stort publikintresse s\u00e5 spelar vi tv\u00e5 f\u00f6rest\u00e4llningar per dag p\u00e5 de flesta platser.<br \/>\nVi s\u00e4ljer f\u00e4rre biljetter per f\u00f6rest\u00e4llning \u00e4n tidigare f\u00f6r att alla ska se bra och det inte ska blir tr\u00e5ngt.<\/strong><strong><br \/>\n<span style=\"color: #339966;\">Kom ih\u00e5g att k\u00f6pa biljetter p\u00e5 f\u00f6rhand.<br \/>\nBiljetter s\u00e4ljs endast som f\u00f6rk\u00f6p s\u00e5 att alla som har biljetter f\u00e5r bra platser!<br \/>\n<em>OBS: Vid k\u00f6p med telefon ska man skriva in antal biljetter, med dator kan man klicka p\u00e5 + till r\u00e4tt antal.<\/em><\/span><\/strong><\/p>\n<p><strong><del>S\u00d6 30.6.2024 kl. 14 OCH kl. 16, PARGAS, Piug<\/del><br \/>\n<\/strong>I samarbete med Pargas stad.<strong><em><br \/>\n<\/em><\/strong><em>Biljetter, <strong><span style=\"color: #339966;\">ENDAST F\u00d6RK\u00d6P<\/span><\/strong>: 14,50 \u20ac\/pers. Gruppbilj. 5 pers: 60 \u20ac. F\u00f6rk\u00f6p: <a href=\"https:\/\/www.estrad.fi\/barnensestrad\/butik\/\">H\u00e4r<\/a>.<br \/>\n0-1-\u00e5ringar gratis<br \/>\n<span style=\"color: #ff0000;\"><strong>\u2013 kl. 14: c. 10 biljetter kvar<br \/>\n\u2013 kl. 16: c. 15 biljetter kvar<\/strong><\/span><br \/>\n<\/em><\/p>\n<p><strong><del>M\u00c5 1.7.2024 kl. 17, KIMITO, Villa Lande<\/del><br \/>\n<\/strong><em>Biljetter, <strong><span style=\"color: #339966;\">ENDAST F\u00d6RK\u00d6P<\/span><\/strong>: 14,50 \u20ac\/pers. Gruppbilj. 5 pers: 60 \u20ac. F\u00f6rk\u00f6p: <a href=\"https:\/\/www.estrad.fi\/barnensestrad\/butik\/\">H\u00e4r<\/a>.<br \/>\n0-1-\u00e5ringar gratis<\/em><\/p>\n<p><strong><del>TI 2.7.2024 kl. 15 OCH kl. 17, BORG\u00c5, Postbacken<\/del><br \/>\n<em><span style=\"color: #ff0000;\">Kl. 13: Extra f\u00f6rest\u00e4llning!<\/span><\/em><br \/>\n<\/strong>I samarbete med Postbacken.<strong><br \/>\n<\/strong><em>Biljetter, <strong><span style=\"color: #339966;\">ENDAST F\u00d6RK\u00d6P<\/span><\/strong>: 14,50 \u20ac\/pers. Gruppbilj. 5 pers: 60 \u20ac. F\u00f6rk\u00f6p: <a href=\"https:\/\/www.estrad.fi\/barnensestrad\/butik\/\">H\u00e4r<\/a>.<br \/>\n0-1-\u00e5ringar gratis<br \/>\n<span style=\"color: #ff0000;\"><strong>\u2013 kl. 13: EXTRA F\u00d6REST\u00c4LLNING, SLUTS\u00c5LD<br \/>\n\u2013 kl. 15: SLUTS\u00c5LD<\/strong><\/span><br \/>\n<span style=\"color: #ff0000;\"><strong>\u2013 kl. 17: SLUTS\u00c5LD<\/strong><\/span><br \/>\n<\/em><\/p>\n<p><del><strong>ON 3.7.2024 kl. 17, NAGU, Framn\u00e4s<\/strong><\/del><br \/>\nI samarbete med Pargas stad.<strong><br \/>\n<\/strong><em>Biljetter, <strong><span style=\"color: #339966;\">ENDAST F\u00d6RK\u00d6P<\/span><\/strong>: 14,50 \u20ac\/pers. Gruppbilj. 5 pers: 60 \u20ac. F\u00f6rk\u00f6p: <a href=\"https:\/\/www.estrad.fi\/barnensestrad\/butik\/\">H\u00e4r<\/a>.<br \/>\n0-1-\u00e5ringar gratis<br \/>\n<\/em><\/p>\n<p><del><strong>TO 4.7.2024 kl. 17, KYRKSL\u00c4TT, Bygdebo, <\/strong>Volsv\u00e4gen 688<\/del><br \/>\nI samarbete med Vohlsnejdens UF.<strong><br \/>\n<\/strong><em>Biljetter, <strong><span style=\"color: #339966;\">ENDAST F\u00d6RK\u00d6P<\/span><\/strong>: 14,50 \u20ac\/pers. Gruppbilj. 5 pers: 60 \u20ac. F\u00f6rk\u00f6p: <a href=\"https:\/\/www.estrad.fi\/barnensestrad\/butik\/\">H\u00e4r<\/a>.<br \/>\n0-1-\u00e5ringar gratis<br \/>\n<span style=\"color: #ff0000;\"><strong>\u2013 kl. 17: SLUTS\u00c5LD<\/strong><\/span><br \/>\n<\/em><\/p>\n<p><del><strong>S\u00d6 7.7.2024 kl. 14 OCH kl. 16 KRISTINESTAD, Braheg\u00e5rden<\/strong><\/del><em><br \/>\n<\/em>I samarbete med Svenska F\u00f6reningen Braheg\u00e5rden.<br \/>\n<em>Biljetter, <strong><span style=\"color: #339966;\">ENDAST F\u00d6RK\u00d6P<\/span><\/strong>: 14,50 \u20ac\/pers. Gruppbilj. 5 pers: 60 \u20ac. F\u00f6rk\u00f6p: <a href=\"https:\/\/www.estrad.fi\/barnensestrad\/butik\/\">H\u00e4r<\/a>.<br \/>\n0-1-\u00e5ringar gratis<br \/>\n<span style=\"color: #ff0000;\"><strong>\u2013 kl. 14: c. 5 biljetter kvar<\/strong><\/span><br \/>\n<\/em><\/p>\n<p><del><strong>M\u00c5 8.7.2024 kl. 15 OCH kl. 17, S\u00d6DRA VALLGRUND, UF Havsbandet<\/strong><\/del><em><br \/>\n<\/em>I samarbete med: UF Havsbandet och Hotel Astor.<br \/>\n<em>Biljetter, <strong><span style=\"color: #339966;\">ENDAST F\u00d6RK\u00d6P<\/span><\/strong>: 14,50 \u20ac\/pers. Gruppbilj. 5 pers: 60 \u20ac. F\u00f6rk\u00f6p: <a href=\"https:\/\/www.estrad.fi\/barnensestrad\/butik\/\">H\u00e4r<\/a>.<br \/>\n0-1-\u00e5ringar gratis<br \/>\n<span style=\"color: #ff0000;\"><strong>\u2013 kl. 15: SLUTS\u00c5LD<br \/>\n\u2013 kl. 17: c. SLUTS\u00c5LD<\/strong><\/span><\/em><em><span style=\"color: #ff0000;\"><strong><br \/>\n<\/strong><\/span><\/em><\/p>\n<p><del><strong>TI 9.7.2024 kl. 13 OCH kl. 15, KARLEBY, Karleby Stadsbibliotek \u2013 Luckan<\/strong><\/del><br \/>\n<em>Arrang\u00f6r: Luckan i Karleby. Fritt intr\u00e4de.<br \/>\nGratisbiljetter skall h\u00e4mtas fr\u00e5n Luckan i Karleby Stadsbibliotek p\u00e5 f\u00f6rhand (m\u00e5-fr kl. 10-16).<br \/>\n<span style=\"color: #ff0000;\"><strong>B\u00c5DA F\u00d6REST\u00c4LLNINGARNA \u00c4R FULLBOKADE.<br \/>\nALLA MED BILJETT \u00c4R HJ\u00c4RTLIGT V\u00c4LKOMNA!<\/strong><\/span><br \/>\n<\/em><\/p>\n<p><del><strong>ON 10.7.2024 kl. 15 OCH kl. 17, NYKARLEBY, Scala<\/strong><\/del><em><br \/>\n<\/em>I samarbete med: Juthbacka teater.<br \/>\n<em>Biljetter, <strong><span style=\"color: #339966;\">ENDAST F\u00d6RK\u00d6P<\/span><\/strong>: 14,50 \u20ac\/pers. Gruppbilj. 5 pers: 60 \u20ac. F\u00f6rk\u00f6p: <a href=\"https:\/\/www.estrad.fi\/barnensestrad\/butik\/\">H\u00e4r<\/a>.<br \/>\n0-1-\u00e5ringar gratis<br \/>\n<span style=\"color: #ff0000;\"><strong>\u2013 kl. 15: SLUTS\u00c5LD<br \/>\n\u2013 kl. 17: c. 15 biljetter kvar<\/strong><\/span><\/em><em><br \/>\n<\/em><\/p>\n<p><strong><del>TO 11.7.2024 kl. 15 OCH kl. 17, ESSE, Esseg\u00e5rden<\/del><br \/>\n<\/strong>I samarbete med: \u00d6veresse UF.<br \/>\n<em>Biljetter, <strong><span style=\"color: #339966;\">ENDAST F\u00d6RK\u00d6P<\/span><\/strong>: 14,50 \u20ac\/pers. Gruppbilj. 5 pers: 60 \u20ac. F\u00f6rk\u00f6p: <a href=\"https:\/\/www.estrad.fi\/barnensestrad\/butik\/\">H\u00e4r<\/a>.<\/em><br \/>\n<em>0-1-\u00e5ringar gratis<br \/>\n<span style=\"color: #ff0000;\"><strong>\u2013 kl. 15: c. 10 biljetter kvar<br \/>\n\u2013 kl. 17: c. 40 biljetter kvar<\/strong><\/span><br \/>\n<\/em><\/p>\n<p><strong><del>S\u00d6 14.7.2024 kl. 16, HOUTSK\u00c4R, Vesterlid<\/del><br \/>\n<\/strong>I samarbete med Houtsk\u00e4rs UF och Pargas stad.<br \/>\n<em>Biljetter, <strong><span style=\"color: #339966;\">ENDAST F\u00d6RK\u00d6P<\/span><\/strong>: 14,50 \u20ac\/pers. Gruppbilj. 5 pers: 60 \u20ac. F\u00f6rk\u00f6p: <a href=\"https:\/\/www.estrad.fi\/barnensestrad\/butik\/\">H\u00e4r<\/a>.<br \/>\n0-1-\u00e5ringar gratis<br \/>\n<\/em><\/p>\n<p><strong><del>M\u00c5 15.7.2024 kl. 15, KORPO, Kommunalg\u00e5rden<\/del><br \/>\n<\/strong>I samarbete med Pargas stad.<br \/>\n<em>Biljetter, <strong><span style=\"color: #339966;\">ENDAST F\u00d6RK\u00d6P<\/span><\/strong>: 14,50 \u20ac\/pers. Gruppbilj. 5 pers: 60 \u20ac. F\u00f6rk\u00f6p: <a href=\"https:\/\/www.estrad.fi\/barnensestrad\/butik\/\">H\u00e4r<\/a>.<br \/>\n0-1-\u00e5ringar gratis<br \/>\n<span style=\"color: #ff0000;\"><strong>\u2013 kl. 15: c. 25 biljetter kvar<\/strong><\/span><br \/>\n<\/em><\/p>\n<p><strong>Mycket skoj, Alfons \u00c5berg<\/strong><br \/>\n<span style=\"font-family: arial, sans-serif;\">Mycket Skoj, Alfons \u00c5berg \u00e4r en nyskriven pj\u00e4s skriven utg\u00e5ende fr\u00e5n\u00a0fyra Alfons-b\u00f6cker.<br \/>\nH\u00e4r f\u00e5r vi vara med om n\u00e4r Alfons vill leka med pappa som ofta har annat f\u00f6r sig,<br \/>\nn\u00e4r han \u00e4r lite orolig f\u00f6r sp\u00f6ken &#8211; som naturligtvis inte finns &#8211; n\u00e4r han har sv\u00e5rt att somna<br \/>\noch n\u00e4r det \u00e4r br\u00e5ttom p\u00e5 morgonen.<br \/>\nEn varm och rolig pj\u00e4s med den speciella Alfons-st\u00e4mning som gjort honom s\u00e5 popul\u00e4r.\u00a0<\/span><span style=\"font-family: arial, sans-serif;\"><br \/>\n<\/span><\/p>\n<p><span style=\"font-family: arial, sans-serif;\">Av Jesper Fransson och Henrik Gr\u00f6nroos efter Gunilla Bergstr\u00f6ms b\u00f6cker.<br \/>\n<strong>Regi: <\/strong>Jesper Fransson<\/span><span style=\"font-family: arial, sans-serif;\"><br \/>\n<strong>Dr\u00e4kter:<\/strong>\u00a0Sonja Dragon<br \/>\n<strong>Dekor &amp; foto:<\/strong> Lasse Andersson<br \/>\n<strong>Rekvisita:<\/strong> Pia Lind\u00e9n-Lamoureux<br \/>\n<strong>Musik:<\/strong> Georg Riedel<br \/>\n<strong>Musikarrangemang &amp; inspelning:<\/strong> Stefan &#8221;Kilju&#8221; Lindblom<br \/>\n<strong>I rollerna:<\/strong> Alexandra Gustafsson &amp; Jesper Fransson<br \/>\n<strong>Producent:<\/strong> Anders Gr\u00f6nroos<br \/>\n<strong>R\u00e4ttighetsbolag:<\/strong> Bok-Makaren AB<br \/>\n<strong>Publik:<\/strong> 2-8-\u00e5ringar med familjer.<br \/>\n<strong>L\u00e4ngd:<\/strong> c. 35 minuter.<\/span><\/p>\n<p>Turn\u00e9n underst\u00f6ds av Kulturfonden.<\/p>\n<p>___________________<\/p>\n<p>Kontakt:<br \/>\nAnders Gr\u00f6nroos<br \/>\ntfn. 0400-531770<br \/>\ne-post: anders@estrad.fi<\/p>\n<p>V\u00e4lkomna!<\/p>\n<p>H\u00f6r g\u00e4rna av er till Anders: anders@estrad.fi eller 0400-531770<br \/>\nom ni \u00e4r intresserade av en f\u00f6rest\u00e4llning!<\/p>\n<p><a href=\"https:\/\/www.estrad.fi\/barnensestrad\/wp-content\/uploads\/2024\/05\/MycketSkoj_foto_01-scaled.jpg\"><img loading=\"lazy\" decoding=\"async\" class=\"alignleft size-large wp-image-9665\" src=\"https:\/\/www.estrad.fi\/barnensestrad\/wp-content\/uploads\/2024\/05\/MycketSkoj_foto_01-1024x1024.jpg\" alt=\"\" width=\"840\" height=\"840\" srcset=\"https:\/\/www.estrad.fi\/barnensestrad\/wp-content\/uploads\/2024\/05\/MycketSkoj_foto_01-1024x1024.jpg 1024w, https:\/\/www.estrad.fi\/barnensestrad\/wp-content\/uploads\/2024\/05\/MycketSkoj_foto_01-300x300.jpg 300w, https:\/\/www.estrad.fi\/barnensestrad\/wp-content\/uploads\/2024\/05\/MycketSkoj_foto_01-150x150.jpg 150w, https:\/\/www.estrad.fi\/barnensestrad\/wp-content\/uploads\/2024\/05\/MycketSkoj_foto_01-768x768.jpg 768w, https:\/\/www.estrad.fi\/barnensestrad\/wp-content\/uploads\/2024\/05\/MycketSkoj_foto_01-1536x1536.jpg 1536w, https:\/\/www.estrad.fi\/barnensestrad\/wp-content\/uploads\/2024\/05\/MycketSkoj_foto_01-2048x2048.jpg 2048w, https:\/\/www.estrad.fi\/barnensestrad\/wp-content\/uploads\/2024\/05\/MycketSkoj_foto_01-1200x1200.jpg 1200w, https:\/\/www.estrad.fi\/barnensestrad\/wp-content\/uploads\/2024\/05\/MycketSkoj_foto_01-600x600.jpg 600w, https:\/\/www.estrad.fi\/barnensestrad\/wp-content\/uploads\/2024\/05\/MycketSkoj_foto_01-100x100.jpg 100w\" sizes=\"auto, (max-width: 709px) 85vw, (max-width: 909px) 67vw, (max-width: 1362px) 62vw, 840px\" \/><\/a><\/p>\n","protected":false},"featured_media":9664,"menu_order":0,"template":"","meta":{"editor_plus_copied_stylings":"{}","_price":"","_stock":"","_tribe_ticket_header":"","_tribe_default_ticket_provider":"","_tribe_ticket_capacity":"0","_ticket_start_date":"","_ticket_end_date":"","_tribe_ticket_show_description":"","_tribe_ticket_show_not_going":false,"_tribe_ticket_use_global_stock":"","_tribe_ticket_global_stock_level":"","_global_stock_mode":"","_global_stock_cap":"","_tribe_rsvp_for_event":"","_tribe_ticket_going_count":"","_tribe_ticket_not_going_count":"","_tribe_tickets_list":"[]","_tribe_ticket_has_attendee_info_fields":false},"categories":[6],"class_list":["post-9663","aktuellt","type-aktuellt","status-publish","has-post-thumbnail","hentry","category-vilande"],"_links":{"self":[{"href":"https:\/\/www.estrad.fi\/barnensestrad\/wp-json\/wp\/v2\/aktuellt\/9663","targetHints":{"allow":["GET"]}}],"collection":[{"href":"https:\/\/www.estrad.fi\/barnensestrad\/wp-json\/wp\/v2\/aktuellt"}],"about":[{"href":"https:\/\/www.estrad.fi\/barnensestrad\/wp-json\/wp\/v2\/types\/aktuellt"}],"wp:featuredmedia":[{"embeddable":true,"href":"https:\/\/www.estrad.fi\/barnensestrad\/wp-json\/wp\/v2\/media\/9664"}],"wp:attachment":[{"href":"https:\/\/www.estrad.fi\/barnensestrad\/wp-json\/wp\/v2\/media?parent=9663"}],"wp:term":[{"taxonomy":"category","embeddable":true,"href":"https:\/\/www.estrad.fi\/barnensestrad\/wp-json\/wp\/v2\/categories?post=9663"}],"curies":[{"name":"wp","href":"https:\/\/api.w.org\/{rel}","templated":true}]}}