{"id":176,"date":"2003-12-02T08:20:05","date_gmt":"2003-12-02T06:20:05","guid":{"rendered":"http:\/\/kund.skargardsreklam.fi\/estrad\/barnensestrad\/?page_id=176"},"modified":"2023-10-11T11:01:07","modified_gmt":"2023-10-11T08:01:07","slug":"2003-2","status":"publish","type":"page","link":"https:\/\/www.estrad.fi\/barnensestrad\/om-barnens-estrad\/2003-2\/","title":{"rendered":"2003"},"content":{"rendered":"<p><strong>Sjung med Apan Anders<\/strong><br \/>\nArtister:<br \/>\nApan Anders konsert f\u00f6r 1-8-\u00e5riga barn.<br \/>\nF\u00f6rest\u00e4llningar\/publik:<br \/>\nFr\u00e5n h\u00f6sten 2003 till sommaren 2005, drygt 100 konserter.<br \/>\nApan Anders sidor hittas <a title=\"Apan Anders\" href=\"http:\/\/www.andersgronroos.com\/apananders\/\" target=\"_blank\" rel=\"noopener\">h\u00e4r<\/a>.<\/p>\n<hr \/>\n<p><strong>Vackra Visor och sm\u00e5 of\u00f6rsk\u00e4mdheter<\/strong><br \/>\nArtister:<br \/>\nStina Liman, Anders Gr\u00f6nroos och gitarristen Andesr \u00d6stling<br \/>\nF\u00f6rest\u00e4llningar\/publik:<br \/>\n40 konserter fr\u00e5n 27.10.2003 till 12.3.2004till 18.3.2005 inf\u00f6r en publik p\u00e5 c. 3100 personer.<\/p>\n<hr \/>\n<p><strong>Gubben Noak och andra&#8230;<\/strong><br \/>\nArtister:<br \/>\nStina Liman, Anders Gr\u00f6nroos och gitarristen Anders \u00d6stling<br \/>\nF\u00f6rest\u00e4llningar\/publik:<br \/>\nSpelades i finska ungdomsskolor tv\u00e5 turneveckor per termin under h\u00f6sten 2003, v\u00e5ren 2004 och h\u00f6sten 2004 inf\u00f6r en publik p\u00e5 \u00f6ver 9100 personer.<\/p>\n<hr \/>\n<p><strong>Inneh\u00e5llsproduktion till musiksajten <a title=\"Musikstationen\" href=\"http:\/\/www.stationen.fi\/start\/\" target=\"_blank\" rel=\"noopener\">Musikstationen<\/a><\/strong><br \/>\nInitativtagare och inneh\u00e5llsproduktion tills Musikstaionen startade i mars 2004. I samarbete med Pool Interactive AB och Finlands Svenska S\u00e5ng- och musikf\u00f6rbund.<\/p>\n","protected":false},"excerpt":{"rendered":"<p>Sjung med Apan Anders Artister: Apan Anders konsert f\u00f6r 1-8-\u00e5riga barn. F\u00f6rest\u00e4llningar\/publik: Fr\u00e5n h\u00f6sten 2003 till sommaren 2005, drygt 100 konserter. Apan Anders sidor hittas h\u00e4r. Vackra Visor och sm\u00e5 &hellip; <a href=\"https:\/\/www.estrad.fi\/barnensestrad\/om-barnens-estrad\/2003-2\/\" class=\"more-link\">Forts\u00e4tt l\u00e4sa<span class=\"screen-reader-text\"> &#8221;2003&#8221;<\/span><\/a><\/p>\n","protected":false},"author":3,"featured_media":0,"parent":954,"menu_order":50,"comment_status":"open","ping_status":"closed","template":"","meta":{"editor_plus_copied_stylings":"{}","_price":"","_stock":"","_tribe_ticket_header":"","_tribe_default_ticket_provider":"","_tribe_ticket_capacity":"0","_ticket_start_date":"","_ticket_end_date":"","_tribe_ticket_show_description":"","_tribe_ticket_show_not_going":false,"_tribe_ticket_use_global_stock":"","_tribe_ticket_global_stock_level":"","_global_stock_mode":"","_global_stock_cap":"","_tribe_rsvp_for_event":"","_tribe_ticket_going_count":"","_tribe_ticket_not_going_count":"","_tribe_tickets_list":"[]","_tribe_ticket_has_attendee_info_fields":false,"footnotes":"","_tec_slr_enabled":"","_tec_slr_layout":""},"class_list":["post-176","page","type-page","status-publish","hentry"],"ticketed":false,"_links":{"self":[{"href":"https:\/\/www.estrad.fi\/barnensestrad\/wp-json\/wp\/v2\/pages\/176","targetHints":{"allow":["GET"]}}],"collection":[{"href":"https:\/\/www.estrad.fi\/barnensestrad\/wp-json\/wp\/v2\/pages"}],"about":[{"href":"https:\/\/www.estrad.fi\/barnensestrad\/wp-json\/wp\/v2\/types\/page"}],"author":[{"embeddable":true,"href":"https:\/\/www.estrad.fi\/barnensestrad\/wp-json\/wp\/v2\/users\/3"}],"replies":[{"embeddable":true,"href":"https:\/\/www.estrad.fi\/barnensestrad\/wp-json\/wp\/v2\/comments?post=176"}],"version-history":[{"count":6,"href":"https:\/\/www.estrad.fi\/barnensestrad\/wp-json\/wp\/v2\/pages\/176\/revisions"}],"predecessor-version":[{"id":8605,"href":"https:\/\/www.estrad.fi\/barnensestrad\/wp-json\/wp\/v2\/pages\/176\/revisions\/8605"}],"up":[{"embeddable":true,"href":"https:\/\/www.estrad.fi\/barnensestrad\/wp-json\/wp\/v2\/pages\/954"}],"wp:attachment":[{"href":"https:\/\/www.estrad.fi\/barnensestrad\/wp-json\/wp\/v2\/media?parent=176"}],"curies":[{"name":"wp","href":"https:\/\/api.w.org\/{rel}","templated":true}]}}