{"id":8,"date":"2011-05-13T08:13:55","date_gmt":"2011-05-13T08:13:55","guid":{"rendered":"http:\/\/kund.skargardsreklam.fi\/estrad\/barnensestrad\/?page_id=8"},"modified":"2026-04-15T18:04:08","modified_gmt":"2026-04-15T15:04:08","slug":"kalender","status":"publish","type":"page","link":"https:\/\/www.estrad.fi\/barnensestrad\/kalender\/","title":{"rendered":"Kalender"},"content":{"rendered":"\n<h1 class=\" wp-block-heading eplus-wrapper\">Kalender | kalenteri<\/h1>\n\n\n\n<div class=\"wp-block-ep-toggles ep_toggles_wrapper__332af8f5-6014-4d2d-8531-a68cb954ef7e undefined\"><div data-isaccordion=\"true\" data-open_first=\"false\" class=\"ep_toggles_wrapper \">\n<div class=\"wp-block-ep-toggle-item ep_toggle_item_wrapper__9909d83b-c48f-4f52-ba8b-1b6bb9b0d25f undefined\"><div class=\"ep_toggle_item_wrapper\"><div class=\"ep_toggle_item_title\"><span>Januari-26<\/span><span class=\"ep_toggles_icon eplusicon-plus1\" data-icon=\"eplusicon-plus1\" data-activeicon=\"eplusicon-minus1\"><\/span><\/div><div class=\"ep_toggle_item_content\">\n<p class=\" eplus-wrapper\"><strong>M\u00e5. 19.1 kl. 9.20 &#8211; Milles nya v\u00e4n &#8211; Millen uusi yst\u00e4v\u00e4 <\/strong>Luolavuoren koulu, \u00c5bo<br><strong>M\u00e5. 19.1 kl. 10.20 &#8211; Milles nya v\u00e4n &#8211; Millen uusi yst\u00e4v\u00e4 <\/strong>Luolavuoren koulu, \u00c5bo<br><strong>M\u00e5. 19.1 kl. 12.30 &#8211; Pelon linnassa &#8211; I R\u00e4dslans slott <\/strong>Luolavuoren koulu, \u00c5bo<br><strong>Ti. 20.1 kl. 9 &#8211; Milles nya v\u00e4n &#8211; Millen uusi yst\u00e4v\u00e4 <\/strong>Hepokullan koulu, \u00c5bo<br><strong>Ti. 20.1 kl. 10 &#8211; Milles nya v\u00e4n &#8211; Millen uusi yst\u00e4v\u00e4 <\/strong>Hepokullan koulu, \u00c5bo<br><strong>Ti. 20.1 kl. 12.15 &#8211; Pelon linnassa &#8211; I R\u00e4dslans slott <\/strong>Hepokullan koulu, \u00c5bo<br><strong>On. 21.1 kl. 9 &#8211; <strong>Pelon linnassa &#8211; I R\u00e4dslans slott <\/strong> <\/strong>Hepokullan koulu, \u00c5bo<br><strong>On. 21.1 kl. 10 &#8211; Milles nya v\u00e4n &#8211; Millen uusi yst\u00e4v\u00e4 <\/strong>Hepokullan koulu, \u00c5bo<br><strong>On. 21.1 kl. 12.15 &#8211; Pelon linnassa &#8211; I R\u00e4dslans slott <\/strong>Hepokullan koulu, \u00c5bo<br><strong>To. 22.1 kl. 9 &#8211; <strong><strong>Milles nya v\u00e4n &#8211; Millen uusi yst\u00e4v\u00e4<\/strong><\/strong> <\/strong>Jupperin koulu, Esbo<br><strong>To. 22.1 kl. 10.20 &#8211; <strong><strong>Pelon linnassa &#8211; I R\u00e4dslans slott<\/strong><\/strong><\/strong> Jupperin koulu, Esbo<br><strong>To. 22.1 kl. 11.15 &#8211; <strong><strong><strong>Milles nya v\u00e4n &#8211; Millen uusi yst\u00e4v\u00e4<\/strong><\/strong><\/strong> <\/strong>Jupperin koulu, Esbo<br><strong>Fr. 23.1 kl. 9 &#8211; <strong><strong><strong><strong><strong>Pelon linnassa &#8211; I R\u00e4dslans slott<\/strong><\/strong><\/strong><\/strong><\/strong> <\/strong>Jupperin koulu, Esbo<br><strong>Fr. 23.1 kl. 10.20 &#8211; <strong><strong>Pelon linnassa &#8211; I R\u00e4dslans slott<\/strong><\/strong><\/strong> Jupperin koulu, Esbo<br><strong>Fr. 23.1 kl. 11.15 &#8211; <strong><strong><strong><strong><strong><strong>Pelon linnassa &#8211; I R\u00e4dslans slott<\/strong><\/strong><\/strong><\/strong><\/strong><\/strong> <\/strong>Jupperin koulu, Esbo<br><strong>M\u00e5. 26.1 kl. 9.20 &#8211; <strong>Pelon linnassa &#8211; I R\u00e4dslans slott<\/strong> <\/strong>Pihlajam\u00e4en koulu, Helsingfors<br><strong>M\u00e5. 26.1 kl. 10.20 &#8211; <strong>Pelon linnassa &#8211; I R\u00e4dslans slott<\/strong> <\/strong>Pihlajam\u00e4en koulu, Helsingfors<br><strong>M\u00e5. 26.1 kl. 11.20 &#8211; Pelon linnassa &#8211; I R\u00e4dslans slott <\/strong>Pihlajam\u00e4en koulu, Helsingfors<br><strong>Ti. 27.1 kl. 9.20 &#8211; <strong><strong><strong><strong>Milles nya v\u00e4n &#8211; Millen uusi yst\u00e4v\u00e4<\/strong><\/strong><\/strong><\/strong> <\/strong>Pihlajam\u00e4en koulu, Helsingfors<br><strong>Ti. 27.1 kl. 10.20 &#8211; <strong><strong><strong><strong>Milles nya v\u00e4n &#8211; Millen uusi yst\u00e4v\u00e4<\/strong><\/strong><\/strong><\/strong> <\/strong>Pihlajam\u00e4en koulu, Helsingfors<br><strong>Ti. 27.1 kl. 11.20 &#8211; <strong><strong><strong>Milles nya v\u00e4n &#8211; Millen uusi yst\u00e4v\u00e4<\/strong><\/strong><\/strong> <\/strong>Pihlajam\u00e4en koulu, Helsingfors<br><strong>On. 28.1 kl. 9.30 &#8211; <strong><strong><strong><strong>Milles nya v\u00e4n &#8211; Millen uusi yst\u00e4v\u00e4<\/strong><\/strong><\/strong><\/strong> <\/strong>Nordiska skolan, Helsingfors<br><strong>On. 28.1 kl. 10.30 &#8211; <strong><strong><strong><strong><strong>Pelon linnassa &#8211; I R\u00e4dslans slott<\/strong><\/strong><\/strong><\/strong><\/strong> <\/strong>Nordiska skolan, Helsingfors<br><strong>On. 28.1 kl. 11.30 &#8211; <strong><strong><strong><strong>Pelon linnassa &#8211; I R\u00e4dslans slott<\/strong><\/strong><\/strong><\/strong> <\/strong>Nordiska skolan, Helsingfors<br><strong>To. 29.1 kl. 9 &#8211; <strong><strong><strong><strong>Milles nya v\u00e4n &#8211; Millen uusi yst\u00e4v\u00e4<\/strong><\/strong><\/strong><\/strong> <\/strong>Munkkiniemen koulu, Helsingfors<br><strong>To. 29.1 kl. 10 &#8211; <strong><strong><strong><strong><strong><strong><strong><strong><strong>Pelon linnassa &#8211; I R\u00e4dslans slott<\/strong><\/strong><\/strong><\/strong><\/strong><\/strong><\/strong><\/strong><\/strong> <\/strong>Munkkiniemen koulu, Helsingfors<br><strong>To. 29.1 kl. 11.15 &#8211; <strong><strong><strong><strong><strong><strong><strong><strong>Pelon linnassa &#8211; I R\u00e4dslans slott<\/strong><\/strong><\/strong><\/strong><\/strong><\/strong><\/strong><\/strong> <\/strong>Munkkiniemen koulu, Helsingfors<\/p>\n<\/div><\/div><\/div>\n\n\n\n<div class=\"wp-block-ep-toggle-item ep_toggle_item_wrapper__30408f60-b9f6-4d40-8d68-2ca0e6d9c533 undefined\"><div class=\"ep_toggle_item_wrapper\"><div class=\"ep_toggle_item_title\"><span>Februari-26<\/span><span class=\"ep_toggles_icon eplusicon-plus1\" data-icon=\"eplusicon-plus1\" data-activeicon=\"eplusicon-minus1\"><\/span><\/div><div class=\"ep_toggle_item_content\">\n<p class=\" eplus-wrapper\"><br><strong>M\u00e5. 2.2 kl. &#8211; <strong><strong><strong><strong><strong><strong>Milles nya v\u00e4n &#8211; Millen uusi yst\u00e4v\u00e4<\/strong><\/strong><\/strong><\/strong><\/strong><\/strong> <\/strong>Verom\u00e4en koulu, Vanda<br><strong>M\u00e5. 2.2 kl. &#8211; <strong>Pelon linnassa &#8211; I R\u00e4dslans slott<\/strong> <\/strong>Verom\u00e4en koulu, Vanda<br><strong>M\u00e5. 2.2 kl. &#8211; Pelon linnassa &#8211; I R\u00e4dslans slott <\/strong>Verom\u00e4en koulu, Vanda<br><strong>Ti. 3.2 kl. &#8211; <strong><strong><strong><strong><strong><strong>Milles nya v\u00e4n &#8211; Millen uusi yst\u00e4v\u00e4<\/strong><\/strong><\/strong><\/strong><\/strong><\/strong> <\/strong>Verom\u00e4en koulu, Vanda<br><strong>Ti. 3.2 kl. &#8211; <strong>Pelon linnassa &#8211; I R\u00e4dslans slott<\/strong> <\/strong>Verom\u00e4en koulu, Vanda<br><strong>Ti. 3.2 kl. &#8211; Pelon linnassa &#8211; I R\u00e4dslans slott <\/strong>Verom\u00e4en koulu, Vanda<br><strong>On. 4.2 kl. 9 &#8211; <strong>Pelon linnassa &#8211; I R\u00e4dslans slott<\/strong> <\/strong>P\u00e4hkin\u00e4rinteen koulu, Vanda<br><strong>On. 4.2 kl. 10.20 &#8211; <strong>Pelon linnassa &#8211; I R\u00e4dslans slott<\/strong> <\/strong>P\u00e4hkin\u00e4rinteen koulu, Vanda<br><strong>On. 4.2 kl. 11.20 &#8211; <strong><strong><strong><strong><strong><strong><strong>Milles nya v\u00e4n &#8211; Millen uusi yst\u00e4v\u00e4<\/strong><\/strong><\/strong><\/strong><\/strong><\/strong><\/strong><\/strong> <strong> <\/strong>P\u00e4hkin\u00e4rinteen koulu, Vanda<br><strong>To. 5.2 kl. 9 &#8211; <strong>Pelon linnassa &#8211; I R\u00e4dslans slott<\/strong> <\/strong>P\u00e4hkin\u00e4rinteen koulu, Vanda<br><strong>To. 5.2 kl. 10.20 &#8211; <strong>Pelon linnassa &#8211; I R\u00e4dslans slott<\/strong> <\/strong>P\u00e4hkin\u00e4rinteen koulu, Vanda<br><strong>To. 5.2 kl. 11.20 &#8211; <strong><strong><strong><strong><strong><strong><strong>Milles nya v\u00e4n &#8211; Millen uusi yst\u00e4v\u00e4<\/strong><\/strong><\/strong><\/strong><\/strong><\/strong><\/strong> <\/strong>P\u00e4hkin\u00e4rinteen koulu, Vanda<br><strong>Fr. 6.2 kl. &#8211; <strong><strong><strong><strong><strong><strong>Milles nya v\u00e4n &#8211; Millen uusi yst\u00e4v\u00e4<\/strong><\/strong><\/strong><\/strong><\/strong><\/strong> <\/strong>Veikkolan koulu, Kyrksl\u00e4tt<br><strong>Fr. 6.2 kl. &#8211; <strong>Pelon linnassa &#8211; I R\u00e4dslans slott<\/strong> <\/strong>Veikkolan koulu, Kyrksl\u00e4tt<br><strong>Fr. 6.2 kl. &#8211; Pelon linnassa &#8211; I R\u00e4dslans slott <\/strong>Veikkolan koulu, Kyrksl\u00e4tt<br><strong>M\u00e5. 23.2 kl. 9.15 &#8211; N\u00e4r Findus var liten och f\u00f6rsvann<\/strong> Daghemmet Marias Asyl, Helsingfors<br><strong>Ti. 24.2 kl. 9.15 &#8211; N\u00e4r Findus var liten och f\u00f6rsvann<\/strong> Langansb\u00f6le daghem, Eken\u00e4s<br><strong>On. 25.2 kl. 9.15 &#8211; N\u00e4r Findus var liten och f\u00f6rsvann<\/strong> daghem, Eken\u00e4s<br><strong>To. 26.2 kl. 9.15 &#8211; N\u00e4r Findus var liten och f\u00f6rsvann<\/strong> Westends daghem, Esbo<br><strong>To. 26.2 kl. 10.15 &#8211; N\u00e4r Findus var liten och f\u00f6rsvann<\/strong> Westends daghem, Esbo<br><\/p>\n<\/div><\/div><\/div>\n\n\n\n<div class=\"wp-block-ep-toggle-item ep_toggle_item_wrapper__30a92043-4bdb-41cb-b5f5-090e05f3dfe8 undefined\"><div class=\"ep_toggle_item_wrapper\"><div class=\"ep_toggle_item_title\"><span>Mars-26<\/span><span class=\"ep_toggles_icon eplusicon-plus1\" data-icon=\"eplusicon-plus1\" data-activeicon=\"eplusicon-minus1\"><\/span><\/div><div class=\"ep_toggle_item_content\">\n<p class=\" eplus-wrapper\"><strong>M\u00e5. 2.3 kl. 9.30 &#8211; N\u00e4r Findus var liten och f\u00f6rsvann<\/strong> Rastis daghem, Helsingfors<br><strong>Ti. 3.3 kl. 9.45 &#8211; N\u00e4r Findus var liten och f\u00f6rsvann<\/strong> Daghemmet Staffan, i Solhem, Helsingfors<br><strong>On. 4.3 kl. 9.30 &#8211; N\u00e4r Findus var liten och f\u00f6rsvann<\/strong> Solglimtens daghem i Bygdeg\u00e5rden, Tenala<br><strong>To. 5.3 kl. 9 &#8211; N\u00e4r Findus var liten och f\u00f6rsvann<\/strong> Daghemmet Blom\u00e4ngen, Helsingfors<br><strong>To. 5.3 kl. 10 &#8211; N\u00e4r Findus var liten och f\u00f6rsvann<\/strong> Daghemmet Blom\u00e4ngen, Helsingfors<br><strong>Fr. 6.3 kl. 10 &#8211; N\u00e4r Findus var liten och f\u00f6rsvann<\/strong> Daghemmet Bantis, Pargas<br><strong>Ti. 10.3 kl. 10.15 &#8211; N\u00e4r Findus var liten och f\u00f6rsvann<\/strong> Daghemmet Knattebo\/skolan, Ing\u00e5<br><strong>Ti. 10.3 kl. 14.30 &#8211; N\u00e4r Findus var liten och f\u00f6rsvann<\/strong> Bromarv daghem, Raseborg<br><strong>On. 11.3 kl. 9.15 &#8211; N\u00e4r Findus var liten och f\u00f6rsvann<\/strong> Stadshusets festsal, Hang\u00f6<br><strong>On. 11.3 kl. 10.15 &#8211; N\u00e4r Findus var liten och f\u00f6rsvann<\/strong> Stadshusets festsal, Hang\u00f6<br><strong>On. 11.3 kl. 9.30 &#8211; Mamma Mu cyklar<\/strong> Ritz, Vasa<br><strong>To. 12.3 kl. 9.30 &#8211; Mamma Mu cyklar<\/strong> Ritz, Vasa<br><strong>To. 12.3 kl. 18 &#8211; Mamma Mu cyklar<\/strong> Nedervetil skola<br><strong>To. 12.3 kl. 9.30 &#8211; N\u00e4r Findus var liten och f\u00f6rsvann<\/strong> Rasebo daghem, Eken\u00e4s<br><strong>To. 12.3 kl. 10.30 &#8211; N\u00e4r Findus var liten och f\u00f6rsvann<\/strong> Rasebo daghem, Eken\u00e4s<br><strong>Fr. 13.3 kl. &#8211; Mamma Mu cyklar<\/strong> Peders\u00f6re<br><strong>Fr. 13.3 kl. &#8211; Mamma Mu cyklar<\/strong> Peders\u00f6re<br><strong>L\u00f6. 14.3 kl. 15 &#8211; Mamma Mu cyklar<\/strong> Borgby, Norra Ungdomsf\u00f6reningen i Sibbo<br><strong>On. 18.3 kl. 9.15 &#8211; N\u00e4r Findus var liten och f\u00f6rsvann<\/strong> Fenix daghem, Helsingfors<br><strong>On. 18.3 kl. 9.15 &#8211; Apan Anders laulaa kahdella kielell\u00e4<\/strong> Masalan p\u00e4iv\u00e4koti, Kyrksl\u00e4tt<br><strong>On. 18.3 kl. 10.15 &#8211; Apan Anders laulaa kahdella kielell\u00e4<\/strong> Masalan p\u00e4iv\u00e4koti, Kyrksl\u00e4tt<br><strong>To. 19.3 kl. 9.30 &#8211; N\u00e4r Findus var liten och f\u00f6rsvann<\/strong> Daghemmet Roban, Helsingfors<br><strong>To. 19.3 kl. 18 &#8211; Mamma Mu cyklar<\/strong> Tryckeriteatern, Karis<br><strong>To. 19.3 kl. 9.15 &#8211; Apan Anders laulaa kahdella kielell\u00e4<\/strong> Kantvikin p\u00e4iv\u00e4koti, Kyrksl\u00e4tt<br><strong>To. 19.3 kl. 10.15 &#8211; Apan Anders laulaa kahdella kielell\u00e4<\/strong> Kantvikin p\u00e4iv\u00e4koti, Kyrksl\u00e4tt<br><strong>Fr. 20.3 kl. 18 &#8211; Mamma Mu cyklar<\/strong> Karelia, Eken\u00e4s<br><strong>L\u00f6. 21.3 kl. 14 &#8211; Mamma Mu cyklar<\/strong> Vind\u00e4ngsalen, Esbo<br><strong>S\u00f6. 22.3 kl. 13 &#8211; N\u00e4r Findus var liten och f\u00f6rsvann<\/strong> Mariehamns bibliotek<br><strong>S\u00f6. 22.3 kl. 14 &#8211; N\u00e4r Findus var liten och f\u00f6rsvann<\/strong> Mariehamns bibliotek<br><strong>M\u00e5. 23.3 kl. 9.20 &#8211; Milles nya v\u00e4n &#8211; Millen uusi yst\u00e4v\u00e4 <\/strong>Luolavuoren koulu, \u00c5bo<br><strong>M\u00e5. 23.3 kl. 10.20 &#8211; Milles nya v\u00e4n &#8211; Millen uusi yst\u00e4v\u00e4 <\/strong>Luolavuoren koulu, \u00c5bo<br><strong>M\u00e5. 23.3 kl. 12.30 &#8211; Pelon linnassa &#8211; I R\u00e4dslans slott <\/strong>Luolavuoren koulu, \u00c5bo<br><strong>M\u00e5. 23.3 kl. 9 &#8211; N\u00e4r Findus var liten och f\u00f6rsvann<\/strong> Godby daghem, \u00c5land<br><strong>M\u00e5. 23.3 kl. 10 &#8211; N\u00e4r Findus var liten och f\u00f6rsvann<\/strong> Godby daghem, \u00c5land<br><strong>Ti. 24.3 kl. 9 &#8211; Milles nya v\u00e4n &#8211; Millen uusi yst\u00e4v\u00e4<\/strong> Pohjan koulu, Sein\u00e4joki<br><strong>Ti. 24.3 kl. 10 &#8211; <strong>Pelon linnassa &#8211; I R\u00e4dslans slott<\/strong> <\/strong>Pohjan koulu, Sein\u00e4joki<br><strong>Ti. 24.3 kl. 11 &#8211; Pelon linnassa &#8211; I R\u00e4dslans slott <\/strong>Pohjan koulu, Sein\u00e4joki<br><strong>Ti. 24.3 kl. 9 &#8211; Apan Anders laulaa kahdella kielell\u00e4<\/strong> Arkeologinkadun p\u00e4iv\u00e4koti, \u00c5bo<br><strong>On. 25.3 kl. 9 &#8211; Milles nya v\u00e4n &#8211; Millen uusi yst\u00e4v\u00e4<\/strong> Liuhtarin koulu, Lappo<br><strong>On. 25.3 kl. 10 &#8211; <strong>Pelon linnassa &#8211; I R\u00e4dslans slott<\/strong> <\/strong>Liuhtarin koulu, Lappo<br><strong>On. 25.3 kl. 11.15 &#8211; Pelon linnassa &#8211; I R\u00e4dslans slott <\/strong>Liuhtarin koulu, Lappo<br><strong><strong><strong><strong><strong><strong>On. 25.3 kl. 9.15 &#8211; Apan Anders laulaa kahdella kielell\u00e4<\/strong>, <\/strong><\/strong><\/strong><\/strong><\/strong>Kulturhuset Pessi, Vanda<br><strong><strong><strong><strong><strong><strong>On. 25.3 kl. 10.15 &#8211; Apan Anders laulaa kahdella kielell\u00e4<\/strong>, <\/strong><\/strong><\/strong><\/strong><\/strong>Kulturhuset Pessi, Vanda<br><strong>To. 26.3 kl. 9.30 &#8211; N\u00e4r Findus var liten och f\u00f6rsvann<\/strong> Munksn\u00e4s sm\u00e5barnsskola, Helsingfors<br><strong>To. 26.3 kl. 10 &#8211; Milles nya v\u00e4n &#8211; Millen uusi yst\u00e4v\u00e4<\/strong> Ritavuoren alakoulu, Lappo<br><strong>To. 26.3 kl. 11.15 &#8211; <strong>Pelon linnassa &#8211; I R\u00e4dslans slott<\/strong> <\/strong>Ritavuoren alakoulu, Lappo<br><strong>To. 26.3 kl. 12.15 &#8211; Pelon linnassa &#8211; I R\u00e4dslans slott <\/strong>Ritavuoren alakoulu, Lappo<br><strong>To. 26.3 kl. 10 &#8211; Apan Anders laulaa kahdella kielell\u00e4<\/strong>, Kaskenm\u00e4en p\u00e4iv\u00e4koti, \u00c5bo<br><strong>Fr. 27.3 kl. 9.15 &#8211; <strong>Pelon linnassa &#8211; I R\u00e4dslans slott<\/strong> <\/strong>Lapuan keskuskoulu, Lappo<br><strong>Fr. 27.3 kl. 10.30 &#8211; Pelon linnassa &#8211; I R\u00e4dslans slott <\/strong>Lapuan keskuskoulu, Lappo<br><strong>Fr. 27.3 kl. 11.45 &#8211; Milles nya v\u00e4n &#8211; Millen uusi yst\u00e4v\u00e4<\/strong> Lapuan keskuskoulu, Lappo<br><strong><strong><strong><strong><strong><strong>Fr. 27.3 kl. 9.15 &#8211; Apan Anders laulaa kahdella kielell\u00e4<\/strong>, <\/strong><\/strong><\/strong><\/strong><\/strong>Kulturhuset Totem, Vanda<br><strong><strong><strong><strong><strong><strong>Fr. 27.3 kl. 10.15 &#8211; Apan Anders laulaa kahdella kielell\u00e4<\/strong>, <\/strong><\/strong><\/strong><\/strong><\/strong>Kulturhuset Totem, Vanda<br><strong>M\u00e5. 30.3 kl.  &#8211; Apan Anders laulaa kahdella kielell\u00e4,<\/strong> Vasaram\u00e4en p\u00e4iv\u00e4koti, \u00c5bo<br><strong>Ti. 31.3 kl. 9.15 &#8211; Apan Anders laulaa kahdella kielell\u00e4,<\/strong> Lausteen p\u00e4iv\u00e4koti, \u00c5bo<br><br><\/p>\n\n\n\n<p class=\" eplus-wrapper\"><\/p>\n<\/div><\/div><\/div>\n\n\n\n<div class=\"wp-block-ep-toggle-item ep_toggle_item_wrapper__b1b581e2-9d02-493d-9d1f-24c00a30d33f undefined\"><div class=\"ep_toggle_item_wrapper\"><div class=\"ep_toggle_item_title\"><span>April-26<\/span><span class=\"ep_toggles_icon eplusicon-plus1\" data-icon=\"eplusicon-plus1\" data-activeicon=\"eplusicon-minus1\"><\/span><\/div><div class=\"ep_toggle_item_content\">\n<p class=\" eplus-wrapper\"><br><strong>M\u00e5. 13.4 kl. 9.30 &#8211; N\u00e4r Findus var liten och f\u00f6rsvann<\/strong> Bj\u00f6rkebo daghem, Eken\u00e4s<br><strong>Ti. 14.4 kl. 9.10 &#8211; N\u00e4r Findus var liten och f\u00f6rsvann<\/strong> Hyvinge svenska skola &amp; daghem, Hyvinge<br><strong>Ti. 14.4 kl. 10 &#8211; N\u00e4r Findus var liten och f\u00f6rsvann<\/strong> Hyvinge svenska skola &amp; daghem, Hyvinge<br><strong>On. 15.4 kl. 9.15 &#8211; N\u00e4r Findus var liten och f\u00f6rsvann<\/strong> Karper\u00f6 daghem, Korsholm<br><strong>To. 16.4 kl. 9.15 &#8211; N\u00e4r Findus var liten och f\u00f6rsvann<\/strong> N\u00e4rpes bibliotek<br><strong>To. 16.4 kl. 10.15 &#8211; N\u00e4r Findus var liten och f\u00f6rsvann<\/strong> N\u00e4rpes bibliotek<br><strong>Fr. 17.4 kl. 9.15 &#8211; N\u00e4r Findus var liten och f\u00f6rsvann<\/strong> Iskmo daghem Korsholm<br><strong>M\u00e5. 20.4 kl. 9 &#8211; Milles nya v\u00e4n &#8211; Millen uusi yst\u00e4v\u00e4<\/strong> Hakalantalon koulu, Hyvinge<br><strong>M\u00e5. 20.4 kl. 10 &#8211; <strong>Pelon linnassa &#8211; I R\u00e4dslans slott<\/strong> <\/strong>Hakalantalon koulu, Hyvinge<br><strong>M\u00e5. 20.4 kl. 11 &#8211; Pelon linnassa &#8211; I R\u00e4dslans slott <\/strong>Hakalantalon koulu, Hyvinge<br><strong>Ti. 21.4 kl. 9.30 &#8211; N\u00e4r Findus var liten och f\u00f6rsvann<\/strong> Daghemmet Elka, Helsingfors<br><strong>Ti. 21.4 kl. 9 &#8211; Milles nya v\u00e4n &#8211; Millen uusi yst\u00e4v\u00e4<\/strong> Saimaanportin yhten\u00e4iskoulu, St.Michel<br><strong>Ti. 21.4 kl. 10 &#8211; <strong>Pelon linnassa &#8211; I R\u00e4dslans slott<\/strong> <\/strong>Saimaanportin yhten\u00e4iskoulu, St.Michel<br><strong>Ti. 21.4 kl. 11 &#8211; Pelon linnassa &#8211; I R\u00e4dslans slott <\/strong>Saimaanportin yhten\u00e4iskoulu, St.Michel<br><strong>On. 22.4 kl. 9.45 &#8211; N\u00e4r Findus var liten och f\u00f6rsvann<\/strong> Jorvas barntr\u00e4dg\u00e5rd, Kyrksl\u00e4tt<br><strong>On. 22.4 kl. 9 &#8211; Milles nya v\u00e4n &#8211; Millen uusi yst\u00e4v\u00e4<\/strong> P\u00e4\u00e4majakoulu, St.Michel<br><strong>On. 22.4 kl. 10 &#8211; <strong>Pelon linnassa &#8211; I R\u00e4dslans slott<\/strong> <\/strong>P\u00e4\u00e4majakoulu, St.Michel<br><strong>On. 22.4 kl. 11 &#8211; Pelon linnassa &#8211; I R\u00e4dslans slott <\/strong>P\u00e4\u00e4majakoulu, St.Michel<br><strong>To. 23.4 kl. 9.30 &#8211; N\u00e4r Findus var liten och f\u00f6rsvann<\/strong> Daghemmet Domus, Helsingfors<br><strong>To. 23.4 kl. 9 &#8211; Pelon linnassa &#8211; I R\u00e4dslans slott<\/strong> Tuppuralan koulu, St.Michel<br><strong>To. 23.4 kl. 10 &#8211; <strong>Pelon linnassa &#8211; I R\u00e4dslans slott<\/strong> <\/strong>Tuppuralan koulu, St.Michel<br><strong>To. 23.4 kl. 11 &#8211; <strong>Milles nya v\u00e4n &#8211; Millen uusi yst\u00e4v\u00e4<\/strong><\/strong> Tuppuralan koulu, St.Michel<br><strong>To. 23.4 kl. 9 &#8211; Apan Anders laulaa kahdella kielell\u00e4,<\/strong> Uotilan p\u00e4iv\u00e4koti, Raumo<br><strong>Fr. 24.4 kl. 10 &#8211; N\u00e4r Findus var liten och f\u00f6rsvann<\/strong> Solbrinkens daghem, Lojo<br><strong>Fr. 24.4 kl. 9.10 &#8211; <strong><strong>Milles nya v\u00e4n &#8211; Millen uusi yst\u00e4v\u00e4<\/strong><\/strong><\/strong> Kalevankankaan koulu, St.Michel<br><strong>Fr. 24.4 kl. 10.10 &#8211; <strong>Pelon linnassa &#8211; I R\u00e4dslans slott<\/strong> <\/strong>Kalevankankaan koulu, St.Michel<br><strong>Fr. 24.4 kl. 11.20 &#8211; <strong>Pelon linnassa &#8211; I R\u00e4dslans slott<\/strong><\/strong> Kalevankankaan koulu, St.Michel<br><strong>Fr. 24.4 kl. 9 &#8211; Apan Anders laulaa kahdella kielell\u00e4,<\/strong> Kouruj\u00e4rven koulu, Raumo<br><strong>L\u00f6. 25.4 kl. 11 &#8211; N\u00e4r Findus var liten och f\u00f6rsvann<\/strong> Villa Lande, Kimito<br><strong>L\u00f6. 25.4 kl. 14 &#8211; Apan Anders-konsert N\u00e4r Findus var liten och f\u00f6rsvann<\/strong> Brankis, Hang\u00f6<br><strong>Ti. 28.4 kl. 9.30 &#8211; N\u00e4r Findus var liten och f\u00f6rsvann<\/strong> Daghemmet Grytet, Grankulla<br><strong>Ti. 28.4 kl. 10 &#8211; Apan Anders laulaa kahdella kielell\u00e4,<\/strong> Pyynp\u00e4\u00e4n koulu, Raumo<br><strong>On. 29.4 kl. 9.45 &#8211; Apan Anders laulaa kahdella kielell\u00e4,<\/strong> Lapin koulu, Raumo<br><\/p>\n\n\n\n<p class=\" eplus-wrapper\"><\/p>\n<\/div><\/div><\/div>\n\n\n\n<div class=\"wp-block-ep-toggle-item ep_toggle_item_wrapper__a8d59d05-b197-463a-acb9-ca4b6248d5bf undefined\"><div class=\"ep_toggle_item_wrapper\"><div class=\"ep_toggle_item_title\"><span>Maj-26<\/span><span class=\"ep_toggles_icon eplusicon-plus1\" data-icon=\"eplusicon-plus1\" data-activeicon=\"eplusicon-minus1\"><\/span><\/div><div class=\"ep_toggle_item_content\">\n<p class=\" eplus-wrapper\"><br><strong>M\u00e5. 4.5 kl. 9 &#8211; Apan Anders laulaa kahdella kielell\u00e4,<\/strong> Kaaron koulu &#8211; Pyynp\u00e4\u00e4n p\u00e4iv\u00e4koti, Raumo<br><strong>Ti. 5.5 kl. &#8211; Apan Anders laulaa kahdella kielell\u00e4,<\/strong> \u00d6sterbotten<br><strong>M\u00e5. 18.5 kl. &#8211; Milles nya v\u00e4n &#8211; Millen uusi yst\u00e4v\u00e4 <\/strong>Etel\u00e4-Nummelan koulu, Vichtis, Nummela<br><strong>M\u00e5. 18.5 kl. &#8211; <strong>Pelon linnassa &#8211; I R\u00e4dslans slott<\/strong> <\/strong>Etel\u00e4-Nummelan koulu, Vichtis, Nummela<br><strong>M\u00e5. 18.5 kl.  &#8211; Pelon linnassa &#8211; I R\u00e4dslans slott <\/strong>Etel\u00e4-Nummelan koulu, Vichtis, Nummela<br><strong>Ti. 19.5 kl. &#8211; Milles nya v\u00e4n &#8211; Millen uusi yst\u00e4v\u00e4<\/strong> Nummelan koulu, Nummela<br><strong>Ti. 19.5 kl. &#8211; <strong>Pelon linnassa &#8211; I R\u00e4dslans slott<\/strong> <\/strong>Nummelan koulu, Nummela<br><strong>Ti. 19.5 kl. &#8211; Pelon linnassa &#8211; I R\u00e4dslans slott <\/strong>Nummelan koulu, Nummela<br><strong>On. 20.5 kl. &#8211; Milles nya v\u00e4n &#8211; Millen uusi yst\u00e4v\u00e4<\/strong><br><strong>On. 20.5 kl. &#8211; <strong><strong><strong>Pelon linnassa &#8211; I R\u00e4dslans slott<\/strong><\/strong><\/strong><\/strong><br><strong>On. 20.5 kl. &#8211; Pelon linnassa &#8211; I R\u00e4dslans slott<\/strong><br><strong>To. 21.5 kl. &#8211; Milles nya v\u00e4n &#8211; Millen uusi yst\u00e4v\u00e4<\/strong> Gesterbyn koulu, Kyrksl\u00e4tt<br><strong>To. 21.5 kl. &#8211; <strong><strong>Milles nya v\u00e4n &#8211; Millen uusi yst\u00e4v\u00e4<\/strong> <\/strong><\/strong>Gesterbyn koulu, Kyrksl\u00e4tt<br><strong>To. 21.5 kl. &#8211; Pelon linnassa &#8211; I R\u00e4dslans slott<\/strong> Gesterbyn koulu, Kyrksl\u00e4tt<br><strong>Fr. 22.5 kl. &#8211; <strong>Pelon linnassa &#8211; I R\u00e4dslans slott<\/strong> <\/strong>Gesterbyn koulu, Kyrksl\u00e4tt<br><strong>Fr. 22.5 kl. &#8211; Pelon linnassa &#8211; I R\u00e4dslans slott <\/strong>Gesterbyn koulu, Kyrksl\u00e4tt<br><strong>Fr. 22.5 kl. &#8211; Milles nya v\u00e4n &#8211; Millen uusi yst\u00e4v\u00e4<\/strong> Gesterbyn koulu, Kyrksl\u00e4tt<br><strong>Ti. 26.5 kl. 9 &#8211; Apan Anders,<\/strong> Skogsdungens daghem, Kalax, N\u00e4rpes<\/p>\n\n\n\n<p class=\" eplus-wrapper\"><br>UPPDATERAS<\/p>\n\n\n\n<p class=\" eplus-wrapper\"><\/p>\n<\/div><\/div><\/div>\n\n\n\n<div class=\"wp-block-ep-toggle-item ep_toggle_item_wrapper__fa550f3d-abdd-4f18-a8e2-0d33fef41869 undefined\"><div class=\"ep_toggle_item_wrapper\"><div class=\"ep_toggle_item_title\"><span>Sommar-26<\/span><span class=\"ep_toggles_icon eplusicon-plus1\" data-icon=\"eplusicon-plus1\" data-activeicon=\"eplusicon-minus1\"><\/span><\/div><div class=\"ep_toggle_item_content\">\n<p class=\" eplus-wrapper\">UPPDATERAS<br><br><br><\/p>\n<\/div><\/div><\/div>\n\n\n\n<div class=\"wp-block-ep-toggle-item ep_toggle_item_wrapper__9f160070-e805-46aa-87e3-63617b2bedad undefined\"><div class=\"ep_toggle_item_wrapper\"><div class=\"ep_toggle_item_title\"><span>September-oktober-26<\/span><span class=\"ep_toggles_icon eplusicon-plus1\" data-icon=\"eplusicon-plus1\" data-activeicon=\"eplusicon-minus1\"><\/span><\/div><div class=\"ep_toggle_item_content\">\n<p class=\" eplus-wrapper\">UPPDATERAS<br><\/p>\n<\/div><\/div><\/div>\n\n\n\n<div class=\"wp-block-ep-toggle-item ep_toggle_item_wrapper__1d151e13-e331-4510-b423-b16e1274e035 undefined\"><div class=\"ep_toggle_item_wrapper\"><div class=\"ep_toggle_item_title\"><span>November-december-26<\/span><span class=\"ep_toggles_icon eplusicon-plus1\" data-icon=\"eplusicon-plus1\" data-activeicon=\"eplusicon-minus1\"><\/span><\/div><div class=\"ep_toggle_item_content\">\n<p class=\" eplus-wrapper\">UPPDATERAS<br><\/p>\n<\/div><\/div><\/div>\n\n\n\n<div class=\"wp-block-ep-toggle-item ep_toggle_item_wrapper__7ef80527-0aac-4487-81c0-dd064879a445 undefined\"><div class=\"ep_toggle_item_wrapper\"><div class=\"ep_toggle_item_title\"><span>2025<\/span><span class=\"ep_toggles_icon eplusicon-plus1\" data-icon=\"eplusicon-plus1\" data-activeicon=\"eplusicon-minus1\"><\/span><\/div><div class=\"ep_toggle_item_content\">\n<p class=\" eplus-wrapper\"><\/p>\n\n\n\n<p class=\" eplus-wrapper\"><\/p>\n\n\n\n<p class=\" has-text-align-left eplus-wrapper\"><strong>Ti. 21.1 kl. 10 &#8211; Milles nya v\u00e4n &#8211; Millen uusi yst\u00e4v\u00e4 <\/strong>Linnainmaan koulu, Tammerfors<br><strong>Ti. 21.1 kl. 11.30 &#8211; Jag vill dansa! <\/strong>Linnainmaan koulu, Tammerfors<br><strong>Ti. 21.1 kl. 12.30 &#8211; Vet ni det? <\/strong>Linnainmaan koulu, Tammerfors<br><strong>On. 22.1 kl. 9 &#8211; Milles nya v\u00e4n &#8211; Millen uusi yst\u00e4v\u00e4 <\/strong>K\u00e4mmenniemen koulutalo, Tammerfors<br><strong>On. 22.1 kl. 10 &#8211; Jag vill dansa! <\/strong>K\u00e4mmenniemen koulutalo, Tammerfors<br><strong>On. 22.1 kl. 11 &#8211; Vet ni det? <\/strong>K\u00e4mmenniemen koulutalo, Tammerfors<br><strong>To. 23.1 kl. 9 &#8211; Milles nya v\u00e4n &#8211; Millen uusi yst\u00e4v\u00e4 <\/strong>Vehmaisten koulu, Tammerfors<br><strong>To. 23.1 kl. 10.15 &#8211; Jag vill dansa! <\/strong>Vehmaisten koulu, Tammerfors<br><strong>To. 23.1 kl. 11.30 &#8211; Vet ni det? <\/strong>Vehmaisten koulu, Tammerfors<br><strong>Fr. 24.1 kl. &#8211; Milles nya v\u00e4n &#8211; Millen uusi yst\u00e4v\u00e4 <\/strong>Pispalan koulu, Tammerfors<br><strong>Fr. 24.1 kl. &#8211; Jag vill dansa! <\/strong>Pispalan koulu, Tammerfors<br><strong>Fr. 24.1 kl. &#8211; Vet ni det? <\/strong>Pispalan koulu, Tammerfors<br><strong>M\u00e5. 27.1 kl. 9.30 &#8211; Milles nya v\u00e4n &#8211; Millen uusi yst\u00e4v\u00e4<\/strong> Laajalahden koulu, Esbo<br><strong>M\u00e5. 27.1 kl. 11.20 &#8211; Vet ni det?<\/strong> Laajalahden koulu, Esbo<br><strong>M\u00e5. 27.1 kl. 12.50 &#8211; Jag vill dansa!<\/strong> Laajalahden koulu, Esbo<br><strong>Ti. 28.1 kl. &#8211; Milles nya v\u00e4n &#8211; Millen uusi yst\u00e4v\u00e4 <\/strong>Hansakallion koulu, Esbo<br><strong>Ti. 28.1 kl. &#8211; Jag vill dansa! <\/strong>Hansakallion koulu, Esbo<br><strong>Ti. 28.1 kl. &#8211; Vet ni det? <\/strong>Hansakallion koulu, Esbo<br><strong>On. 29.1 kl. &#8211; Milles nya v\u00e4n &#8211; Millen uusi yst\u00e4v\u00e4 <\/strong>Hansakallion koulu, Esbo<br><strong>On. 29.1 kl. &#8211; Jag vill dansa! <\/strong>Hansakallion koulu, Esbo<br><strong>On. 29.1 kl. &#8211; Vet ni det? <\/strong>Hansakallion koulu, Esbo<br><strong>To. 30.1 kl. &#8211; Milles nya v\u00e4n &#8211; Millen uusi yst\u00e4v\u00e4 <\/strong>Kilon koulu, Esbo<br><strong>To. 30.1 kl. &#8211; Jag vill dansa! <\/strong>Kilon koulu, Esbo<br><strong>To. 30.1 kl. &#8211; Vet ni det? <\/strong>Kilon koulu, Esbo<br><strong>Fr. 31.1 kl. &#8211; Milles nya v\u00e4n &#8211; Millen uusi yst\u00e4v\u00e4 <\/strong>Kilon koulu, Esbo<br><strong>Fr. 31.1 kl. &#8211; Jag vill dansa! <\/strong>Kilon koulu, Esbo<br><strong>Fr. 31.1 kl. &#8211; Vet ni det? <\/strong>Kilon koulu, Esbo<br><strong>L\u00f6. 8.2 kl. 14 &#8211; Mycket skoj, Alfons \u00c5berg<\/strong> Vind\u00e4ngen-salen, Esbo<br><strong>Ti. 11.2 kl. &#8211; Mycket skoj, Alfons \u00c5berg<\/strong> Gamlasg\u00e5rden, Helsingfors<br><strong>M\u00e5. 24.2 kl. 9 &#8211; Milles nya v\u00e4n &#8211; Millen uusi yst\u00e4v\u00e4 <\/strong>Vartionkyl\u00e4n ala-asteen koulu, Helsingfors<br><strong>M\u00e5. 24.2 kl. 10 &#8211; Vet ni det?<\/strong> Vartionkyl\u00e4n ala-asteen koulu, Helsingfors<br><strong>M\u00e5. 24.2 kl.  11 &#8211; Jag vill dansa! <\/strong>Vartionkyl\u00e4n ala-asteen koulu, Helsingfors<br><strong>Ti. 25.2 kl. 9 &#8211; Milles nya v\u00e4n &#8211; Millen uusi yst\u00e4v\u00e4 <\/strong>Vartionkyl\u00e4n ala-asteen koulu, Helsingfors<br><strong>Ti. 25.2 kl. 10 &#8211; Vet ni det?<\/strong> Vartionkyl\u00e4n ala-asteen koulu, Helsingfors<br><strong>Ti. 25.2 kl.  11 &#8211; Jag vill dansa! <\/strong>Vartionkyl\u00e4n ala-asteen koulu, Helsingfors<br><strong>On. 26.2 kl. &#8211; Milles nya v\u00e4n &#8211; Millen uusi yst\u00e4v\u00e4 <\/strong>Sakarinm\u00e4en peruskoulu, Helsingfors<br><strong>On. 26.2 kl. &#8211; Jag vill dansa! <\/strong>Sakarinm\u00e4en peruskoulu, Helsingfors<br><strong>On. 26.2 kl. &#8211; Vet ni det?<\/strong> Sakarinm\u00e4en peruskoulu, Helsingfors<br><strong>To. 27.2 kl. &#8211; Milles nya v\u00e4n &#8211; Millen uusi yst\u00e4v\u00e4 <\/strong>J\u00e4tk\u00e4saaren peruskoulu, Helsingfors<br><strong>To. 27.2 kl. &#8211; Jag vill dansa!<\/strong> J\u00e4tk\u00e4saaren peruskoulu, Helsingfors<br><strong>To. 27.2 kl. &#8211; Vet ni det?<\/strong> J\u00e4tk\u00e4saaren peruskoulu, Helsingfors<br><strong>Fr. 28.2 kl. &#8211; Milles nya v\u00e4n &#8211; Millen uusi yst\u00e4v\u00e4 <\/strong>Str\u00f6mbergin koulu, Helsingfors<br><strong>Fr. 28.2 kl. &#8211; Jag vill dansa! <\/strong>Str\u00f6mbergin koulu, Helsingfors<br><strong>Fr. 28.2 kl. &#8211; Vet ni det?<\/strong> Str\u00f6mbergin koulu, Helsingfors<br><strong><strong><strong><strong><strong><strong><strong>M\u00e5. 3.3 kl. 9 &#8211; Milles nya v\u00e4n &#8211; Millen uusi yst\u00e4v\u00e4 <\/strong><\/strong><\/strong><\/strong><\/strong><\/strong><\/strong>Leinolan koulu, Tammerfors <strong><strong><strong><strong><strong><strong><br><strong>M\u00e5. 3.3 kl. 10.15 &#8211; Jag vill dansa! <\/strong><\/strong><\/strong><\/strong><\/strong><\/strong><\/strong>Leinolan koulu, Tammerfors <strong><br>M\u00e5. 3.3 kl. 11.30 &#8211; Vet ni det? Leinolan koulu, Tammerfors <br>Ti. 4.3 kl. &#8211; Milles nya v\u00e4n &#8211; Millen uusi yst\u00e4v\u00e4 Kirja-Matin koulu, Ylistaro, Sein\u00e4joki<strong><strong><strong><strong><strong><br><strong>Ti. 4.3 kl. &#8211; Jag vill dansa! <\/strong>Kirja-Matin koulu, Ylistaro, Sein\u00e4joki<br><strong>Ti. 4.3 kl. &#8211; Vet ni det? <\/strong>Kirja-Matin koulu, Ylistaro, Sein\u00e4joki<br><strong>On. 5.3 kl.  &#8211; Milles nya v\u00e4n &#8211; Millen uusi yst\u00e4v\u00e4 <\/strong>Neiron koulu, Ilmajoki<br><strong>On. 5.3 kl.  &#8211; Jag vill dansa! <\/strong>Neiron koulu, Ilmajoki<br><strong>On. 5.3 kl.  &#8211; Vet ni det? <\/strong>Neiron koulu, Ilmajoki<br><strong>To. 6.3 kl.  &#8211; Milles nya v\u00e4n &#8211; Millen uusi yst\u00e4v\u00e4<\/strong><br><strong>To. 6.3 kl.  &#8211; Jag vill dansa!<\/strong><br><strong>To. 6.3 kl.  &#8211; Vet ni det?<\/strong><br><strong>Fr. 7.3 kl. 9.10 &#8211; Milles nya v\u00e4n &#8211; Millen uusi yst\u00e4v\u00e4 <\/strong>Niemist\u00f6n koulu, Sein\u00e4joki<br><strong>Fr. 7.3 kl. 10.20 &#8211; Jag vill dansa! <\/strong>Niemist\u00f6n koulu, Sein\u00e4joki<br><strong>Fr. 7.3 kl. 11.15 &#8211; Vet ni det? <\/strong>Niemist\u00f6n koulu, Sein\u00e4joki<\/strong><\/strong><\/strong><\/strong><\/strong><\/strong><br><strong><strong><strong><strong><strong><strong>On. 12.3 kl. 9.45 &#8211; Mycket skoj, Alfons \u00c5berg <\/strong>Solhem, Helsingfors<br><strong><strong>To. 13.3 kl. 9.30 &#8211; <strong>Mycket skoj, Alfons \u00c5berg<\/strong><\/strong><\/strong> Svenskbacka skola, Kervo<br><strong><strong>To. 13.3 kl. 18 &#8211; <strong>Mycket skoj, Alfons \u00c5berg<\/strong><\/strong><\/strong> Tryckeriteatern, Karis<br><strong><strong>Fr. 14.3 kl. 18 &#8211; <strong>Mycket skoj, Alfons \u00c5berg<\/strong><\/strong><\/strong> Karelia, Eken\u00e4s<br><strong><strong>Ti. 18.3 kl. 10 &#8211; <strong>Mycket skoj, Alfons \u00c5berg<\/strong><\/strong><\/strong> Malms kulturhus, Helsingfors<br><strong><strong>To. 20.3 kl. 10 &#8211; <strong>Mycket skoj, Alfons \u00c5berg<\/strong><\/strong><\/strong> Rastis, Helsingfors<br><strong>M\u00e5. 24.3 kl. 9 &#8211; Milles nya v\u00e4n &#8211; Millen uusi yst\u00e4v\u00e4 <\/strong>Laajakallion koulu, Kyrksl\u00e4tt <br><strong>M\u00e5. 24.3 kl. 10 &#8211; Jag vill dansa! <\/strong>Laajakallion koulu, Kyrksl\u00e4tt <br><strong>M\u00e5. 24.3 kl. 11 &#8211; Vet ni det? <\/strong>Laajakallion koulu, Kyrksl\u00e4tt <br><strong>Ti. 25.3 kl.  &#8211; Milles nya v\u00e4n &#8211; Millen uusi yst\u00e4v\u00e4 <\/strong>Rajakyl\u00e4n koulu, Vanda <br><strong>Ti. 25.3 kl.  &#8211; <strong>Milles nya v\u00e4n &#8211; Millen uusi yst\u00e4v\u00e4 <\/strong> <\/strong>Rajakyl\u00e4n koulu, Vanda <br><strong>Ti. 25.3 kl.  &#8211; <strong>Milles nya v\u00e4n &#8211; Millen uusi yst\u00e4v\u00e4 <\/strong> <\/strong>Rajakyl\u00e4n koulu, Vanda<br><strong>Ti. 25.3 kl. 9.15 &#8211; Apan Anders laulaa kahdella kielell\u00e4<\/strong>, Kultursalen Pessi, Vanda<br><strong>Ti. 25.3 kl. 10.15 &#8211; Apan Anders laulaa kahdella kielell\u00e4<\/strong>, Kultursalen Pessi, Vanda<br><strong>On. 26.3 kl.  &#8211; Milles nya v\u00e4n &#8211; Millen uusi yst\u00e4v\u00e4 <\/strong>Rekolanm\u00e4en koulu, Vanda <br><strong>On. 26.3 kl.  &#8211; Jag vill dansa! <\/strong>Rekolanm\u00e4en koulu, Vanda <br><strong>On. 26.3 kl.  &#8211; Vet ni det? <\/strong>Rekolanm\u00e4en koulu, Vanda<br><strong>To. 27.3 kl.  &#8211; Milles nya v\u00e4n &#8211; Millen uusi yst\u00e4v\u00e4 <\/strong>Rekolanm\u00e4en koulu, Vanda <br><strong>To. 27.3 kl.  &#8211; Jag vill dansa! <\/strong>Rekolanm\u00e4en koulu, Vanda <br><strong>To. 27.3 kl.  &#8211; Vet ni det? <\/strong>Rekolanm\u00e4en koulu, Vanda<br><strong>Fr. 28.3 kl. 9 &#8211; Vet ni det? <\/strong>Keimolanm\u00e4en koulu, Vanda<br><strong>Fr. 28.3 kl. 10.15 &#8211; Jag vill dansa! <\/strong>Keimolanm\u00e4en koulu, Vanda <br><strong>Fr. 28.3 kl. 11.15 &#8211; Milles nya v\u00e4n &#8211; Millen uusi yst\u00e4v\u00e4 <\/strong>Keimolanm\u00e4en koulu, Vanda<br><strong>Fr. 28.3 kl. 9.15 &#8211; Apan Anders laulaa kahdella kielell\u00e4<\/strong>, Kultursalen Totem, Vanda<br><strong>Fr. 28.3 kl. 10.15 &#8211; Apan Anders laulaa kahdella kielell\u00e4<\/strong>, Kultursalen Totem, Vanda<br><strong>L\u00f6. 29.3 kl. 11 &#8211; Apan Anders-konsert<\/strong>, Wohls g\u00e5rd, Kyrksl\u00e4tt<\/strong><\/strong><\/strong><\/strong><\/strong><br><strong><strong><strong><strong><strong>Ti. 1.4 kl. 9.10 &#8211; Vet ni det? <\/strong>Meri-Porin yhten\u00e4iskoulu, Bj\u00f6rneborg <br><strong>Ti. 1.4 kl. 10.10 &#8211; Jag vill dansa! <\/strong>Meri-Porin yhten\u00e4iskoulu, Bj\u00f6rneborg<br><strong>Ti. 1.4 kl.11.20 &#8211; Milles nya v\u00e4n &#8211; Millen uusi yst\u00e4v\u00e4<\/strong> Meri-Porin yhten\u00e4iskoulu, Bj\u00f6rneborg <br><strong>On. 2.4 kl.  &#8211; Milles nya v\u00e4n &#8211; Millen uusi yst\u00e4v\u00e4 <\/strong>Noormarkun yhten\u00e4iskoulu, Noormarkku <br><strong>On. 2.4 kl.  &#8211; Jag vill dansa! <\/strong>Noormarkun yhten\u00e4iskoulu, Noormarkku <br><strong>On. 2.4 kl.  &#8211; Vet ni det? <\/strong>Noormarkun yhten\u00e4iskoulu, Noormarkku<br><strong>On. 2.4 kl. 9.30 &#8211; Apan Anders-konsert<\/strong>, Daghemmet Lilla Alexis, Sjunde\u00e5<br><strong>To. 3.4 kl. 9 &#8211; Milles nya v\u00e4n &#8211; Millen uusi yst\u00e4v\u00e4 <\/strong>Uudenkoiviston koulu, Bj\u00f6rneborg <br><strong>To. 3.4 kl. 10 &#8211; Vet ni det? <\/strong>Uudenkoiviston koulu, Bj\u00f6rneborg <br><strong>To. 3.4 kl. 11.15 &#8211; Jag vill dansa! <\/strong>Uudenkoiviston koulu, Bj\u00f6rneborg <br><strong>Fr. 4.4 kl. 9.15 &#8211; Milles nya v\u00e4n &#8211; Millen uusi yst\u00e4v\u00e4 <\/strong>Kaarisillan yhten\u00e4iskoulu, Bj\u00f6rneborg <br><strong>Fr. 4.4 kl. 10.15 &#8211; Jag vill dansa! <\/strong>Kaarisillan yhten\u00e4iskoulu, Bj\u00f6rneborg <br><strong>Fr. 4.4 kl. 11.45 &#8211; Vet ni det? <\/strong>Kaarisillan yhten\u00e4iskoulu, Bj\u00f6rneborg <br><strong><strong>S\u00f6. 6.4 kl. 15 &#8211; <strong>Mycket skoj, Alfons \u00c5berg<\/strong><\/strong><\/strong> Diamant-teatern, \u00c5bo<br><strong><strong>S\u00f6. 6.4 kl. 17 &#8211; <strong>Mycket skoj, Alfons \u00c5berg<\/strong><\/strong><\/strong> Diamant-teatern, \u00c5bo<br><strong>Ti. 8.4 kl.  &#8211; Milles nya v\u00e4n &#8211; Millen uusi yst\u00e4v\u00e4 <\/strong>Snellmanin koulu, Kuopio <br><strong>Ti. 8.4 kl.  &#8211; Jag vill dansa! <\/strong>Snellmanin koulu, Kuopio <br><strong>Ti. 8.4 kl.  &#8211; Vet ni det? <\/strong>Snellmanin koulu, Kuopio<br><strong>Ti. 8.4 kl. 9.30 Alfons och M\u00e5llgan<strong>-teater<\/strong> &amp; Apan Anders minikonsert<\/strong> Finno daghem, Esbo<br><strong>On. 9.4 kl.  &#8211; Milles nya v\u00e4n &#8211; Millen uusi yst\u00e4v\u00e4 <\/strong>Kettulan koulu, Kuopio <br><strong>On. 9.4 kl.  &#8211; Jag vill dansa! <\/strong>Kettulan koulu, Kuopio <br><strong>On. 9.4 kl.  &#8211; Vet ni det? <\/strong>Kettulan koulu, Kuopio<br><strong>On. 9.4 kl. 9.15 Alfons och M\u00e5llgan<strong>-teater<\/strong> &amp; Apan Anders minikonsert<\/strong> Gerby daghem, Vasa<br><strong>On. 9.4 kl. 10.15 Alfons och M\u00e5llgan<strong>-teater<\/strong> &amp; Apan Anders minikonsert<\/strong> Gerby daghem, Vasa<\/strong><\/strong><\/strong><\/strong><br><strong><strong><strong><strong>To. 10.4 kl.  &#8211; Milles nya v\u00e4n &#8211; Millen uusi yst\u00e4v\u00e4 <\/strong>Aurinkorinteen koulu, Kuopio <br><strong>To. 10.4 kl.  &#8211; Jag vill dansa! <\/strong>Aurinkorinteen koulu, Kuopio <br><strong>To. 10.4 kl.  &#8211; Vet ni det? <\/strong>Aurinkorinteen koulu, Kuopio<br><strong>To. 10.4 kl. 9.15 Alfons och M\u00e5llgan<strong>-teater<\/strong> &amp; Apan Anders minikonsert<\/strong> Biblioteket, N\u00e4rpes<br><strong>To. 10.4 kl. 10.15 Alfons och M\u00e5llgan<strong>-teater<\/strong> &amp; Apan Anders minikonsert<\/strong> Biblioteket, N\u00e4rpes<br><strong>Fr. 11.4 kl.  &#8211; Milles nya v\u00e4n &#8211; Millen uusi yst\u00e4v\u00e4 <\/strong>Aurinkorinteen koulu, Kuopio <br><strong>Fr. 11.4 kl.  &#8211; Jag vill dansa! <\/strong>Aurinkorinteen koulu, Kuopio <br><strong>Fr. 11.4 kl.  &#8211; Vet ni det? <\/strong>Aurinkorinteen koulu, Kuopio<br><strong>Fr. 11.4 kl. 9.15 Alfons och M\u00e5llgan-teater &amp; Apan Anders minikonsert<\/strong> Karper\u00f6 daghem, Korsholm<br><strong>Ti. 15.4 kl. Apan Anders laulaa kahdella kielell\u00e4<\/strong> Jokirinteen p\u00e4iv\u00e4koti, Kyrksl\u00e4tt<br><strong>Ti. 15.4 kl. Apan Anders laulaa kahdella kielell\u00e4<\/strong> Jokirinteen p\u00e4iv\u00e4koti, Kyrksl\u00e4tt<br><strong>On. 16.4 kl. Apan Anders laulaa kahdella kielell\u00e4<\/strong> Veikkolan p\u00e4iv\u00e4koti, Kyrksl\u00e4tt<br><strong>On. 16.4 kl. Apan Anders laulaa kahdella kielell\u00e4<\/strong> Veikkolan p\u00e4iv\u00e4koti, Kyrksl\u00e4tt<br><strong>Ti. 22.4 kl. 9.15 Alfons och M\u00e5llgan<strong>-teater<\/strong> &amp; Apan Anders minikonsert<\/strong> Daghemmet Roba, Helsingfors<br><strong>On. 23.4 kl. 9 Alfons och M\u00e5llgan<strong>-teater<\/strong> &amp; Apan Anders minikonsert<\/strong> Daghemmet Marias asyl, Helsingfors<br><strong>On. 23.4 kl. 10 Alfons och M\u00e5llgan<strong>-teater<\/strong> &amp; Apan Anders minikonsert<\/strong> Daghemmet Marias asyl, Helsingfors<br><strong>To. 24.4 kl. 9.30 Alfons och M\u00e5llgan<strong>-teater<\/strong> &amp; Apan Anders minikonsert<\/strong> Sj\u00f6kulla daghem, Kyrksl\u00e4tt<br><strong>Fr. 25.4 kl. 9.15 Alfons och M\u00e5llgan<strong>-teater<\/strong> &amp; Apan Anders minikonsert<\/strong> Solbrinkens daghem, Lojo<br><strong>L\u00f6. 26.4 kl. 14 Apan Anders<\/strong> Stadshusets festsal, Hang\u00f6<br><strong>Ti. 29.4 kl. 9.15 Alfons och M\u00e5llgan<strong>-teater<\/strong> &amp; Apan Anders minikonsert<\/strong> Daghemmet Fenix, Helsingfors<\/strong><\/strong><\/strong><br><strong><strong><strong>To. 1.5 kl. 12.30 Apan Anders<\/strong> \u00d6vermark, N\u00e4rpes<br><strong>M\u00e5. 12.5 kl.  9.10 &#8211; Pelon linnassa &#8211; I R\u00e4dslans slott <\/strong>Kartanonrannan koulu, Kyrksl\u00e4tt<br><strong>M\u00e5. 12.5 kl.  10.10 &#8211; Jag vill dansa! <\/strong>Kartanonrannan koulu, Kyrksl\u00e4tt <br><strong>M\u00e5. 12.5 kl.  11.30 &#8211; Milles nya v\u00e4n &#8211; Millen uusi yst\u00e4v\u00e4 <\/strong>Kartanonrannan koulu, Kyrksl\u00e4tt <br><strong>Ti. 13.5 kl.  9.30 &#8211; Milles nya v\u00e4n &#8211; Millen uusi yst\u00e4v\u00e4 <\/strong>Alhaisten koulu, Bj\u00f6rneborg <br><strong>Ti. 13.5 kl.  &#8211; Jag vill dansa! <\/strong>Alhaisten koulu, Bj\u00f6rneborg <br><strong>Ti. 13.5 kl.  &#8211; <strong>Pelon linnassa &#8211; I R\u00e4dslans slott <\/strong> <\/strong>Alhaisten koulu, Bj\u00f6rneborg <br><strong>On. 14.5 kl. 9 &#8211; Milles nya v\u00e4n &#8211; Millen uusi yst\u00e4v\u00e4 <\/strong>, Satakunda <br><strong>On. 14.5 kl. 10 &#8211; Jag vill dansa! <\/strong>, Satakunda <br><strong>On. 14.5 kl. 11.30 &#8211; <strong>Pelon linnassa &#8211; I R\u00e4dslans slott <\/strong><\/strong>, Satakunda <\/strong><\/strong><br><strong><strong>To. 15.5 kl. 9 &#8211; Milles nya v\u00e4n &#8211; Millen uusi yst\u00e4v\u00e4 <\/strong>, Satakunda <br><strong>To. 15.5 kl. 10 &#8211; Jag vill dansa! <\/strong>, Satakunda <br><strong>To. 15.5 kl. 11 &#8211; <strong>Pelon linnassa &#8211; I R\u00e4dslans slott <\/strong> <\/strong>, Satakunda <br><strong>Fr. 16.5 kl. 9.20 &#8211; <strong>Pelon linnassa &#8211; I R\u00e4dslans slott <\/strong> <\/strong>Tehtaankadun ala-aste, Helsingfors<br><strong>Fr. 16.5 kl. 10.35 &#8211; Jag vill dansa! <\/strong>Tehtaankadun ala-aste, Helsingfors <br><strong>Fr. 16.5 kl. 11.35 &#8211; Milles nya v\u00e4n &#8211; Millen uusi yst\u00e4v\u00e4 <\/strong>Tehtaankadun ala-aste, Helsingfors <br><strong>M\u00e5. 19.5 kl. 9.20 &#8211; <strong>Pelon linnassa &#8211; I R\u00e4dslans slott<\/strong><\/strong> Perni\u00f6n Yhten\u00e4iskoulu, Bj\u00e4rn\u00e5<br><strong>M\u00e5. 19.5 kl. 10.15 &#8211; Milles nya v\u00e4n &#8211; Millen uusi yst\u00e4v\u00e4<\/strong> Perni\u00f6n Yhten\u00e4iskoulu, Bj\u00e4rn\u00e5 <br><strong>M\u00e5. 19.5 kl. 11.50 &#8211; Jag vill dansa!<\/strong> Perni\u00f6n Yhten\u00e4iskoulu, Bj\u00e4rn\u00e5 <br><strong>Ti. 20.5 kl.  &#8211; Milles nya v\u00e4n &#8211; Millen uusi yst\u00e4v\u00e4 <\/strong>Rahkolan koulu, Ylivieska <br><strong>Ti. 20.5 kl.  &#8211; Jag vill dansa!<\/strong> Rahkolan koulu, Ylivieska <br><strong>Ti. 20.5 kl.  &#8211; <strong>Pelon linnassa &#8211; I R\u00e4dslans slott <\/strong><\/strong>Rahkolan koulu, Ylivieska <br><strong>On. 21.5 kl. 9.15 &#8211; Milles nya v\u00e4n &#8211; Millen uusi yst\u00e4v\u00e4 <\/strong>P\u00e4iv\u00e4rinnan koulu, Ylivieska <br><strong>On. 21.5 kl. 10.15 &#8211; Jag vill dansa! <\/strong>P\u00e4iv\u00e4rinnan koulu, Ylivieska <br><strong>On. 21.5 kl. 11.15 &#8211; <strong>Pelon linnassa &#8211; I R\u00e4dslans slott <\/strong><\/strong>P\u00e4iv\u00e4rinnan koulu, Ylivieska<br><strong>On. 21.5 kl. 9.15 Apan Anders-konsert<\/strong> Knatteby daghem, St.Karins<br><strong>To. 22.5 kl.  &#8211; Milles nya v\u00e4n &#8211; Millen uusi yst\u00e4v\u00e4<\/strong> Taanilan koulu, Ylivieska <br><strong>To. 22.5 kl.  &#8211; Jag vill dansa! <\/strong>Taanilan koulu, Ylivieska <br><strong>To. 22.5 kl.  &#8211; <strong>Pelon linnassa &#8211; I R\u00e4dslans slott<\/strong><\/strong> Taanilan koulu, Ylivieska <br><strong>To. 22.5 kl. 9.30 Apan Anders-konsert<\/strong> Smedsby daghem, Esbo <br><strong>Fr. 23.5 kl. 9.10 &#8211; Milles nya v\u00e4n &#8211; Millen uusi yst\u00e4v\u00e4 <\/strong>Takamaan koulu, Yl\u00f6j\u00e4rvi <br><strong>Fr. 23.5 kl. 10.20 &#8211; Jag vill dansa! <\/strong>Takamaan koulu, Yl\u00f6j\u00e4rvi <br><strong>Fr. 23.5 kl. 11.15 &#8211; <strong>Pelon linnassa &#8211; I R\u00e4dslans slott <\/strong><\/strong>Takamaan koulu, Yl\u00f6j\u00e4rvi<br><strong>L\u00f6. 24.5 kl. 10.30 Apan Anders-konsert<\/strong> Kiilan p\u00e4iv\u00e4koti &#8211; Kila daghem, Karis<br><strong>On. 28.5 kl. 16.30 Apan Anders-konsert<\/strong> Rastis daghem, Helsingfors<\/strong><br><strong>Ti. 1.7 kl. 15 &#8211; <a href=\"https:\/\/www.estrad.fi\/barnensestrad\/aktuellt\/barnens-sommarteater-2025-mamma-mu-cyklar\/\">Barnens Sommarteater<\/a>: <\/strong>Mamma Mu cyklar i Kimito, Villa Lande<br><strong>On. 2.7 kl. 15 &#8211; <a href=\"https:\/\/www.estrad.fi\/barnensestrad\/aktuellt\/barnens-sommarteater-2025-mamma-mu-cyklar\/\">Barnens Sommarteater<\/a>: <\/strong>Mamma Mu cyklar i Kyrksl\u00e4tt, Bygdebo<br><strong>To. 3.7 kl. 15 &#8211; <a href=\"https:\/\/www.estrad.fi\/barnensestrad\/aktuellt\/barnens-sommarteater-2025-mamma-mu-cyklar\/\">Barnens Sommarteater<\/a>: <\/strong>Mamma Mu cyklar i Borg\u00e5, Postbacken<br><strong>To. 3.7 kl. 16.30 &#8211; <a href=\"https:\/\/www.estrad.fi\/barnensestrad\/aktuellt\/barnens-sommarteater-2025-mamma-mu-cyklar\/\">Barnens Sommarteater<\/a>: <\/strong>Mamma Mu cyklar i Borg\u00e5, Postbacken<br><strong>Fr. 4.7 kl. 16.30 &#8211; <a href=\"https:\/\/www.estrad.fi\/barnensestrad\/aktuellt\/barnens-sommarteater-2025-mamma-mu-cyklar\/\">Barnens Sommarteater<\/a>: <\/strong>Mamma Mu cyklar i N\u00e4rpes, Tomatkarnevalen<br><strong>Fr. 4.7 kl. 18.30 &#8211; <a href=\"https:\/\/www.estrad.fi\/barnensestrad\/aktuellt\/barnens-sommarteater-2025-mamma-mu-cyklar\/\">Barnens Sommarteater<\/a>: <\/strong>Mamma Mu cyklar i N\u00e4rpes, Tomatkarnevalen<br><strong>L\u00f6. 5.7 kl. 15 &#8211; <a href=\"https:\/\/www.estrad.fi\/barnensestrad\/aktuellt\/barnens-sommarteater-2025-mamma-mu-cyklar\/\">Barnens Sommarteater<\/a>: <\/strong>Mamma Mu cyklar i Maxmo, Dansbanan<br><strong>S\u00f6. 6.7 kl. 15 &#8211; <a href=\"https:\/\/www.estrad.fi\/barnensestrad\/aktuellt\/barnens-sommarteater-2025-mamma-mu-cyklar\/\">Barnens Sommarteater<\/a>: <\/strong>Mamma Mu cyklar i Kristinestad, Braheg\u00e5rden<br><strong>M\u00e5. 7.7 kl. 15 &#8211; <a href=\"https:\/\/www.estrad.fi\/barnensestrad\/aktuellt\/barnens-sommarteater-2025-mamma-mu-cyklar\/\">Barnens Sommarteater<\/a>: <\/strong>Mamma Mu cyklar i Korsholm, S\u00f6dra Vallgrund<br><strong>M\u00e5. 7.7 kl. 16.30 &#8211; <a href=\"https:\/\/www.estrad.fi\/barnensestrad\/aktuellt\/barnens-sommarteater-2025-mamma-mu-cyklar\/\">Barnens Sommarteater<\/a>: <\/strong>Mamma Mu cyklar i Korsholm, S\u00f6dra Vallgrund<br><strong>Ti. 8.7 kl. 13 &#8211; <a href=\"https:\/\/www.estrad.fi\/barnensestrad\/aktuellt\/barnens-sommarteater-2025-mamma-mu-cyklar\/\">Barnens Sommarteater<\/a>: <\/strong>Mamma Mu cyklar i Karleby, Fordell-salen<br><strong>Ti. 8.7 kl. 15 &#8211; <a href=\"https:\/\/www.estrad.fi\/barnensestrad\/aktuellt\/barnens-sommarteater-2025-mamma-mu-cyklar\/\">Barnens Sommarteater<\/a>: <\/strong>Mamma Mu cyklar i Karleby, Fordell-salen<br><strong>On. 9.7 kl. 15 &#8211; <a href=\"https:\/\/www.estrad.fi\/barnensestrad\/aktuellt\/barnens-sommarteater-2025-mamma-mu-cyklar\/\">Barnens Sommarteater<\/a>: <\/strong>Mamma Mu cyklar i Nykarleby, Scala<br><strong>To. 10.7 kl. 15 &#8211; <a href=\"https:\/\/www.estrad.fi\/barnensestrad\/aktuellt\/barnens-sommarteater-2025-mamma-mu-cyklar\/\">Barnens Sommarteater<\/a>: <\/strong>Mamma Mu cyklar i Esse, Esseg\u00e5rden<br><strong>M\u00e5. 14.7 kl. 15 &#8211; <a href=\"https:\/\/www.estrad.fi\/barnensestrad\/aktuellt\/barnens-sommarteater-2025-mamma-mu-cyklar\/\">Barnens Sommarteater<\/a>: <\/strong>Mamma Mu cyklar i Nagu, Framn\u00e4s<br><strong>Ti. 15.7 kl. 15 &#8211; <a href=\"https:\/\/www.estrad.fi\/barnensestrad\/aktuellt\/barnens-sommarteater-2025-mamma-mu-cyklar\/\">Barnens Sommarteater<\/a>: <\/strong>Mamma Mu cyklar i Houtsk\u00e4r, Vesterlid<br><strong>On. 16.7 kl. 15 &#8211; <a href=\"https:\/\/www.estrad.fi\/barnensestrad\/aktuellt\/barnens-sommarteater-2025-mamma-mu-cyklar\/\">Barnens Sommarteater<\/a>: <\/strong>Mamma Mu cyklar i Korpo, Kommunalg\u00e5rden<br><strong>To. 17.7 kl. 15 &#8211; <a href=\"https:\/\/www.estrad.fi\/barnensestrad\/aktuellt\/barnens-sommarteater-2025-mamma-mu-cyklar\/\">Barnens Sommarteater<\/a>: <\/strong>Mamma Mu cyklar i Pargas, Piug<br><strong><strong><strong>L\u00f6. 26.7 kl.  Apan Anders-konsert<\/strong> H\u00e4rkmeri-dagen<br><strong>L\u00f6. 2.8 kl. 13 Apan Anders-konsert<\/strong> Snappertuna-dagen<br><strong>Fr. 8.8 kl. 18 &#8211; Mamma Mu cyklar<\/strong> i Larsmo, Torget<br><strong>L\u00f6. 9.8 kl. 11 &#8211; Mamma Mu cyklar<\/strong> i Korsn\u00e4s, Lantdagen<br><strong>S\u00f6. 24.8 kl. 11.30 Apan Anders-konsert<\/strong> Project Liv Arena Jakobstad<br><strong>Ti. 26.8 kl.  9.15 &#8211; <strong><strong>Pelon linnassa &#8211; I R\u00e4dslans slott <\/strong><\/strong> <\/strong>Kyt\u00f6puiston koulu, Vanda <br><strong>Ti. 26.8 kl.  10.20 &#8211; <strong>Pelon linnassa &#8211; I R\u00e4dslans slott <\/strong> <\/strong>Kyt\u00f6puiston koulu, Vanda<br><strong>Ti. 26.8 kl.  11.20 &#8211; <strong>Pelon linnassa &#8211; I R\u00e4dslans slott <\/strong> <\/strong>Kyt\u00f6puiston koulu, Vanda<br><strong>On. 27.8 kl. 9.15 &#8211; Milles nya v\u00e4n &#8211; Millen uusi yst\u00e4v\u00e4 <\/strong>Kyt\u00f6puiston koulu, Vanda <br><strong>On. 27.8 kl. 10.20 &#8211; Milles nya v\u00e4n &#8211; Millen uusi yst\u00e4v\u00e4 <\/strong>Kyt\u00f6puiston koulu, Vanda <br><strong>On. 27.8 kl. 11.20 &#8211; <strong>Pelon linnassa &#8211; I R\u00e4dslans slott <\/strong> <\/strong>Kyt\u00f6puiston koulu, Vanda<br><strong>To. 28.8 kl. 8.20 &#8211; Milles nya v\u00e4n &#8211; Millen uusi yst\u00e4v\u00e4 <\/strong>Jokivarren koulu, Vanda <br><strong>To. 28.8 kl.  9.15 &#8211; Milles nya v\u00e4n &#8211; Millen uusi yst\u00e4v\u00e4 <\/strong>Jokivarren koulu, Vanda <br><strong>Fr. 29.8 kl.  8.20 &#8211; <strong><strong>Pelon linnassa &#8211; I R\u00e4dslans slott <\/strong><\/strong> <\/strong>Jokivarren koulu, Vanda <br><strong>Fr. 29.8 kl. 9.15 &#8211; <strong>Pelon linnassa &#8211; I R\u00e4dslans slott <\/strong> <\/strong>Jokivarren koulu, Vanda<br><strong>Fr. 29.8 kl. 10.20 &#8211; <strong>Pelon linnassa &#8211; I R\u00e4dslans slott <\/strong> <\/strong>Jokivarren koulu, Vanda <br><strong>Fr. 29.8 kl. 11.20 &#8211; <strong>Pelon linnassa &#8211; I R\u00e4dslans slott <\/strong> <\/strong>Jokivarren koulu, Vanda <br><strong>L\u00f6. 30.8 kl. 13 Apan Anders-konsert<\/strong> Kyrksl\u00e4tt bibliotekTi. 2.9 kl. 9 &#8211; Mille Klick! <\/strong>Framn\u00e4s, Nagu<br><strong><strong>Ti. 2.9 kl. 10 &#8211; <strong>Mille Klick! <\/strong><\/strong><\/strong>Framn\u00e4s, Nagu<br><strong><strong>On. 3.9 kl. 9 &#8211; <strong>Mille Klick! <\/strong><\/strong><\/strong>Vesterlid, Houtsk\u00e4r<br><strong><strong>On. 3.9 kl. 10 &#8211; <strong>Mille Klick! <\/strong><\/strong><\/strong>Vesterlid, Houtsk\u00e4r<br><strong>To. 4.9 kl. 9 &#8211; <strong>Mille Klick! <\/strong><\/strong>Kommunalg\u00e5rden, Korpo<br><strong>To. 4.9 kl. 10 &#8211; <strong>Mille Klick! <\/strong><\/strong>Kommunalg\u00e5rden, Korpo<br><strong>Ti. 9.9 kl.  kl. 9.30 &#8211; Mille Klick! <\/strong>Bromarv daghem &amp; skola<br><strong>Ti. 9.9 kl.  14.30 &#8211; Mille Klick! <\/strong>Svalbo eftis, Eken\u00e4s<\/strong><br><strong>On. 10.9 kl. 9.30 &#8211; Mille Klick! <\/strong>Bj\u00f6rkebo daghem, Eken\u00e4s<br><strong>On. 10.9 kl. 14.30 &#8211; Mille Klick! <\/strong>Eftis i \u00d6sterby, Eken\u00e4s<br><strong>To. 11.9 kl. 9.30 &#8211; Mille Klick! <\/strong>\u00d6sterbo daghem, Eken\u00e4s<br><strong>To. 11.9 kl.  14 &#8211; Mille Klick! <\/strong>Byllan &amp; Kupan eftis i Medborgarinstituet i Karis<br><strong>Fr. 12.9 kl.  9.15 &#8211; Mille Klick! <\/strong>Piug, Pargas<br><strong>Fr. 12.9 kl.  10.10 &#8211; Mille Klick! <\/strong>Piug, Pargas<br><strong>Ti. 16.9 kl. 9.30 &#8211; Mille Klick! <\/strong>St. Karins svenska skola &amp; Hovirinnan koulu<br><strong>Ti. 16.9 kl.  11.30 &#8211; Mille Klick! <\/strong>St. Karins svenska skola &amp; Hovirinnan koulu<br><strong>On. 17.9 kl. 9.30 &#8211; Mille Klick! <\/strong>Nordsj\u00f6 l\u00e5gstadieskola, Helsingfors<br><strong>To. 18.9 kl. 9.20 &#8211; Mille Klick! <\/strong>Svenska skolan i Hyvinge &amp; Aseman koulu<br><strong>To. 18.9 kl. 10.20 &#8211; Mille Klick! <\/strong>Svenska skolan i Hyvinge, f\u00f6rskolan &amp; Norlandia Otava-eskari<br><strong>Fr. 19.9 kl. 9.30 &#8211; Mille Klick! <\/strong>Kulturhuset Grand, Borg\u00e5<br><strong>Ti. 23.9 kl. 9.15 &#8211; Mille Klick! <\/strong>Svenska privatskolan i Ule\u00e5borg<br><strong>Ti. 23.9 kl. 10.15 &#8211; Mille Klick! <\/strong>Svenska privatskolan i Ule\u00e5borg<br><strong>On. 24.9 kl. 8 &#8211; Mille Klick! <\/strong>Piispanm\u00e4en koulu, Karleby<br><strong>On. 24.9 kl. 9 &#8211; Mille Klick! <\/strong>Piispanm\u00e4en koulu, Karleby<br><strong>On. 24.9 kl. 9 &#8211; Apan Anders laulaa kahdella kielell\u00e4<\/strong>, PK Auringonpilkku, Helsingfors<br><strong>On. 24.9 kl. 10 &#8211; Apan Anders laulaa kahdella kielell\u00e4<\/strong>, PK Auringonpilkku, Helsingfors<br><strong>To. 25.9 kl. 9 &#8211; Mille Klick! <\/strong>S\u00e5ka skola &amp; daghem, Karleby<br><strong>To. 25.9 kl. 9.30 &#8211; Apan Anders laulaa kahdella kielell\u00e4<\/strong>, Palohein\u00e4ntien alkuopetus, Helsingfors<br><strong>To. 25.9 kl. 10.30 &#8211; Apan Anders laulaa kahdella kielell\u00e4<\/strong>, Palohein\u00e4ntien alkuopetus, Helsingfors<br><strong>M\u00e5. 29.9 kl. 9.15 &#8211; Mille Klick! <\/strong>Bss, Bj\u00f6rneborg<br><strong>Ti. 30.9 kl. 11.30 &#8211; Mille Klick! <\/strong>Bss, Bj\u00f6rneborg<br><strong>Ti. 30.9 kl. 9.30 &#8211; Apan Anders laulaa kahdella kielell\u00e4<\/strong> Laakavuoren ala-aste, Helsingfors<br><strong>On. 1.10 kl. 11.30 &#8211; Mille Klick! <\/strong>Bss, Bj\u00f6rneborg<br><strong>To. 2.10 kl. 9.30 &#8211; Mille Klick! <\/strong>Dramasalen, Vasa huvudbibliotek<br><strong>To. 2.10 kl. 9.30 &#8211; Apan Anders laulaa kahdella kielell\u00e4<\/strong> Maatullin peruskoulu, Helsingfors<br><strong>To. 2.10 kl. 10.30 &#8211; Apan Anders laulaa kahdella kielell\u00e4<\/strong> Maatullin peruskoulu, Helsingfors<br><strong>Fr. 3.10 kl. 9 &#8211; Mille Klick! <\/strong>Pohjalampi daghem, Jyv\u00e4skyl\u00e4<br><strong>Fr. 3.10 kl. 10 &#8211; Mille Klick! <\/strong>Pohjalampi daghem, Jyv\u00e4skyl\u00e4<br><strong>Ti. 7.10 kl. 9.30 &#8211; Mille Klick! <\/strong>Kotka Svenska Samskola<br><strong>On. 8.10 kl. 10 &#8211; Mille Klick! <\/strong>Svenska skolan i Lahtis<br><strong>On. 8.10 kl. 9.15 &#8211; Apan Anders laulaa kahdella kielell\u00e4<\/strong> P-Haagan peruskoulu, Helsingfors<br><strong>On. 8.10 kl. 10.15 &#8211; Apan Anders laulaa kahdella kielell\u00e4<\/strong> P-Haagan peruskoulu, Helsingfors<br><strong>M\u00e5. 13.10 kl. 11 &#8211; Milles nya v\u00e4n &#8211; Millen uusi yst\u00e4v\u00e4<\/strong> Isos\u00e4kyl\u00e4n koulu, S\u00e4kyl\u00e4<br><strong>M\u00e5. 13.10 kl. 12.10 &#8211; Pelon linnassa &#8211; I R\u00e4dslans slott<\/strong> Isos\u00e4kyl\u00e4n koulu, S\u00e4kyl\u00e4<br><strong>M\u00e5. 13.10 kl. 13.10 &#8211; <strong>Pelon linnassa &#8211; I <strong>R\u00e4dslans<\/strong> slott<\/strong><\/strong> Isos\u00e4kyl\u00e4n koulu, S\u00e4kyl\u00e4<br><strong>Ti. 14.10 kl. 10 &#8211; Milles nya v\u00e4n &#8211; Millen uusi yst\u00e4v\u00e4<\/strong> Kauttuan koulu<br><strong><strong>Ti. 14.10<\/strong> kl. 11 &#8211; Pelon linnassa &#8211; I <strong>R\u00e4dslans<\/strong> slott<\/strong> Kauttuan koulu<br><strong><strong>Ti. 14.10<\/strong> kl. 12.15 &#8211; <strong>Pelon linnassa &#8211; I <strong>R\u00e4dslans<\/strong> slott<\/strong><\/strong> Kauttuan koulu<br><strong><strong>On. 15.10<\/strong> kl. 9 &#8211; Pelon linnassa &#8211; I <strong>R\u00e4dslans<\/strong> slott<\/strong> Keskustan koulu, Eurajoki<br><strong><strong>On. 15.10<\/strong> kl. 10.15  &#8211; <strong>Pelon linnassa &#8211; I <strong>R\u00e4dslans<\/strong> slott<\/strong><\/strong> Keskustan koulu, Eurajoki<br><strong>On. 15.10 kl. 11.15 &#8211; Milles nya v\u00e4n &#8211; Millen uusi yst\u00e4v\u00e4<\/strong> Keskustan koulu, Eurajoki<br><strong>To. 16.10 kl. 9 &#8211; Milles nya v\u00e4n &#8211; Millen uusi yst\u00e4v\u00e4<\/strong> Unajan koulu, Raumo <br><strong><strong><strong>To. 16.10<\/strong><\/strong> kl. 10 &#8211; Pelon linnassa &#8211; I <strong>R\u00e4dslans<\/strong> slott<\/strong> Unajan koulu, Raumo<br><strong><strong><strong>To. 16.10<\/strong><\/strong> kl. 11.45 &#8211; <strong>Pelon linnassa &#8211; i <strong>R\u00e4dslans<\/strong> slott<\/strong><\/strong> Unajan koulu, Raumo<br><strong>Fr. 17.10 kl. 10 &#8211; Milles nya v\u00e4n &#8211; Millen uusi yst\u00e4v\u00e4<\/strong> Kaaron koulu, Raumo <br><strong><strong><strong>Fr. 17.10<\/strong><\/strong> kl. 12.15 &#8211; <strong>Pelon linnassa &#8211; I <strong>R\u00e4dslans<\/strong> slott<\/strong><\/strong> Kaaron koulu, Raumo<br><strong>M\u00e5. 20.10 kl. 9.30 &#8211; Milles nya v\u00e4n &#8211; Millen uusi yst\u00e4v\u00e4<\/strong> Harjuniityn koulu, Nokia<br><strong>M\u00e5. 20.10 kl. 11.15 &#8211; Pelon linnassa &#8211; I R\u00e4dslans slott<\/strong> Harjuniityn koulu, Nokia<br><strong>M\u00e5. 20.10 kl. 12.30 &#8211; <strong>Pelon linnassa &#8211; I <strong>R\u00e4dslans<\/strong> slott<\/strong><\/strong> Harjuniityn koulu, Nokia<br><strong>Ti. 21.10 kl.  &#8211; Milles nya v\u00e4n &#8211; Millen uusi yst\u00e4v\u00e4<\/strong> Tervasuon koulu, Nokia<br><strong><strong>Ti. 21.10<\/strong> kl.  &#8211; Pelon linnassa &#8211; I <strong>R\u00e4dslans<\/strong> slott<\/strong> Tervasuon koulu, Nokia<br><strong><strong>On. 22.10<\/strong> kl. 9.10 &#8211; Pelon linnassa &#8211; I <strong>R\u00e4dslans<\/strong> slott<\/strong> Koskem\u00e4en koulu, Nokia<br><strong><strong>On. 22.10<\/strong> kl. 10.20 &#8211; <strong>Pelon linnassa &#8211; I <strong>R\u00e4dslans<\/strong> slott<\/strong><\/strong> Koskem\u00e4en koulu, Nokia<br><strong><strong>On. 22.10<\/strong> kl. 11.20 &#8211; <strong>Pelon linnassa &#8211; I <strong>R\u00e4dslans<\/strong> slott<\/strong><\/strong> Koskem\u00e4en koulu, Nokia<br><strong>To. 23.10 kl. 9.10 &#8211; Milles nya v\u00e4n &#8211; Millen uusi yst\u00e4v\u00e4<\/strong> Koskem\u00e4en koulu, Nokia<br><strong><strong><strong>To. 23.10<\/strong><\/strong> kl. 10.20 &#8211; Pelon linnassa &#8211; I <strong>R\u00e4dslans<\/strong> slott<\/strong> Koskem\u00e4en koulu, Nokia<br><strong>To. 23.10 kl. 9 &#8211; Apan Anders laulaa kahdella kielell\u00e4<\/strong> P\u00e4iv\u00e4koti T\u00e4hti, Sein\u00e4joki<br><strong>To. 23.10 kl. 10 &#8211; Apan Anders laulaa kahdella kielell\u00e4<\/strong> P\u00e4iv\u00e4koti T\u00e4hti, Sein\u00e4joki<br><strong>Fr. 24.10 kl.  &#8211; Milles nya v\u00e4n &#8211; Millen uusi yst\u00e4v\u00e4<\/strong> Siivikkalan koulu, Yl\u00f6j\u00e4rvi <br><strong><strong><strong>Fr. 24.10<\/strong><\/strong> kl.  &#8211; Pelon linnassa &#8211; I <strong>R\u00e4dslans<\/strong> slott<\/strong> Siivikkalan koulu, Yl\u00f6j\u00e4rvi <br><strong><strong><strong>Fr. 24.10<\/strong><\/strong> kl.  &#8211; <strong>Pelon linnassa &#8211; I <strong>R\u00e4dslans<\/strong> slott<\/strong><\/strong> Siivikkalan koulu, Yl\u00f6j\u00e4rvi<br><strong>Fr. 24.10 kl. 9 &#8211; Apan Anders laulaa kahdella kielell\u00e4<\/strong> Niemist\u00f6n p\u00e4iv\u00e4koti, Sein\u00e4joki<br><strong>Fr. 24.10 kl. 10 &#8211; Apan Anders laulaa kahdella kielell\u00e4<\/strong> Niemist\u00f6n p\u00e4iv\u00e4koti, Sein\u00e4joki<br><strong>M\u00e5. 27.10 kl. kl. 9.30 &#8211; Milles nya v\u00e4n &#8211; Millen uusi yst\u00e4v\u00e4<\/strong> Harjuniityn koulu, Nokia<br><strong>M\u00e5. 27.10 kl. 11.15 &#8211; Pelon linnassa &#8211; I R\u00e4dslans slott<\/strong> Harjuniityn koulu, Nokia<br><strong>M\u00e5. 27.10 kl. 12.30 &#8211; <strong>Pelon linnassa &#8211; I <strong>R\u00e4dslans<\/strong> slott<\/strong><\/strong> Harjuniityn koulu, Nokia<br><strong>Ti. 28.10 kl. 9.30 &#8211; Milles nya v\u00e4n &#8211; Millen uusi yst\u00e4v\u00e4<\/strong> M\u00e4kel\u00e4nm\u00e4en koulu, Muurame<br><strong><strong>Ti. 28.10<\/strong> kl. 10.45 &#8211; Pelon linnassa &#8211; I <strong>R\u00e4dslans<\/strong> slott<\/strong> M\u00e4kel\u00e4nm\u00e4en koulu, Muurame<br><strong><strong>Ti. 28.10<\/strong> kl. 11.45 &#8211; Pelon linnassa &#8211; I <strong>R\u00e4dslans<\/strong> slott<\/strong> M\u00e4kel\u00e4nm\u00e4en koulu, Muurame<br><strong>On. 29.10 kl. 9.30  &#8211; Milles nya v\u00e4n &#8211; Millen uusi yst\u00e4v\u00e4<\/strong> M\u00e4kel\u00e4nm\u00e4en koulu, Muurame<br><strong><strong>On. 29.10<\/strong> kl. 10.45 &#8211; Pelon linnassa &#8211; I <strong>R\u00e4dslans<\/strong> slott<\/strong> M\u00e4kel\u00e4nm\u00e4en koulu, Muurame<br><strong><strong>On. 29.10<\/strong> kl. 11.45 &#8211; <strong>Pelon linnassa &#8211; I <strong>R\u00e4dslans<\/strong> slott<\/strong><\/strong> M\u00e4kel\u00e4nm\u00e4en koulu, Muurame<br><strong>To. 30.10 kl.  &#8211; Milles nya v\u00e4n &#8211; Millen uusi yst\u00e4v\u00e4<\/strong> Kinkomaan koulu, Muurame<br><strong><strong><strong>To. 30.10<\/strong><\/strong> kl.  &#8211; Pelon linnassa &#8211; I <strong>R\u00e4dslans<\/strong> slott<\/strong> Kinkomaan koulu, Muurame<br><strong><strong><strong>To. 30.10<\/strong><\/strong> kl.  &#8211; <strong>Pelon linnassa &#8211; i <strong>R\u00e4dslans<\/strong> slott<\/strong><\/strong> Kinkomaan koulu, Muurame<br><strong>Fr. 31.10 kl.  &#8211; Milles nya v\u00e4n &#8211; Millen uusi yst\u00e4v\u00e4<\/strong> Isolahden koulu, Muurame <br><strong><strong><strong>Fr. 31.10<\/strong><\/strong> kl.  &#8211; Pelon linnassa &#8211; I <strong>R\u00e4dslans<\/strong> slott<\/strong> Isolahden koulu, Muurame <br><strong><strong><strong>Fr. 31.10<\/strong><\/strong> kl.  &#8211; <strong>Pelon linnassa &#8211; I <strong>R\u00e4dslans<\/strong> slott<\/strong><\/strong> Isolahden koulu, Muurame<br><strong>Ti. 4.11 kl. 9.30 &#8211; Apan Anders laulaa kahdella kielell\u00e4<\/strong> Pohjoismaisen yhten\u00e4iskoulu, Helsingfors<br><strong>On. 5.11 kl. 10 &#8211; Apan Anders laulaa kahdella kielell\u00e4<\/strong> Pihkapuiston peruskoulu, Helsingfors<br><strong>Fr. 14.11 kl. 17.30 &#8211; <strong>Pettson och Findus firar jul<\/strong><\/strong> Timantti-teatteri i Barnkulturcentret F\u00e4ri, \u00c5bo<br><strong>Fr. 14.11 kl. 18.30 &#8211; <strong>Pettson och Findus firar jul<\/strong><\/strong> Timantti-teatteri i Barnkulturcentret F\u00e4ri, \u00c5bo<br><strong>L\u00f6. 15.11 kl. 11 &#8211; <strong>Pettson och Findus firar jul<\/strong><\/strong> Piugs kultursal, Pargas<br><strong>L\u00f6. 15.11 kl. 17 &#8211; <strong>Pettson och Findus firar jul<\/strong><\/strong> Villa Lande, Kimito<br><strong>On. 19.11 kl. 18 &#8211; <strong>Pettson och Findus firar jul<\/strong><\/strong> Lagstads skola, Esbo<br><strong>To. 20.11 kl. 9.30 &#8211; <strong>Pettson och Findus firar jul<\/strong><\/strong> Daghemmet Marias Asyl, Helsingfors <br><strong>To. 20.11 kl. 18 &#8211; <strong>Pettson och Findus firar jul<\/strong><\/strong> Topeliussalen, Sibbo<br><strong>To. 20.11 kl. 9.30 &#8211; Apan Anders laulaa kahdella kielell\u00e4<\/strong> Puistopolun peruskoulu, Helsingfors<br><strong>Fr. 21.11 kl. 9.30 &#8211; <strong>Pettson och Findus firar jul<\/strong><\/strong> \u00d6stersundom skola, Helsingfors<br><strong>Fr. 21.11 kl. 18 &#8211; <strong>Pettson och Findus firar jul<\/strong><\/strong> \u00d6vidsborg, Kyrksl\u00e4tt<br><strong>Fr. 21.11 kl. 9.30 &#8211; Apan Anders laulaa kahdella kielell\u00e4<\/strong> Pasilan peruskoulu, Helsingfors<br><strong>L\u00f6. 22.11 kl. 15 &#8211; <strong>Pettson och Findus firar jul<\/strong><\/strong> Furuborg, Ing\u00e5 <br><strong>On. 26.11 kl. 10 &#8211; <strong>Pettson och Findus firar jul<\/strong><\/strong> Malms kulturhus, Helsingfors<br><strong>On. 26.11 kl. 9 &#8211; Apan Anders laulaa kahdella kielell\u00e4<\/strong> Hakarinteen koulu, Eken\u00e4s<br><strong>On. 26.11 kl. 10 &#8211; Apan Anders laulaa kahdella kielell\u00e4<\/strong> Hakarinteen koulu, Eken\u00e4s<br><strong>To. 27.11 kl. 9.15 &#8211; <strong>Pettson och Findus firar jul<\/strong><\/strong> Jungsborg, Karleby<br><strong>To. 27.11 kl. 10.30 &#8211; <strong>Pettson och Findus firar jul<\/strong><\/strong> Jungsborg, Karleby<br><strong>To. 27.11 kl. 18 &#8211; <strong>Pettson och Findus firar jul<\/strong><\/strong> Svenska G\u00e5rden, Jakobstad<br><strong>To. 27.11 kl. 9 &#8211; Apan Anders laulaa kahdella kielell\u00e4<\/strong> Veikkolan koulu, Kyrksl\u00e4tt<br><strong>To. 27.11 kl. 11 &#8211; Apan Anders laulaa kahdella kielell\u00e4<\/strong> Veikkolan koulu, Kyrksl\u00e4tt<br><strong>Fr. 28.11 kl. 9.30 &#8211; <strong>Pettson och Findus firar jul<\/strong><\/strong> Koskeby skola, V\u00f6r\u00e5<br><strong>Fr. 28.11 kl. 18 &#8211; <strong>Pettson och Findus firar jul<\/strong><\/strong> Skolan, Nedervetil<br><strong>L\u00f6. 29.11 kl. 10.30 &#8211; <strong>Pettson och Findus firar jul<\/strong><\/strong> <strong>OBS, SPELAS I SCALA<\/strong>, Nykarleby<br><strong>L\u00f6. 29.11 kl. 15 &#8211; <strong>Pettson och Findus firar jul<\/strong><\/strong> Samlingshuset, Lepplax<br><strong>S\u00f6. 30.11 kl. 13 &#8211; <strong>Pettson och Findus firar jul<\/strong><\/strong> Ritz, Vasa<br><strong>S\u00f6. 30.11 kl. 14.30 &#8211; <strong>Pettson och Findus firar jul<\/strong><\/strong> Ritz, Vasa<br><strong>S\u00f6. 30.11 kl. 16 &#8211; <strong>Pettson och Findus firar jul<\/strong><\/strong> Ritz, Vasa<br><strong>M\u00e5. 1.12 kl. 9.30 &#8211; <strong>Pettson och Findus firar jul<\/strong><\/strong> Biblioteket, Korsn\u00e4s<br><strong>M\u00e5. 1.12 kl. 18 &#8211; <strong>Pettson och Findus firar jul<\/strong><\/strong> Frans Henrikson-salen, N\u00e4rpes<br><strong>Ti. 2.12 kl. 18 &#8211; <strong>Pettson och Findus firar jul<\/strong><\/strong> Skaftung UF, Kristinestad<br><strong>Ti. 2.12 kl. 9 &#8211; Apan Anders laulaa kahdella kielell\u00e4<\/strong> Lintuviidan koulu, Sein\u00e4joki<br><strong>Ti. 2.12 kl. 10 &#8211; Apan Anders laulaa kahdella kielell\u00e4<\/strong> Lintuviidan koulu, Sein\u00e4joki<br><strong>On. 3.12 kl. 18 &#8211; <strong>Pettson och Findus firar jul<\/strong><\/strong> Nordhuset, Helsingfors<br><strong>On. 3.12 kl. &#8211; Apan Anders laulaa kahdella kielell\u00e4<\/strong> Tikkuvuoren p\u00e4iv\u00e4koti, Sein\u00e4joki<br><strong>On. 3.12 kl. &#8211; Apan Anders laulaa kahdella kielell\u00e4<\/strong> Tikkuvuoren p\u00e4iv\u00e4koti, Sein\u00e4joki<br><strong>To. 4.12 kl. 10 &#8211; <strong>Pettson och Findus firar jul<\/strong><\/strong> Gamlasg\u00e5rden, Helsingfors<br><strong>To. 4.12 kl. 18 &#8211; <strong>Pettson och Findus firar jul<\/strong><\/strong> Karelia, Eken\u00e4s<br><strong>To. 4.12 kl. 9 &#8211; Apan Anders laulaa kahdella kielell\u00e4<\/strong> Isokyl\u00e4n koulu, Karleby<br><strong>To. 4.12 kl. 10 &#8211; Apan Anders laulaa kahdella kielell\u00e4<\/strong> Isokyl\u00e4n koulu, Karleby<br><strong>S\u00f6. 7.12 kl. 13.30 &#8211; <strong>Pettson och Findus firar jul<\/strong><\/strong> Grand, Borg\u00e5<br><strong>S\u00f6. 7.12 kl. 15 &#8211; <strong>Pettson och Findus firar jul<\/strong><\/strong> Grand, Borg\u00e5<br><strong>S\u00f6. 7.12 kl. 16.30 &#8211; <strong>Pettson och Findus firar jul<\/strong><\/strong> Grand, Borg\u00e5<br><strong>M\u00e5. 8.12 kl. 9 &#8211; Apan Anders laulaa kahdella kielell\u00e4<\/strong> Merimaskun koulu, N\u00e5dendal<br><strong>M\u00e5. 8.12 kl. 10 &#8211; Apan Anders laulaa kahdella kielell\u00e4<\/strong> Merimaskun koulu, N\u00e5dendal<br><strong>Ti. 9.12 kl. 9.30 &#8211; <strong>Pettson och Findus firar jul<\/strong><\/strong> Daghemmet Pilten, Helsingfors<br><strong>Ti. 9.12 kl. 18 &#8211; <strong>Pettson och Findus firar jul<\/strong><\/strong> Kulturhuset Fernissan &#8211; Vernissa, Vanda<br><strong>Ti. 9.12 kl. 9 &#8211; Apan Anders laulaa kahdella kielell\u00e4<\/strong> Luonnonmaan koulu, N\u00e5dendal<br><strong>Ti. 9.12 kl. 10 &#8211; Apan Anders laulaa kahdella kielell\u00e4<\/strong> Luonnonmaan koulu, N\u00e5dendal<br><strong>On. 10.12 kl. 10 &#8211; <strong>Pettson och Findus firar jul<\/strong><\/strong> M\u00e5nsasg\u00e5rden, Helsingfors<br><strong>On. 10.12 kl. 18 &#8211; <strong>Pettson och Findus firar jul<\/strong><\/strong> TryckeriTeatern, Karis<br><strong>On. 10.12 kl. 9 &#8211; Apan Anders laulaa kahdella kielell\u00e4<\/strong> Karvetin koulu, N\u00e5dendal<br><strong>On. 10.12 kl. 10 &#8211; Apan Anders laulaa kahdella kielell\u00e4<\/strong> Karvetin koulu, N\u00e5dendal<br><strong>To. 11.12 kl. 9.30 &#8211; <strong>Pettson och Findus firar jul<\/strong><\/strong> Bromarv daghem och skola<br><strong>To. 11.12 kl. 18 &#8211; <strong>Pettson och Findus firar jul<\/strong><\/strong> Nya Paviljongen, Grankulla<br><strong>To. 11.12 kl. 8.30 &#8211; Apan Anders laulaa kahdella kielell\u00e4<\/strong> Kuparivuoren koulu, N\u00e5dendal<br><strong>To. 11.12 kl. 9.30 &#8211; Apan Anders laulaa kahdella kielell\u00e4<\/strong> Kuparivuoren koulu, N\u00e5dendal<br><strong>L\u00f6. 13.12 kl. 14 &#8211; <strong>Pettson och Findus firar jul<\/strong><\/strong> Vind\u00e4ngen-salen, Esbo<br><strong>L\u00f6. 13.12 kl. 16 &#8211; <strong>Pettson och Findus firar jul<\/strong><\/strong> Vind\u00e4ngen-salen, Esbo<br><strong>M\u00e5. 15.12 kl. 9.30 &#8211; <strong>Pettson och Findus firar jul<\/strong><\/strong> Daghemmet Lilla Alexis, Sjunde\u00e5<br><strong>M\u00e5. 15.12 kl. 15 &#8211; <strong>Pettson och Findus firar jul<\/strong><\/strong> Daghemmet Bullerbybarnen, Sjunde\u00e5<br><strong>Ti. 16.12 kl. 9.30 &#8211; <strong>Pettson och Findus firar jul<\/strong><\/strong> V\u00e4stersundom skola, Vanda<\/p>\n\n\n\n<p class=\" eplus-wrapper\"><\/p>\n<\/div><\/div><\/div>\n\n\n\n<div class=\"wp-block-ep-toggle-item ep_toggle_item_wrapper__7d47c333-e57f-4bf8-bc39-a18f37e21dd2 undefined\"><div class=\"ep_toggle_item_wrapper\"><div class=\"ep_toggle_item_title\"><span>2024<\/span><span class=\"ep_toggles_icon eplusicon-plus1\" data-icon=\"eplusicon-plus1\" data-activeicon=\"eplusicon-minus1\"><\/span><\/div><div class=\"ep_toggle_item_content\">\n<p class=\" eplus-wrapper\"><strong>M\u00e5. 22.1 kl. 9 &#8211; Milles nya v\u00e4n &#8211; Millen uusi yst\u00e4v\u00e4 <\/strong>Pujonsarven koulu, Kuopio <br><strong>M\u00e5. 22.1 kl. 10 &#8211; Jag vill dansa! <\/strong>Pujonsarven koulu, Kuopio<br><strong>M\u00e5. 22.1 kl. 12.15 &#8211; Vet ni det? <\/strong>Pujonsarven koulu, Kuopio<br><strong>Ti. 23.1 kl. 8.50 &#8211; Milles nya v\u00e4n &#8211; Millen uusi yst\u00e4v\u00e4 <\/strong>Haapaniemen koulu, Kuopio<br><strong>Ti. 23.1 kl. 10 &#8211; Jag vill dansa! <\/strong>Haapaniemen koulu, Kuopio<br><strong>Ti. 23.1 kl. 11.15 &#8211; Vet ni det? <\/strong>Haapaniemen koulu, Kuopio<br><strong>On. 24.1 kl. 8.45 &#8211; Milles nya v\u00e4n &#8211; Millen uusi yst\u00e4v\u00e4 <\/strong>L\u00e4nsi-Puijon koulu, Kuopio<br><strong>On. 24.1 kl. 10 &#8211; Jag vill dansa! <\/strong>L\u00e4nsi-Puijon koulu, Kuopio<br><strong>On. 24.1 kl. 12.15 &#8211; Vet ni det? <\/strong>L\u00e4nsi-Puijon koulu, Kuopio<br><strong>To. 25.1 kl. 9.20 &#8211; Milles nya v\u00e4n &#8211; Millen uusi yst\u00e4v\u00e4 <\/strong>Rajalan koulu, Kuopio<br><strong>To. 25.1 kl. 10.15 &#8211; Jag vill dansa! <\/strong>Rajalan koulu, Kuopio<br><strong>To. 25.1 kl. 11.30 &#8211; Vet ni det? <\/strong>Rajalan koulu, Kuopio<br><strong>Fr. 26.1 kl. 9.15 &#8211; Milles nya v\u00e4n &#8211; Millen uusi yst\u00e4v\u00e4 <\/strong>Otavan koulu, St.Michel<br><strong>Fr. 26.1 kl. 10.15 &#8211; Jag vill dansa! <\/strong>Otavan koulu, Mikkeli<br><strong>Fr. 26.1 kl. 11.45 &#8211; Vet ni det? <\/strong>Otavan koulu, Mikkeli<br><strong>M\u00e5. 29.1 kl. 9 &#8211; Milles nya v\u00e4n &#8211; Millen uusi yst\u00e4v\u00e4 <\/strong>Uomarinteen koulu, Vanda<br><strong>M\u00e5. 29.1 kl. 10.30 &#8211; Jag vill dansa! <\/strong>Uomarinteen koulu, Vanda<br><strong>M\u00e5. 29.1 kl. 11.30 &#8211; Vet ni det? <\/strong>Uomarinteen koulu, Vanda<br><strong>Ti. 30.1 kl. 9 &#8211; Milles nya v\u00e4n &#8211; Millen uusi yst\u00e4v\u00e4 <\/strong>Uomarinteen koulu, Vanda<br><strong>Ti. 30.1 kl. 10.30 &#8211; Jag vill dansa! <\/strong>Uomarinteen koulu, Vanda<br><strong>Ti. 30.1 kl. 11.30 &#8211; Vet ni det? <\/strong>Uomarinteen koulu, Vanda<br><strong>On. 31.1 kl. &#8211; Milles nya v\u00e4n &#8211; Millen uusi yst\u00e4v\u00e4 <\/strong>Seutulan koulu, Vanda<br><strong>On. 31.1 kl. &#8211; Jag vill dansa! <\/strong>Seutulan koulu, Vanda<br><strong>On. 31.1 kl. &#8211; Vet ni det? <\/strong>Seutulan koulu, Vanda<br><strong>To. 1.2 kl. 9 &#8211; Milles nya v\u00e4n &#8211; Millen uusi yst\u00e4v\u00e4 <\/strong>P\u00e4iv\u00e4kummun koulu, Vanda <br><strong>To. <strong>1.2<\/strong> kl. 10.15 &#8211; Jag vill dansa! <\/strong>P\u00e4iv\u00e4kummun koulu, Vanda<br><strong>To. <strong>1.2<\/strong> kl. 11.30 &#8211; Vet ni det? <\/strong>P\u00e4iv\u00e4kummun koulu, Vanda<br><strong>Fr. 2.2 kl. 9 &#8211; Rosa Indigo <\/strong>Svenska barntr\u00e4dg\u00e5rden och skolan, Bj\u00f6rneborg<br><strong>Fr. 2.2 kl. 10 &#8211; Rosa Indigo <\/strong>Svenska barntr\u00e4dg\u00e5rden och skolan, Bj\u00f6rneborg<br><strong>M\u00e5. 5.2 kl. 9.30 &#8211; Rosa Indigo p\u00e5 J\u00e4ttekiva-fest<\/strong> Grand, Borg\u00e5<br><strong>Ti. 6.2 kl. 9.30 &#8211; Rosa Indigo p\u00e5 J\u00e4ttekiva-fest<\/strong> Svenska skolan, Tammerfors<br><strong>On. 7.2 kl. 9.15 &#8211; Rosa Indigo<\/strong> Schaumansalen, Jakobstad<br><strong>On. 7.2 kl. 10.15 &#8211; Rosa Indigo<\/strong> Schaumansalen, Jakobstad<br><strong>On. 7.2 kl. 9.30 &#8211; Findus flyttar ut<\/strong> Kyrkfj\u00e4rdens skola, Ing\u00e5<br><strong>To. 8.2 kl. 9.15 &#8211; Rosa Indigo<\/strong> Schaumansalen, Jakobstad<br><strong>To. 8.2 kl. 10.15 &#8211; Rosa Indigo<\/strong> Schaumansalen, Jakobstad<br><strong>To. 8.2 kl. 9.30 &#8211; Findus flyttar ut<\/strong> Finno daghem, Esbo<br><strong>To. 8.2 kl. 18 &#8211; Findus flyttar ut<\/strong> Tryckeriteatern, Karis<br><strong>Fr. 9.2 kl. 9.30 &#8211; Rosa Indigo<\/strong> Karleby, Svenska daghemmet<br><strong>Fr. 9.2 kl. 12.30 &#8211; Rosa Indigo<\/strong> Karleby, \u00d6ja f\u00f6rskola &amp; eftis<br><strong>Fr. 9.2 kl. 18 &#8211; Findus flyttar ut<\/strong> Tryckeriteatern, Karis<br><strong>L\u00f6. 10.2 kl. 14 &#8211; Findus flyttar ut<\/strong> Vind\u00e4ngen-salen, Esbo<br><strong>M\u00e5. 12.2 kl. 9 &#8211; Milles nya v\u00e4n &#8211; Millen uusi yst\u00e4v\u00e4 <\/strong>Ollikkalan koulu, Salo<br><strong>M\u00e5. 12.2 kl. 10 &#8211; Jag vill dansa! <\/strong>Ollikkalan koulu, Salo<br><strong>M\u00e5. 12.2 kl. 11 &#8211; Vet ni det? <\/strong>Ollikkalan koulu, Salo<br><strong>To. 15.2 kl. 9 &#8211; Milles nya v\u00e4n &#8211; Millen uusi yst\u00e4v\u00e4 <\/strong>Kirkonkyl\u00e4n koulu, Laihia<br><strong>To. 15.2 kl. 10 &#8211; Jag vill dansa! <\/strong>Kirkonkyl\u00e4n koulu, Laihia<br><strong>To. 15.2 kl. 11 &#8211; Vet ni det?<\/strong> Kirkonkyl\u00e4n koulu, Laihia<br><strong>To. 15.2 kl. 9.30 &#8211; Findus flyttar ut<\/strong> Gamlasg\u00e5rden, Helsingfors<br><strong>Fr. 16.2 kl. 9 &#8211; Vet ni det?<\/strong> Keskustan koulu, Eurajoki<br><strong>Fr. 16.2 kl. 10.15 &#8211; Milles nya v\u00e4n &#8211; Millen uusi yst\u00e4v\u00e4 <\/strong>Keskustan koulu, Eurajoki<br><strong>Fr. 16.2 kl. 11.15 &#8211; Jag vill dansa! <\/strong>Keskustan koulu, Eurajoki<br><strong>Fr. 16.2 kl. 10 &#8211; Findus flyttar ut<\/strong> Rastis, Helsingfors<br><strong>M\u00e5. 26.2 kl. 9 &#8211; Milles nya v\u00e4n &#8211; Millen uusi yst\u00e4v\u00e4 <\/strong>Keskustan alakoulu, Harjavalta<br><strong>M\u00e5. 26.2 kl. 10 &#8211; Jag vill dansa! <\/strong>Keskustan alakoulu, Harjavalta<br><strong>M\u00e5. 26.2 kl. 11.20 &#8211; Vet ni det?<\/strong> Keskustan alakoulu, Harjavalta<br><strong>Ti. 27.2 kl. 9 &#8211; Milles nya v\u00e4n &#8211; Millen uusi yst\u00e4v\u00e4 <\/strong>Kerttulan koulu, Reso<br><strong>Ti. 27.2 kl. 10 &#8211; Jag vill dansa! <\/strong>Kerttulan koulu, Reso<br><strong>Ti. 27.2 kl. 11 &#8211; Vet ni det?<\/strong> Kerttulan koulu, Reso<br><strong>On. 28.2 kl. 10.10 &#8211; Milles nya v\u00e4n &#8211; Millen uusi yst\u00e4v\u00e4 <\/strong>Topeliuksen koulu, \u00c5bo<br><strong>On. 28.2 kl. 11.20 &#8211; Jag vill dansa! <\/strong>Topeliuksen koulu, \u00c5bo<br><strong>On. 28.2 kl. 12.20 &#8211; Vet ni det?<\/strong> Topeliuksen koulu, \u00c5bo<br><strong>M\u00e5. 4.3 kl. 9 &#8211; Milles nya v\u00e4n &#8211; Millen uusi yst\u00e4v\u00e4 <\/strong>Kariston koulu, Lahtis <br><strong>M\u00e5. 4.3 kl. 10 &#8211; Jag vill dansa! <\/strong>Kariston koulu, Lahtis<br><strong>M\u00e5. 4.3 kl. 11 &#8211; Vet ni det? <\/strong>Kariston koulu, Lahtis<br><strong>Ti. 5.3 kl. 9 &#8211; Milles nya v\u00e4n &#8211; Millen uusi yst\u00e4v\u00e4 <\/strong>Myllym\u00e4en koulu, Tavastehus-H\u00e4meenlinna<br><strong>Ti. 5.3 kl. 11 &#8211; Jag vill dansa! <\/strong>Myllym\u00e4en koulu, Tavastehus-H\u00e4meenlinna<br><strong>Ti. 5.3 kl. 12 &#8211; Vet ni det? <\/strong>Myllym\u00e4en koulu, Tavastehus-H\u00e4meenlinna<br><strong>Ti. 5.3 kl. 9.15 &#8211; Apan Anders<\/strong> Labyrintens daghem, Karis<br><strong>Ti. 5.3 kl. 10.15 &#8211; Apan Anders<\/strong> Labyrintens daghem, Karis<br><strong>On. 6.3 kl.  &#8211; Milles nya v\u00e4n &#8211; Millen uusi yst\u00e4v\u00e4 <\/strong>Seminaarin koulu, Tavastehus-H\u00e4meenlinna<br><strong>On. 6.3 kl.  &#8211; Jag vill dansa! <\/strong>Seminaarin koulu, Tavastehus-H\u00e4meenlinna<br><strong>On. 6.3 kl.  &#8211; Vet ni det? <\/strong>Seminaarin koulu, Tavastehus-H\u00e4meenlinna<br><strong>On. 6.3 kl. 9 &#8211; Apan Anders laulaa kahdella kielell\u00e4 <\/strong>P\u00e4iv\u00e4koti Koskela, Helsingfors<br><strong>On. 6.3 kl. 10 &#8211; Apan Anders laulaa kahdella kielell\u00e4 <\/strong>P\u00e4iv\u00e4koti Koskela, Helsingfors<br><strong>To. 7.3 kl.  &#8211; Milles nya v\u00e4n &#8211; Millen uusi yst\u00e4v\u00e4 <\/strong>Seminaarin koulu, Tavastehus-H\u00e4meenlinna<br><strong>To. 7.3 kl.  &#8211; Jag vill dansa! <\/strong>Seminaarin koulu, Tavastehus-H\u00e4meenlinna<br><strong>To. 7.3 kl.  &#8211; Vet ni det? <\/strong>Seminaarin koulu, Tavastehus-H\u00e4meenlinna<br><strong>To. 7.3 kl. 9 &#8211; Apan Anders laulaa kahdella kielell\u00e4 <\/strong>P\u00e4iv\u00e4koti Fredriksberg, Helsingfors<br><strong>To. 7.3 kl. 10 &#8211; Apan Anders laulaa kahdella kielell\u00e4 <\/strong>P\u00e4iv\u00e4koti Fredriksberg, Helsingfors<br><strong>Fr. 8.3 kl. 9.10 &#8211; Milles nya v\u00e4n &#8211; Millen uusi yst\u00e4v\u00e4 <\/strong>Kasakkam\u00e4en koulu, Lahtis<br><strong>Fr. 8.3 kl. 10.20 &#8211; Jag vill dansa! <\/strong>Kasakkam\u00e4en koulu, Lahtis<br><strong>Fr. 8.3 kl. 11.15 &#8211; Vet ni det? <\/strong>Kasakkam\u00e4en koulu, Lahtis<br><strong>Fr. 8.3 kl. 9.30 &#8211; Apan Anders <\/strong>, St. Karins svenska daghem<br><strong>M\u00e5. 4.3 kl. 9 &#8211; Milles nya v\u00e4n &#8211; Millen uusi yst\u00e4v\u00e4 <\/strong>Kariston koulu, Lahtis <br><strong>M\u00e5. 4.3 kl. 10 &#8211; Jag vill dansa! <\/strong>Kariston koulu, Lahtis<br><strong>M\u00e5. 4.3 kl. 11 &#8211; Vet ni det? <\/strong>Kariston koulu, Lahtis<br><strong>Ti. 5.3 kl. 9 &#8211; Milles nya v\u00e4n &#8211; Millen uusi yst\u00e4v\u00e4 <\/strong>Myllym\u00e4en koulu, Tavastehus-H\u00e4meenlinna<br><strong>Ti. 5.3 kl. 11 &#8211; Jag vill dansa! <\/strong>Myllym\u00e4en koulu, Tavastehus-H\u00e4meenlinna<br><strong>Ti. 5.3 kl. 12 &#8211; Vet ni det? <\/strong>Myllym\u00e4en koulu, Tavastehus-H\u00e4meenlinna<br><strong>Ti. 5.3 kl. 9.15 &#8211; Apan Anders<\/strong> Labyrintens daghem, Karis<br><strong>Ti. 5.3 kl. 10.15 &#8211; Apan Anders<\/strong> Labyrintens daghem, Karis<br><strong>On. 6.3 kl.  &#8211; Milles nya v\u00e4n &#8211; Millen uusi yst\u00e4v\u00e4 <\/strong>Seminaarin koulu, Tavastehus-H\u00e4meenlinna<br><strong>On. 6.3 kl.  &#8211; Jag vill dansa! <\/strong>Seminaarin koulu, Tavastehus-H\u00e4meenlinna<br><strong>On. 6.3 kl.  &#8211; Vet ni det? <\/strong>Seminaarin koulu, Tavastehus-H\u00e4meenlinna<br><strong>On. 6.3 kl. 9 &#8211; Apan Anders laulaa kahdella kielell\u00e4 <\/strong>P\u00e4iv\u00e4koti Koskela, Helsingfors<br><strong>On. 6.3 kl. 10 &#8211; Apan Anders laulaa kahdella kielell\u00e4 <\/strong>P\u00e4iv\u00e4koti Koskela, Helsingfors<br><strong>To. 7.3 kl.  &#8211; Milles nya v\u00e4n &#8211; Millen uusi yst\u00e4v\u00e4 <\/strong>Seminaarin koulu, Tavastehus-H\u00e4meenlinna<br><strong>To. 7.3 kl.  &#8211; Jag vill dansa! <\/strong>Seminaarin koulu, Tavastehus-H\u00e4meenlinna<br><strong>To. 7.3 kl.  &#8211; Vet ni det? <\/strong>Seminaarin koulu, Tavastehus-H\u00e4meenlinna<br><strong>To. 7.3 kl. 9 &#8211; Apan Anders laulaa kahdella kielell\u00e4 <\/strong>P\u00e4iv\u00e4koti Fredriksberg, Helsingfors<br><strong>To. 7.3 kl. 10 &#8211; Apan Anders laulaa kahdella kielell\u00e4 <\/strong>P\u00e4iv\u00e4koti Fredriksberg, Helsingfors<br><strong>Fr. 8.3 kl. 9.10 &#8211; Milles nya v\u00e4n &#8211; Millen uusi yst\u00e4v\u00e4 <\/strong>Kasakkam\u00e4en koulu, Lahtis<br><strong>Fr. 8.3 kl. 10.20 &#8211; Jag vill dansa! <\/strong>Kasakkam\u00e4en koulu, Lahtis<br><strong>Fr. 8.3 kl. 11.15 &#8211; Vet ni det? <\/strong>Kasakkam\u00e4en koulu, Lahtis<br><strong>Fr. 8.3 kl. 9.30 &#8211; Apan Anders <\/strong>, St. Karins svenska daghem<br><strong>M\u00e5. 11.3 kl. 9.30 &#8211; Milles nya v\u00e4n &#8211; Millen uusi yst\u00e4v\u00e4 <\/strong>Katajanokan ala-asteenkoulu, Helsingfors<br><strong>M\u00e5. 11.3 kl. 10.30 &#8211; Jag vill dansa! <\/strong>Katajanokan ala-asteenkoulu, Helsingfors<br><strong>M\u00e5. 11.3 kl. 11.30 &#8211; Vet ni det? <\/strong>Katajanokan ala-asteenkoulu, Helsingfors<br><strong>Ti. 12.3 kl.  9.10 &#8211; Milles nya v\u00e4n &#8211; Millen uusi yst\u00e4v\u00e4 <\/strong>Puistolan peruskoulu, Helsingfors<br><strong>Ti. 12.3 kl.  10.10 &#8211; Jag vill dansa! <\/strong>Puistolan peruskoulu, Helsingfors<br><strong>Ti. 12.3 kl.  11.10 &#8211; Vet ni det? <\/strong>Puistolan peruskoulu, Helsingfors<br><strong>On. 13.3 kl. 9.20 &#8211; Milles nya v\u00e4n &#8211; Millen uusi yst\u00e4v\u00e4 <\/strong>Ruoholahden koulu, Helsingfors<br><strong>On. 13.3 kl. 10.45 &#8211; Vet ni det? <\/strong>Ruoholahden koulu, Helsingfors<br><strong>On. 13.3 kl. 12.45 &#8211; Jag vill dansa! <\/strong>Ruoholahden koulu, Helsingfors<br><strong><strong>To. 14.3 kl. 10.20 &#8211; Jag vill dansa! <\/strong>Ruoholahden koulu, Helsingfors<\/strong><br><strong>To. 14.3 kl. 11.20 &#8211; Milles nya v\u00e4n &#8211; Millen uusi yst\u00e4v\u00e4 <\/strong>Ruoholahden koulu, Helsingfors<br><strong>To. 14.3 kl. 12.40 &#8211; Vet ni det? <\/strong>Ruoholahden koulu, Helsingfors<br><strong>Fr. 15.3 kl.  9.20 &#8211; Milles nya v\u00e4n &#8211; Millen uusi yst\u00e4v\u00e4 <\/strong>Vesalan peruskoulu, Helsingfors<br><strong>Fr. 15.3 kl.  10.20 &#8211; Vet ni det? <\/strong>Vesalan peruskoulu, Helsingfors<br><strong>Fr. 15.3 kl. 12.45 &#8211; Jag vill dansa! <\/strong>Vesalan peruskoulu, Helsingfors<br><strong>Ti. 19.3 kl. 9.20 &#8211; Rosa Indigo<\/strong>, Piug, Pargas FLYTTAS PGA. SJUKDOM<br><strong>Ti. 19.3 kl. 10.20 &#8211; Rosa Indigo<\/strong>, Piug, Pargas FLYTTAS PGA. SJUKDOM<br><strong>On. 20.3 kl. 9.20 &#8211; Rosa Indigo<\/strong>, Piug, Pargas FLYTTAS PGA. SJUKDOM<br><strong>On. 20.3 kl. 10.20 &#8211; Rosa Indigo<\/strong>, Piug, Pargas FLYTTAS PGA. SJUKDOM<br><strong>To. 21.3 kl. 8.30 &#8211; Rosa Indigo<\/strong>, Sirkkala skola, \u00c5bo<br><strong>To. 21.3 kl. 9.30 &#8211; Rosa Indigo<\/strong>, Sirkkala skola, \u00c5bo<br><strong>Fr. 21.3 kl. 9 &#8211; Rosa Indigo<\/strong>, St. Karins svenska skola<br><strong>Fr. 21.3 kl. 10 &#8211; Rosa Indigo<\/strong>, St. Karins svenska skola<br><strong>M\u00e5. 8.4 kl. 9.10 &#8211; Milles nya v\u00e4n &#8211; Millen uusi yst\u00e4v\u00e4 <\/strong>Anttolan yhten\u00e4iskoulu, St.Michel <br><strong>M\u00e5. 8.4 kl. 10.10 &#8211; Jag vill dansa! <\/strong>Anttolan yhten\u00e4iskoulu, St.Michel<br><strong>M\u00e5. 8.4 kl. 11.30 &#8211; Vet ni det? <\/strong>Anttolan yhten\u00e4iskoulu, St.Michel<br><strong>Ti. 9.4 kl. 9 &#8211; Milles nya v\u00e4n &#8211; Millen uusi yst\u00e4v\u00e4 <\/strong>Keltinm\u00e4en koulu, Jyv\u00e4skyl\u00e4<br><strong>Ti.9.4 kl. 10 &#8211; Jag vill dansa! <\/strong>Keltinm\u00e4en koulu, Jyv\u00e4skyl\u00e4<br><strong>Ti. 9.4 kl. 12.20 &#8211; Vet ni det? <\/strong>Keltinm\u00e4en koulu, Jyv\u00e4skyl\u00e4<br><strong>On. 10.4 kl. 9.15 &#8211; Milles nya v\u00e4n &#8211; Millen uusi yst\u00e4v\u00e4 <\/strong>Kyp\u00e4r\u00e4m\u00e4en koulu, Jyv\u00e4skyl\u00e4<br><strong>On. 10.4 kl. 10.15 &#8211; Jag vill dansa! <\/strong>Kyp\u00e4r\u00e4m\u00e4en koulu, Jyv\u00e4skyl\u00e4<br><strong>On. 10.4 kl. 11.15 &#8211; Vet ni det? <\/strong>Kyp\u00e4r\u00e4m\u00e4en koulu, Jyv\u00e4skyl\u00e4<br><strong><strong>To. 11.4 kl. 9.30- Jag vill dansa! <\/strong><\/strong>Tikan koulu, Jyv\u00e4skyl\u00e4<br><strong>To. 11.4 kl. 10.30 &#8211; Milles nya v\u00e4n &#8211; Millen uusi yst\u00e4v\u00e4 <\/strong>Tikan koulu, Jyv\u00e4skyl\u00e4<br><strong>To. 11.4 kl. 11.30 &#8211; Vet ni det? <\/strong>Tikan koulu, Jyv\u00e4skyl\u00e4<br><strong>Fr. 12.4 kl. 9 &#8211; Milles nya v\u00e4n &#8211; Millen uusi yst\u00e4v\u00e4<\/strong> Jokelan kuoulu, Palokka, Jyv\u00e4skyl\u00e4 <br><strong>Fr. 12.4 kl. 10.10 &#8211; Vet ni det? <\/strong>Jokelan kuoulu, Palokka, Jyv\u00e4skyl\u00e4<br><strong>Fr. 12.4 kl. 11.05 &#8211; Jag vill dansa! <\/strong>Jokelan kuoulu, Palokka, Jyv\u00e4skyl\u00e4<br><strong>M\u00e5. 15.4 kl. 9.10 &#8211; Milles nya v\u00e4n &#8211; Millen uusi yst\u00e4v\u00e4 <\/strong>Onkilahden yhten\u00e4iskoulu, Vasa<br><strong>M\u00e5. 15.4 kl. 10.10 &#8211; Jag vill dansa! <\/strong>Onkilahden yhten\u00e4iskoulu, Vasa<br><strong>M\u00e5. 15.4 kl. 11.10 &#8211; Vet ni det? <\/strong>Onkilahden yhten\u00e4iskoulu, Vasa<br><strong>Ti. 16.4 kl. 9 &#8211; Milles nya v\u00e4n &#8211; Millen uusi yst\u00e4v\u00e4 <\/strong>L\u00e4nsimets\u00e4n koulu, Vasa<br><strong>Ti. 16.4 kl. 10 &#8211; Jag vill dansa! <\/strong>L\u00e4nsimets\u00e4n koulu, Vasa<br><strong>Ti. 16.4 kl. 11.15 &#8211; Vet ni det? <\/strong>L\u00e4nsimets\u00e4n koulu, Vasa<br><strong>On. 17.4 kl. 9 &#8211; Jag vill dansa! <\/strong>Torkinm\u00e4en koulu, Karleby<br><strong>On. 17.4 kl. 9.55 &#8211; Milles nya v\u00e4n &#8211; Millen uusi yst\u00e4v\u00e4 <\/strong>Torkinm\u00e4en koulu, Karleby<br><strong>On. 17.4 kl. 10.50 &#8211; Vet ni det? <\/strong>Torkinm\u00e4en koulu, Karleby<br><strong><strong>To. 18.4 kl. 10 &#8211; Jag vill dansa! <\/strong><\/strong>Hollihaan koulu, Karleby<br><strong>To. 18.4 kl. 11 &#8211; Milles nya v\u00e4n &#8211; Millen uusi yst\u00e4v\u00e4 <\/strong>Hollihaan koulu, Karleby<br><strong>To. 18.4 kl. 12.15 &#8211; Vet ni det? <\/strong>Hollihaan koulu, Karleby<br><strong>M\u00e5. 7.5 kl. 9.15 &#8211; Apan Anders laulaa kahdella kielell\u00e4 <\/strong>Barnkulturcentrum Pessi, Vanda <br><strong>Ti. 7.5 kl. 10.10 &#8211; Apan Anders laulaa kahdella kielell\u00e4 <\/strong>Barnkulturcentrum Pessi, Vanda<br><strong>On. 8.5 kl. 9 &#8211; Apan Anders laulaa kahdella kielell\u00e4 <\/strong>Hevoshaan p\u00e4iv\u00e4koti, Vanda<br><strong>On. 8.5 kl. 10 &#8211; Apan Anders laulaa kahdella kielell\u00e4 <\/strong>Hevoshaan p\u00e4iv\u00e4koti, Vanda<br><strong>L\u00f6. 18.5 kl. 14 &#8211; Apan Anders <\/strong>Stadshusets festsal, Hang\u00f6<br><strong>S\u00f6. 19.5 kl.  &#8211; Apan Anders <\/strong>Barnfest, \u00c5bo<br><strong>M\u00e5. 20.5 kl. &#8211; Rosa Indigo<\/strong>, Dalsbruk, Kimito\u00f6n<br><strong>M\u00e5. 20.5 kl. &#8211; Rosa Indigo<\/strong>, Dalsbruk, Kimito\u00f6n<br><s><strong>Ti. 21.5 kl. &#8211; Rosa Indigo<\/strong>, Amosparkens skola, Kimito\u00f6n<\/s>, flyttades till 4.11 pga. sjukdom.<br><s><strong>Ti. 21.5 kl. &#8211; Rosa Indigo<\/strong>, Amosparkens skola, Kimito\u00f6n<\/s>, flyttades till 4.11 pga. sjukdom.<br><strong>On. 22.5 kl. 9.20 &#8211; Rosa Indigo,<\/strong> Piug, Pargas<br><strong>On. 22.5 kl. 10.20 &#8211; Rosa Indigo<\/strong>, Piug, Pargas<br><strong>To. 23.5 kl. 9.20 &#8211; Rosa Indigo<\/strong>, Piug, Pargas<br><strong>To. 23.5 kl. 10.20 &#8211; Rosa Indigo<\/strong>, Piug, Pargas<br><strong>To. 23.5 kl. 9.30 &#8211; Apan Anders <\/strong>Billn\u00e4s daghem, Raseborg<br><strong>S\u00f6. 30.6 kl. 14 &#8211; <a href=\"https:\/\/www.estrad.fi\/barnensestrad\/aktuellt\/barnens-sommarteater-2024-mycket-skoj-alfons-aberg\/\">Barnens Sommarteater:<\/a> <\/strong>Mycket skoj, Alfons \u00c5berg i Pargas, Piug<br><strong>S\u00f6. 30.6 kl. 16 &#8211; <a href=\"https:\/\/www.estrad.fi\/barnensestrad\/aktuellt\/barnens-sommarteater-2024-mycket-skoj-alfons-aberg\/\">Barnens Sommarteater:<\/a> <\/strong>Mycket skoj, Alfons \u00c5berg i Pargas, Piug<br><strong>M\u00e5. 1.7 kl. 17 &#8211; <a href=\"https:\/\/www.estrad.fi\/barnensestrad\/aktuellt\/barnens-sommarteater-2024-mycket-skoj-alfons-aberg\/\">Barnens Sommarteater:<\/a> <\/strong>Mycket skoj, Alfons \u00c5berg i Kimito, Villa Lande<br><strong>On. 3.7 kl. 17 &#8211; <a href=\"https:\/\/www.estrad.fi\/barnensestrad\/aktuellt\/barnens-sommarteater-2024-mycket-skoj-alfons-aberg\/\">Barnens Sommarteater:<\/a> <\/strong>Mycket skoj, Alfons \u00c5berg i Nagu, Framn\u00e4s<br><strong>To. 4.7 kl. 17 &#8211; <a href=\"https:\/\/www.estrad.fi\/barnensestrad\/aktuellt\/barnens-sommarteater-2024-mycket-skoj-alfons-aberg\/\">Barnens Sommarteater:<\/a> <\/strong>Mycket skoj, Alfons \u00c5berg i Kyrksl\u00e4tt, Bygdebo<br><strong>Ti. 2.7 kl. 13 &#8211; <a href=\"https:\/\/www.estrad.fi\/barnensestrad\/aktuellt\/barnens-sommarteater-2024-mycket-skoj-alfons-aberg\/\">Barnens Sommarteater:<\/a> <\/strong>Mycket skoj, Alfons \u00c5berg i Borg\u00e5, Postbacken<br><strong>Ti. 2.7 kl. 15 &#8211; <a href=\"https:\/\/www.estrad.fi\/barnensestrad\/aktuellt\/barnens-sommarteater-2024-mycket-skoj-alfons-aberg\/\">Barnens Sommarteater:<\/a> <\/strong>Mycket skoj, Alfons \u00c5berg i Borg\u00e5, Postbacken<br><strong>Ti. 2.7 kl. 17 &#8211; <a href=\"https:\/\/www.estrad.fi\/barnensestrad\/aktuellt\/barnens-sommarteater-2024-mycket-skoj-alfons-aberg\/\">Barnens Sommarteater:<\/a> <\/strong>Mycket skoj, Alfons \u00c5berg i Borg\u00e5, Postbacken<br><strong>S\u00f6. 7.7 kl. 14 &#8211; <a href=\"https:\/\/www.estrad.fi\/barnensestrad\/aktuellt\/barnens-sommarteater-2024-mycket-skoj-alfons-aberg\/\">Barnens Sommarteater:<\/a> <\/strong>Mycket skoj, Alfons \u00c5berg i Kristinestad, Braheg\u00e5rden<br><strong>S\u00f6. 7.7 kl. 16 &#8211; <a href=\"https:\/\/www.estrad.fi\/barnensestrad\/aktuellt\/barnens-sommarteater-2024-mycket-skoj-alfons-aberg\/\">Barnens Sommarteater:<\/a> <\/strong>Mycket skoj, Alfons \u00c5berg i Kristinestad, Braheg\u00e5rden<br><strong>M\u00e5. 8.7 kl. 15 &#8211; <a href=\"https:\/\/www.estrad.fi\/barnensestrad\/aktuellt\/barnens-sommarteater-2024-mycket-skoj-alfons-aberg\/\">Barnens Sommarteater:<\/a> <\/strong>Mycket skoj, Alfons \u00c5berg, S\u00f6dra Vallgrund, UF Havsbandet<br><strong>M\u00e5. 8.7 kl. 17 &#8211; <a href=\"https:\/\/www.estrad.fi\/barnensestrad\/aktuellt\/barnens-sommarteater-2024-mycket-skoj-alfons-aberg\/\">Barnens Sommarteater:<\/a> <\/strong>Mycket skoj, Alfons \u00c5berg, S\u00f6dra Vallgrund, UF Havsbandet<br><strong>Ti. 9.7 kl. 13 \u2013 <a href=\"https:\/\/www.estrad.fi\/barnensestrad\/aktuellt\/findus-flyttar-ut\/\">Barnens Sommarteater:<\/a><\/strong> Findus flyttar ut, Karleby, Stadsbiblioteket<br><strong>Ti. 9.7 kl. 13 \u2013 <a href=\"https:\/\/www.estrad.fi\/barnensestrad\/aktuellt\/findus-flyttar-ut\/\">Barnens Sommarteater:<\/a><\/strong> Findus flyttar ut, Karleby, Stadsbiblioteket<br><strong>On. 10.7 kl. 15 &#8211; <a href=\"https:\/\/www.estrad.fi\/barnensestrad\/aktuellt\/barnens-sommarteater-2024-mycket-skoj-alfons-aberg\/\">Barnens Sommarteater:<\/a> <\/strong>Mycket skoj, Alfons \u00c5berg i Nykarleby, Scala<br><strong>On. 10.7 kl. 17 &#8211; <a href=\"https:\/\/www.estrad.fi\/barnensestrad\/aktuellt\/barnens-sommarteater-2024-mycket-skoj-alfons-aberg\/\">Barnens Sommarteater:<\/a> <\/strong>Mycket skoj, Alfons \u00c5berg i Nykarleby, Scala<br><strong>To. 11.7 kl. 15 \u2013 <a href=\"https:\/\/www.estrad.fi\/barnensestrad\/aktuellt\/findus-flyttar-ut\/\">Barnens Sommarteater:<\/a> <\/strong>Findus flyttar ut, Esse, Esseg\u00e5rden<br><strong>To. 11.7 kl. 17 \u2013 <a href=\"https:\/\/www.estrad.fi\/barnensestrad\/aktuellt\/findus-flyttar-ut\/\">Barnens Sommarteater:<\/a> <\/strong>Findus flyttar ut, Esse, Esseg\u00e5rden<br><strong>S\u00f6. 14.7 kl. 16 &#8211; <a href=\"https:\/\/www.estrad.fi\/barnensestrad\/aktuellt\/barnens-sommarteater-2024-mycket-skoj-alfons-aberg\/\">Barnens Sommarteater:<\/a> <\/strong>Mycket skoj, Alfons \u00c5berg i Houtsk\u00e4r, Vesterlid<br><strong>M\u00e5. 15.7 kl. 15 &#8211; <a href=\"https:\/\/www.estrad.fi\/barnensestrad\/aktuellt\/barnens-sommarteater-2024-mycket-skoj-alfons-aberg\/\">Barnens Sommarteater:<\/a> <\/strong>Mycket skoj, Alfons \u00c5berg i Korpo, Kommunalg\u00e5rden<br><strong>On. 24.7 kl.&nbsp;12.30 &#8211; Apan Anders <\/strong>Ing\u00e5, Bar\u00f6sund<br><strong>L\u00f6. 3.8 kl.&nbsp;13.45 &#8211; Apan Anders <\/strong>Lappfj\u00e4rd<br><strong>Fr. 9.8 kl. 18 &#8211; Teater: Alfons och M\u00e5llgan &amp; Apan Anders-minikonsert <\/strong>Larsmo, Torget<br><strong>S\u00f6. 11.8 kl. 13.30 -Teater: Alfons och M\u00e5llgan &amp; Apan Anders-minikonsert <\/strong>\u00c5minne folkpark<br><strong>On. 4.9 kl. 9 &#8211; M\u00e4sterkatten i st\u00f6vlar <\/strong>Framn\u00e4s, Nagu<br><strong><strong>On. 4.9 kl. 10 &#8211; M\u00e4sterkatten i st\u00f6vlar<\/strong> <\/strong>Framn\u00e4s, Nagu<br><strong><strong>To. 5.9 kl. 9 &#8211; M\u00e4sterkatten i st\u00f6vlar <\/strong><\/strong>Vesterlid, Houtsk\u00e4r<br><strong><strong>To. 5.9 kl. 10 &#8211; M\u00e4sterkatten i st\u00f6vlar <\/strong><\/strong>Vesterlid, Houtsk\u00e4r<br><strong>Fr. 6.9 kl. 9 &#8211; M\u00e4sterkatten i st\u00f6vlar <\/strong>Kommunalg\u00e5rden, Korpo<br><strong>Fr. 6.9 kl. 10 &#8211; M\u00e4sterkatten i st\u00f6vlar<\/strong> Kommunalg\u00e5rden, Korpo<br><strong>Ti. 10.9 kl. 9 &#8211; Milles nya v\u00e4n &#8211; Millen uusi yst\u00e4v\u00e4 <\/strong>H\u00e4meenkyl\u00e4n koulu, Vanda <br><strong>Ti. 10.9 kl. 10.15 &#8211; <strong>Vet ni det? <\/strong>H\u00e4meenkyl\u00e4n koulu, Vanda<\/strong> <br><strong>Ti. 10.9 kl. 11.15 &#8211; Jag vill dansa! <\/strong>H\u00e4meenkyl\u00e4n koulu, Vanda<br><strong>On. 11.9 kl. 9.15 &#8211; Milles nya v\u00e4n &#8211; Millen uusi yst\u00e4v\u00e4 <\/strong>Rajatorpan koulu, Vanda<br><strong>On. 11.9 kl. 10.15 &#8211; <strong>Vet ni det? <\/strong><\/strong>Rajatorpan koulu, Vanda <br><strong>On. 11.9 kl. 11.45 &#8211; Jag vill dansa! <\/strong>Rajatorpan koulu, Vanda<br><strong>To. 12.9 kl. 10.20 &#8211; <strong>Jag vill dansa!<\/strong><\/strong> Hiekkaharjun koulu, Vanda<br><strong>To. 12.9 kl. 11.20 &#8211; Milles nya v\u00e4n &#8211; Millen uusi yst\u00e4v\u00e4 <\/strong>Hiekkaharjun koulu, Vanda<br><strong>To. 12.9 kl. 12.20 &#8211; <strong><strong>Vet ni det?<\/strong><\/strong> <\/strong>Hiekkaharjun koulu, Vanda<br><strong>Fr. 13.9 kl. 10.20 &#8211; <strong>Jag vill dansa!<\/strong><\/strong> P\u00e4hkin\u00e4rinteen koulu, Vanda<br><strong>Fr. 13.9 kl. 11.20 &#8211; Milles nya v\u00e4n &#8211; Millen uusi yst\u00e4v\u00e4 <\/strong>P\u00e4hkin\u00e4rinteen koulu, Vanda<br><strong>Fr. 13.9 kl. 12.20 &#8211; <strong><strong>Vet ni det?<\/strong><\/strong> <\/strong>P\u00e4hkin\u00e4rinteen koulu, Vanda<br><strong>M\u00e5. 16.9 kl. 9 &#8211; M\u00e4sterkatten i st\u00f6vlar <\/strong>Hakalax daghem, Karleby<br><strong><strong>M\u00e5. 16.9 kl. 14.30 &#8211; M\u00e4sterkatten i st\u00f6vlar<\/strong> <\/strong>Villa f\u00f6rskola &amp; eftis, Karleby<br><strong>Ti. 17.9 kl. 9.30 &#8211; M\u00e4sterkatten i st\u00f6vlar<\/strong> Kyrkbackens daghem, Karleby<br><strong><strong>Ti. 17.9 kl. 13 &#8211; M\u00e4sterkatten i st\u00f6vlar<\/strong><\/strong> \u00d6ja f\u00f6rskola &amp; eftis, Karleby<br><strong>On. 18.9 kl. 9.30 &#8211; M\u00e4sterkatten i st\u00f6vlar <\/strong>Solrosens daghem, Nedervetil<br><strong><strong>On. 18.9 kl. 13 &#8211; M\u00e4sterkatten i st\u00f6vlar<\/strong> <\/strong>Nedervetil eftis<br><strong>To. 19.9 kl. 9.30 &#8211; M\u00e4sterkatten i st\u00f6vlar <\/strong>Slottebo daghem &amp; f\u00f6rskola, Kronoby<br><strong><strong>To. 19.9 kl. 13.30 &#8211; M\u00e4sterkatten i st\u00f6vlar<\/strong> <\/strong>Kronoby eftis<br><strong>Fr. 20.9 kl. 9.30 &#8211; M\u00e4sterkatten i st\u00f6vlar <\/strong>Svenska daghemmet, Karleby<br><strong><strong>Fr. 20.9 kl. 14.15 &#8211; M\u00e4sterkatten i st\u00f6vlar<\/strong> <\/strong>Chydenius eftis, Karleby<br><strong>M\u00e5. 23.9 kl. 9.30 &#8211; M\u00e4sterkatten i st\u00f6vlar <\/strong>\u00d6sterbo daghem, Eken\u00e4s<br><strong><strong>M\u00e5. 23.9 kl. 14.30 &#8211; M\u00e4sterkatten i st\u00f6vlar<\/strong> <\/strong>Mikaelsskolans eftis, Eken\u00e4s<br><strong>Ti. 24.9 kl. 9 &#8211; M\u00e4sterkatten i st\u00f6vlar <\/strong>Seminarieskolan, Eken\u00e4s<br><strong>Ti. 24.9 kl. 10 &#8211; M\u00e4sterkatten i st\u00f6vlar <\/strong>Rasebo daghem i Seminarieskolan, Eken\u00e4s<br><strong><strong>Ti. 24.9 kl. 14.45 &#8211; M\u00e4sterkatten i st\u00f6vlar<\/strong> <\/strong>Eftis i \u00d6sterby, Eken\u00e4s<br><strong>On. 25.9 kl. 9.30 &#8211; M\u00e4sterkatten i st\u00f6vlar <\/strong>Bromarv daghem och skola, Bromarv, Eken\u00e4s<br><strong><strong>On. 25.9 kl.  &#8211; M\u00e4sterkatten i st\u00f6vlar<\/strong> <\/strong>Tenala eftis, Eken\u00e4s<br><strong>On. 25.9 kl. 9.30 &#8211; Apan Anders laulaa kahdella kielell\u00e4<\/strong>, P\u00e4iv\u00e4koti Savela, Helsingfors<br><strong>To. 26.9 kl. 9.30 &#8211; M\u00e4sterkatten i st\u00f6vlar <\/strong>Bj\u00f6rkebo daghem, Eken\u00e4s<br><strong><strong>To. 26.9 kl. 14 &#8211; M\u00e4sterkatten i st\u00f6vlar<\/strong> <\/strong>Byllan och Kupan eftis, Karis<br><strong>To. 26.9 kl. 9.30 &#8211; Apan Anders laulaa kahdella kielell\u00e4<\/strong>, P\u00e4iv\u00e4koti Seulanen, Helsingfors<br><strong>To. 26.9 kl.&nbsp;16.30 &#8211; Apan Anders<\/strong> Folkh\u00e4lsans Lekis, Kuusankoski<br><strong>Fr. 27.9 kl. 9.30 &#8211; Apan Anders laulaa kahdella kielell\u00e4<\/strong>, P\u00e4iv\u00e4koti Satama, Helsingfors<br><strong><strong>Ti. 1.10 kl. 9 &#8211; M\u00e4sterkatten i st\u00f6vlar <\/strong><\/strong>Oulunkyl\u00e4n kielikylpy, Ver\u00e4j\u00e4laakson toimipiste, Helsingfors<strong><br><strong>Ti. 1.10 kl. 10 &#8211; M\u00e4sterkatten i st\u00f6vlar <\/strong><\/strong>Oulunkyl\u00e4n kielikylpy, Ver\u00e4j\u00e4laakson toimipiste, Helsingfors<br><strong>Ti. 1.10 kl. 9.30 &#8211; Apan Anders laulaa kahdella kielell\u00e4<\/strong>, P\u00e4iv\u00e4koti Aada, Helsingfors<br><strong><strong>On. 2.10 kl.  9.15 &#8211; M\u00e4sterkatten i st\u00f6vlar<\/strong><\/strong> Hyvinge svenska daghem<br><strong><strong>On. 2.10 kl. 10.10 &#8211; M\u00e4sterkatten i st\u00f6vlar<\/strong><\/strong> Hyvinge svenska skola<br><strong>On. 2.10 kl. 9.30 &#8211; Apan Anders laulaa kahdella kielell\u00e4<\/strong>, P\u00e4iv\u00e4koti Immola, Helsingfors<br><strong><strong>To. 3.10 kl. 9.15 &#8211; M\u00e4sterkatten i st\u00f6vlar<\/strong><\/strong> Korsn\u00e4s bibliotek<br><strong><strong>To. 3.10 kl. 10 &#8211; M\u00e4sterkatten i st\u00f6vlar<\/strong><\/strong> Korsn\u00e4s bibliotek<br><strong>To. 3.10 kl. 9 &#8211; Apan Anders laulaa kahdella kielell\u00e4<\/strong>, P\u00e4iv\u00e4koti Merituuli, Helsingfors<br><strong><strong>Fr. 4.10 kl. 10 &#8211; M\u00e4sterkatten i st\u00f6vla<\/strong>r <\/strong>St. Karins svenska f\u00f6rskola<br><strong><strong>Fr. 4.10 kl. 11.15 &#8211; M\u00e4sterkatten i st\u00f6vlar <\/strong><\/strong>St. Karins svenska skola<br><strong>Ti. 8.10 kl. 9 &#8211; Milles nya v\u00e4n &#8211; Millen uusi yst\u00e4v\u00e4 <\/strong>Taimon koulu, N\u00e5dendal<br><strong>Ti. 8.10 kl. 10 &#8211; Jag vill dansa! <\/strong>Taimon koulu, N\u00e5dendal<br><strong>Ti. 8.10 kl. 11.20 &#8211; <strong>Vet ni det? <\/strong><\/strong>Taimon koulu, N\u00e5dendal<br><strong>Ti. 8.10 kl. 9.30 &#8211; Apan Anders laulaa kahdella kielell\u00e4<\/strong>, P\u00e4iv\u00e4koti Tuorinniemi, Helsingfors<br><strong>On. 9.10 kl. 9 &#8211; Milles nya v\u00e4n &#8211; Millen uusi yst\u00e4v\u00e4 <\/strong>Pansion koulu, \u00c5bo<br><strong>On. 9.10 kl. 10 &#8211; Jag vill dansa! <\/strong>Pansion koulu, \u00c5bo<br><strong>On. 9.10 kl. 11 &#8211; <strong>Vet ni det? <\/strong><\/strong>Pansion koulu, \u00c5bo<br><strong>On. 9.10 kl. 9.30 &#8211; Apan Anders laulaa kahdella kielell\u00e4<\/strong>, P\u00e4iv\u00e4koti Ruuti, Helsingfors<br><strong>To. 10.10 kl. 9 &#8211; <strong>Vet ni det? <\/strong><\/strong>Ilpoisten koulu, \u00c5bo<br><strong>To. 10.10 kl. 10.15 &#8211; Jag vill dansa! <\/strong>Ilpoisten koulu, \u00c5bo<br><strong>To. 10.10 kl. 12.15 &#8211; <strong>Vet ni det? <\/strong><\/strong>Ilpoisten koulu, \u00c5bo<br><strong>To. 10.10 kl. 9.30 &#8211; Apan Anders laulaa kahdella kielell\u00e4<\/strong>, P\u00e4iv\u00e4koti Leskenlehti, Helsingfors<br><strong>Fr. 11.10 kl. 9 &#8211; Milles nya v\u00e4n &#8211; Millen uusi yst\u00e4v\u00e4 <\/strong>Lausteen koulu, \u00c5bo<br><strong>Fr. 11.10 kl. 10 &#8211; Jag vill dansa! <\/strong>Lausteen koulu, \u00c5bo<br><strong>Fr. 11.10 kl. 11 &#8211; <strong>Vet ni det? <\/strong><\/strong>Lausteen koulu, \u00c5bo<br><strong>M\u00e5. 14.10 kl.  &#8211; Milles nya v\u00e4n &#8211; Millen uusi yst\u00e4v\u00e4 <\/strong>Mansikkalan koulukeskus, Imatra<br><strong>M\u00e5. 14.10 kl. 9.15 &#8211; <strong>Vet ni det? <\/strong><\/strong>Mansikkalan koulukeskus, Imatra<br><strong>M\u00e5. 14.10 kl. 10.10 &#8211; <strong>Vet ni det? <\/strong><\/strong>Mansikkalan koulukeskus, Imatra<br><strong>M\u00e5. 14.10 kl. 11.45 &#8211; Jag vill dansa! <\/strong>Mansikkalan koulukeskus, Imatra<br><strong>Ti. 15.10 kl. 8.45 &#8211; Jag vill dansa! <\/strong>Mansikkalan koulukeskus, Imatra<br><strong>Ti. 15.10 kl. 9.15 &#8211; Milles nya v\u00e4n &#8211; Millen uusi yst\u00e4v\u00e4 <\/strong>Mansikkalan koulukeskus, Imatra<br><strong>Ti. 15.10 kl. 12.15 &#8211; Milles nya v\u00e4n &#8211; Millen uusi yst\u00e4v\u00e4 <\/strong>Mansikkalan koulukeskus, Imatra<br><strong>On. 16.10 kl. 9.20 &#8211; Milles nya v\u00e4n &#8211; Millen uusi yst\u00e4v\u00e4 <\/strong>L\u00f6nnrotin koulu, Villmanstrand<br><strong>On. 16.10 kl. 10.45 &#8211; Jag vill dansa! <\/strong>L\u00f6nnrotin koulu, Villmanstrand<br><strong>On. 16.10 kl. 11.45 &#8211; <strong>Vet ni det? <\/strong><\/strong>L\u00f6nnrotin koulu, Villmanstrand<br><strong>To. 17.10 kl. 9 &#8211; <strong>Vet ni det? <\/strong><\/strong>Sammonlahden koulu, Villmanstrand<br><strong>To. 17.10 kl. 10 &#8211; Jag vill dansa! <\/strong>Sammonlahden koulu, Villmanstrand<br><strong>To. 17.10 kl. 11.15 &#8211; Milles nya v\u00e4n &#8211; Millen uusi yst\u00e4v\u00e4 <\/strong>Sammonlahden koulu, Villmanstrand<br><strong>Fr. 18.10 kl. 8.45 &#8211; Milles nya v\u00e4n &#8211; Millen uusi yst\u00e4v\u00e4 <\/strong>Voisalmen koulu, Villmanstrand<br><strong>Fr. 18.10 kl. 10 &#8211; Jag vill dansa! <\/strong>Voisalmen koulu, Villmanstrand<br><strong>Fr. 18.10 kl. 12 &#8211; <strong>Vet ni det? <\/strong><\/strong>Voisalmen koulu, Villmanstrand<br><em><strong>M\u00e5. 21.10 kl. 9 &#8211; Milles nya v\u00e4n &#8211; Millen uusi yst\u00e4v\u00e4 <\/strong>K\u00e4t\u00f6nlahden koulu, Kajana<\/em><br><em>Flyttas pga. sjukdom.<br><strong>M\u00e5. 21.10 kl. 10 &#8211; Jag vill dansa! <\/strong>K\u00e4t\u00f6nlahden koulu, Kajana<\/em><br><em>Flyttas pga. sjukdom.<br><strong>M\u00e5. 21.10 kl. 11 &#8211; <strong>Vet ni det? <\/strong><\/strong>K\u00e4t\u00f6nlahden koulu, Kajana<\/em><br><em>Flyttas pga. sjukdom.<br><strong>Ti. 22.10 kl. &#8211; Milles nya v\u00e4n &#8211; Millen uusi yst\u00e4v\u00e4 <\/strong>Lohtajan koulu, Kajana<\/em><br><em>Flyttas pga. sjukdom.<br><strong>Ti. 22.10 kl. &#8211; Jag vill dansa! <\/strong>Lohtajan koulu, Kajana<\/em><br><em>Flyttas pga. sjukdom.<br><strong>Ti. 22.10 kl. &#8211; <strong>Vet ni det? <\/strong><\/strong>Lohtajan koulu, Kajana<\/em><br><em>Flyttas pga. sjukdom.<br><strong>On. 23.10 kl. &#8211; Milles nya v\u00e4n &#8211; Millen uusi yst\u00e4v\u00e4 <\/strong>K\u00e4t\u00f6nlahden koulu, Kajana<\/em><br><em>Flyttas pga. sjukdom.<br><strong>On. 23.10 kl. &#8211; Jag vill dansa! <\/strong>K\u00e4t\u00f6nlahden koulu, Kajana<\/em><br><em>Flyttas pga. sjukdom.<br><strong>On. 23.10 kl. &#8211; <strong>Vet ni det? <\/strong><\/strong>K\u00e4t\u00f6nlahden koulu, Kajana<\/em><br><em>Flyttas pga. sjukdom.<\/em><br><strong>On. 23.10 kl. 9.30 &#8211; Apan Anders<\/strong>, Daghemmet Axel, Helsingfors<br><em><strong>To. 24.10 kl. &#8211; Milles nya v\u00e4n &#8211; Millen uusi yst\u00e4v\u00e4 <\/strong>Kangaslammin koulu, Iisalmi<\/em><br><em>Flyttas pga. sjukdom.<\/em><br><em><strong>To. 24.10 kl. &#8211; Jag vill dansa! <\/strong>Kangaslammin koulu, Iisalmi<\/em><br><em>Flyttas pga. sjukdom.<\/em><br><em><strong>To. 24.10 kl. &#8211; <strong>Vet ni det? <\/strong><\/strong>Kangaslammin koulu, Iisalmi<\/em><br><em>Flyttas pga. sjukdom.<\/em><br><strong>To. 24.10 kl. 9.30 &#8211; Apan Anders<\/strong>, Niperts daghem, Esbo<br><strong><em>Fr. 25.10 kl. &#8211; Milles nya v\u00e4n &#8211; Millen uusi yst\u00e4v\u00e4<\/em><\/strong> Lehtoniemen koulu, Varkaus<br><em>Flyttas pga. sjukdom.<\/em><br><strong><em>Fr. 25.10 kl. &#8211; Jag vill dansa!<\/em><\/strong> Lehtoniemen koulu, Varkaus<br><em>Flyttas pga. sjukdom.<\/em><br><em><strong>Fr. 25.10 kl. &#8211; <strong>Vet ni<\/strong><\/strong> <strong>det?<\/strong><\/em> Lehtoniemen koulu, Varkaus<br><em>Flyttas pga. sjukdom.<\/em><br><strong>M\u00e5. 28.10 kl. 9.30 &#8211; Apan Anders laulaa kahdella kielell\u00e4<\/strong>, P\u00e4iv\u00e4koti Kasisavu, Helsingfors<br><strong>Ti. 29.10 kl. 9.30 &#8211; Apan Anders laulaa kahdella kielell\u00e4<\/strong>, P\u00e4iv\u00e4koti Hertta-Susanna, Helsingfors<br><strong>On. 30.10 kl. 9.30 &#8211; Apan Anders laulaa kahdella kielell\u00e4<\/strong>, P\u00e4iv\u00e4koti Yliskyl\u00e4, Helsingfors<br><strong>To. 31.10 kl. 9.30 &#8211; Apan Anders laulaa kahdella kielell\u00e4<\/strong>, P\u00e4iv\u00e4koti Satakieli, Helsingfors<br><strong>Fr. 1.11 kl. 9.30 &#8211; Apan Anders laulaa kahdella kielell\u00e4<\/strong>, P\u00e4iv\u00e4koti Kuninkaantammi, Helsingfors<br><strong><strong>M\u00e5. 4.11 kl. 9.15 &#8211; Rosa Indigo <\/strong><\/strong>Amosparkens skola, Kimito <strong><br><strong><strong><strong>M\u00e5. 4.11 kl. 10.15 &#8211; Rosa Indigo <\/strong><\/strong><\/strong><\/strong>Amosparkens skola, Kimito<strong><br><strong><strong><strong>Ti. 5.11 kl.  10 &#8211; Rosa Indigo <\/strong><\/strong><\/strong><\/strong>Salo svenska skola<br><strong>Ti. 5.11 kl. 9.30 &#8211; Apan Anders laulaa kahdella kielell\u00e4<\/strong>, P\u00e4iv\u00e4koti Soittaja, Helsingfors<br><strong><strong><strong><strong>On. 6.11 kl. 10 &#8211; Rosa Indigo <\/strong><\/strong><\/strong><\/strong>Svenska g\u00e5rden i Lahtis<br><strong>On. 6.11 kl.  8.45 &#8211; Apan Anders laulaa kahdella kielell\u00e4<\/strong>, Savilahden koulu, Lillkyro, Vasa<br><strong>On. 6.11 kl. 10 &#8211; Apan Anders laulaa kahdella kielell\u00e4<\/strong>, Savilahden koulu, Lillkyro, Vasa<br><strong><strong><strong><strong>To. 7.11 kl.  10 &#8211; Rosa Indigo <\/strong><\/strong><\/strong><\/strong>Kulturhuset Grand, Borg\u00e5<br><strong>To. 7.10 kl. 9 &#8211; Apan Anders laulaa kahdella kielell\u00e4<\/strong>, Ykspihlajan p\u00e4v\u00e4koti ja koulu, Karleby<br><strong>To. 7.10 kl. 10 &#8211; Apan Anders laulaa kahdella kielell\u00e4<\/strong>, Ykspihlajan p\u00e4v\u00e4koti ja koulu, Karleby<br><strong><strong><strong><strong>Fr. 8.11 kl.  10 &#8211; Rosa Indigo<\/strong><\/strong><\/strong><\/strong> Cygnaeus skola, \u00c5bo <br><strong>Fr. 8.11 kl. 9 &#8211; Apan Anders laulaa kahdella kielell\u00e4<\/strong>, P\u00e4iv\u00e4koti Pihlajanm\u00e4ki, Helsingfors<br><strong>M\u00e5. 11.11 kl. 9.10 &#8211; Milles nya v\u00e4n &#8211; Millen uusi yst\u00e4v\u00e4 <\/strong>Nakertajan koulu, Kajana<br><strong>M\u00e5. 11.11 kl. 10.10 &#8211; <strong>Vet ni det? <\/strong><\/strong>Nakertajan koulu, Kajana<br><strong>M\u00e5. 11.11 kl. 11.10 &#8211; Jag vill dansa! <\/strong>Nakertajan koulu, Kajana <br><strong>Ti. 12.11 kl. 9.15 &#8211; Milles nya v\u00e4n &#8211; Millen uusi yst\u00e4v\u00e4 <\/strong>Sauvosaaren koulu, Kemi<br><strong>Ti. 12.11 kl. 10.15 &#8211; Jag vill dansa! <\/strong>Sauvosaaren koulu, Kemi<br><strong>Ti. 12.11 kl. 11.15 &#8211; <strong>Vet ni det? <\/strong><\/strong>Sauvosaaren koulu, Kemii <br><strong>On. 13.11 kl. 9.15 &#8211; <strong>Vet ni det? <\/strong><\/strong>Huttukyl\u00e4n koulu, Kiiminki, Ule\u00e5borg <br><strong>On. 13.11 kl. 10.15 &#8211; Milles nya v\u00e4n &#8211; Millen uusi yst\u00e4v\u00e4 <\/strong>Huttukyl\u00e4n koulu, Kiiminki, Ule\u00e5borg <br><strong>On. 13.11 kl. 11.45 &#8211; Jag vill dansa! <\/strong>Huttukyl\u00e4n koulu, Kiiminki, Ule\u00e5borg<br><strong>On. 13.11 kl. 9.30 &#8211; Apan Anders laulaa kahdella kielell\u00e4<\/strong>, P\u00e4iv\u00e4koti Marmori, Helsingfors<br><strong>To. 14.11 kl. 9 &#8211; Jag vill dansa! <\/strong>Ylikyl\u00e4n koulu, Kiiminki, Ule\u00e5borg<br><strong>To. 14.11 kl. 10 &#8211; Milles nya v\u00e4n &#8211; Millen uusi yst\u00e4v\u00e4 <\/strong>Ylikyl\u00e4n koulu, Kiiminki, Ule\u00e5borg<br><strong>To. 14.11 kl. 11 &#8211; <strong>Vet ni det? <\/strong><\/strong>Ylikyl\u00e4n koulu, Kiiminki, Ule\u00e5borg<br><strong>To. 14.11 kl. 9 &#8211; Apan Anders laulaa kahdella kielell\u00e4<\/strong>, P\u00e4iv\u00e4koti J\u00e4k\u00e4l\u00e4, Helsingfors<br><strong>Fr. 15.11 kl. 9.10 &#8211; Milles nya v\u00e4n &#8211; Millen uusi yst\u00e4v\u00e4 <\/strong>Ahonkyl\u00e4n koulu, Ilmajoki<br><strong>Fr. 15.11 kl. 10.10 &#8211; <strong>Vet ni det? <\/strong><\/strong>Ahonkyl\u00e4n koulu, Ilmajoki<br><strong>Fr. 15.11 kl. 11.10 &#8211; Jag vill dansa! <\/strong>Ahonkyl\u00e4n koulu, Ilmajoki<br><strong>Ti. 19.11 kl. 10 &#8211; <strong>Mamma Mu och Kr\u00e5kan firar jul<\/strong><\/strong> Gamlasg\u00e5rden, Helsingfors<br><strong>Ti. 19.11 kl. &#8211; Milles nya v\u00e4n &#8211; Millen uusi yst\u00e4v\u00e4 <\/strong>Lohtajan koulu, Kajana<br><strong>Ti. 19.11 kl. &#8211; Jag vill dansa! <\/strong>Lohtajan koulu, Kajana<br><strong>Ti. 19.11 kl. &#8211; <strong>Vet ni det? <\/strong><\/strong>Lohtajan koulu, Kajana<br><strong>On. 20.11 kl. 9.30 &#8211; Apan Anders<\/strong>, Daghemmet Fenix, Helsingfors<br><strong>On. 20.11 kl. 18 &#8211; <strong>Mamma Mu och Kr\u00e5kan firar jul<\/strong><\/strong> Topeliussalen, Sibbo<br><strong>On. 20.11 kl. 9 &#8211; Milles nya v\u00e4n &#8211; Millen uusi yst\u00e4v\u00e4 <\/strong>K\u00e4t\u00f6nlahden koulu, Kajana<br><strong>On. 20.11 kl. 10 &#8211; Jag vill dansa! <\/strong>K\u00e4t\u00f6nlahden koulu, Kajana<br><strong>On. 20.11 kl. 11 &#8211; <strong>Vet ni det? <\/strong><\/strong>K\u00e4t\u00f6nlahden koulu, Kajana<br><strong>To. 21.11 kl. 9.30 &#8211; <strong>Mamma Mu och Kr\u00e5kan firar jul<\/strong><\/strong> V\u00e4stersundom skola, Vanda<br><strong>To. 21.11 kl. 18 &#8211; <strong>Mamma Mu och Kr\u00e5kan firar jul<\/strong><\/strong> Tryckeriteatern, Karis<br><strong>To. 21.11 kl. 9 &#8211; Milles nya v\u00e4n &#8211; Millen uusi yst\u00e4v\u00e4 <\/strong>K\u00e4t\u00f6nlahden koulu, Kajana<br><strong>To. 21.11 kl. 10 &#8211; Jag vill dansa! <\/strong>K\u00e4t\u00f6nlahden koulu, Kajana<br><strong>To. 21.11 kl. 11 &#8211; <strong>Vet ni det? <\/strong><\/strong>K\u00e4t\u00f6nlahden koulu, Kajana<br><strong>Fr. 22.11 kl. 9.30 &#8211; <strong>Mamma Mu och Kr\u00e5kan firar jul<\/strong><\/strong> Bromarv daghem och skola<br><strong>Fr. 22.11 kl. 18 &#8211; <strong>Mamma Mu och Kr\u00e5kan firar jul<\/strong><\/strong> Nordhuset, Helsingfors<br><strong>Fr. 22.11 kl. 9 &#8211; Milles nya v\u00e4n &#8211; Millen uusi yst\u00e4v\u00e4 <\/strong>Kangaslammin koulu, Iisalmi<br><strong>Fr. 22.11 kl. 10 &#8211; Jag vill dansa! <\/strong>Kangaslammin koulu, Iisalmi<br><strong>Fr. 22.11 kl. 11 &#8211; <strong>Vet ni det? <\/strong><\/strong>Kangaslammin koulu, Iisalmi<br><strong>L\u00f6. 23.11 kl. 15 &#8211; <strong>Mamma Mu och Kr\u00e5kan firar jul<\/strong><\/strong> Piug, Pargas<br><strong>S\u00f6. 24.11 kl. 15 &#8211; <strong>Mamma Mu och Kr\u00e5kan firar jul<\/strong><\/strong> Diamantteatern i \u00c4ventyrsparken, \u00c5bo<br><strong>S\u00f6. 24.11 kl. 17 &#8211; <strong>Mamma Mu och Kr\u00e5kan firar jul<\/strong><\/strong> Diamantteatern i \u00c4ventyrsparken, \u00c5bo<br><strong>M\u00e5 25.11 kl. 9 &#8211; Milles nya v\u00e4n &#8211; Millen uusi yst\u00e4v\u00e4<\/strong> Lehtoniemen koulu, Varkaus<br><strong>M\u00e5. 25.11 kl. 10 &#8211; Jag vill dansa!<\/strong> Lehtoniemen koulu, Varkaus<br><strong>M\u00e5. 25.11 kl. 11.15 &#8211; <strong>Vet ni<\/strong><\/strong> <strong>det?<\/strong> Lehtoniemen koulu, Varkaus<br><strong>To. 28.11 kl. &#8211; <strong>Mamma Mu och Kr\u00e5kan firar jul<\/strong><\/strong> Malms kulturhus, Helsingfors<br><strong>Fr. 29.11 kl. 9.30 &#8211; <strong>Mamma Mu och Kr\u00e5kan firar jul<\/strong><\/strong> Koskeby skolas gymnastiksal, V\u00f6r\u00e5<br><strong>Fr. 29.11 kl. 18 &#8211; <strong>Mamma Mu och Kr\u00e5kan firar jul<\/strong><\/strong> Skolan, Nedervetil<br><strong>L\u00f6. 30.11 kl. 10.30 &#8211; <strong>Mamma Mu och Kr\u00e5kan firar jul<\/strong><\/strong> Scala, Nykarleby<br><strong>L\u00f6. 30.11 kl. 15 &#8211; <strong>Mamma Mu och Kr\u00e5kan firar jul<\/strong><\/strong> Samlingshuset, Lepplax<br><strong><strong>S\u00f6. 1.12 kl. 13 &#8211; <strong>Mamma Mu och Kr\u00e5kan firar jul<\/strong><\/strong> <\/strong>Ritz, Vasa<br><strong><strong>S\u00f6. 1.12 kl. 14.30 &#8211; <strong>Mamma Mu och Kr\u00e5kan firar jul<\/strong><\/strong> <\/strong>Ritz, Vasa <br><strong><strong>M\u00e5. 2.12 kl. 9.15  &#8211; <strong>Mamma Mu och Kr\u00e5kan firar jul<\/strong><\/strong> <\/strong>Jungsborg, Karleby<br><strong><strong>M\u00e5. 2.12 kl. 10.30 &#8211; <strong>Mamma Mu och Kr\u00e5kan firar jul<\/strong><\/strong> <\/strong>Jungsborg, Karleby<br><strong><strong>M\u00e5. 2.12 kl. 17.30 &#8211; <strong>Mamma Mu och Kr\u00e5kan firar jul<\/strong><\/strong> <\/strong>Svenska G\u00e5rden, Jakobstad<br><strong><strong>Ti. 3.12 kl. 9.30 &#8211; <strong>Mamma Mu och Kr\u00e5kan firar jul<\/strong><\/strong> <\/strong>, Korsn\u00e4s<br><strong><strong>Ti. 3.12 kl. 18 &#8211; <strong>Mamma Mu och Kr\u00e5kan firar jul<\/strong><\/strong> <\/strong>Frans Henriksson-salen, N\u00e4rpes<br><strong><strong>On. 4.12 kl. 18 &#8211; <strong>Mamma Mu och Kr\u00e5kan firar jul<\/strong><\/strong> <\/strong>Skaftung UF, Kristinestad<br><strong><strong>L\u00f6. 7.12 kl. 15 &#8211; <strong>Mamma Mu och Kr\u00e5kan firar jul<\/strong><\/strong> <\/strong>Grand, Borg\u00e5<br><strong><strong>L\u00f6. 7.12 kl. 16.30 &#8211; <strong>Mamma Mu och Kr\u00e5kan firar jul<\/strong><\/strong> <\/strong>Grand, Borg\u00e5<br><strong><strong>S\u00f6. 8.12 kl. 15 &#8211; <strong>Mamma Mu och Kr\u00e5kan firar jul<\/strong><\/strong> <\/strong>Degerby UF, Ing\u00e5<br><strong>Ti. 10.12 kl. 9.30 &#8211; <strong>Mamma Mu och Kr\u00e5kan firar jul<\/strong><\/strong> Daghemmet Lilla Alexis, Sjunde\u00e5<br><strong><strong>Ti. 10.12 kl. 18 &#8211; <strong>Mamma Mu och Kr\u00e5kan firar jul<\/strong><\/strong> <\/strong>Nya Paviljongen, Grankulla<br><strong><strong>On. 11.12 kl. 9.30 &#8211; <strong>Mamma Mu och Kr\u00e5kan firar jul<\/strong><\/strong> <\/strong>\u00d6stersundom skola, Helsingfors<br><strong><strong>On. 11.12 kl. 17.30 &#8211; <strong>Mamma Mu och Kr\u00e5kan firar jul<\/strong><\/strong> <\/strong>Runh\u00e4lla, Kyrksl\u00e4tt <br><strong><strong>On. 11.12 kl. 18.30 &#8211; <strong>Mamma Mu och Kr\u00e5kan firar jul<\/strong><\/strong> <\/strong>Runh\u00e4lla, Kyrksl\u00e4tt <br><strong><strong>To. 12.12 kl. 18 &#8211; <strong>Mamma Mu och Kr\u00e5kan firar jul<\/strong><\/strong> <\/strong>Karelia, Eken\u00e4s <br><strong><strong>L\u00f6. 14.12 kl. 14 &#8211; <strong>Mamma Mu och Kr\u00e5kan firar jul<\/strong><\/strong> <\/strong>Vind\u00e4ngssalen, Esbo<\/p>\n<\/div><\/div><\/div>\n\n\n\n<div class=\"wp-block-ep-toggle-item ep_toggle_item_wrapper__63b2a6e3-93fe-42b9-aee4-bcfca316b3b0 undefined\"><div class=\"ep_toggle_item_wrapper\"><div class=\"ep_toggle_item_title\"><span>2023<\/span><span class=\"ep_toggles_icon eplusicon-plus1\" data-icon=\"eplusicon-plus1\" data-activeicon=\"eplusicon-minus1\"><\/span><\/div><div class=\"ep_toggle_item_content\">\n<p class=\" eplus-wrapper\"><strong>M\u00e5. 16.1 kl. 8.45 &#8211; Milles nya v\u00e4n &#8211; Millen uusi yst\u00e4v\u00e4 <\/strong>Myllyl\u00e4n koulu, Orimattila<br><strong>M\u00e5. 16.1 kl. 9.30 &#8211; Jag vill dansa! <\/strong>Myllyl\u00e4n koulu, Orimattila<br><strong>M\u00e5. 16.1 kl. 10.30 &#8211; Vet ni det? <\/strong>Myllyl\u00e4n koulu, Orimattila<br><strong>Ti. 17.1 kl. 9.30 &#8211; Milles nya v\u00e4n &#8211; Millen uusi yst\u00e4v\u00e4 <\/strong>Kirkonkyl\u00e4n koulu, M\u00e4nts\u00e4l\u00e4<br><strong>Ti. 17.1 kl. 11.10 &#8211; Jag vill dansa! <\/strong>Kirkonkyl\u00e4n koulu, M\u00e4nts\u00e4l\u00e4<br><strong>Ti. 17.1 kl. 12.45 &#8211; Vet ni det? <\/strong>Kirkonkyl\u00e4n koulu, M\u00e4nts\u00e4l\u00e4<br><strong>On. 18.1 kl. 9 &#8211; Milles nya v\u00e4n &#8211; Millen uusi yst\u00e4v\u00e4 <\/strong>Hy\u00f6k\u00e4nnummen koulu, Kellokoski, M\u00e4nts\u00e4l\u00e4<br><strong>On. 18.1 kl. 10 &#8211; Jag vill dansa! <\/strong>Hy\u00f6k\u00e4nnummen koulu, Kellokoski, M\u00e4nts\u00e4l\u00e4<br><strong>On. 18.1 kl. 11.40 &#8211; Vet ni det? <\/strong>Hy\u00f6k\u00e4nnummen koulu, Kellokoski, M\u00e4nts\u00e4l\u00e4<br><strong>To. 19.1 kl. 9.20 &#8211; Milles nya v\u00e4n &#8211; Millen uusi yst\u00e4v\u00e4 <\/strong>Jokivarren koulu, Orimattila<br><strong>To. 19.1 kl. 10.15 &#8211; Jag vill dansa! <\/strong>Jokivarren koulu, Orimattila<br><strong>To. 19.1 kl. 11.30 &#8211; Vet ni det? <\/strong>Jokivarren koulu, Orimattila<br><strong>M\u00e5. 23.1 kl. 9 &#8211; Milles nya v\u00e4n &#8211; Millen uusi yst\u00e4v\u00e4 <\/strong>Meritorin koulu, Esbo<br><strong>M\u00e5. 23.1 kl. 10.30 &#8211; Jag vill dansa! <\/strong>Meritorin koulu, Esbo<br><strong>M\u00e5. 23.1 kl. 11.30 &#8211; Vet ni det? <\/strong>Meritorin koulu, Esbo<br><strong>Ti. 24.1 kl. &#8211; Milles nya v\u00e4n &#8211; Millen uusi yst\u00e4v\u00e4 <\/strong>Toppelundin koulu, Esbo<br><strong>Ti. 24.1 kl. &#8211; Jag vill dansa! <\/strong>Toppelundin koulu, Esbo<br><strong>Ti. 24.1 kl. &#8211; Vet ni det? <\/strong>Toppelundin koulu, Esbo<br><strong>On. 25.1 kl. &#8211; Milles nya v\u00e4n &#8211; Millen uusi yst\u00e4v\u00e4 <\/strong>Taavinkyl\u00e4n koulu, Esbo<br><strong>On. 25.1 kl. &#8211; Jag vill dansa! <\/strong>Taavinkyl\u00e4n koulu, Esbo<br><strong>On. 25.1 kl. &#8211; Vet ni det? <\/strong>Taavinkyl\u00e4n koulu, Esbo<br><strong>To. 26.1 kl. &#8211; Milles nya v\u00e4n &#8211; Millen uusi yst\u00e4v\u00e4 <\/strong>Iivisniemen koulu, Esbo<br><strong>To. 26.1 kl. &#8211; Jag vill dansa! <\/strong>Iivisniemen koulu, Esbo<br><strong>To. 26.1 kl. &#8211; Vet ni det?<\/strong> Iivisniemen koulu, Esbo<br><strong>Fr. 27.1 kl. 10 &#8211; Milles nya v\u00e4n &#8211; Millen uusi yst\u00e4v\u00e4 <\/strong>Harjulan koulu, Klaukkala<br><strong>Fr. 27.1 kl. 11.15 &#8211; Jag vill dansa! <\/strong>Harjulan koulu, Klaukkala<br><strong>Fr. 27.1 kl. 12.20 &#8211; Vet ni det? <\/strong>Harjulan koulu, Klaukkala<br><strong>M\u00e5. 30.1 kl. 9 &#8211; Milles nya v\u00e4n &#8211; Millen uusi yst\u00e4v\u00e4 <\/strong>Kaaron koulu, Raumo<br><strong>M\u00e5. 30.1 kl. 10 &#8211; Jag vill dansa! <\/strong>Kaaron koulu, Raumo<br><strong>M\u00e5. 30.1 kl. 11.15 &#8211; Vet ni det? <\/strong>Kaaron koulu, Raumo<br><strong>Ti. 31.1 kl. &#8211; Milles nya v\u00e4n &#8211; Millen uusi yst\u00e4v\u00e4 <\/strong>Unajan koulu, Raumo<br><strong>Ti. 31.1 kl. &#8211; Jag vill dansa! <\/strong>Unajan koulu, Raumo<br><strong>Ti. 31.1 kl. &#8211; Vet ni det? <\/strong>Unajan koulu, Raumo<br><strong>On. 1.2 kl. 9.10 &#8211; Milles nya v\u00e4n &#8211; Millen uusi yst\u00e4v\u00e4<\/strong> V\u00e4in\u00f6l\u00e4n koulu, Bj\u00f6rneborg<br><strong>On. 1.2 kl. 10.20 &#8211; Jag vill dansa!<\/strong> V\u00e4in\u00f6l\u00e4n koulu, Bj\u00f6rneborg<br><strong>On. 1.2 kl. 11.20 &#8211; Vet ni det?<\/strong> V\u00e4in\u00f6l\u00e4n koulu, Bj\u00f6rneborg<br><strong>To. 2.2 kl. &#8211; Milles nya v\u00e4n &#8211; Millen uusi yst\u00e4v\u00e4<\/strong> Cygnaeuksen koulu, Bj\u00f6rneborg<br><strong>To. 1.2 kl. &#8211; Jag vill dansa!<\/strong> Cygnaeuksen koulu, Bj\u00f6rneborg<br><strong>To. 1.2 kl. &#8211; Vet ni det?<\/strong> Cygnaeuksen koulu, Bj\u00f6rneborg<br><strong>Fr. 3.2 kl. &#8211; Milles nya v\u00e4n &#8211; Millen uusi yst\u00e4v\u00e4<\/strong> Cygnaeuksen koulu, Bj\u00f6rneborg<br><strong>Fr. 3.2 kl. &#8211; Jag vill dansa!<\/strong> Cygnaeuksen koulu, Bj\u00f6rneborg<br><strong>Fr. 3.2 kl. &#8211; Vet ni det?<\/strong> Cygnaeuksen koulu, Bj\u00f6rneborg<br><strong>M\u00e5. 6.2 kl. 9.30 &#8211; Milles nya v\u00e4n &#8211; Millen uusi yst\u00e4v\u00e4 <\/strong>Karhunkorven koulu, Nurmij\u00e4vi<br><strong>M\u00e5. 6.2 kl. 10.30 &#8211; Jag vill dansa! <\/strong>Karhunkorven koulu, Nurmij\u00e4vi<br><strong>M\u00e5. 6.2 kl. 11.30 &#8211; Vet ni det? <\/strong>Karhunkorven koulu, Nurmij\u00e4vi<br><strong>Ti. 7.2 kl. &#8211; Milles nya v\u00e4n &#8211; Millen uusi yst\u00e4v\u00e4 <\/strong>Tuomarilan koulu, Esbo<br><strong>Ti. 7.2 kl. &#8211; Jag vill dansa! <\/strong>Tuomarilan koulu, Esbo<br><strong>Ti. 7.2 kl. &#8211; Vet ni det? <\/strong>Tuomarilan koulu, Esbo<br><strong>On. 8.2 kl. &#8211; Milles nya v\u00e4n &#8211; Millen uusi yst\u00e4v\u00e4 <\/strong>Nukarin koulu, Nurmij\u00e4rvi<br><strong>On. 8.2 kl. &#8211; Jag vill dansa! <\/strong>Nukarin koulu, Nurmij\u00e4rvi<br><strong>On. 8.2 kl. &#8211; Vet ni det? <\/strong>Nukarin koulu, Nurmij\u00e4rvi<br><strong>To. 9.2 kl. &#8211; Milles nya v\u00e4n &#8211; Millen uusi yst\u00e4v\u00e4 <\/strong>Maaniitun koulu, Nurmij\u00e4rvi<br><strong>To. 9.2 kl. &#8211; Jag vill dansa! <\/strong>Maaniitun koulu, Nurmij\u00e4rvi<br><strong>To. 9.2 kl. &#8211; Vet ni det? <\/strong>Maaniitun koulu, Nurmij\u00e4rvi<br><strong>Fr. 10.2 kl. 9 &#8211; Milles nya v\u00e4n &#8211; Millen uusi yst\u00e4v\u00e4 <\/strong>Hepolan koulu, M\u00e4nts\u00e4l\u00e4<br><strong>Fr. 10.2 kl.&nbsp; &#8211; Jag vill dansa! <\/strong>Hepolan koulu, M\u00e4nts\u00e4l\u00e4<br><strong>Fr. 10.2 kl.&nbsp; &#8211; Vet ni det? <\/strong>Hepolan koulu, M\u00e4nts\u00e4l\u00e4<br><strong>M\u00e5. 13.2 kl. 9 &#8211; Milles nya v\u00e4n &#8211; Millen uusi yst\u00e4v\u00e4 <\/strong>Kalaj\u00e4rven koulu, Esbo<br><strong>M\u00e5. 13.2 kl. 10 &#8211; Jag vill dansa! <\/strong>Kalaj\u00e4rven koulu<em>, <\/em>Esbo<br><strong>M\u00e5. 13.2 kl. 11.30 &#8211; Vet ni det? <\/strong>Kalaj\u00e4rven koulu, Esbo<br><strong>Ti. 14.2 kl. &#8211; Milles nya v\u00e4n &#8211; Millen uusi yst\u00e4v\u00e4 <\/strong>Albert Edelfeltin koulu, Borg\u00e5<br><strong>Ti. 14.2 kl. &#8211; Jag vill dansa!<\/strong>Albert Edelfeltin koulu, Borg\u00e5<br><strong>Ti. 14.2 kl. &#8211; Vet ni det?<\/strong>Albert Edelfeltin koulu, Borg\u00e5<br><strong>On. 15.2 kl. &#8211; Milles nya v\u00e4n &#8211; Millen uusi yst\u00e4v\u00e4 <\/strong>Albert Edelfeltin koulu, Borg\u00e5<br><strong>On. 15.2 kl. &#8211; Jag vill dansa!<\/strong>Albert Edelfeltin koulu, Borg\u00e5<br><strong>On. 15.2 kl. &#8211; Vet ni det?<\/strong>Albert Edelfeltin koulu, Borg\u00e5<br><strong>To. 16.2 kl. 8.30 &#8211; Milles nya v\u00e4n &#8211; Millen uusi yst\u00e4v\u00e4 <\/strong>Jokilaakson koulu, Borg\u00e5<br><strong>To. 16.2 kl. 9.25 &#8211; Jag vill dansa!<\/strong>Jokilaakson koulu, Borg\u00e5<br><strong>To. 16.2 kl. 10.25 &#8211; Vet ni det?<\/strong>Jokilaakson koulu, Borg\u00e5<br><strong>Fr. 17.2 kl. 9 &#8211; Milles nya v\u00e4n &#8211; Millen uusi yst\u00e4v\u00e4 <\/strong>Huhtisen koulu, Borg\u00e5<br><strong>Fr. 17.2 kl. 10 &#8211; Jag vill dansa!<\/strong>Huhtisen koulu, Borg\u00e5<br><strong>Fr. 17.2 kl. 11 &#8211; Vet ni det?<\/strong>Huhtisen koulu, Borg\u00e5<br><strong>To. 2.3 kl. 9 &#8211; Mamma Mu och Kr\u00e5kan &#8211; KoZoo<\/strong> Bj\u00f6rneborgs svenska barntr\u00e4dg\u00e5rd &amp; skola<br><strong>To. 2.3 kl. 10 &#8211; Mamma Mu och Kr\u00e5kan &#8211; KoZoo <\/strong>Bj\u00f6rneborgs svenska barntr\u00e4dg\u00e5rd &amp; skola<br><strong>Fr. 3.3 kl. &#8211; Mamma Mu och Kr\u00e5kan &#8211; KoZoo <\/strong>Topeliusskolan, Helsingfors<br><strong>Pe. 3.3 klo. 17- Mimmi Lehm\u00e4 ja Varis &#8211; Lehm\u00e4puisto <\/strong>Tryckeriteatern, Karjaa<br><strong>Fr. 3.3 kl. 18 &#8211; Mamma Mu och Kr\u00e5kan &#8211; KoZoo <\/strong>Tryckeriteatern, Karis<br><strong>L\u00f6. 4.3 kl. 15 &#8211; Mamma Mu och Kr\u00e5kan &#8211; KoZoo<\/strong> Borg\u00e5, Kulturhuset Grand<br><strong>La. 4.3 klo. 16.30 &#8211; Mimmi Lehm\u00e4 ja Varis &#8211; Lehm\u00e4puisto<\/strong> Porvoo, Kulttuuritalo Grand<br><strong>S\u00f6. 5.3 kl. &#8211; Mamma Mu och Kr\u00e5kan &#8211; KoZoo <\/strong>\u00c4ventyrsparken, \u00c5bo<br><strong>M\u00e5. 6.3 kl. 9.30 &#8211; Milles nya v\u00e4n &#8211; Millen uusi yst\u00e4v\u00e4 <\/strong>Vanda, Kanniston koulu<br><strong>M\u00e5. 6.3 kl. 10.30 &#8211; Jag vill dansa! <\/strong>Vanda, Kanniston koulu<br><strong>M\u00e5. 6.3 kl. 11.50 &#8211; Vet ni det? <\/strong>Vanda, Kanniston koulu<br><strong>Ti. 7.3 kl. 9 &#8211; Milles nya v\u00e4n &#8211; Millen uusi yst\u00e4v\u00e4 <\/strong>Vanda, Rekolan koulu<br><strong>Ti. 7.3 kl. 10.30 &#8211; Jag vill dansa!<\/strong>Vanda, Rekolan koulu<br><strong>Ti. 7.3 kl. 11.30 &#8211; Vet ni det?<\/strong>Vanda, Rekolan koulu<br><strong>On. 8.3 kl. 9.30 &#8211; Milles nya v\u00e4n &#8211; Millen uusi yst\u00e4v\u00e4 <\/strong>Vanda, Verom\u00e4en koulu<br><strong>On. 8.3 kl. 10.30 &#8211; Jag vill dansa!<\/strong>Vanda, Verom\u00e4en koulu<br><strong>On. 8.3 kl. 11.30 &#8211; Vet ni det?<\/strong>Vanda, Verom\u00e4en koulu<br><strong>To. 9.3 kl. 9.30 &#8211; Milles nya v\u00e4n &#8211; Millen uusi yst\u00e4v\u00e4 <\/strong>Vanda, Verom\u00e4en koulu<br><strong>To. 9.3 kl. 9.30 &#8211; Jag vill dansa!<\/strong>Vanda, Verom\u00e4en koulu<br><strong>To. 9.3 kl. 11.30 &#8211; Vet ni det?<\/strong>Vanda, Verom\u00e4en koulu<br><strong>S\u00f6. 12.3 kl.&nbsp; &#8211; Apan Anders <\/strong>\u00c5bo, Barnfest<strong> <\/strong><br><strong>To. 16.3 kl. 18 &#8211; Mamma Mu och Kr\u00e5kan &#8211; KoZoo<\/strong> N\u00e4rpes, Frans Henrikssonsalen<br><strong>Fr. 17.3 kl. 18 &#8211; Mamma Mu och Kr\u00e5kan &#8211; KoZoo<\/strong> Nykarleby, Scala<br><strong>L\u00f6. 18.3 kl. 14 &#8211; Mamma Mu och Kr\u00e5kan &#8211; KoZoo<\/strong> Terj\u00e4rv UF<br><strong>Su. 19.3 klo. 13.30 &#8211; Mimmi Lehm\u00e4 ja Varis &#8211; Lehm\u00e4puisto <\/strong>Vaasa, Ritz<br><strong>S\u00f6. 19.3 kl. 15 &#8211; Mamma Mu och Kr\u00e5kan &#8211; KoZoo<\/strong> Vasa, Ritz<br><strong>Fr. 24.3 klo. 9.30 &#8211; Mimmi Lehm\u00e4 ja Varis &#8211; Lehm\u00e4puisto <\/strong>Tammisaari, Karelia<br><strong>Fr. 24.3 kl. 18 &#8211; Mamma Mu och Kr\u00e5kan &#8211; KoZoo<\/strong> Eken\u00e4s, Karelia<br><strong>L\u00f6. 25.3 kl. 14 &#8211; Mamma Mu och Kr\u00e5kan &#8211; KoZoo<\/strong> Esbo, Vind\u00e4ngen<br><strong>Ti. 4.4 kl. 9.30 &#8211; Mamma Mu och Kr\u00e5kan &#8211; KoZoo <\/strong>Helsingfors, Rastis<br><strong>Ti. 4.4 kl. 10.30 &#8211; Mamma Mu och Kr\u00e5kan &#8211; KoZoo <\/strong>Helsingfors, Rastis<br><strong>To. 13.4 kl. 9.30 &#8211; Apan Anders <\/strong>\u00c5bo, Huvudbibliotekets studio<br><strong>Fr. 14.4 kl. 10.30 &#8211; Apan Anders <\/strong>Helsingfors, Drums\u00f6 \u00f6ppna dagis<br><strong>M\u00e5. 17.4 kl.&nbsp; 9 &#8211; Milles nya v\u00e4n &#8211; Millen uusi yst\u00e4v\u00e4 <\/strong>Fredrikshamn, Uuden-Summan koulu<br><strong>M\u00e5. 17.4 kl. 10 &#8211; Vet ni det? <\/strong>Fredrikshamn, Uuden-Summan koulu<br><strong>M\u00e5. 17.4 kl. 11.15 &#8211; Jag vill dansa! <\/strong>Fredrikshamn, Uuden-Summan koulu<br><strong>Ti. 18.4 kl. 9.15 &#8211; Milles nya v\u00e4n &#8211; Millen uusi yst\u00e4v\u00e4 <\/strong>Kotka, Mussalon koulu<br><strong>Ti. 18.4 kl. 10.20 &#8211; Jag vill dansa! <\/strong>Kotka, Mussalon koulu<br><strong>Ti. 18.4 kl. 11.30 &#8211; Vet ni det? <\/strong>Kotka, Mussalon koulu<br><strong>On. 19.4 kl. 9 &#8211; Milles nya v\u00e4n &#8211; Millen uusi yst\u00e4v\u00e4 <\/strong>Kotka, Tavastilan koulu<br><strong>On. 19.4 kl. 10.30 &#8211; Jag vill dansa! <\/strong>Kotka, Tavastilan koulu<br><strong>On. 19.4 kl. 12.15 &#8211; Vet ni det? <\/strong>Kotka, Tavastilan koulu<br><strong>To. 20.4 kl. 9 &#8211; Jag vill dansa! <\/strong>Fredrikshamn, Husulan koulu<br><strong>To. 20.4 kl.&nbsp; 10 &#8211; Milles nya v\u00e4n &#8211; Millen uusi yst\u00e4v\u00e4 <\/strong>Fredrikshamn, Husulan&nbsp;koulu<br><strong>To. 20.4 kl. 11 &#8211; Vet ni det? <\/strong>Fredrikshamn, Husulan&nbsp;koulu<br><strong>Fr. 21.4 kl. 9 &#8211; Milles nya v\u00e4n &#8211; Millen uusi yst\u00e4v\u00e4 <\/strong>Kotka, Otsolan koulu<br><strong>Fr. 21.4 kl. 10 &#8211; Jag vill dansa! <\/strong>Kotka, Otsolan&nbsp;koulu<br><strong>Fr. 21.4 kl. 11 &#8211; Vet ni det? <\/strong>Kotka, Otsolan&nbsp;koulu<br><strong>M\u00e5. 24.4 kl. 8.45 &#8211; Milles nya v\u00e4n &#8211; Millen uusi yst\u00e4v\u00e4 <\/strong>Kaustby, Puumalan koulu<br><strong>M\u00e5. 24.4 kl. 9.45 &#8211; Jag vill dansa! <\/strong>Kaustby, Puumalan koulu<br><strong>M\u00e5. 24.4 kl. 10.45 &#8211; Vet ni det? <\/strong>Kaustby, Puumalan koulu<br><strong>Ti. 25.4 kl.&nbsp; 9.30 &#8211; Milles nya v\u00e4n &#8211; Millen uusi yst\u00e4v\u00e4 <\/strong>Jakobstad, L\u00e4nsinummen koulu<br><strong>Ti. 25.4 kl. 10.30 &#8211; Jag vill dansa! <\/strong>Jakobstad, L\u00e4nsinummen koulu<br><strong>Ti. 25.4 kl. 11.30 &#8211; Vet ni det? <\/strong>Jakobstad, L\u00e4nsinummen koulu<br><strong>On. 26.4 kl. 10 &#8211; Milles nya v\u00e4n &#8211; Millen uusi yst\u00e4v\u00e4 <\/strong>Jakobstad, It\u00e4l\u00e4n koulu<br><strong>On. 26.4 kl. 11.30 &#8211; Jag vill dansa! <\/strong>Jakobstad, It\u00e4l\u00e4n koulu<br><strong>To. 27.4 kl. 9.50 &#8211; Vet ni det? <\/strong>Karleby, Ruotsalon koulu<br><strong>To. 27.4 kl.&nbsp; 11.15 &#8211; Milles nya v\u00e4n &#8211; Millen uusi yst\u00e4v\u00e4 <\/strong>Karleby, Ruotsalon koulu<br><strong>To. 27.4 kl. 12.15 &#8211; Jag vill dansa! <\/strong>Karleby, Ruotsalon koulu<br><strong>On. 3.5 kl.&nbsp; 9 &#8211; Milles nya v\u00e4n &#8211; Millen uusi yst\u00e4v\u00e4 <\/strong>Helsingfors, Pihkapuiston ala-asteen koulu<br><strong>On. 3.5 kl. 10 &#8211; Jag vill dansa! <\/strong>Helsingfors, Pihkapuiston ala-asteen koulu<br><strong>On. 3.5 kl. 11 &#8211; Vet ni det? <\/strong>Helsingfors, Pihkapuiston ala-asteen koulu<br><strong>To. 4.5 kl. 9.20 &#8211; Vet ni det? <\/strong>Helsingfors, Poikkilaakson ala-asteen koulu<br><strong>To. 4.5 kl. 10.35 &#8211; Milles nya v\u00e4n &#8211; Millen uusi yst\u00e4v\u00e4 <\/strong>Helsingfors, Poikkilaakson ala-asteen koulu<br><strong>To. 4.5 kl. 11.50 &#8211; Jag vill dansa! <\/strong>Helsingfors, Poikkilaakson ala-asteen koulu<br><strong>Fr. 5.5 kl. 9 &#8211; Milles nya v\u00e4n &#8211; Millen uusi yst\u00e4v\u00e4 <\/strong>Helsingfors, Malminkartanon ala-asteen koulu<br><strong>Fr. 5.5 kl. 10 &#8211; Jag vill dansa! <\/strong>Helsingfors, Malminkartanon ala-asteen koulu<br><strong>Fr. 5.5 kl. 11.30 &#8211; Vet ni det? <\/strong>Helsingfors, Malminkartanon ala-asteen koulu<br><strong>M\u00e5. 8.5 kl. 9 &#8211; Milles nya v\u00e4n &#8211; Millen uusi yst\u00e4v\u00e4<\/strong> Vanda, Aurinkokiven koulu<br><strong>M\u00e5. 8.5 kl. 11 &#8211; Jag vill dansa! <\/strong>Vanda, Aurinkokiven koulu<br><strong>M\u00e5. 8.5 kl. 12.35 &#8211; Vet ni det? <\/strong>Vanda, Aurinkokiven koulu<br><strong>Ti. 9.5 kl. 9.15 &#8211; Vet ni det?&nbsp;<\/strong>Tammerfors, Kissanmaan koulu<br><strong>Ti. 9.5 kl. 10.25 &#8211; Milles nya v\u00e4n &#8211; Millen uusi yst\u00e4v\u00e4 <\/strong>Tammerfors, Kissanmaan koulu<br><strong>Ti. 9.5 kl. 11.35 &#8211; Jag vill dansa! <\/strong>Tammerfors, Kissanmaan koulu<br><strong>On. 10.5 kl. 9 &#8211; Milles nya v\u00e4n &#8211; Millen uusi yst\u00e4v\u00e4<\/strong> Lemp\u00e4\u00e4l\u00e4, Kelhon koulu<br><strong>On. 10.5 kl. 10 &#8211; Jag vill dansa! <\/strong>Lemp\u00e4\u00e4l\u00e4, Kelhon koulu<br><strong>On. 10.5 kl. 11.15 &#8211; Vet ni det? <\/strong>Lemp\u00e4\u00e4l\u00e4, Kelhon koulu<br><strong>To. 11.5 kl. 9.10 &#8211; Milles nya v\u00e4n &#8211; Millen uusi yst\u00e4v\u00e4<\/strong> Tammerfors, Hatanp\u00e4\u00e4n koulu<br><strong>To. 11.5 kl. 10.25 &#8211; Jag vill dansa! <\/strong>Tammerfors, Hatanp\u00e4\u00e4n koulu<br><strong>To. 11.5 kl. 11.25 &#8211; Vet ni det? <\/strong>Tammerfors, Hatanp\u00e4\u00e4n koulu<br><strong>Fr. 12.5 kl. 9 &#8211; Milles nya v\u00e4n &#8211; Millen uusi yst\u00e4v\u00e4<\/strong> Vanda, Aurinkokiven koulu<br><strong>Fr. 12.5 kl. 10.20 &#8211; Jag vill dansa! <\/strong>Vanda, Aurinkokiven koulu<br><strong>Fr. 12.5 kl. 11.15 &#8211; Vet ni det? <\/strong>Vanda, Aurinkokiven koulu<br><strong>M\u00e5. 15.5 kl. 8.45 &#8211; Milles nya v\u00e4n &#8211; Millen uusi yst\u00e4v\u00e4<\/strong> Orimattila, Myllyn koulu<br><strong>M\u00e5. 15.5 kl. 9.40 &#8211; Jag vill dansa! <\/strong>Orimattila, Myllyn koulu<br><strong>M\u00e5. 15.5 kl. 10.30 &#8211; Vet ni det? <\/strong>Orimattila, Myllyn koulu<br><strong>M\u00e5. 22.5 kl. 9.15 &#8211; Vet ni det? <\/strong>Vanda, Viertolan koulu<br><strong>M\u00e5. 22.5 kl. 10.30 &#8211; Vet ni det? <\/strong>Vanda, Viertolan koulu<br><strong>M\u00e5. 22.5 kl. 11.25 &#8211; Milles nya v\u00e4n &#8211; Millen uusi yst\u00e4v\u00e4<\/strong> Vanda, Viertolan koulu<br><strong>Ti. 23.5 kl. 10.20 &#8211; Milles nya v\u00e4n &#8211; Millen uusi yst\u00e4v\u00e4<\/strong> Vanda, Rajakyl\u00e4n koulu<br><strong>Ti. 23.5 kl. 11.20 &#8211; Milles nya v\u00e4n &#8211; Millen uusi yst\u00e4v\u00e4<\/strong> Vanda, Rajakyl\u00e4n koulu<br><strong>On. 24.5 kl. 9.15 &#8211; Jag vill dansa!<\/strong> Vanda, Viertolan koulu<br><strong>On. 24.5 kl. 10.30 &#8211; Jag vill dansa! <\/strong>Vanda, Viertolan koulu<br><strong>On. 24.5 kl. 11.25 &#8211; Milles nya v\u00e4n &#8211; Millen uusi yst\u00e4v\u00e4 <\/strong>Vanda, Viertolan koulu<br><strong>To. 25.5 kl. 9 &#8211; Jag vill dansa!<\/strong> Vanda, Rajakyl\u00e4n koulu<br><strong>To. 25.5 kl. 10.20 &#8211; Jag vill dansa! <\/strong>Vanda, Rajakyl\u00e4n koulu<br><strong>Fr. 26.5 kl. 9.30 &#8211; Milles nya v\u00e4n &#8211; Millen uusi yst\u00e4v\u00e4<\/strong> M\u00e4nts\u00e4l\u00e4, Kirkonkyl\u00e4n koulu<br><strong>Fr. 26.5 kl. 11.10 &#8211; Jag vill dansa! <\/strong>M\u00e4nts\u00e4l\u00e4, Kirkonkyl\u00e4n koulu<br><strong>Fr. 26.5 kl. 12.45 &#8211; Vet ni det? <\/strong>M\u00e4nts\u00e4l\u00e4, Kirkonkyl\u00e4n koulu<br><strong>S\u00f6. 2.7 kl. 14 &#8211; <a href=\"https:\/\/www.estrad.fi\/barnensestrad\/aktuellt\/findus-flyttar-ut\/\">Barnens Sommarteater:<\/a> <\/strong>Findus flyttar ut, Pargas, Piug<br><strong>S\u00f6. 2.7 kl. 16 &#8211; <a href=\"https:\/\/www.estrad.fi\/barnensestrad\/aktuellt\/findus-flyttar-ut\/\">Barnens Sommarteater<\/a> <\/strong>Findus flyttar ut, Pargas, Piug<br><strong>M\u00e5. 3.7 kl. 17 \u2013 <a href=\"https:\/\/www.estrad.fi\/barnensestrad\/aktuellt\/findus-flyttar-ut\/\">Barnens Sommarteater:<\/a> <\/strong>Findus flyttar ut, Kimito, Villa Lande<br><strong>Ti. 4.7 kl. 15 \u2013 <a href=\"https:\/\/www.estrad.fi\/barnensestrad\/aktuellt\/findus-flyttar-ut\/\">Barnens Sommarteater:<\/a> <\/strong>Findus flyttar ut, Nagu, Framn\u00e4s<br><strong>Ti. 4.7 kl. 17 \u2013 <a href=\"https:\/\/www.estrad.fi\/barnensestrad\/aktuellt\/findus-flyttar-ut\/\">Barnens Sommarteater<\/a> <\/strong>Findus flyttar ut, Nagu, Framn\u00e4s<br><strong>Fr. 7.7 kl. 15 \u2013 <a href=\"https:\/\/www.estrad.fi\/barnensestrad\/aktuellt\/findus-flyttar-ut\/\">Barnens Sommarteater:<\/a><\/strong> Findus flyttar ut, Borg\u00e5, Postbacken<br><strong>Fr. 7.7 kl. 17 \u2013 <a href=\"https:\/\/www.estrad.fi\/barnensestrad\/aktuellt\/findus-flyttar-ut\/\">Barnens Sommarteater:<\/a><\/strong> Findus flyttar ut, Borg\u00e5, Postbacken<br><strong>S\u00f6. 9.7 kl. 14 \u2013 <a href=\"https:\/\/www.estrad.fi\/barnensestrad\/aktuellt\/findus-flyttar-ut\/\">Barnens Sommarteater: <\/a><\/strong>Findus flyttar ut, Kristinestad, Braheg\u00e5rden<br><strong>S\u00f6. 9.7 kl. 16 \u2013 <a href=\"https:\/\/www.estrad.fi\/barnensestrad\/aktuellt\/findus-flyttar-ut\/\">Barnens Sommarteater:<\/a><\/strong> Findus flyttar ut, Kristinestad, Braheg\u00e5rden<br><strong>M\u00e5. 10.7 kl. 15 \u2013 <a href=\"https:\/\/www.estrad.fi\/barnensestrad\/aktuellt\/findus-flyttar-ut\/\">Barnens Sommarteater:<\/a> <\/strong>Findus flyttar ut, S\u00f6dra Vallgrund, UF Havsbandet<br><strong>M\u00e5. 10.7 kl. 17 \u2013 <a href=\"https:\/\/www.estrad.fi\/barnensestrad\/aktuellt\/findus-flyttar-ut\/\">Barnens Sommarteater:<\/a> <\/strong>Findus flyttar ut, S\u00f6dra Vallgrund, UF Havsbandet<br><strong>Ti. 11.7 kl. 13 \u2013 <a href=\"https:\/\/www.estrad.fi\/barnensestrad\/aktuellt\/findus-flyttar-ut\/\">Barnens Sommarteater:<\/a><\/strong> Findus flyttar ut, Karleby, Stadsbiblioteket<br><strong>On. 12.7 kl. 13 \u2013 <a href=\"https:\/\/www.estrad.fi\/barnensestrad\/aktuellt\/findus-flyttar-ut\/\">Barnens Sommarteater:<\/a> <\/strong>Findus flyttar ut, Nykarleby, Scala<br><strong>To. 13.7 kl. 15 \u2013 <a href=\"https:\/\/www.estrad.fi\/barnensestrad\/aktuellt\/findus-flyttar-ut\/\">Barnens Sommarteater:<\/a> <\/strong>Findus flyttar ut, Esse, Esseg\u00e5rden<br><strong>S\u00f6. 16.7 kl. 16 \u2013 <a href=\"https:\/\/www.estrad.fi\/barnensestrad\/aktuellt\/findus-flyttar-ut\/\">Barnens Sommarteater:<\/a> <\/strong>Findus flyttar ut, Houtsk\u00e4r, Vesterlid<br><strong>M\u00e5. 17.7 kl. 15 \u2013 <a href=\"https:\/\/www.estrad.fi\/barnensestrad\/aktuellt\/findus-flyttar-ut\/\">Barnens Sommarteater:<\/a> <\/strong>Findus flyttar ut, Korpo, Kommunalg\u00e5rden<br><strong>M\u00e5. 17.7 kl. 17 \u2013 <a href=\"https:\/\/www.estrad.fi\/barnensestrad\/aktuellt\/findus-flyttar-ut\/\">Barnens Sommarteater:<\/a> <\/strong>Findus flyttar ut, Korpo, Kommunalg\u00e5rden<br><strong>L\u00f6. 5.8 kl.&nbsp; &#8211; Apan Anders <\/strong>Ing\u00e5<br><strong>Fr. 11.8 kl. 18, Teater: Findus flyttar ut <\/strong>Larsmo, Torget<br><strong>L\u00f6. 12.8 kl. 11, Teater: Findus flyttar ut <\/strong>Korsn\u00e4s<br><strong>S\u00f6. 13.7 kl. 13, Teater: Findus flyttar ut <\/strong>\u00c5minne folkpark<br><strong>S\u00f6. 13.8 kl. 15 &#8211; Apan Anders <\/strong>Kristinestad<br><strong>On. 30.8 kl. 9 &#8211; Rosa Indigo <\/strong>Nagu, Framn\u00e4s<br><strong>On. 30.8 kl. 10 &#8211; Rosa Indigo <\/strong>Nagu, Framn\u00e4s<br><strong>To. 31.8 kl. 9 &#8211; Rosa Indigo <\/strong>Houtsk\u00e4r, Vesterlid<br><strong>To. 31.8 kl. 10 &#8211; Rosa Indigo <\/strong>Houtsk\u00e4r, Vesterlid<br><strong>Fr. 1.9 kl. 9 &#8211; Rosa Indigo<\/strong> Korpo, Kommunalg\u00e5rden<br><strong>Fr. 1.9 kl. 10 &#8211; Rosa Indigo<\/strong> Korpo, Kommunalg\u00e5rden<br><strong>M\u00e5. 4.9 kl. 10 &#8211; Rosa Indigo <\/strong>Helsingfors, Tallbo daghem<br><strong>M\u00e5. 4.9 kl.&nbsp; &#8211; Rosa Indigo<\/strong> Helsingfors, Drums\u00f6 eftis<br><strong>Ti. 5.9 kl. 9.30 &#8211; Rosa Indigo<\/strong> Helsingfors, Daghemmet Marias Asyl<br><strong>Ti. 5.9 kl. 14.30 &#8211; Rosa Indigo<\/strong> Helsingfors, Botby eftis<br><strong>On. 6.9 kl. 10 &#8211; Rosa Indigo<\/strong> Helsingfors, Daghemmet Anna &amp; Brita Maria Renlund<br><strong>On. 6.9 kl. 10 &#8211; Rosa Indigo<\/strong> Helsingfors, Gillebo eftis<br><strong>To. 7.9 kl. &#8211; Rosa Indigo<\/strong> Helsingfors, Munksn\u00e4s sm\u00e5barnsskola<br><strong>To. 7.9 kl. &#8211; Rosa Indigo<\/strong> Helsingfors, Cygnaeus &amp; Norsens eftis<br><strong>Fr. 8.9 kl. 10 &#8211; Rosa Indigo<\/strong> Helsingfors, T\u00f6l\u00f6 daghem<br><strong>Fr. 8.9 kl. 15 &#8211; Rosa Indigo<\/strong> Helsingfors, Deger\u00f6 eftis<br><strong>M\u00e5. 11.9 kl. 9.30 &#8211; Rosa Indigo<\/strong> Karleby, Kyrkbackens daghem<br><strong>M\u00e5. 11.9 kl. 14 &#8211; Rosa Indigo<\/strong> Karleby, Cygnaeus eftis<br><em><strong>Ti. 12.9 kl. 9.30 &#8211; Rosa Indigo<\/strong> Karleby, Svenska daghemmet <strong>Flyttas till februari 2024 pga. sjukdom<\/strong><\/em><br><em><strong>Ti. 12.9 kl. 12.30 &#8211; Rosa Indigo<\/strong> Karleby, \u00d6ja f\u00f6rskola &amp; eftis<\/em> <strong><em>Flyttas till februari 2024 pga. sjukdom<\/em><\/strong><br><strong>Fr. 1.9 kl. 9 &#8211; Rosa Indigo<\/strong> Korpo, Kommunalg\u00e5rden<br><strong>Fr. 1.9 kl. 10 &#8211; Rosa Indigo<\/strong> Korpo, Kommunalg\u00e5rden<br><strong>M\u00e5. 4.9 kl. 10 &#8211; Rosa Indigo <\/strong>Helsingfors, Tallbo daghem<br><strong>M\u00e5. 4.9 kl.&nbsp; &#8211; Rosa Indigo<\/strong> Helsingfors, Drums\u00f6 eftis<br><strong>Ti. 5.9 kl. 9.30 &#8211; Rosa Indigo<\/strong> Helsingfors, Daghemmet Marias Asyl<br><strong>Ti. 5.9 kl. 14.30 &#8211; Rosa Indigo<\/strong> Helsingfors, Botby eftis<br><strong>On. 6.9 kl. 10 &#8211; Rosa Indigo<\/strong> Helsingfors, Daghemmet Anna &amp; Brita Maria Renlund<br><strong>On. 6.9 kl. 10 &#8211; Rosa Indigo<\/strong> Helsingfors, Gillebo eftis<br><strong>To. 7.9 kl. &#8211; Rosa Indigo<\/strong> Helsingfors, Munksn\u00e4s sm\u00e5barnsskola<br><strong>To. 7.9 kl. &#8211; Rosa Indigo<\/strong> Helsingfors, Cygnaeus &amp; Norsens eftis<br><strong>Fr. 8.9 kl. 10 &#8211; Rosa Indigo<\/strong> Helsingfors, T\u00f6l\u00f6 daghem<br><strong>Fr. 8.9 kl. 15 &#8211; Rosa Indigo<\/strong> Helsingfors, Deger\u00f6 eftis<br><strong>M\u00e5. 11.9 kl. 9.30 &#8211; Rosa Indigo<\/strong> Karleby, Kyrkbackens daghem<br><strong>M\u00e5. 11.9 kl. 14 &#8211; Rosa Indigo<\/strong> Karleby, Cygnaeus eftis<br><em><strong>Ti. 12.9 kl. 9.30 &#8211; Rosa Indigo<\/strong> Karleby, Svenska daghemmet <strong>Flyttas till februari 2024 pga. sjukdom<\/strong><\/em><br><em><strong>Ti. 12.9 kl. 12.30 &#8211; Rosa Indigo<\/strong> Karleby, \u00d6ja f\u00f6rskola &amp; eftis<\/em><br><strong>On. 13.9 kl. 9.30 &#8211; Rosa Indigo<\/strong> Nedervetil, Solrosens daghem\/skolans sal<br><strong>On. 13.9 kl. 14 &#8211; Rosa Indigo<\/strong> Karleby, Villa skolas eftis<br><strong>To. 14.9 kl. 9.30 &#8211; Rosa Indigo<\/strong> Kronoby, Slottebo daghem &amp; f\u00f6rskola<br><strong>To. 14.9 kl. 13.30 &#8211; Rosa Indigo <\/strong>Kronoby, Kronoby eftis\/Samlingshuset<br><strong>Fr. 15.9 kl. 9.30 &#8211; Rosa Indigo<\/strong> Karleby, Hakalax daghem<br><strong>Fr. 15.9 kl. 14 &#8211; Rosa Indigo<\/strong> Karleby, S\u00e5ka eftis och f\u00f6rskola, i Byag\u00e5rden<br><strong>M\u00e5. 18.9 kl. 9.15 &#8211; Rosa Indigo <\/strong>\u00c5bo, Braheskolan<br><strong>M\u00e5. 18.9 kl. 10.15 &#8211; Rosa Indigo<\/strong> \u00c5bo, Braheskolans daghem &amp; f\u00f6rskola<br><strong>Ti. 19.9 kl. &#8211; Rosa Indigo<\/strong> Eken\u00e4s, Rasebo daghem<br><strong>Ti. 19.9 kl. &#8211; Rosa Indigo<\/strong> Eken\u00e4s, Svalbo eftis<br><strong>On. 20.9 kl. 9.30 &#8211; Rosa Indigo <\/strong>Bromarv, Daghem och skola<br><strong>On. 20.9 kl. &#8211; Rosa Indigo<\/strong> Eken\u00e4s, \u00d6sterby eftis<br><strong>To. 21.9 kl. &#8211; Rosa Indigo<\/strong> Karis, Daghemmet Karusellen<br><strong>To. 21.9 kl. &#8211; Rosa Indigo<\/strong> Karis, Eftis Byllan och Kupan<br><strong>Fr. 22.9 kl. &#8211; Rosa Indigo<\/strong> Eken\u00e4s, Bj\u00f6rkebo daghem<br><strong>Fr. 22.9 kl. &#8211; Rosa Indigo<\/strong> Eken\u00e4s, Mikaelsskolans eftis<br><strong>M\u00e5. 25.9 kl. 9 &#8211; Milles nya v\u00e4n &#8211; Millen uusi yst\u00e4v\u00e4<\/strong> Esbo, Auroran koulu<br><strong>M\u00e5. 25.9 kl. 10.10 &#8211; Jag vill dansa! <\/strong>Esbo, Auroran koulu<br><strong>M\u00e5. 25.9 kl. 11.30 &#8211; Vet ni det?<\/strong> Esbo, Auroran koulu<br><strong>Ti. 26.9 kl. 9.15- Milles nya v\u00e4n &#8211; Millen uusi yst\u00e4v\u00e4<\/strong> Esbo, Jalavanpuiston koulu<br><strong>Ti. 26.9 kl. 10.15 &#8211; Jag vill dansa! <\/strong>Esbo, Jalavanpuiston koulu<br><strong>Ti. 26.9 kl. 11.15 &#8211; Vet ni det?<\/strong> Esbo, Jalavanpuiston koulu<br><strong>On. 27.9 kl. 9 &#8211; Milles nya v\u00e4n &#8211; Millen uusi yst\u00e4v\u00e4<\/strong> Esbo, Auroran koulu<br><strong>On. 27.9 kl. 10.10 &#8211; Vet ni det? <\/strong>Esbo, Auroran koulu<br><strong>On. 27.9 kl. 11.30 &#8211; Jag vill dansa! <\/strong>Esbo, Auroran koulu<br><strong>On. 27.9 kl. 9 &#8211; Apan Anders laulaa kahdella kielell\u00e4<\/strong> Esbo, Matinraitin p\u00e4iv\u00e4koti<br><strong>On. 27.9 kl. 10 &#8211; Apan Anders laulaa kahdella kielell\u00e4<\/strong> Esbo, Matinraitin p\u00e4iv\u00e4koti<br><strong>To. 28.9 kl. 9.10 &#8211; Milles nya v\u00e4n &#8211; Millen uusi yst\u00e4v\u00e4<\/strong> Esbo, Friisil\u00e4n koulu<br><strong>To. 28.9 kl. 10.20 &#8211; Jag vill dansa! <\/strong>Esbo, Friisil\u00e4n koulu<br><strong>To. 28.9 kl. 12.35 &#8211; Vet ni det?<\/strong> Esbo, Friisil\u00e4n koulu<br><strong>To. 28.9 kl. 9.15 &#8211; Apan Anders laulaa kahdella kielell\u00e4<\/strong> Esbo, Vanttilan p\u00e4iv\u00e4koti<br><strong>To. 28.9 kl. 10.15 &#8211; Apan Anders laulaa kahdella kielell\u00e4<\/strong> Esbo, Vanttilan p\u00e4iv\u00e4koti<br><strong>Fr. 29.9 kl. 9 &#8211; Milles nya v\u00e4n &#8211; Millen uusi yst\u00e4v\u00e4<\/strong> Hyvinge, Aseman koulu<br><strong>Fr. 29.9 kl. 10.15 &#8211; Jag vill dansa! <\/strong>Hyvinge, Aseman koulu<br><strong>Fr. 29.9 kl. 11.15 &#8211; Vet ni det?<\/strong> Hyvinge, Aseman koulu<br><strong>L\u00f6. 30.9 kl. 11 &#8211; Apan Anders <\/strong>Sjunde\u00e5<br><strong>M\u00e5. 2.10 kl. 8.45 &#8211; Milles nya v\u00e4n &#8211; Millen uusi yst\u00e4v\u00e4<\/strong> \u00c5bo, Varissuon koulu<br><strong>M\u00e5. 2.10 kl. 10.10 &#8211; Vet ni det?<\/strong> \u00c5bo, Varissuon koulu<br><strong>Ti. 3.10 kl. 9.15 &#8211; Milles nya v\u00e4n &#8211; Millen uusi yst\u00e4v\u00e4<\/strong> \u00c5bo, Yli-Maarian koulu<br><strong>Ti. 3.10 kl. 10.15 &#8211; Jag vill dansa! <\/strong>\u00c5bo, Yli-Maarian koulu<br><strong>Ti. 3.10 kl. 11.30 &#8211; Vet ni det?<\/strong> \u00c5bo, Yli-Maarian koulu<br><strong>Ti. 3.10 kl. 9 &#8211; Apan Anders laulaa kahdella kielell\u00e4<\/strong> Salo, Ollikkalan p\u00e4iv\u00e4koti<br><strong>Ti. 3.10 kl. 10 &#8211; Apan Anders laulaa kahdella kielell\u00e4<\/strong> Salo, Ollikkalan p\u00e4iv\u00e4koti<br><strong>On. 4.10 kl. 9.30 &#8211; Milles nya v\u00e4n &#8211; Millen uusi yst\u00e4v\u00e4<\/strong> \u00c5bo, Vasaram\u00e4en koulu<br><strong>On. 4.10 kl. 11 &#8211; Jag vill dansa! <\/strong>\u00c5bo, Vasaram\u00e4en koulu<br><strong>On. 4.10 kl. 12.15 &#8211; Vet ni det?<\/strong> \u00c5bo, Vasaram\u00e4en koulu<br><strong>To. 5.10 kl. 9 &#8211; Milles nya v\u00e4n &#8211; Millen uusi yst\u00e4v\u00e4<\/strong> Reso, Kuloisten koulu<br><strong>To. 5.10 kl. 10 &#8211; Jag vill dansa! <\/strong>Reso, Kuloisten koulu<br><strong>To. 5.10 kl. 11 &#8211; Vet ni det?<\/strong> Reso, Kuloisten koulu<br><strong>Fr. 6.10 kl. 9 &#8211; Milles nya v\u00e4n &#8211; Millen uusi yst\u00e4v\u00e4<\/strong> Reso, Friisil\u00e4n koulu<br><strong>Fr. 6.10 kl.&nbsp;10.20 &#8211; Jag vill dansa! <\/strong>Reso, Friisil\u00e4n koulu<br><strong>Fr. 6.10 kl. 11.20 &#8211; Vet ni det?<\/strong> Reso, Friisil\u00e4n koulu<br><strong>M\u00e5. 9.10 kl.&nbsp;9 &#8211; Milles nya v\u00e4n &#8211; Millen uusi yst\u00e4v\u00e4<\/strong> Vasa, Variskan yhten\u00e4iskoulu<br><strong>M\u00e5. 9.10 kl.&nbsp;10 &#8211; Jag vill dansa! <\/strong>Vasa, Variskan yhten\u00e4iskoulu<br><strong>M\u00e5. 9.10 kl.&nbsp;11.20 &#8211; Vet ni det?<\/strong> Vasa, Variskan yhten\u00e4iskoulu<br><strong>Ti. 10.10 kl.&nbsp;9 &#8211; Milles nya v\u00e4n &#8211; Millen uusi yst\u00e4v\u00e4<\/strong> Vasa, Isolahden koulu<br><strong>Ti. 10.10 kl. 10 &#8211; Jag vill dansa! <\/strong>Vasa, Isolahden koulu<br><strong>Ti. 10.10 kl.&nbsp;11 &#8211; Vet ni det?<\/strong> Vasa, Isolahden koulu<br><strong>On. 11.10 kl. 9.15&nbsp; &#8211; Milles nya v\u00e4n &#8211; Millen uusi yst\u00e4v\u00e4<\/strong> Vasa, Hietalahden koulu<br><strong>On. 11.10 kl.&nbsp;10.15 &#8211; Jag vill dansa! <\/strong>Vasa, Hietalahden koulu<br><strong>On. 11.10 kl.&nbsp;11.45 &#8211; Vet ni det?<\/strong> Vasa, Hietalahden koulu<br><strong>To. 12.10 kl.&nbsp;9.15 &#8211; Milles nya v\u00e4n &#8211; Millen uusi yst\u00e4v\u00e4<\/strong> Vasa, Suvilahden koulu<br><strong>To. 12.10 kl.&nbsp;10.15 &#8211; Jag vill dansa! <\/strong>Vasa, Suvilahden koulu<br><strong>To. 12.10 kl.&nbsp;11.15 &#8211; Vet ni det?<\/strong> Vasa, Suvihden koulu<br><strong>Fr. 13.10 kl. 9 &#8211; Milles nya v\u00e4n &#8211; Millen uusi yst\u00e4v\u00e4<\/strong> Vasa, Merikaarron koulu<br><strong>Fr. 13.10 kl. 10 &#8211; Jag vill dansa! <\/strong>Vasa, Merikaarron koulu<br><strong>Fr. 13.10 kl. 11.20 &#8211; Vet ni det?<\/strong> Vasa, Merikaarron koulu<br><strong>Ti. 17.10 kl.&nbsp; 9 &#8211; J\u00e4ttekiva!<\/strong> Borg\u00e5, Hinthaaran p\u00e4iv\u00e4koti<br><strong>To. 19.10 kl.&nbsp;9 &#8211; J\u00e4ttekiva!<\/strong> Borg\u00e5, P\u00e4iv\u00e4koti Mets\u00e4t\u00e4hti<br><strong>To. 19.10 kl.&nbsp;10 &#8211; J\u00e4ttekiva!<\/strong> Borg\u00e5, P\u00e4iv\u00e4koti Mets\u00e4t\u00e4hti<br><strong>Ti. 24.10 kl.&nbsp;10 &#8211; J\u00e4ttekiva!<\/strong> Tammerfors, Lamminp\u00e4\u00e4n koulun esiopetus<br><strong>Ti. 24.10 kl.&nbsp;11.30 &#8211; J\u00e4ttekiva!<\/strong> Tammerfors, Lamminp\u00e4\u00e4n koulun esiopetus<br><s><strong>Ti. 24.10 kl. 9.15 &#8211; Apan Anders laulaa kahdella kielell\u00e4<\/strong> Karleby, Koivuhaan esiopetus<br><strong>Ti. 24.10 kl. 10.15 &#8211; Apan Anders laulaa kahdella kielell\u00e4<\/strong> Karleby, Koivuhaan esiopetus<\/s><br><strong>On. 25.10 kl.&nbsp;9 &#8211; J\u00e4ttekiva!<\/strong> Tammerfors, Lielahden koulun esiopetus<br><strong>On. 25.10 kl.&nbsp;9.50 &#8211; J\u00e4ttekiva!<\/strong> Tammerfors, Lielahden koulun esiopetus<br><strong>On. 25.10 kl.&nbsp;10.40 &#8211; J\u00e4ttekiva!<\/strong> Tammerfors, Lielahden koulun esiopetus<br><strong>To. 26.10 kl.&nbsp;9.45 &#8211; J\u00e4ttekiva!<\/strong> Tammerfors, Vehmaisten koulun esiopetus<br><strong>To. 26.10 kl.&nbsp;11.40 &#8211; J\u00e4ttekiva!<\/strong> Tammerfors, Vehmaisten koulun esiopetus<br><s><strong>To. 26.10 kl. 9.15 &#8211; Apan Anders laulaa kahdella kielell\u00e4<\/strong> Karleby, Ykspihjalan p\u00e4iv\u00e4koti ja koulu<br><strong>To. 26.10 kl. 10 &#8211; Apan Anders laulaa kahdella kielell\u00e4<\/strong> Karleby, Ykspihjalan p\u00e4iv\u00e4koti ja koulu<\/s><br><strong>M\u00e5. 6.11 kl. 9 &#8211; Apan Anders laulaa kahdella kielell\u00e4<\/strong> Eurajoki, Keskustan koulu<br><strong>M\u00e5. 6.11 kl. 10.15 &#8211; Apan Anders laulaa kahdella kielell\u00e4<\/strong> Eurajoki, Keskustan koulu<br><strong>Ti. 7.11 kl. 9 &#8211; Apan Anders sjunger s\u00e5nger fr\u00e5n sagor<\/strong> Vasa, Kulturhuset Fanny, Fullbokat<br><strong>Ti. 7.11 kl.&nbsp; 12 &#8211; Apan Anders sjunger s\u00e5nger fr\u00e5n sagor<\/strong> Korsholm,<br><strong>On. 8.11 kl.&nbsp; &#8211; Apan Anders &#8211; S\u00e5ng &amp; h\u00e5llig\u00e5ng &#8211; laulua ja lysti\u00e4 <\/strong>Kask\u00f6,<br><strong>On. 8.11 kl.&nbsp; &#8211; Apan Anders sjunger s\u00e5nger fr\u00e5n sagor <\/strong>Lappfj\u00e4rd,<br><strong>To. 9.11 kl. 9 &#8211; Apan Anders laulaa kahdella kielell\u00e4<\/strong> Karleby, Halkokarin esiopetus<br><strong>To. 9.11 kl. 10 &#8211; Apan Anders laulaa kahdella kielell\u00e4<\/strong> Karleby, Halkokarin esiopetus<br><strong>On. 22.11 kl. 10 &#8211; Jul med Alfons \u00c5berg<\/strong> Helsingfors, Stoa<br><strong>On. 22.11 kl. 18 &#8211; Apan Anders &#8211; S\u00e5ng &amp; h\u00e5llig\u00e5ng &#8211; laulua ja lysti\u00e4 <\/strong><a rel=\"noreferrer noopener\" href=\"https:\/\/tapahtumat.sipoo.fi\/sv-FI\/page\/652d27c02b4e0a04e3b3573f\" target=\"_blank\">Sibbo, S\u00f6derkulla bibliotek<\/a><br><strong>To. 23.11 kl. 18 &#8211; Jul med Alfons \u00c5berg<\/strong> Karis, Tryckeriteatern<br><strong>To. 23.11 kl. 9 &#8211; Apan Anders laulaa kahdella kielell\u00e4<\/strong> Vanda, Louhelan p\u00e4iv\u00e4koti<br><strong>To. 23.11 kl. 10 &#8211; Apan Anders laulaa kahdella kielell\u00e4<\/strong> Vanda, Louhelan p\u00e4iv\u00e4koti<br><strong>Fr. 24.11 kl. 9.30 &#8211; Jul med Alfons \u00c5berg<\/strong> Bromarv, Bromarv skola &amp; daghem<br><strong>Fr. 24.11 kl. 18 &#8211; Jul med Alfons \u00c5berg<\/strong> Eken\u00e4s, Karelia<br><strong>Fr. 24.11 kl. 9 &#8211; Apan Anders laulaa kahdella kielell\u00e4<\/strong> Vanda, Ristipuron p\u00e4iv\u00e4koti<br><strong>Fr. 24.11 kl. 10 &#8211; Apan Anders laulaa kahdella kielell\u00e4<\/strong> Vanda, Ristipuron p\u00e4iv\u00e4koti<br><strong>L\u00f6. 25.11 kl. 11 &#8211; Jul med Alfons \u00c5berg<\/strong> Kimito, Villa Lande<br><strong>L\u00f6. 25.11 kl. 17 &#8211; Jul med Alfons \u00c5berg<\/strong> Pargas, Piugs kultursal<br><strong>S\u00f6. 26.11 kl. 15 &#8211; Jul med Alfons \u00c5berg<\/strong> Ing\u00e5, Degerby, Furuborg<br><strong>Ti. 28.11 kl. 9.30 &#8211; Jul med Alfons \u00c5berg<\/strong> Sibbo, V\u00e4sterskog daghem<br><strong>Ti. 28.11 kl. 9.30 &#8211; Apan Anders laulaa kahdella kielell\u00e4<\/strong> Ulvila, Friitalan koulu\/Tuulenpes\u00e4n p\u00e4iv\u00e4koti<br><strong>Ti. 28.11 kl. 10.30 &#8211; Apan Anders laulaa kahdella kielell\u00e4<\/strong> Ulvila, Friitalan koulu\/Tuulenpes\u00e4n p\u00e4iv\u00e4koti<br><strong>On. 29.11 kl. 10 &#8211; Jul med Alfons \u00c5berg<\/strong> Helsingfors, Malms kulturhus<br><strong>On. 29.10 kl. 9.15 &#8211; Apan Anders laulaa kahdella kielell\u00e4<\/strong> Karleby, Koivuhaan esiopetus<br><strong>On. 29.10 kl. 10.15 &#8211; Apan Anders laulaa kahdella kielell\u00e4<\/strong> Karleby, Koivuhaan esiopetus<br><strong>To. 30.11 kl. 9.15 &#8211; Jul med Alfons \u00c5berg<\/strong> Karleby, Jungsborg<br><strong>To. 30.11 kl. 9.30 &#8211; Jul med Alfons \u00c5berg<\/strong> Karleby, Jungsborg<br><strong>To. 30.11 kl. 17.30 &#8211; Jul med Alfons \u00c5berg<\/strong> Jakobstad, Svenska g\u00e5rden<br><strong>To. 30.11 kl. 18.30 &#8211; Jul med Alfons \u00c5berg<\/strong> Jakobstad, Svenska g\u00e5rden<br><strong>To. 30.11 kl. 10 &#8211; Apan Anders laulaa kahdella kielell\u00e4<\/strong> Vasa, Teeriniemen p\u00e4iv\u00e4koti<br><strong>Fr. 1.12 kl. 9.30 &#8211; Jul med Alfons \u00c5berg <\/strong>V\u00f6r\u00e5, Koskeby skola<br><strong>Fr. 1.12 kl. 18 &#8211; Jul med Alfons \u00c5berg<\/strong> Nedervetil, Nedervetil skola<br><strong>Fr. 1.12 kl. 9 &#8211; Apan Anders laulaa kahdella kielell\u00e4<\/strong> Karleby, Rytim\u00e4en esiopetus<br><strong>Fr. 1.12 kl. 11.15 &#8211; Apan Anders laulaa kahdella kielell\u00e4<\/strong> Karleby, Rytim\u00e4en koulu<br><strong>L\u00f6. 2.12 kl. 10.30 &#8211; Jul med Alfons \u00c5berg<\/strong> Nykarleby, Scala<br><strong>L\u00f6. 2.12 kl. 15 &#8211; Jul med Alfons \u00c5berg<\/strong> Lepplax, Samlingshuset<br><strong>S\u00f6. 3.12 kl. 13 &#8211; Jul med Alfons \u00c5berg<\/strong> Vasa, Ritz<br><strong>S\u00f6. 3.12 kl. 14.30 &#8211; Jul med Alfons \u00c5berg<\/strong> Vasa, Ritz<br><strong>M\u00e5. 4.12 kl. 9.30 &#8211; Jul med Alfons \u00c5berg<\/strong> Korsn\u00e4s, Kyrkoby skola<br><strong>M\u00e5. 4.12 kl. 10.30 &#8211; Jul med Alfons \u00c5berg<\/strong> Korsn\u00e4s, Kyrkoby skola<br><strong>M\u00e5. 4.12 kl. 18 &#8211; Jul med Alfons \u00c5berg<\/strong> N\u00e4rpes, Simhallens festsal<br><strong>Ti. 5.12 kl. 18 &#8211; Jul med Alfons \u00c5berg<\/strong> \u00c5bo, Diamantteatern i \u00c4ventyrsparken<br><strong>Fr. 8.12 kl. 9.30 &#8211; Jul med Alfons \u00c5berg<\/strong> Vanda, V\u00e4stersundom skola<br><strong>Fr. 8.12 kl. 18 &#8211; Jul med Alfons \u00c5berg<\/strong> Kyrksl\u00e4tt, Borgvik<br><strong>L\u00f6. 9.12 kl. 13.30 &#8211; Jul med Alfons \u00c5berg<\/strong> Borg\u00e5, Kulturhuset Grand<br><strong>L\u00f6. 9.12 kl. 15 &#8211; Jul med Alfons \u00c5berg<\/strong> Borg\u00e5, Kulturhuset Grand<br><strong>L\u00f6. 9.12 kl. 16.30 &#8211; Jul med Alfons \u00c5berg<\/strong> Borg\u00e5, Kulturhuset Grand<br><strong>S\u00f6. 10.12 kl. 15 &#8211; Jul med Alfons \u00c5berg<\/strong> Sibbo, Tr\u00e4skberga<br><strong>To. 14.12 kl. 9.30 &#8211; Jul med Alfons \u00c5berg<\/strong> Helsingfors, Gamlasg\u00e5rden<br><strong>Fr. 15.12 kl.&nbsp;18 &#8211; Jul med Alfons \u00c5berg<\/strong> Helsingfors, Nordhuset<br><strong>L\u00f6. 16.12 kl. 14 &#8211; Jul med Alfons \u00c5berg<\/strong> Esbo, Vind\u00e4ngensalen<br><strong>L\u00f6. 16.12 kl. 16 &#8211; Jul med Alfons \u00c5berg<\/strong> Esbo, Vind\u00e4ngensalen<br><strong>M\u00e5. 18.12 kl. 9.30 &#8211; Jul med Alfons \u00c5berg<\/strong> Helsingfors, Daghemmet Maria Asyl<br><strong>Ti. 19.12 kl. 9.15 &#8211; Jul med Alfons \u00c5berg<\/strong> Helsingfors, Rastis f\u00f6r \u00d6stersundom skola<\/p>\n<\/div><\/div><\/div>\n\n\n\n<div class=\"wp-block-ep-toggle-item ep_toggle_item_wrapper__677b0e49-9ce7-4580-aaa7-cb09b8aeef34 undefined\"><div class=\"ep_toggle_item_wrapper\"><div class=\"ep_toggle_item_title\"><span>2022<\/span><span class=\"ep_toggles_icon eplusicon-plus1\" data-icon=\"eplusicon-plus1\" data-activeicon=\"eplusicon-minus1\"><\/span><\/div><div class=\"ep_toggle_item_content\">\n<p class=\" eplus-wrapper\"><strong>M\u00e5. 17.1 &#8211; Virke\u00e4 Vartti &#8211; En rolig kvart, x 3 <\/strong>Tervajoen koulu, Storkyo, Vasa<br><strong>Ti. 18.1 &#8211; Virke\u00e4 Vartti &#8211; En rolig kvart, x 6 <\/strong>Onkilahden yhten\u00e4iskoulu, Vasa<br><strong>On. 19.1 &#8211; Virke\u00e4 Vartti &#8211; En rolig kvart, x 6 <\/strong>Huutoniemen koulu, Vasa<br><strong>To. 20.1 &#8211; Virke\u00e4 Vartti &#8211; En rolig kvart, x 3 <\/strong>Savilahden alakoulu, Vasa<br><strong>Fr. 21.1 &#8211; Virke\u00e4 Vartti &#8211; En rolig kvart, x 5 <\/strong>Cygnaeuksen koulu, Bj\u00f6rneborg<br><strong>M\u00e5. 24.1 &#8211; Virke\u00e4 Vartti &#8211; En rolig kvart, x 6 <\/strong>Juantehtaan koulu, Kuopio<br><strong>Ti. 25.1 &#8211; Virke\u00e4 Vartti &#8211; En rolig kvart, x 3 <\/strong>Muuruveden koulu, Kuopio<br><strong>On. 26.1 &#8211; Virke\u00e4 Vartti &#8211; En rolig kvart, x 4 <\/strong>Kettulan koulu, Kuopio<br><strong>To. 27.1 &#8211; Virke\u00e4 Vartti &#8211; En rolig kvart, x 3 <\/strong>Nilsi\u00e4n yhten\u00e4iskoulu, Kuopio<br><strong>Fr. 28.1 &#8211; Virke\u00e4 Vartti &#8211; En rolig kvart, x 6 <\/strong>Neulam\u00f6en koulu, Kuopio<br><strong>M\u00e5. 31.1 &#8211; Virke\u00e4 Vartti &#8211; En rolig kvart, x 6 <\/strong>Sunan koulu, Esbo<br><strong>Ti. 1.2 &#8211; Virke\u00e4 Vartti &#8211; En rolig kvart, x 3 <\/strong>Friisil\u00e4n koulu, Esbo<strong> <\/strong><br><strong>On. 2.2 &#8211; Virke\u00e4 Vartti &#8211; En rolig kvart, x 6 <\/strong>Savion koulu, Kervo<strong> <\/strong><br><strong>To. 3.2 &#8211; Virke\u00e4 Vartti &#8211; En rolig kvart, x 3 <\/strong>Savion koulu, Kervo<br><strong>M\u00e5. 7.2 &#8211; Virke\u00e4 Vartti &#8211; En rolig kvart, x 6 <\/strong>Hiekkaharjun koulu, Vanda<br><strong>Ti. 8.2 &#8211; Virke\u00e4 Vartti &#8211; En rolig kvart, x 5 <\/strong>Askiston koulu, Vanda<strong> <\/strong><br><strong>On. 9.2 &#8211; Virke\u00e4 Vartti &#8211; En rolig kvart, x 5 <\/strong>P\u00e4hkin\u00e4rinteen koulu, Vanda<strong> <\/strong><br><strong>To. 10.2 &#8211; Virke\u00e4 Vartti &#8211; En rolig kvart, x 5 <\/strong>P\u00e4hkin\u00e4rinteen koulu, Vanda<br><strong>Fr. 11.2 &#8211; Virke\u00e4 Vartti &#8211; En rolig kvart, x 6 <\/strong>Hiekkaharjun koulu, Vanda<br><strong>M\u00e5. 14.2 &#8211; En kvart p\u00e5 svenska, x <\/strong>Hirvel\u00e4n koulu, Voikkaa, Kouvola<br><strong>Ti. 15.2 &#8211; En kvart p\u00e5 svenska, x <\/strong>Urheilupuiston koulu, Kouvola<strong> <\/strong><br><strong>On. 16.2 &#8211; En kvart p\u00e5 svenska, x <\/strong>Kymintehtaan koulu, Kuusankoski, Kouvola<strong> <\/strong><br><strong>To. 17.2 &#8211; En kvart p\u00e5 svenska, x <\/strong>Naukion koulu, Kouvola<strong> <\/strong><br><strong>Fr. 18.2 &#8211; En kvart p\u00e5 svenska, x <\/strong>Neulam\u00e4en koulu, Kuopio<br><strong>M\u00e5. 28.2 &#8211; Virke\u00e4 Vartti &#8211; En rolig kvart x 5 <\/strong>Seminaarin koulu, Kajana<br><strong>Ti. 1.3 &#8211; Virke\u00e4 Vartti &#8211; En rolig kvart <\/strong>Soidinsuon koulu, Kajana<strong> <\/strong><br><strong>On. 2.3 &#8211; Virke\u00e4 Vartti &#8211; En rolig kvart x 3 <\/strong>Vuokatin koulu, Sotkamo<strong> <\/strong><br><strong>To. 3.3 &#8211; Virke\u00e4 Vartti &#8211; En rolig kvart x 5 <\/strong>Edvin Laineen koulu, Iisalmi<strong> <\/strong><br><strong>Fr. 4.3 &#8211; Virke\u00e4 Vartti &#8211; En rolig kvart <\/strong>Kangaslammin koulu, Iisalmi<br><strong>M\u00e5. 7.3 &#8211; Virke\u00e4 Vartti &#8211; En rolig kvart <\/strong>Sompion koulu, Kervo<strong> <\/strong><br><strong>Ti. 8.3 &#8211; Virke\u00e4 Vartti &#8211; En rolig kvart x 5 <\/strong>Ahjon koulu, Kervo<strong> <\/strong><br><strong>On. 9.3 &#8211; Virke\u00e4 Vartti &#8211; En rolig kvart <\/strong>P\u00e4iv\u00e4l\u00f6nlaakson koulu, Kervo<strong> <\/strong><br><strong>L\u00f6. 19.3 kl. 14.30 &#8211; Alfons och M\u00e5llgan <\/strong><a rel=\"noreferrer noopener\" href=\"https:\/\/grand.fi\/sv\/events\/alfons-och-mallgan\/\" target=\"_blank\">Grand, Borg\u00e5<\/a><br><strong>La. 19.3 klo. 16 &#8211; Mikko Mallikas ja Mulperi <\/strong><a rel=\"noreferrer noopener\" href=\"https:\/\/grand.fi\/sv\/events\/mikko-mallikas-ja-mulperi\/\" target=\"_blank\">Grand, Porvoo<\/a><br><strong>M\u00e5. 21.3 &#8211; Virke\u00e4 Vartti &#8211; En rolig kvart x 5 <\/strong>Tapanilan ala-asteen koulu, Helsingfors<strong> <\/strong><br><strong>Ti. 22.3 &#8211; Virke\u00e4 Vartti &#8211; En rolig kvart <\/strong>Sakarinm\u00e4en peruskoulu, Helsingfors<strong> <\/strong><br><strong>On. 23.3 &#8211; Virke\u00e4 Vartti &#8211; En rolig kvart <\/strong>Palohein\u00e4n ala-asteen koulu, Helsingfors<br><strong>To. 24.3 &#8211; Virke\u00e4 Vartti &#8211; En rolig kvart x 5 <\/strong>Palohein\u00e4n ala-asteen koulu, Helsingfors<br><strong>Ti. 29.3 &#8211; Virke\u00e4 Vartti &#8211; En rolig kvart <\/strong>Punkaharjun koulu, Nyslott<strong> <\/strong><br><strong>On. 30.3 &#8211; Virke\u00e4 Vartti &#8211; En rolig kvart, <\/strong><em>flyttas till h\u00f6sten<\/em>Pihlajaniemen koulu, Nyslott<br><strong>To. 31.3 &#8211; Virke\u00e4 Vartti &#8211; En rolig kvart <\/strong>Tuppurulan koulu, St. Michel<br><strong>Fr. 1.4 &#8211; Virke\u00e4 Vartti &#8211; En rolig kvart <\/strong>Rouhialan koulu, St. Michel<strong> <\/strong><br><strong>M\u00e5. 4.4 &#8211; Virke\u00e4 Vartti &#8211; En rolig kvart <\/strong>Jysk\u00e4n koulu, Jysk\u00e4, Jyv\u00e4skyl\u00e4<strong> <\/strong><br><strong>Ti. 5.4 &#8211; Virke\u00e4 Vartti &#8211; En rolig kvart, <\/strong><em>flyttas till h\u00f6sten<\/em>Puuppolan koulu, Puuppola, Jyv\u00e4skyl\u00e4<strong> <\/strong><br><strong>On. 6.4 &#8211; Virke\u00e4 Vartti &#8211; En rolig kvart, <\/strong><em>flyttas till h\u00f6sten<\/em>Mankolan yhten\u00e4iskoulu, Jyv\u00e4skyl\u00e4<strong> <\/strong><br><strong>To. 7.4 &#8211; Virke\u00e4 Vartti &#8211; En rolig kvart, <\/strong><em>flyttas till h\u00f6sten<\/em>Palokan yhten\u00e4iskoulu, Jyv\u00e4skyl\u00e4<br><strong>L\u00f6. 9.4 kl. 14 &#8211; Alfons och M\u00e5llgan <\/strong><a rel=\"noreferrer noopener\" href=\"https:\/\/www.lippu.fi\/sv\/artist\/espoon-kulttuurikeskus\/barnens-estrad-alfons-och-mallgan-3054101\/\" target=\"_blank\">Vind\u00e4ngen, Esbo<\/a><strong> <\/strong><br><strong>S\u00f6. 10.4 kl. 16 &#8211; Alfons och M\u00e5llgan <\/strong><a rel=\"noreferrer noopener\" href=\"https:\/\/kyrkslatt.luckan.fi\/\" target=\"_blank\">Ljungheda, Kyrksl\u00e4tt<\/a><br><strong>Ti. 12.4 kl. 9.15 &#8211; Alfons och M\u00e5llgan <\/strong>Degerby daghem, Ing\u00e5<strong> <\/strong><br><strong>Ti. 12.4 klo. 10.15 &#8211; Mikko Mallikas ja Mulperi <\/strong>Degerbyn p\u00e4iv\u00e4koti, Inkoo<br><strong>Ti. 19.4 kl. 9.30 &#8211; Alfons och M\u00e5llgan <\/strong>Piug, Pargas<br><strong>Ti. 19.4 kl. 10.30 &#8211; Alfons och M\u00e5llgan <\/strong>Piug, Pargas<strong> <\/strong><br><strong>Pe. 22.4 klo. 9.30 &#8211; Mikko Mallikas ja Mulperi <\/strong>Punt, Parainen<br><strong>Fr. 22.4 kl. 10.30 &#8211; Alfons och M\u00e5llgan <\/strong>Piug, Pargas<strong> <\/strong><br><strong>M\u00e5. 25.4 kl. 9.30 &#8211; Alfons och M\u00e5llgan <\/strong>Box Barntr\u00e4dg\u00e5rd, Sibbo<br><strong>Ti. 26.4 kl. 9.30 &#8211; Alfons och M\u00e5llgan <\/strong>Rastis daghem, Helsingfors<br><strong>Ti. 26.4 kl.&nbsp; &#8211; Alfons och M\u00e5llgan <\/strong>Staffansby eftis, Helsingfors<br><strong>On. 27.4 kl. 9.15 &#8211; Alfons och M\u00e5llgan <\/strong>Vid Framn\u00e4s, Nagu<br><strong>On. 27.4 kl. 10 &#8211; Alfons och M\u00e5llgan <\/strong>Vid Framn\u00e4s, Nagu<br><strong>To. 28.4 kl. 9.15 &#8211; Alfons och M\u00e5llgan <\/strong>Vid Vesterlid, Houtsk\u00e4r<br><strong>To. 28.4 kl. 10 &#8211; Alfons och M\u00e5llgan <\/strong>Vid Vesterlid, Houtsk\u00e4r<br><strong>Fr. 29.4 kl. 9.15 &#8211; Alfons och M\u00e5llgan <\/strong>Vid Kommunalg\u00e5rden, Korpo<br><strong>Fr. 29.4 kl. 10 &#8211; Alfons och M\u00e5llgan <\/strong>Vid Kommunalg\u00e5rden, Korpo<br><strong>M\u00e5. 2.5 kl. 9 &#8211; Alfons och M\u00e5llgan <\/strong>Skogshyddan, Hang\u00f6<strong> <\/strong><br><strong>Ma. 2.5 klo. 9.50 &#8211; Mikko Mallikas ja Mulperi <\/strong>Skogshyddan, Hanko<br><strong>M\u00e5. 2.5 kl. 10.40 &#8211; Alfons och M\u00e5llgan <\/strong>Skogshyddan, Hang\u00f6<strong> <\/strong><br><strong>Ti. 3.5 klo. 9.15 &#8211; Mikko Mallikas ja Mulperi <\/strong>Hanko Pohjoinen, Hanko<strong> <\/strong><br><strong>Ti. 3.5 kl. 12.15 &#8211; Alfons och M\u00e5llgan <\/strong>Hyllis, Hang\u00f6<strong> <\/strong><br><strong>On. 4.5 kl. 9.15 &#8211; Alfons och M\u00e5llgan <\/strong>Hang\u00f6byn, Hang\u00f6<strong> <\/strong><br><strong>Ke. 4.5 klo. 10.15 &#8211; Mikko Mallikas ja Mulperi <\/strong>Hang\u00f6byn, Hanko<br><strong>To. 5.5 kl. 9.15 &#8211; Alfons och M\u00e5llgan <\/strong>Lappvik, Hang\u00f6<strong> <\/strong><br><strong>To. 5.5 klo. 10.15 &#8211; Mikko Mallikas ja Mulperi <\/strong>Lappvik, Hanko<strong> <\/strong><br><strong>Pe. 6.5 klo. 10 &#8211; Mikko Mallikas ja Mulperi <\/strong>P\u00e4iv\u00e4koti M\u00e4ntykoto, Tammisaari<br><strong>Fr. 6.5 kl. 18 &#8211; Alfons och M\u00e5llgan <\/strong>Karelia, Eken\u00e4s, biljetter <a rel=\"noreferrer noopener\" href=\"https:\/\/www.netticket.fi\/barnens-estrad-alfons-och-mallgan-ekenas\" target=\"_blank\">h\u00e4r.<\/a><br><strong>M\u00e5. 9.5 &#8211; Virke\u00e4 Vartti &#8211; En rolig kvart x 4-6 <\/strong>Ollikkalan koulu, Salo<br><strong>M\u00e5. 9.5 kl. 9.15 &#8211; Alfons och M\u00e5llgan <\/strong>Hakalax daghem, Karleby<strong> <\/strong><br><strong>M\u00e5. 9.5 kl. 10.15 &#8211; Alfons och M\u00e5llgan <\/strong>Hakalax daghem, Karleby<strong> <\/strong><br><strong>Ti. 10.5 &#8211; Virke\u00e4 Vartti &#8211; En rolig kvart x 4-6 <\/strong>Tupurin koulu, Salo<br><strong>Ti. 10.5 kl. 9.15 &#8211; Alfons och M\u00e5llgan <\/strong>N\u00e4ckrosens daghem, Karleby<strong> <\/strong><br><strong>Ti. 10.5 kl. 10.10 &#8211; Alfons och M\u00e5llgan <\/strong>N\u00e4ckrosens daghem, Karleby<strong> <\/strong><br><strong>On. 11.5 &#8211; Virke\u00e4 Vartti &#8211; En rolig kvart x 4-6 <\/strong>Tupurin koulu, Salo<br><strong>On. 11.5 kl. 9 &#8211; Alfons och M\u00e5llgan <\/strong>S\u00e5ka byag\u00e5rd, Karleby<br><strong>On. 11.5 kl. 9.45 &#8211; Alfons och M\u00e5llgan <\/strong>S\u00e5ka byag\u00e5rd, Karleby<strong> <\/strong><br><strong>To. 12.5 &#8211; Virke\u00e4 Vartti &#8211; En rolig kvart x 4-6 <\/strong>Pajulan koulu, Salo<br><strong>To. 12.5 kl. 9.30 &#8211; Alfons och M\u00e5llgan <\/strong>V\u00e4stra Parken, Karleby<br><strong>To. 12.5 kl. 10.15 &#8211; Alfons och M\u00e5llgan <\/strong>V\u00e4stra Parken, Karleby<strong> <\/strong><br><strong>Fr. 13.5 &#8211; Virke\u00e4 Vartti &#8211; En rolig kvart x 4-6 <\/strong>Alhaisten koulu, Salo<br><strong>Fr. 13.5 kl. 9.15 &#8211; Alfons och M\u00e5llgan <\/strong>Daghemmet R\u00e4vlyan, Kronoby<br><strong>Fr. 13.5 kl. 10 &#8211; Alfons och M\u00e5llgan <\/strong>Daghemmet R\u00e4vlyan, Kronoby<br><strong>M\u00e5. 16.5 kl. 9.15 &#8211; Alfons och M\u00e5llgan <\/strong>Daghemmet Marias asyl, Helsingfors<br><strong>M\u00e5. 16.5 kl. 10 &#8211; Alfons och M\u00e5llgan <\/strong>Daghemmet Marias asyl, Helsingfors<br><strong>Ti. 17.5 kl. 10 &#8211; Alfons och M\u00e5llgan <\/strong>T\u00f6l\u00f6 daghem, Helsingfors<br><strong>Ti. 17.5 kl. 14.30 &#8211; Alfons och M\u00e5llgan <\/strong>Tallbo daghem, Helsingfors<br><strong>On. 18.5 kl. 9.15 &#8211; Alfons och M\u00e5llgan <\/strong>Daghemmet Anna &amp; Brita Maria Renlund, Helsingfors<br><strong>On. 18.5 kl. 10 &#8211; Alfons och M\u00e5llgan <\/strong>Daghemmet Anna &amp; Brita Maria Renlund, Helsingfors<br><strong>To. 19.5 kl. 9.30 &#8211; Alfons och M\u00e5llgan <\/strong>Semigradskys sm\u00e5barnsskola, Elisabethsg., Helsingfors<br><strong>To. 19.5 kl. 14.30 &#8211; Alfons och M\u00e5llgan <\/strong>Munksn\u00e4s sm\u00e5barnsskola, Helsingfors<br><strong>Fr. 20.5 kl. 10 &#8211; Alfons och M\u00e5llgan <\/strong>Daghemmen S\u00e4len och Tallen, Helsingfors<strong> <\/strong><br><strong>Fr. 20.5 kl. 10.45 &#8211; Alfons och M\u00e5llgan <\/strong>Daghemmen S\u00e4len och Tallen, Helsingfors<br><strong>L\u00f6. 21.5 kl. 13 &#8211; Alfons och M\u00e5llgan <\/strong><a rel=\"noreferrer noopener\" href=\"https:\/\/barnkultur.luckan.fi\/helsingfors\/kulturevenemang\/\" target=\"_blank\">Luckan, Helsingfors<\/a><br><strong>Ti. 28.6 kl. 19 &#8211; <a rel=\"noreferrer noopener\" href=\"https:\/\/events.osterbotten.fi\/evenemang\/visa\/39264\" target=\"_blank\">Gruvjazz i Korsn\u00e4s<\/a> <\/strong>Konserten &#8221;Jazz, visor och lite blues&#8221; medCharlotta Kerbs, Anders Gr\u00f6nroos, Anders \u00d6stling &amp; Stefan &#8221;Kilju&#8221; Lindblom<strong> <\/strong><br><strong>S\u00f6. 3.7 kl. 16-17 &#8211; <a href=\"https:\/\/www.estrad.fi\/barnensestrad\/aktuellt\/bst\">Barnens Sommarteater:<\/a> Teater: &#8221;Mamma Mu och Kr\u00e5kan &#8211; KoZoo&#8221;, pyssel, servering <\/strong>Pargas, Piug <strong>SLUTS\u00c5LD<\/strong><br><strong>M\u00e5. 4.7 kl. 17-18 &#8211; <a href=\"https:\/\/www.estrad.fi\/barnensestrad\/aktuellt\/bst\">Barnens Sommarteater:<\/a> Teater: &#8221;Mamma Mu och Kr\u00e5kan &#8211; KoZoo&#8221;, pyssel, servering <\/strong>Nagu, Framn\u00e4s<br><strong>Ti. 5.7 kl. 17-18 &#8211; <a href=\"https:\/\/www.estrad.fi\/barnensestrad\/aktuellt\/bst\">Barnens Sommarteater:<\/a> Teater: &#8221;Mamma Mu och Kr\u00e5kan &#8211; KoZoo&#8221;, pyssel, servering <\/strong>Kimito, Wrethalla<br><strong>On. 6.7 kl. 17-18 &#8211; <a href=\"https:\/\/www.estrad.fi\/barnensestrad\/aktuellt\/bst\">Barnens Sommarteater:<\/a> Teater: &#8221;Mamma Mu och Kr\u00e5kan &#8211; KoZoo&#8221;, pyssel, servering <\/strong>Houtsk\u00e4r, Vesterlid<br><strong>To. 7.7 kl. 17-18 &#8211; <a href=\"https:\/\/www.estrad.fi\/barnensestrad\/aktuellt\/bst\">Barnens Sommarteater:<\/a> Teater: &#8221;Mamma Mu och Kr\u00e5kan &#8211; KoZoo&#8221;, pyssel, servering <\/strong>Korpo, Kommunalg\u00e5rden<br><strong>S\u00f6. 10.7 kl. 13 Teater: &#8221;Mamma Mu och Kr\u00e5kan&#8221; <\/strong>Korsholm, privat tillst\u00e4llning inte f\u00f6r allm\u00e4nheten.<br><strong>M\u00e5. 11.7 kl. 17-18 &#8211; <a href=\"https:\/\/www.estrad.fi\/barnensestrad\/aktuellt\/bst\">Barnens Sommarteater:<\/a> Teater: &#8221;Mamma Mu och Kr\u00e5kan &#8211; KoZoo&#8221;, pyssel, servering <\/strong>S\u00f6dra Vallgrund, UF Havsbandet <strong>SLUTS\u00c5LD<\/strong><br><strong>Ti. 12.7 kl. 13-14 &#8211; <a href=\"https:\/\/www.estrad.fi\/barnensestrad\/aktuellt\/bst\">Barnens Sommarteater:<\/a> Teater: &#8221;Mamma Mu och Kr\u00e5kan &#8211; KoZoo&#8221;, pyssel, servering <\/strong>Karleby, Stadsbiblioteket &#8211; Luckan<br><strong>On. 13.7 kl. 17-18 &#8211; <a href=\"https:\/\/www.estrad.fi\/barnensestrad\/aktuellt\/bst\">Barnens Sommarteater:<\/a> Teater: &#8221;Mamma Mu och Kr\u00e5kan &#8211; KoZoo&#8221;, pyssel, servering <\/strong>Kristinestad, Braheg\u00e5rden <strong>SLUTS\u00c5LD<\/strong><br><strong>To. 14.7 kl. 17-18 &#8211; <a href=\"https:\/\/www.estrad.fi\/barnensestrad\/aktuellt\/bst\">Barnens Sommarteater:<\/a> Teater: &#8221;Mamma Mu och Kr\u00e5kan &#8211; KoZoo&#8221;, pyssel, servering <\/strong>Esse, Esseg\u00e5rden <strong>SLUTS\u00c5LD<\/strong><br><strong>On. 10.8 kl. 18 &#8211; <a rel=\"noreferrer noopener\" href=\"https:\/\/vartlarsmo.digital\/\" target=\"_blank\">Teater: Mamma Mu och Kr\u00e5kan &#8211; KoZoo<\/a> <\/strong>Larsmo, Larsmo torg<br><strong>To. 11.8 kl. &#8211; <a rel=\"noreferrer noopener\" href=\"https:\/\/www.facebook.com\/konstensnatt\" target=\"_blank\">Teater: Mamma Mu och Kr\u00e5kan &#8211; KoZoo<\/a> <\/strong>\u00c5bo, Konstens Natt p\u00e5 svenska<br><strong>Fr. 12.8 kl. 18 &#8211; Teater: <a rel=\"noreferrer noopener\" href=\"https:\/\/www.museum.ax\/vara-museer-och-sevardheter\/alands-kulturhistoriska-museum\/kulturnatten\" target=\"_blank\">Mamma Mu och Kr\u00e5kan &#8211; KoZoo<\/a> <\/strong>\u00c5lands kulturhistoriska mus\u00e9um, Kulturnatten<br><strong>M\u00e5. 5.9 kl. 9.15 &#8211; Alfons och M\u00e5llgan<\/strong>, <em>flyttas till 4.11<\/em> N\u00e4ckrosens daghem, Terj\u00e4rv<br><strong>M\u00e5. 5.9 kl. 10.10 &#8211; Alfons och M\u00e5llgan<\/strong>, <em>flyttas till 4.11 <\/em>N\u00e4ckrosens daghem, Terj\u00e4rv<br><strong>M\u00e5. 5.9 kl. &#8211; Alfons och M\u00e5llgan,<\/strong> <em>flyttas till 4.11<\/em> Terj\u00e4rv eftis, Terj\u00e4rv<br><strong>Ti. 6.9 kl. 9.30 &#8211; Alfons och M\u00e5llgan <\/strong>Museigr\u00e4ndens f\u00f6rskola, \u00d6veresse, Peders\u00f6re<br><strong>Ti. 6.9 kl. &#8211; Alfons och M\u00e5llgan <\/strong>Nedervetil eftis, Nedervetil<br><strong>On. 7.9 kl.&nbsp; &#8211; Alfons och M\u00e5llgan <\/strong>Chydenius eftis, Karleby<br><strong>On. 7.9 kl. 18 &#8211; Alfons och M\u00e5llgan <\/strong>Kulturhuset Ax, Benn\u00e4s, Peders\u00f6re<br><strong>To. 8.9 kl. 9.15 &#8211; Alfons och M\u00e5llgan <\/strong>Larsmo Torg<br><strong>To. 8.9 kl. 10.15 &#8211; Alfons och M\u00e5llgan <\/strong>Larsmo Torg<br><strong>To. 8.9 kl. 13 &#8211; Alfons och M\u00e5llgan <\/strong>\u00d6ja eftis, Karleby<br><strong>Fr. 9.9 kl. 9 &#8211; Alfons och M\u00e5llgan <\/strong>S\u00e5ka skola, Karleby<br><strong>Fr. 9.9 kl. 9.50 &#8211; Alfons och M\u00e5llgan <\/strong>S\u00e5ka daghem, Karleby<br><strong>Fr. 9.9 kl. &#8211; Alfons och M\u00e5llgan <\/strong>Kronoby eftis, Kronoby<br><strong>L\u00f6. 10.9 kl. 11 &#8211; <a rel=\"noreferrer noopener\" href=\"https:\/\/www.netticket.fi\/alfons-mallgan-vasa?language=sv\" target=\"_blank\">Alfons och M\u00e5llgan<\/a> <\/strong>Ritz, Vasa<br><em>F\u00f6r allm\u00e4nheten v\u00e4lkomna!<\/em><br>Biljetter <a rel=\"noreferrer noopener\" href=\"https:\/\/www.netticket.fi\/alfons-mallgan-vasa?language=sv\" target=\"_blank\">h\u00e4r<\/a>.<br><strong>M\u00e5. 12.9 kl. 9.30 &#8211; Alfons och M\u00e5llgan <\/strong>Daghemmet Timotej, Vanda<br><strong>M\u00e5. 12.9 kl. &#8211; Alfons och M\u00e5llgan <\/strong>eftis, Helsingfors<br><strong>Ti. 13.9 kl. 9.30 &#8211; Alfons och M\u00e5llgan <\/strong>Daghemmet Lyan, Grankulla<br><strong>Ti. 13.9 kl. &#8211; Alfons och M\u00e5llgan <\/strong>Cygnaeus eftis, Helsingfors<br><strong>On. 14.9 kl. 13.30 &#8211; Alfons och M\u00e5llgan <\/strong>Drums\u00f6 eftis, Helsingfors<br><strong>On. 14.9 kl. 14.30 &#8211; Alfons och M\u00e5llgan <\/strong>Drums\u00f6 eftis, Helsingfors<br><strong>To. 15.9 kl. 9.30 &#8211; Alfons och M\u00e5llgan <\/strong>Barnens Kulturhus Totem, Vanda<br><strong>To. 15.9 kl. &#8211; Alfons och M\u00e5llgan <\/strong>Botby eftis, Helsingfors<br><strong>Fr. 16.9 kl. 9.30 &#8211; Alfons och M\u00e5llgan <\/strong>Daghemmet Domus, Helsingfors<br><strong>Fr. 16.9 kl. &#8211; Alfons och M\u00e5llgan <\/strong>Br\u00e4nd\u00f6 eftis, Helsingfors<br><strong>M\u00e5. 19.9 kl. 9.30 &#8211; Alfons och M\u00e5llgan <\/strong>Bromarv daghem, Bromarv<br><strong>M\u00e5. 19.9 kl. &#8211; Alfons och M\u00e5llgan <\/strong>H\u00f6ijerg\u00e5rdens eftis Svalbo, Eken\u00e4s<br><strong>Ti. 20.9 kl. &#8211; Alfons och M\u00e5llgan <\/strong>Bj\u00f6rkebo daghem, Eken\u00e4s<br><strong>Ti. 20.9 kl. &#8211; Alfons och M\u00e5llgan <\/strong>Mikaelsskolans eftis, Eken\u00e4s<br><strong>On. 21.9 kl. 18 &#8211; Alfons och M\u00e5llgan <\/strong>Frans Henrikssonssalen, N\u00e4rpes<br><em>F\u00f6r allm\u00e4nheten v\u00e4lkomna! Biljetter <a href=\"https:\/\/www.estrad.fi\/barnensestrad\/butik\/\">h\u00e4r<\/a>. <\/em><br><strong>To. 22.9 kl. 9.15 &#8211; Alfons och M\u00e5llgan <\/strong>Kyrkoby skola, Korsn\u00e4s<br><strong>To. 22.9 kl. 10.15 &#8211; Alfons och M\u00e5llgan <\/strong>Kyrkoby skola, Korsn\u00e4s<br><strong>Fr. 23.9 kl. 9.15 &#8211; Alfons och M\u00e5llgan <\/strong>Vimma, \u00c5bo<br><strong>Fr. 23.9 kl. 10.15 &#8211; Alfons och M\u00e5llgan <\/strong>Vimma, \u00c5bo<br><strong>Fr. 23.9 kl. 18 &#8211; Alfons och M\u00e5llgan <\/strong>Vimma, \u00c5bo<br><strong>Ti. 27.9 &#8211; Virke\u00e4 Vartti &#8211; En rolig kvart x 4-6 <\/strong>Puuppolan koulu, Jyv\u00e4skyl\u00e4<br><strong>On. 28.9 &#8211; Virke\u00e4 Vartti &#8211; En rolig kvart x 4-6 <\/strong>Mankolan yhten\u00e4iskoulu, Jyv\u00e4skyl\u00e4<br><strong>To. 29.9 &#8211; Virke\u00e4 Vartti &#8211; En rolig kvart x 4-6 <\/strong>Palokan yhten\u00e4iskoulu, Jyv\u00e4skyl\u00e4<br><strong>Fr. 30.9 &#8211; Virke\u00e4 Vartti &#8211; En rolig kvart x 4-6 <\/strong>Lohikosken koulu, Jyv\u00e4skyl\u00e4<br><strong>M\u00e5. 17.10 kl. 9 &#8211; Milles nya v\u00e4n &#8211; Millen uusi yst\u00e4v\u00e4<\/strong><br>Kellon koulu, Kello, Ule\u00e5borg<br><strong>M\u00e5. 17.10 kl. 10 &#8211; Jag vill dansa!<\/strong><br>Kellon koulu, Kello, Ule\u00e5borg<br><strong>M\u00e5. 17.10 kl. 11 &#8211; Vet ni det?<\/strong><br>Kellon koulu, Kello, Ule\u00e5borg<br><strong>Ti. 18.10 kl. 9 &#8211; Milles nya v\u00e4n &#8211; Millen uusi yst\u00e4v\u00e4<\/strong><br>Tuiran koulu, Ule\u00e5borg<br><strong>Ti. 18.10 kl. 10 &#8211; Jag vill dansa!<\/strong><br>Tuiran koulu, Ule\u00e5borg<br><strong>Ti. 18.10 kl. 11 &#8211; Vet ni det?<\/strong><br>Tuiran koulu, Ule\u00e5borg<br><strong>On. 19.10 kl. 9 &#8211; Milles nya v\u00e4n &#8211; Millen uusi yst\u00e4v\u00e4<\/strong><br>Raahen keskuskoulu, Brahestad<br><strong>On. 19.10 kl.&nbsp; &#8211; Jag vill dansa!<\/strong><br>Raahen keskuskoulu, Brahestad<br><strong>On. 19.10 kl.&nbsp; &#8211; Vet ni det?<\/strong><br>Raahen keskuskoulu, Brahestad<br><strong>To. 20.10 kl. 8.45 &#8211; Milles nya v\u00e4n &#8211; Millen uusi yst\u00e4v\u00e4<\/strong><br>Honganpalon koulu, Saloinen, Brahestad<br><strong>To. 20.10 kl.&nbsp; &#8211; Jag vill dansa!<\/strong><br>Honganpalon koulu, Saloinen, Brahestad<br><strong>To. 20.10 kl.&nbsp; &#8211; Vet ni det?<\/strong><br>Honganpalon koulu, Saloinen, Brahestad<br><strong>Fr. 21.10 kl.&nbsp; &#8211; Milles nya v\u00e4n &#8211; Millen uusi yst\u00e4v\u00e4<\/strong><br>Tyng\u00e4n aluekoulu, Tynk\u00e4, Kalajoki<br><strong>Fr. 21.10 kl.&nbsp; &#8211; Jag vill dansa!<\/strong><br>Tyng\u00e4n aluekoulu, Tynk\u00e4, Kalajoki<br><strong>Fr. 21.10 kl.&nbsp; &#8211; Vet ni det? <\/strong>Tyng\u00e4n aluekoulu, Tynk\u00e4, Kalajoki<br><strong>M\u00e5. 24.10 kl. 10 &#8211; Vet ni det? <\/strong>Isokyl\u00e4n koulu, Kokkola<strong> <\/strong><br><strong>M\u00e5. 24.10 kl. 11 &#8211; Milles nya v\u00e4n &#8211; Millen uusi yst\u00e4v\u00e4 <\/strong>Isokyl\u00e4n koulu, Kokkola<strong> <\/strong><br><strong>M\u00e5. 24.10 kl. 12 &#8211; Jag vill dansa <\/strong>Isokyl\u00e4n koulu, Kokkola<br><strong>Ti. 25.10 kl. 9.10 &#8211; Milles nya v\u00e4n &#8211; Millen uusi yst\u00e4v\u00e4 <\/strong>Halkokarin koulu, Kokkola<strong> <\/strong><br><strong>Ti. 25.10 kl. 10.15 &#8211; Jag vill dansa <\/strong>Halkokarin&nbsp;koulu, Kokkola<strong> <\/strong><br><strong>Ti. 25.10 kl. 11.30 &#8211; Vet ni det? <\/strong>Halkokarin&nbsp;koulu, Kokkola<br><strong>On. 26.10 kl. 10 &#8211; Vet ni det? <\/strong>Isokyl\u00e4n koulu, Kokkola<strong> <\/strong><br><strong>On. 26.10 kl. 11 &#8211; Milles nya v\u00e4n &#8211; Millen uusi yst\u00e4v\u00e4 <\/strong>Isokyl\u00e4n koulu, Kokkola<strong> <\/strong><br><strong>On. 26.10 kl. 12 &#8211; Jag vill dansa <\/strong>Isokyl\u00e4n koulu, Kokkola<br><strong>To. 27.10 kl. 9 &#8211; Jag vill dansa <\/strong>M\u00e4ntykankaan koulu, Kokkola<strong> <\/strong><br><strong>To. 27.10 kl. 10.15 &#8211; Vet ni det? <\/strong>M\u00e4ntykankaan koulu, Kokkola<strong> <\/strong><br><strong>To. 27.10 kl. 11.15 &#8211; Milles nya v\u00e4n &#8211; Millen uusi yst\u00e4v\u00e4 <\/strong>M\u00e4ntykankaan koulu, Kokkola<br><strong>To. 27.10 kl. 10 &#8211; Alfons och M\u00e5llgan <\/strong>Malms kulturhus, Helsingfors<br><strong>Fr. 28.10 kl. 9 &#8211; Milles nya v\u00e4n &#8211; Millen uusi yst\u00e4v\u00e4 <\/strong>Koivuhaan koulu, Kokkola<strong> <\/strong><br><strong>Fr. 28.10 kl. 10 &#8211; Jag vill dansa <\/strong>Koivuhaan koulu, Kokkola<strong> <\/strong><br><strong>Fr. 28.10 kl. 11 &#8211; Vet ni det? <\/strong>Koivuhaan koulu, Kokkola<br><strong>Fr. 28.10 kl. 9.15 &#8211; Alfons och M\u00e5llgan <\/strong>Nya Fokus, Karis<br><strong>Fr. 28.10 kl. 10.15 &#8211; Alfons och M\u00e5llgan <\/strong>Nya Fokus, Karis<br><strong>Ti. 1.11 kl. 9.30 &#8211; Alfons och M\u00e5llgan<\/strong> Svenska G\u00e5rden, Lahtis<br><strong>On. 2.11 kl.&nbsp; &#8211; Alfons och M\u00e5llgan<\/strong> Fernissan, Vanda<br><strong>To. 3.11 kl. 10 &#8211; Alfons och M\u00e5llgan<\/strong> Vind\u00e4ngssalen, Esbo<br><strong>Fr. 4.11 kl. 9.15 &#8211; Alfons och M\u00e5llgan<\/strong> N\u00e4ckrosens daghem, Terj\u00e4rv<br><strong>Fr. 4.11 kl. 10.10 &#8211; Alfons och M\u00e5llgan<\/strong> N\u00e4ckrosens daghem, Terj\u00e4rv<br><strong>Fr. 4.11 kl.&nbsp; &#8211; Alfons och M\u00e5llgan<\/strong> Terj\u00e4rv eftis<br><strong>M\u00e5. 7.11 kl. 9 &#8211; Milles nya v\u00e4n &#8211; Millen uusi yst\u00e4v\u00e4<\/strong> Kaipolan koulu, Kaipola, J\u00e4ms\u00e4<br><strong>M\u00e5. 7.11 kl. 10 &#8211; Jag vill dansa!<\/strong> Kaipolan koulu, Kaipola, J\u00e4ms\u00e4<br><strong>M\u00e5. 7.11 kl. 11 &#8211; Vet ni det?<\/strong> Kaipolan koulu, Kaipola, J\u00e4ms\u00e4<br><strong>Ti. 8.11 kl. 9 &#8211; Milles nya v\u00e4n &#8211; Millen uusi yst\u00e4v\u00e4<\/strong> Kultavuoren koulu, Orivesi<br><strong>Ti. 8.11 kl. 10 &#8211; Jag vill dansa!<\/strong> Kultavuoren koulu, Orivesi<br><strong>Ti. 8.11 kl. 11 &#8211; Vet ni det?<\/strong> Kultavuoren koulu, Orivesi<br><strong>On. 9.11 kl. 9 &#8211; Milles nya v\u00e4n &#8211; Millen uusi yst\u00e4v\u00e4<\/strong> Huutij\u00e4rven koulu, Kangasala<br><strong>On. 9.11 kl. 10 &#8211; Jag vill dansa!<\/strong> Huutij\u00e4rven koulu, Kangasala<br><strong>On. 9.11 kl. 11 &#8211; Vet ni det?<\/strong> Huutij\u00e4rven koulu, Kangasala<br><strong>To. 10.11 kl. 9 &#8211; Milles nya v\u00e4n &#8211; Millen uusi yst\u00e4v\u00e4<\/strong> Liuksialan koulu, Kangasala<br><strong>To. 10.11 kl. 10 &#8211; Jag vill dansa!<\/strong> Liuksialan&nbsp;koulu, Kangasala<br><strong>To. 10.11 kl. 11 &#8211; Vet ni det?<\/strong> Liuksialan&nbsp;koulu, Kangasala<br><strong>M\u00e5. 14.11 kl. 10 &#8211; Milles nya v\u00e4n &#8211; Millen uusi yst\u00e4v\u00e4<\/strong> Marjalan koulu, Joensuu<br><strong>M\u00e5. 14.11 kl. 11 &#8211; Jag vill dansa!<\/strong> Marjalan koulu, Joensuu<br><strong>M\u00e5. 14.11 kl. 12.30 &#8211; Vet ni det?<\/strong> Marjalan koulu, Joensuu<br><strong>Ti. 15.11 kl. 8.30 &#8211; Milles nya v\u00e4n &#8211; Millen uusi yst\u00e4v\u00e4<\/strong> Marjalan koulu, Joensuu<br><strong>Ti. 15.11 kl. 9.30 &#8211; Jag vill dansa!<\/strong> Marjalan koulu, Joensuu<br><strong>Ti. 15.11 kl. 11.45 &#8211; Vet ni det?<\/strong> Marjalan koulu, Joensuu<br><strong>On. 16.11 kl. 10 &#8211; Milles nya v\u00e4n &#8211; Millen uusi yst\u00e4v\u00e4<\/strong> Pihlajaniemen koulu, Joensuu<br><strong>On. 16.11 kl. 11.15 &#8211; Jag vill dansa!<\/strong> Pihlajaniemen&nbsp;koulu, Joensuu<br><strong>On. 16.11 kl. 12.15 &#8211; Vet ni det?<\/strong> Pihlajaniemen&nbsp;koulu, Joensuu<br><strong>To. 17.11 kl. 10 &#8211; Jag vill dansa!<\/strong> Jyr\u00e4ng\u00f6n koulu, Heinola<br><strong>To. 17.11 kl. 10.50 &#8211; Milles nya v\u00e4n &#8211; Millen uusi yst\u00e4v\u00e4 <\/strong>Jyr\u00e4ng\u00f6n koulu, Heinola<strong> <\/strong><br><strong>To. 17.11 kl. 12.15 &#8211; Vet ni det?<\/strong> Jyr\u00e4ng\u00f6n koulu, Heinola<br><strong>L\u00f6. 19.11 kl. 13 &#8211; Alfons och M\u00e5llgan<\/strong> Nordhuset, Helsingfors<br><strong>On. 23.11 kl. 9.15 &#8211; <a href=\"https:\/\/www.estrad.fi\/barnensestrad\/aktuellt\/mamma-mu-och-krakan-firar-jul-24-11-18-12-2021\/\">Pettson <\/a><a href=\"https:\/\/www.estrad.fi\/barnensestrad\/aktuellt\/pettson-och-findus-firar-jul\/\">och Findus firar jul<\/a><\/strong><br>Helsingfors, Daghemmet Marias Asyl<br><strong>To. 24.11 kl. 9.30 &#8211; <a href=\"https:\/\/www.estrad.fi\/barnensestrad\/aktuellt\/pettson-och-findus-firar-jul\/\">Pettson <\/a><\/strong><a href=\"https:\/\/www.estrad.fi\/barnensestrad\/aktuellt\/pettson-och-findus-firar-jul\/\"><strong>och Findus firar jul<\/strong><\/a><br>Helsingfors, \u00d6stersundom skola<br><strong>To. 24.11 kl. 18 &#8211; <a href=\"https:\/\/www.estrad.fi\/barnensestrad\/aktuellt\/mamma-mu-och-krakan-firar-jul-24-11-18-12-2021\/\">Pettson <\/a><a href=\"https:\/\/www.estrad.fi\/barnensestrad\/aktuellt\/pettson-och-findus-firar-jul\/\">och Findus firar jul<\/a><\/strong><br>Karis, TryckeriTeatern<br><strong>Fr. 25.11 kl. 9.30 &#8211; <a href=\"https:\/\/www.estrad.fi\/barnensestrad\/aktuellt\/pettson-och-findus-firar-jul\/\">Pettson och Findus firar jul<\/a><\/strong><br>Bromarv, Bromarv skola<br><strong>Fr. 25.11 kl. 18 &#8211; <a href=\"https:\/\/www.estrad.fi\/barnensestrad\/aktuellt\/mamma-mu-och-krakan-firar-jul-24-11-18-12-2021\/\">Pettson <\/a><a href=\"https:\/\/www.estrad.fi\/barnensestrad\/aktuellt\/pettson-och-findus-firar-jul\/\">och Findus firar jul<\/a><\/strong><br>Eken\u00e4s, Karelia<br><strong>L\u00f6. 26.11 kl. 11 &#8211; <a href=\"https:\/\/www.estrad.fi\/barnensestrad\/aktuellt\/mamma-mu-och-krakan-firar-jul-24-11-18-12-2021\/\">Pettson <\/a><a href=\"https:\/\/www.estrad.fi\/barnensestrad\/aktuellt\/pettson-och-findus-firar-jul\/\">och Findus firar jul<\/a><\/strong><br>Kimito, Villa Lande<br><strong>L\u00f6. 26.11 kl. 17 &#8211; <a href=\"https:\/\/www.estrad.fi\/barnensestrad\/aktuellt\/mamma-mu-och-krakan-firar-jul-24-11-18-12-2021\/\">Pettson <\/a><a href=\"https:\/\/www.estrad.fi\/barnensestrad\/aktuellt\/pettson-och-findus-firar-jul\/\">och Findus firar jul<\/a><\/strong><br>Pargas, Piugs kultursal<br><strong>S\u00f6. 27.11 kl. 15 &#8211; <a href=\"https:\/\/www.estrad.fi\/barnensestrad\/aktuellt\/mamma-mu-och-krakan-firar-jul-24-11-18-12-2021\/\">Pettson <\/a><a href=\"https:\/\/www.estrad.fi\/barnensestrad\/aktuellt\/pettson-och-findus-firar-jul\/\">och Findus firar jul<\/a><\/strong><br>Ing\u00e5, Furuborg<br><strong>On. 30.11 kl. 10 &#8211; <a href=\"https:\/\/www.estrad.fi\/barnensestrad\/aktuellt\/mamma-mu-och-krakan-firar-jul-24-11-18-12-2021\/\">Pettson <\/a><a href=\"https:\/\/www.estrad.fi\/barnensestrad\/aktuellt\/pettson-och-findus-firar-jul\/\">och Findus firar jul<\/a><\/strong><br>Helsingfors, Malms kulturhus<br><strong>To. 1.12 kl. 9.15 &#8211; <a href=\"https:\/\/www.estrad.fi\/barnensestrad\/aktuellt\/mamma-mu-och-krakan-firar-jul-24-11-18-12-2021\/\">Pettson <\/a><a href=\"https:\/\/www.estrad.fi\/barnensestrad\/aktuellt\/pettson-och-findus-firar-jul\/\">och Findus firar jul<\/a><\/strong><br>Karleby, Jungsborg<br><strong>To. 1.12 kl. 10.15 &#8211; <a href=\"https:\/\/www.estrad.fi\/barnensestrad\/aktuellt\/pettson-och-findus-firar-jul\/\">Pettson och Findus firar jul<\/a><\/strong><br>Karleby, Jungsborg<br><strong>To. 1.12 kl. 17.30 &#8211; <a href=\"https:\/\/www.estrad.fi\/barnensestrad\/aktuellt\/mamma-mu-och-krakan-firar-jul-24-11-18-12-2021\/\">Pettson <\/a><a href=\"https:\/\/www.estrad.fi\/barnensestrad\/aktuellt\/pettson-och-findus-firar-jul\/\">och Findus firar jul<\/a><\/strong><br>Jakobstad, Svenska g\u00e5rden<br><strong>To. 1.12 kl. 18.30 &#8211; <a href=\"https:\/\/www.estrad.fi\/barnensestrad\/aktuellt\/pettson-och-findus-firar-jul\/\">Pettson och Findus firar jul<\/a><\/strong><br>Jakobstad, Svenska g\u00e5rden<br><strong>Fr. 2.12 kl. 18 &#8211; <a href=\"https:\/\/www.estrad.fi\/barnensestrad\/aktuellt\/mamma-mu-och-krakan-firar-jul-24-11-18-12-2021\/\">Pettson <\/a><a href=\"https:\/\/www.estrad.fi\/barnensestrad\/aktuellt\/pettson-och-findus-firar-jul\/\">och Findus firar jul<\/a><\/strong><br>Nedervetil, Skolan<br><strong>L\u00f6. 3.12 kl. 10.30 &#8211; <a href=\"https:\/\/www.estrad.fi\/barnensestrad\/aktuellt\/pettson-och-findus-firar-jul\/\">Pettson och Findus firar jul<\/a><\/strong><br>Nykarleby, Scala<br><strong>L\u00f6. 3.12 kl. 15 &#8211; <a href=\"https:\/\/www.estrad.fi\/barnensestrad\/aktuellt\/mamma-mu-och-krakan-firar-jul-24-11-18-12-2021\/\">Pettson <\/a><a href=\"https:\/\/www.estrad.fi\/barnensestrad\/aktuellt\/pettson-och-findus-firar-jul\/\">och Findus firar jul<\/a><\/strong><br>Lepplax, Lepplax samlingshus<br><strong>S\u00f6. 4.12 kl. 11.30 &#8211; <a href=\"https:\/\/www.estrad.fi\/barnensestrad\/aktuellt\/pettson-och-findus-firar-jul\/\">Pettson och Findus firar jul<\/a> <\/strong><br>Vasa, Ritz <br><strong>S\u00f6. 4.12 kl. 13.30 &#8211; <a href=\"https:\/\/www.estrad.fi\/barnensestrad\/aktuellt\/pettson-och-findus-firar-jul\/\">Pettson och Findus firar jul<\/a><\/strong><br>Vasa, Ritz<br><strong>S\u00f6. 4.12 kl. 15 &#8211; <a href=\"https:\/\/www.estrad.fi\/barnensestrad\/aktuellt\/mamma-mu-och-krakan-firar-jul-24-11-18-12-2021\/\">Pettson <\/a><a href=\"https:\/\/www.estrad.fi\/barnensestrad\/aktuellt\/pettson-och-findus-firar-jul\/\">och Findus firar jul<\/a><\/strong><br>Vasa, Ritz<br><strong>M\u00e5. 5.12 kl. 9.30 &#8211; <a href=\"https:\/\/www.estrad.fi\/barnensestrad\/aktuellt\/mamma-mu-och-krakan-firar-jul-24-11-18-12-2021\/\">Pettson <\/a><a href=\"https:\/\/www.estrad.fi\/barnensestrad\/aktuellt\/pettson-och-findus-firar-jul\/\">och Findus firar jul<\/a><\/strong><br>Korsn\u00e4s, Biblioteket<br><strong>M\u00e5. 5.12 kl. 18 &#8211; <a href=\"https:\/\/www.estrad.fi\/barnensestrad\/aktuellt\/mamma-mu-och-krakan-firar-jul-24-11-18-12-2021\/\">Pettson <\/a><a href=\"https:\/\/www.estrad.fi\/barnensestrad\/aktuellt\/pettson-och-findus-firar-jul\/\">och Findus firar jul<\/a><\/strong><br>N\u00e4rpes, Simhallens festsal<br><strong>Fr. 9.12 kl. 9.30 &#8211; <a href=\"https:\/\/www.estrad.fi\/barnensestrad\/aktuellt\/mamma-mu-och-krakan-firar-jul-24-11-18-12-2021\/\">Pettson <\/a><a href=\"https:\/\/www.estrad.fi\/barnensestrad\/aktuellt\/pettson-och-findus-firar-jul\/\">och Findus firar jul<\/a><\/strong><br>Vanda, V\u00e4stersundom skola<br><strong>Fr. 9.12 kl. 18 &#8211; <a href=\"https:\/\/www.estrad.fi\/barnensestrad\/aktuellt\/pettson-och-findus-firar-jul\/\">Pettson och Findus firar jul<\/a><\/strong><br>Kyrksl\u00e4tt, Kyrksl\u00e4tts huvudbibliotek<br><strong>L\u00f6. 10.12 kl. 15 &#8211; <a href=\"https:\/\/www.estrad.fi\/barnensestrad\/aktuellt\/mamma-mu-och-krakan-firar-jul-24-11-18-12-2021\/\">Pettson <\/a><a href=\"https:\/\/www.estrad.fi\/barnensestrad\/aktuellt\/pettson-och-findus-firar-jul\/\">och Findus firar jul<\/a><\/strong><br>Borg\u00e5, Kulturhuset Grand<br><strong>L\u00f6. 10.12 kl. 16.30 &#8211; <a href=\"https:\/\/www.estrad.fi\/barnensestrad\/aktuellt\/mamma-mu-och-krakan-firar-jul-24-11-18-12-2021\/\">Pettson <\/a><a href=\"https:\/\/www.estrad.fi\/barnensestrad\/aktuellt\/pettson-och-findus-firar-jul\/\">och Findus firar jul<\/a><\/strong><br>Borg\u00e5, Kulturhuset Grand<br><strong>S\u00f6. 11.12 kl. 15 &#8211; <a href=\"https:\/\/www.estrad.fi\/barnensestrad\/aktuellt\/mamma-mu-och-krakan-firar-jul-24-11-18-12-2021\/\">Pettson <\/a><a href=\"https:\/\/www.estrad.fi\/barnensestrad\/aktuellt\/pettson-och-findus-firar-jul\/\">och Findus firar jul<\/a><\/strong><br>Sibbo, Tr\u00e4sk\u00e4nda<br><strong>To. 15.12 kl. 10 &#8211; <a href=\"https:\/\/www.estrad.fi\/barnensestrad\/aktuellt\/pettson-och-findus-firar-jul\/\">Pettson och Findus firar jul<\/a><\/strong><br>Helsingfors, Gamlasg\u00e5rden<br><strong>Fr. 16.12 kl. 10 &#8211; <a href=\"https:\/\/www.estrad.fi\/barnensestrad\/aktuellt\/mamma-mu-och-krakan-firar-jul-24-11-18-12-2021\/\">Pettson <\/a><a href=\"https:\/\/www.estrad.fi\/barnensestrad\/aktuellt\/pettson-och-findus-firar-jul\/\">och Findus firar jul<\/a><\/strong><br>Helsingfors, Rastis<br><strong>Fr. 16.12 kl.&nbsp; 18 &#8211; <a href=\"https:\/\/www.estrad.fi\/barnensestrad\/aktuellt\/mamma-mu-och-krakan-firar-jul-24-11-18-12-2021\/\">Pettson <\/a><a href=\"https:\/\/www.estrad.fi\/barnensestrad\/aktuellt\/pettson-och-findus-firar-jul\/\">och Findus firar jul<\/a><\/strong><br>Helsingfors, Nordhuset<br><strong>L\u00f6. 17.12 kl. 14 &#8211; <a href=\"https:\/\/www.estrad.fi\/barnensestrad\/aktuellt\/pettson-och-findus-firar-jul\/\">Pettson och Findus firar jul<\/a><\/strong><br>Esbo, Vind\u00e4ngssalen<\/p>\n<\/div><\/div><\/div>\n\n\n\n<div class=\"wp-block-ep-toggle-item ep_toggle_item_wrapper__746f12d5-4499-475b-8809-3e3c7ef955f1 undefined\"><div class=\"ep_toggle_item_wrapper\"><div class=\"ep_toggle_item_title\"><span>2021<\/span><span class=\"ep_toggles_icon eplusicon-plus1\" data-icon=\"eplusicon-plus1\" data-activeicon=\"eplusicon-minus1\"><\/span><\/div><div class=\"ep_toggle_item_content\">\n<p class=\" eplus-wrapper\"><strong>M\u00e5. 11.1 &#8211; Virke\u00e4 Vartti &#8211; En rolig kvart, x 3 <\/strong>Saviniemen koulu, Kouvola<br><strong>Ti. 12.1 &#8211; Virke\u00e4 Vartti &#8211; En rolig kvart, x 3 <\/strong>Kaipiaisten koulu, Kouvola<br><strong>On. 13.1 &#8211; Virke\u00e4 Vartti &#8211; En rolig kvart, x 4 <\/strong>Keskustan koulu, Kuusankoski, Kouvola<br><strong>To. 14.1 &#8211; Virke\u00e4 Vartti &#8211; En rolig kvart, x 6 <\/strong>P\u00e4\u00e4maja koulu, St. Michel<br><strong>Fr. 15.1 &#8211; Virke\u00e4 Vartti &#8211; En rolig kvart, x 4 <\/strong>Anttolan yhten\u00e4iskoulu, St. Michel<br><strong>M\u00e5. 18.1 &#8211; Virke\u00e4 Vartti &#8211; En rolig kvart, x 6 <\/strong>Munkkiniemen ala-asteen koulu, Helsingfors<br><strong>Ti. 19.1 &#8211; Virke\u00e4 Vartti &#8211; En rolig kvart, x 4 <\/strong>Helsingin ranskalais-suomalainen koulu, Helsingfors<br><strong>On. 20.1 &#8211; Virke\u00e4 Vartti &#8211; En rolig kvart, x 5 <\/strong>Katajanokan ala-asteen koulu, Helsingfors<br><strong>To. 21.1 &#8211; Virke\u00e4 Vartti &#8211; En rolig kvart, x 5 <\/strong>Kilonpuiston koulu, Esbo<br><strong>Fr. 22.1 &#8211; Virke\u00e4 Vartti &#8211; En rolig kvart, x 5 <\/strong>Koulumestarin koulu, Esbo<br><strong>M\u00e5. 1.2 kl. 9.15 &#8211; Majas Nya V\u00e4n <\/strong>Skogstj\u00e4rnans daghem, Borg\u00e5<br><strong>M\u00e5. 1.2 kl. 10 &#8211; Majas Nya V\u00e4n <\/strong>Skogstj\u00e4rnans daghem, Borg\u00e5<br><strong>M\u00e5. 1.2 kl. 10.40 &#8211; Majas Nya V\u00e4n <\/strong>Skogstj\u00e4rnans daghem, Borg\u00e5<br><strong>Ti. 2.2 kl. 9.30 &#8211; Majas Nya V\u00e4n <\/strong>Munksn\u00e4s sm\u00e5barnsskola, Helsingfors<br><strong>On. 3.2 kl. 9 &#8211; Majas Nya V\u00e4n <\/strong>Hulta daghem, Dalsbruk<br><strong>On. 3.2 kl. 9.40 &#8211; Majas Nya V\u00e4n <\/strong>Hulta daghem, Dalsbruk<br><strong>On. 3.2 kl. 10.20 &#8211; Majas Nya V\u00e4n <\/strong>Hulta daghem, Dalsbruk<br><strong>To. 4.2 &#8211; Virke\u00e4 Vartti &#8211; En rolig kvart, x 5 <\/strong>Friitalan koulu, Ulvila<br><strong>Fr. 5.2 &#8211; Virke\u00e4 Vartti &#8211; En rolig kvart, x 5 <\/strong>Kyl\u00e4saaren koulu, Bj\u00f6rneborg<br><strong>M\u00e5. 8.2 &#8211; Virke\u00e4 Vartti &#8211; En rolig kvart, x 3 <\/strong>Peitsarin koulu, St. Michel<br><strong>Ti. 9.2 &#8211; Virke\u00e4 Vartti &#8211; En rolig kvart, x 3 <\/strong>Launialan koulu, St. Michel<br><strong>On. 10.2 &#8211; Virke\u00e4 Vartti &#8211; En rolig kvart, x 6 <\/strong>Moision koulu, St. Michel<br><strong>To. 11.2 &#8211; Virke\u00e4 Vartti &#8211; En rolig kvart, x 7 <\/strong>Urpolan koulu, St. Michel<br><strong>Fr. 12.2 &#8211; Virke\u00e4 Vartti &#8211; En rolig kvart, x 3 <\/strong>Olkkolan koulu, St. Michel<br><strong>M\u00e5. 15.2 &#8211; Virke\u00e4 Vartti &#8211; En rolig kvart, x 3 <\/strong>En\u00e4j\u00e4rven koulu, Bj\u00f6rneborg<br><strong>Ti. 16.2 &#8211; Virke\u00e4 Vartti &#8211; En rolig kvart, x 5 <\/strong>Toejoen koulu, Bj\u00f6rneborg<br><strong>On. 17.2 &#8211; Virke\u00e4 Vartti &#8211; En rolig kvart, x 5 <\/strong>Uudenkoiviston koulu, Bj\u00f6rneborg<br><strong>To. 18.2 &#8211; Virke\u00e4 Vartti &#8211; En rolig kvart, x 5 <\/strong>Ruosniemen koulu, Bj\u00f6rneborg<br><strong>Fr. 19.2 &#8211; Virke\u00e4 Vartti &#8211; En rolig kvart, x 5 <\/strong>V\u00e4in\u00f6l\u00e4n koulu, Bj\u00f6rneborg<br><strong>M\u00e5. 22.2 &#8211; En kvart p\u00e5 svenska, x 5 <\/strong>Kummun koulu, Outokumpu<br><strong>Ti. 23.2 &#8211; En kvart p\u00e5 svenska, x 5 <\/strong>Valtimon koulu, Nurmes<br><strong>On. 24.2 &#8211; En kvart p\u00e5 svenska, x 5 <\/strong>Pielisjoen koulu, Joensuu<br><strong>To. 25.2 &#8211; En kvart p\u00e5 svenska, x 5 <\/strong>Lyseon peruskoulu, Joensuu<br><strong>Fr. 26.2 &#8211; En kvart p\u00e5 svenska, x 5 <\/strong>Pyh\u00e4sel\u00e4n koulu, Joensuu<br><strong><em>M\u00e5. 1.3 &#8211; Majas nya v\u00e4n x 3, Inst\u00e4lld<\/em> <\/strong><em>Larsmo <strong>Ti. 2.3 &#8211; Majas nya v\u00e4n x 3, Inst\u00e4lld <\/strong>Peders\u00f6re <strong>On. 3.3 kl. 18 &#8211; Alfons och M\u00e5llgan, Inst\u00e4lld<\/strong> Tryckeriteatern, Karis<\/em><br><strong>To. 4.3 kl. 9.30 &#8211; Majas nya v\u00e4n <\/strong>Rasebo daghem, Eken\u00e4s<br><em><strong>To. 4.3 kl. 18 &#8211; Alfons och M\u00e5llgan, Inst\u00e4lld<\/strong> Karelia, Eken\u00e4s<\/em><br><strong>Fr. 5.3 kl. 9.15 &#8211; Majas nya v\u00e4n<\/strong><br>Billn\u00e4s daghem<br><strong>Pe. 5.3 klo. 10 &#8211; Maijan uusi yst\u00e4v\u00e4<\/strong><br>Pinjaisten p\u00e4iv\u00e4koti<br><strong>Ti. 9.3 klo. 9, 9.40 &amp; 10.20 &#8211; Maijan uusi yst\u00e4v\u00e4<\/strong><br>Kalaj\u00e4rven p\u00e4iv\u00e4koti, Espoo<br><strong>On. 10.3 kl. 9.15 &amp; 10 &#8211; Majas nya v\u00e4n<\/strong><br>Daghemmet Skogsgl\u00e4ntan, St. Karins<br><strong>To. 11.3 kl. 9, 9.40 &amp; 10.20 &#8211; Majas nya v\u00e4n<\/strong><br>Daghemmet N\u00e4ckrosen, Helsingfors<br><strong>M\u00e5. 15.3 &#8211; Virke\u00e4 Vartti &#8211; En rolig kvart x 3 <\/strong>Rajatorpan koulu, Vanda<br><strong>Ti. 16.3 &#8211; Virke\u00e4 Vartti &#8211; En rolig kvart x 5 <\/strong>H\u00e4meenkyl\u00e4n koulu, Vanda<br><strong>On. 17.3 &#8211; Virke\u00e4 Vartti &#8211; En rolig kvart x 4 <\/strong>It\u00e4-Hakkilan koulu, Vanda<br><strong>To. 18.3 &#8211; Virke\u00e4 Vartti &#8211; En rolig kvart x 5 <\/strong>Seutulan koulu, Vanda<br><strong>Fr. 19.3 &#8211; Virke\u00e4 Vartti &#8211; En rolig kvart x 5 <\/strong>P\u00e4iv\u00e4kummun koulu, Vanda<br><strong>Ti. 23.3 &#8211; Majas Nya V\u00e4n x 4 <\/strong>Utanf\u00f6r Silvia daghem, Kimito<br><strong>On. 24.3 &#8211; Majas Nya V\u00e4n x 2 <\/strong>Utanf\u00f6r Vesterlid, Houtsk\u00e4r<br><strong>To. 25.3 &#8211; Majas Nya V\u00e4n x 2 <\/strong>Utanf\u00f6r Kommunalg\u00e5rden, Korpo<br><strong>Fr. 26.3 &#8211; Majas Nya V\u00e4n x 2 <\/strong>Utanf\u00f6r Framn\u00e4s, Nagu<br><strong>M\u00e5. 12.4 &#8211; En kvart p\u00e5 svenska x 4, flyttad till h\u00f6sten &#8211; 21 <\/strong>Yl\u00e4st\u00f6n koulu, Vanda <strong>Ti. 13.4 &#8211; En kvart p\u00e5 svenska x 4, flyttad till h\u00f6sten &#8211; 21 <\/strong>Vanttilan koulu, Vanda <strong>On. 14.4 &#8211; En kvart p\u00e5 svenska x 5, flyttad till h\u00f6sten &#8211; 21 <\/strong>Kauklahden koulu, Esbo <strong>On. 14.4 &#8211; Majas Nya V\u00e4n x 3 <\/strong>Utanf\u00f6r Kirjala daghem, Pargas<br><strong>To. 15.4 &#8211; En kvart p\u00e5 svenska x 4, Inst\u00e4lld <\/strong>Lintumets\u00e4n koulu, Esbo<strong>To. 15.4 &#8211; Majas Nya V\u00e4n x 2-3 <\/strong>Utanf\u00f6r Knattebo daghem, Pargas<br><strong>Fr. 16.4 &#8211; En kvart p\u00e5 svenska, x 4 <\/strong>\u00c4ets\u00e4n koulu, Sastamala<strong>M\u00e5. 19.4 &#8211; Majas Nya V\u00e4n x 3 <\/strong>Utanf\u00f6r Bj\u00f6rkhagens daghem, Pargas<strong> Ti. 20.4 &#8211; Majas Nya V\u00e4n x 3 <\/strong>P\u00e5 Banttisplanen, Pargas<br><strong>Ti. 20.4 kl. 9.30 &#8211; Apan Anders p\u00e5 tv\u00e5 spr\u00e5k &#8211; kahdella kielell\u00e4 <\/strong>Furuholmens daghem, Larsmo<strong> On. 21.4 &#8211; Majas Nya V\u00e4n x 2 <\/strong>Vid Skr\u00e4bb\u00f6le skola, Pargas<br><strong>On. 21.4 kl. 9.30 &#8211; Apan Anders p\u00e5 tv\u00e5 spr\u00e5k &#8211; kahdella kielell\u00e4 <\/strong>Grev daghem, Larsmo<strong> To. 22.4 &#8211; Majas Nya V\u00e4n x 2 <\/strong>Knatteby daghem, St. Karins<br><strong>To. 22.4 kl. 9.30 &#8211; Apan Anders p\u00e5 tv\u00e5 spr\u00e5k &#8211; kahdella kielell\u00e4 <\/strong>Daghemmet Lingonskogen, Larsmo<br><strong>Fr. 23.4 &#8211; Majas Nya V\u00e4n x 2 <\/strong>Utanf\u00f6r skolan, V\u00e4stanfj\u00e4rd<br><strong>Fr. 23.4 kl. 9.30 &#8211; Apan Anders p\u00e5 tv\u00e5 spr\u00e5k &#8211; kahdella kielell\u00e4 <\/strong>Daghemmet Tr\u00e5laren, Larsmo<br><strong>M\u00e5. 26.4 &#8211; Majas Nya V\u00e4n x 3 <\/strong>Utanf\u00f6r Sirkkala skola, \u00c5bo<br><strong>Ti. 27.4 &#8211; Majas Nya V\u00e4n x 3 <\/strong>Utanf\u00f6r Braheskolan, \u00c5bo<br><strong>On. 28.4 &#8211; Majas Nya V\u00e4n x 3 <\/strong>Utanf\u00f6r Cygnaeus skola, \u00c5bo<br><strong>M\u00e5. 3.5 &#8211; Virke\u00e4 Vartti &#8211; En rolig kvart x 5 <\/strong>Kyt\u00f6puiston koulu, Vanda<br><strong>M\u00e5. 3.5 kl. 10 &#8211; Kejsarens nya kl\u00e4der <\/strong>V\u00e4stersundsom skola, Vanda<strong> Ti. 4.5 &#8211; Virke\u00e4 Vartti &#8211; En rolig kvart x 5 <\/strong>Erstan koulu, Lahtis<br><strong>Ti. 4.5 kl. 10 &#8211; Kejsarens nya kl\u00e4der <\/strong>\u00d6stersundsom skola, Helsingfors<br><strong>Ti. 4.5 kl.&nbsp; &#8211; Kejsarens nya kl\u00e4der <\/strong>Karamalmens eftis, Esbo<strong> On. 5.5 &#8211; Virke\u00e4 Vartti &#8211; En rolig kvart x 5 <\/strong>Tiilikankaan koulu, Hollola<br><strong>On. 5.5 kl. 9.15 &#8211; Kejsarens nya kl\u00e4der <\/strong>Kyrkoby skola skola, Vanda<strong> On. 5.5 kl. 15 &#8211; Kejsarens nya kl\u00e4der <\/strong>M\u00e5rtendals eftis, Vanda<strong> To. 6.5 &#8211; Virke\u00e4 Vartti &#8211; En rolig kvart x 5 <\/strong>Villil\u00e4hteen peruskoulu, Lahtis<strong> To. 6.5 kl. 9.10 &#8211; Kejsarens nya kl\u00e4der <\/strong>Dickursby skola, Vanda<br><strong>To. 6.5 kl. 10.10 &#8211; Kejsarens nya kl\u00e4der <\/strong>Dickursby daghem, Vanda<br><strong>To. 6.5 kl. 14.50 &#8211; Kejsarens nya kl\u00e4der <\/strong>Mattlidens eftis, Esbo<strong>Fr. 7.5 &#8211; Virke\u00e4 Vartti &#8211; En rolig kvart x 5 <\/strong>Ilolan koulu, Vanda<br><strong>Fr. 7.5 kl. 9 &#8211; Kejsarens nya kl\u00e4der <\/strong>G\u00e4ddvik svenska barntr\u00e4dg\u00e5rd, Esbo<br><strong>Fr. 7.5 kl. 14 &#8211; Kejsarens nya kl\u00e4der <\/strong>Br\u00e4nd\u00f6 eftis, Helsingfors<br><strong>M\u00e5. 10.5 &#8211; Virke\u00e4 Vartti &#8211; En rolig kvart x 5-6 <\/strong>Taatilan koulu, Lundo<br><em><strong>M\u00e5. 10.5 kl.&nbsp; 9.30 &#8211; Kejsarens nya kl\u00e4der, Inst\u00e4lld <\/strong>Rastis daghem, Helsingfors<\/em><br><strong>M\u00e5. 10.5 kl. 14 &#8211; Kejsarens nya kl\u00e4der <\/strong>Gillebo eftis<br><strong>Ti. 11.5 &#8211; Virke\u00e4 Vartti &#8211; En rolig kvart x 5 <\/strong>Littoisten koulu, Lundo<br><em><strong>Ti. 11.5 kl.&nbsp; 9.30 &#8211; Kejsarens nya kl\u00e4der, Inst\u00e4lld <\/strong>Barnabo daghem, Helsingfors<\/em><br><strong>Ti. 11.5 kl. 14.30 &#8211; Kejsarens nya kl\u00e4der <\/strong>Deger\u00f6 eftis, Helsingfors<br><strong>On. 12.5 &#8211; Virke\u00e4 Vartti &#8211; En rolig kvart x 5 <\/strong>Kurittulan koulu, Masku<br><strong>On. 12.5 kl. 14.30 &#8211; Kejsarens nya kl\u00e4der <\/strong>Vind\u00e4ngens eftis, Esbo<br><strong>M\u00e5. 17.5 &#8211; Virke\u00e4 Vartti &#8211; En rolig kvart x 6 <\/strong>Puurtilan koulu, Varkaus<br><strong>M\u00e5. 17.5 kl. 9.30 &#8211; Kejsarens nya kl\u00e4der <\/strong>Vid Solhagens daghem, \u00d6vermalax<br><strong>M\u00e5. 17.5 kl. 10.15 &#8211; Kejsarens nya kl\u00e4der <\/strong>Vid Solhagens daghem, \u00d6vermalax<br><strong>M\u00e5. 17.5 kl. 11.30 &#8211; Kejsarens nya kl\u00e4der <\/strong>Vid Solhagens daghem, \u00d6vermalax<br><strong>Ti. 18.5 &#8211; Virke\u00e4 Vartti &#8211; En rolig kvart x 5-6 <\/strong>Luttilan koulu, Varkaus<br><strong>Ti. 18.5 kl. 9.30 &#8211; Kejsarens nya kl\u00e4der <\/strong>Vid Knattebo daghem, Malax<br><strong>Ti. 18.5 kl. 10.15 &#8211; Kejsarens nya kl\u00e4der <\/strong>Vid Knattebo daghem, Malax<br><strong>Ti. 18.5 kl. 12 &#8211; Kejsarens nya kl\u00e4der <\/strong>Vid Knattebo daghem, Malax<br><strong>On. 19.5 &#8211; Virke\u00e4 Vartti &#8211; En rolig kvart x 5-6 <\/strong>K\u00f6n\u00f6npellon koulu, Varkaus<br><strong>On. 19.5 kl. 9.30 &#8211; Kejsarens nya kl\u00e4der <\/strong>Vid Smultronst\u00e4llets daghem, Petalax<br><strong>On. 19.5 kl. 10.15 &#8211; Kejsarens nya kl\u00e4der <\/strong>Vid Smultronst\u00e4llets daghem, Petalax<br><strong>On. 19.5 kl. 12 &#8211; Kejsarens nya kl\u00e4der <\/strong>P\u00e5 servicehusets parkering, Korsn\u00e4s<br><strong>To. 20.5 &#8211; Virke\u00e4 Vartti &#8211; En rolig kvart x 5-6 <\/strong>Lehtoniemen koulu, Varkaus<br><strong>To. 20.5 kl. 9.15 &#8211; Kejsarens nya kl\u00e4der <\/strong>Karper\u00f6 daghem, Korsholm<br><strong>To. 20.5 kl. 10 &#8211; Kejsarens nya kl\u00e4der <\/strong>Karper\u00f6 daghem, Korsholm<br><strong>Fr. 21.5 kl. 9.15 &#8211; Kejsarens nya kl\u00e4der <\/strong>P\u00e5 servicehusets parkering, Korsn\u00e4s<br><strong>Fr. 21.5 kl. 10.10 &#8211; Kejsarens nya kl\u00e4der <\/strong>P\u00e5 servicehusets parkering, Korsn\u00e4s<br><strong>Fr. 21.5 kl. 11.30 &#8211; Kejsarens nya kl\u00e4der <\/strong>P\u00e5 servicehusets parkering, Korsn\u00e4s<strong> Fr. 21.5 &#8211; Virke\u00e4 Vartti &#8211; En rolig kvart x 5-6 <\/strong>Kontiopuiston koulu, Pieks\u00e4m\u00e4ki<br><strong>Ti. 8.6 kl. 9.30 &#8211; Majas Nya V\u00e4n <\/strong>Pr\u00e4stkulla daghem, Raseborg<br><strong>Fr. 11.6 kl. 9.20 &#8211; Majas Nya V\u00e4n <\/strong>Utanf\u00f6r Stoa, Helsingfors<br><strong>Fr. 11.6 kl. 10 &#8211; Majas Nya V\u00e4n <\/strong>Utanf\u00f6r Stoa, Helsingfors<br><strong>Fr. 11.6 kl. 12.30 &#8211; Majas Nya V\u00e4n <\/strong>Utanf\u00f6r Stoa, Helsingfors<br><strong>Ti. 29.6 kl. 18 &#8211; Majas Nya V\u00e4n <\/strong>Parken, N\u00e4rpes centrum<br><strong>Ti. 29.6 kl. 19 &#8211; Majas Nya V\u00e4n <\/strong>Parken, N\u00e4rpes centrum<br><strong>On. 30.6 kl. 17 &#8211; Majas Nya V\u00e4n <\/strong>Oravais idrottsplan<br><strong>On. 30.6 kl. 18.45 &#8211; Majas Nya V\u00e4n <\/strong>Tottesunds herrg\u00e5rd, Maxmo<br><strong>S\u00f6. 25.7 kl. 12 &#8211; Majas Nya V\u00e4n &#8211; Maijan uusi yst\u00e4v\u00e4 <\/strong>Postbacken, Borg\u00e5<br><strong>S\u00f6. 25.7 kl. 14 &#8211; Majas Nya V\u00e4n &#8211; Maijan uusi yst\u00e4v\u00e4 <\/strong>Postbacken, Borg\u00e5<br><strong>On. 11.8 kl. 18 &#8211; Majas Nya V\u00e4n <\/strong><a rel=\"noreferrer noopener\" href=\"http:\/\/www.vartlarsmo.fi\/?p=79985\" target=\"_blank\">Larsmo torg<\/a><br><strong>On. 11.8 kl. 18.45 &#8211; Majas Nya V\u00e4n &#8211; Maijan uusi yst\u00e4v\u00e4 <\/strong><a rel=\"noreferrer noopener\" href=\"http:\/\/www.vartlarsmo.fi\/?p=79985\" target=\"_blank\">Larsmo torg<\/a><br><strong>To. 12.8 kl. 17.10 &#8211; Majas Nya V\u00e4n <\/strong><a rel=\"noreferrer noopener\" href=\"https:\/\/www.facebook.com\/konstensnatt\" target=\"_blank\">Konstens Natt, \u00c5bo,<\/a> Restaurang Gr\u00e4dda, Biskopsgatan 15<strong>Fr. 13.8 kl. 17.30 &#8211; Majas Nya V\u00e4n &#8211; Maijan uusi yst\u00e4v\u00e4 <\/strong><a rel=\"noreferrer noopener\" href=\"https:\/\/tryckeriteatern.org\/sve\/startsida\/view-84958-91426\" target=\"_blank\">Karis, utanf\u00f6r Tryckeriteatern<\/a><br><strong>L\u00f6. 14.8 kl. 11 &#8211; Majas Nya V\u00e4n &#8211; Majan uusi yst\u00e4v\u00e4 <\/strong><a rel=\"noreferrer noopener\" href=\"https:\/\/www.karelia.huset.fi\/svenska\/start\/\" target=\"_blank\">Eken\u00e4s, p\u00e5 gr\u00e4somr\u00e5det vid Sparbankshuset<\/a>. Arr. Karelia.<br><strong>M\u00e5. 16.8 kl. 9.30 &#8211; Majas Nya V\u00e4n <\/strong>Daghemmet Timotej, Vanda<br><strong>M\u00e5. 16.8 kl. 10.15 &#8211; Majas Nya V\u00e4n <\/strong>Daghemmet Timotej, Vanda<br><strong>Ti. 24.8 klo. 9 &#8211; Maijan uusi yst\u00e4v\u00e4 <\/strong>Daghemmet Skogshyddan, Hanko<br><strong>Ti. 24.8 kl. 9.40 &#8211; Majas Nya V\u00e4n <\/strong>Daghemmet Skogshyddan, Hang\u00f6<br><strong>Ti. 24.8 kl. 10.15 &#8211; Majas Nya V\u00e4n <\/strong>Daghemmet Skogshyddan, Hang\u00f6<br><strong>Ti. 24.8 kl. 12.15 &#8211; Majas Nya V\u00e4n <\/strong>Hyllis, Hang\u00f6<br><strong>Ke. 25.8 klo. 9 &#8211; Maijan uusi yst\u00e4v\u00e4<\/strong><br>P\u00e4iv\u00e4koti Hanko Pohjoinen<br><strong>Ke. 25.8 klo. 9.40 &#8211; Maijan uusi yst\u00e4v\u00e4<\/strong><br>P\u00e4iv\u00e4koti Hanko Pohjoinen<br><strong>On. 25.8 kl. 12 &#8211; Majas nya v\u00e4n <\/strong>Hang\u00f6by, Hang\u00f6<br><strong>On. 25.8 kl. 12.30 &#8211; Majas nya v\u00e4n <\/strong>Hang\u00f6by, Hang\u00f6<br><strong>To. 26.8 kl. 9.30 &#8211; Majas Nya V\u00e4n <\/strong>Fanjunkars, Lilla-Alexis, Sjunde\u00e5<br><strong>To. 26.8 kl. 10.15 &#8211; Majas nya v\u00e4n <\/strong>Fanjunkars, Lilla-Alexis, Sjunde\u00e5<br><strong>M\u00e5. 30.8 kl. 9 &#8211; M\u00e4sterkatten i st\u00f6vlar <\/strong>T\u00f6l\u00f6 daghem, Helsingfors<br><strong>M\u00e5. 30.8 kl. 10 &#8211; M\u00e4sterkatten i st\u00f6vlar <\/strong>T\u00f6l\u00f6 daghem, Helsingfors<br><strong>M\u00e5. 30.8 kl. 14.30 &#8211; M\u00e4sterkatten i st\u00f6vlar <\/strong>Tallbo daghem, Helsingfors<strong> Ti. 31.8 kl. 9.15 &#8211; M\u00e4sterkatten i st\u00f6vlar <\/strong>Daghemmet Anna\/Brita Maria Renlund, Helsingfors<br><strong>Ti. 31.8 kl. 10 &#8211; M\u00e4sterkatten i st\u00f6vlar <\/strong>Daghemmet Anna\/Brita Maria Renlund, Helsingfors<br><strong>Ti. 31.8 kl. 14.30 &#8211; M\u00e4sterkatten i st\u00f6vlar <\/strong>Cygnaeus eftis, Helsingfors<br><strong>On. 1.9 kl. 9 &#8211; M\u00e4sterkatten i st\u00f6vlar <\/strong>Steinerlekskolan N\u00e4ckrosen, Helsingfors<br><strong>On. 1.9 kl. 13.45 &#8211; M\u00e4sterkatten i st\u00f6vlar <\/strong>Staffansby eftis, Helsingfors<br><strong>To. 2.9 kl. 9.45 &#8211; M\u00e4sterkatten i st\u00f6vlar <\/strong>Munksn\u00e4s sm\u00e5barnsskola, Helsingfors<br><strong>To. 2.9 kl. 14.30 &#8211; M\u00e4sterkatten i st\u00f6vlar <\/strong>Botby eftis, Helsingfors<br><strong>Fr. 3.9 kl. 10 &#8211; M\u00e4sterkatten i st\u00f6vlar <\/strong>Spr\u00e5kbadsdaghemmet S\u00e4len + Tallen, Helsingfors<br><strong>Fr. 3.9 kl. 10.45 &#8211; M\u00e4sterkatten i st\u00f6vlar <\/strong>Spr\u00e5kbadsdaghemmet S\u00e4len + Tallen, Helsingfors<br><strong>M\u00e5. 6.9 kl. 9.45 &#8211; M\u00e4sterkatten i st\u00f6vlar <\/strong>Hakalax daghem, Karleby<br><strong>M\u00e5. 6.9 kl. 14 &#8211; M\u00e4sterkatten i st\u00f6vlar <\/strong>Chydenius eftis, Karleby<br><strong>Ti. 7.9 kl. &#8211; M\u00e4sterkatten i st\u00f6vlar <\/strong>\u00d6ja daghem, Karleby<br><strong>Ti. 7.9 kl. &#8211; M\u00e4sterkatten i st\u00f6vlar <\/strong>\u00d6ja skola, Karleby<br><strong>Ti. 7.9 kl. 13 &#8211; M\u00e4sterkatten i st\u00f6vlar <\/strong>Eftis, Nedervetil<br><strong>Ti. 7.9 &#8211; Virke\u00e4 Vartti &#8211; En rolig kvart x 3 <\/strong>J\u00e4tk\u00e4saaren peruskoulu, Helsingfors<br><strong>On. 8.9 kl. 9 &#8211; M\u00e4sterkatten i st\u00f6vlar <\/strong>S\u00e5ka skola, Karleby<br><strong>On. 8.9 kl. 9.45 &#8211; M\u00e4sterkatten i st\u00f6vlar <\/strong>S\u00e5ka daghem, Karleby<br><strong>On. 8.9 kl. 10.30 &#8211; M\u00e4sterkatten i st\u00f6vlar <\/strong>S\u00e5ka f\u00f6rskola, Karleby<br><strong>On. 8.9 &#8211; Virke\u00e4 Vartti &#8211; En rolig kvart x 5 <\/strong>Pit\u00e4j\u00e4nm\u00e4en peruskoulu, Helsingfors<br><strong>To. 9.9 kl. 9 &#8211; M\u00e4sterkatten i st\u00f6vlar <\/strong>I V\u00e4stra parken: Svenska daghemmet, Karleby<br><strong>To. 9.9 kl. 9.45 &#8211; M\u00e4sterkatten i st\u00f6vlar <\/strong>I V\u00e4stra parken: Vinge &amp; Villa f\u00f6rskolor, Karleby<br><strong>To. 9.9 kl. 10.30 &#8211; M\u00e4sterkatten i st\u00f6vlar <\/strong>I V\u00e4stra parken: Svenska daghemmet\/Mini-Hopp, Karleby<br><strong>To. 9.9 &#8211; Virke\u00e4 Vartti &#8211; En rolig kvart x 5 <\/strong>Laakavuoren ala-aste, Helsingfors<br><strong>Fr. 10.9 kl. 9 &#8211; M\u00e4sterkatten i st\u00f6vlar <\/strong>Slottebo f\u00f6rskola, Kronoby<br><strong>Fr. 10.9 kl. 10 &#8211; M\u00e4sterkatten i st\u00f6vlar <\/strong>R\u00e4vlyan, Kronoby<br><strong>Fr. 10.9 &#8211; Virke\u00e4 Vartti &#8211; En rolig kvart x 5 <\/strong>Str\u00f6mbergin ala-asteen koulu, Helsingfors<br><strong>M\u00e5. 13.9 &#8211; Virke\u00e4 Vartti &#8211; En rolig kvart x 5 <\/strong>Ihalan koulu, Reso<br><strong>Ti. 14.9 &#8211; Virke\u00e4 Vartti &#8211; En rolig kvart x 5 <\/strong>Ihalan koulu, Reso<br><strong>On. 15.9 &#8211; Virke\u00e4 Vartti &#8211; En rolig kvart x 5 <\/strong>Ilpoisten koulu, \u00c5bo<br><strong>To. 16.9 &#8211; Virke\u00e4 Vartti &#8211; En rolig kvart x 5 <\/strong>Paattisten koulu, \u00c5bo<br><strong>Fr. 17.9 &#8211; Virke\u00e4 Vartti &#8211; En rolig kvart x 5 <\/strong>Lausteen koulu, \u00c5bo<br><strong>L\u00f6. 18.9 kl. 11 &#8211; Majas nya v\u00e4n <\/strong>Lappvik, Hang\u00f6<br><strong>L\u00f6. 18.9 kl. 11.45 &#8211; Majas nya v\u00e4n <\/strong>Lappvik, Hang\u00f6<br><strong>M\u00e5. 20.9 kl. 10 &#8211; M\u00e4sterkatten i st\u00f6vlar <\/strong>Box barntr\u00e4dg\u00e5rd, Sibbo<br><strong>M\u00e5. 20.9 kl. 14.30 &#8211; M\u00e4sterkatten i st\u00f6vlar <\/strong>Drums\u00f6 eftis, Helsingfors<br><strong>Ti. 21.9 kl. 10.10 &#8211; M\u00e4sterkatten i st\u00f6vlar <\/strong>Totem kulturhus, Vanda<br><strong>Ti. 21.9 kl. 13.45 &#8211; M\u00e4sterkatten i st\u00f6vlar <\/strong>Winellska skolans eftis, Kyrksl\u00e4tt<br><strong>Ti. 21.9 kl. 14.30 &#8211; M\u00e4sterkatten i st\u00f6vlar <\/strong>Winellska skolans eftis, Kyrksl\u00e4tt<br><strong>On. 22.9 kl. 9.15 &#8211; M\u00e4sterkatten i st\u00f6vlar <\/strong>Skogsgl\u00e4ntans daghem, Eken\u00e4s<br><strong>On. 22.9 kl. 10 &#8211; M\u00e4sterkatten i st\u00f6vlar <\/strong>Skogsgl\u00e4ntans daghem, Eken\u00e4s<br><strong>On. 22.9 kl. 14.30 &#8211; M\u00e4sterkatten i st\u00f6vlar <\/strong>Eftis i \u00d6sterby, Eken\u00e4s<br><strong>To. 23.9 kl. 9 &#8211; M\u00e4sterkatten i st\u00f6vlar <\/strong>Karusellens daghem, Karis<br><strong>To. 23.9 kl. 10.30 &#8211; M\u00e4sterkatten i st\u00f6vlar <\/strong>Labyrintens daghem, Karis<br><strong>To. 23.9 kl. 14.30 &#8211; M\u00e4sterkatten i st\u00f6vlar <\/strong>Katarinaskolans eftis, Karis<br><strong>Fr. 24.9 kl. 9.30 &#8211; M\u00e4sterkatten i st\u00f6vlar <\/strong>Pr\u00e4stg\u00e5rden daghem, Kyrksl\u00e4tt<br><strong>Fr. 24.9 kl. 10.15 &#8211; M\u00e4sterkatten i st\u00f6vlar <\/strong>Pr\u00e4stg\u00e5rden daghem, Kyrksl\u00e4tt<br><strong>L\u00f6. 25.9 kl. 10.30 &#8211; M\u00e4sterkatten i st\u00f6vlar <\/strong>Sibbo<br><strong>L\u00f6. 25.9 kl. 16 &#8211; M\u00e4sterkatten i st\u00f6vlar <\/strong>Vind\u00e4ngen, Esbo. Utomhus p\u00e5 bollplanen.<br><strong>M\u00e5. 4.10 Virke\u00e4 Vartti &#8211; En rolig kvart x 5 <\/strong>K\u00e4h\u00e4rin yksikk\u00f6, \u00c5bo<br><strong>Ti. 5.10 Virke\u00e4 Vartti &#8211; En rolig kvart x 5 <\/strong>Raunistulan yksikk\u00f6, \u00c5bo<br><strong>On. 6.10 Virke\u00e4 Vartti &#8211; En rolig kvart x 5 <\/strong>Kissanmaan koulu, Tammerfors<br><strong>To. 7.10 Virke\u00e4 Vartti &#8211; En rolig kvart x 5 <\/strong>Atalan koulu, Tammerfors<br><strong>Fr. 8.10 Virke\u00e4 Vartti &#8211; En rolig kvart x 3 <\/strong>Rengon koulu, Renko, Tavastehus<br><strong>M\u00e5. 11.10 En kvart p\u00e5 svenska x 5 <\/strong>Kiviniityn koulu, Karleby<br><strong>Ti. 12.10 En kvart p\u00e5 svenska x 5 <\/strong>Kaustisen yl\u00e4koulu &amp; musiikkilukio, Kaustby<br><strong>On. 13.10 En kvart p\u00e5 svenska x 3-5 <\/strong>Sein\u00e4joen lyseo<br><strong>To. 14.10 En kvart<\/strong> <strong>p\u00e5 svenska x 3-5 <\/strong>Jalasj\u00e4rven yl\u00e4aste<br><strong>Fr. 15.10 En kvart p\u00e5 svenska x 3-5 <\/strong>Sein\u00e4joen yhteiskoulu<br><strong>M\u00e5. 18.10 En kvart p\u00e5 svenska x 3-5 <\/strong>Uudenkaupungin lukio, Nystad<br><strong>Ti. 19.10 En kvart p\u00e5 svenska x 3-5 <\/strong>Aurajoen yhten\u00e4iskoulu, Aura<br><strong>On. 20.10 En kvart p\u00e5 svenska x 3-5 <\/strong>Nummenpakan koulu, Aurajoen yksikk\u00f6, \u00c5bo<br><strong>To. 21.10 En kvart p\u00e5 svenska x 3-5 <\/strong>Turun Steiner-koulu, \u00c5bo<br><strong>Fr. 22.10 En kvart p\u00e5 svenska x 3-5 <\/strong>Liedon keskuskoulu, Lundo<br><strong>M\u00e5. 25.10 En kvart p\u00e5 svenska x 3-5 <\/strong>Yl\u00e4st\u00f6n koulu, Vanda<br><strong>Ti. 26.10 En kvart p\u00e5 svenska x 3-5 <\/strong>Vanttilan koulu, Esbo<br><strong>On. 27.10 En kvart p\u00e5 svenska x 3-5 <\/strong>Kauklahden koulu, Esbo<br><strong>To. 28.10 En kvart p\u00e5 svenska x 3-5 <\/strong>Lintumets\u00e4n koulu, Esbo<br><strong>M\u00e5. 1.11 Virke\u00e4 Vartti &#8211; En rolig kvart x 5-6 <\/strong>Aurinkorinteen koulu, Kuopio<br><strong>Ti. 2.11 Virke\u00e4 Vartti &#8211; En rolig kvart x 5-6 <\/strong>Aurinkorinteen koulu, Kuopio<br><strong>On. 3.11 Virke\u00e4 Vartti &#8211; En rolig kvart x 5 <\/strong>Rajalan koulu, Kuopio<br><strong>To. 4.11 Virke\u00e4 Vartti &#8211; En rolig kvart x 6 <\/strong>Martti Ahtesaaren koulu, Kuopio<br><strong>Fr. 5.11 Virke\u00e4 Vartti &#8211; En rolig kvart x 6 <\/strong>Martti Ahtesaaren koulu, Kuopio<br><strong>Ti. 9.11 Virke\u00e4 Vartti &#8211; En rolig kvart x 4 <\/strong>Keskustan koulu, Eurajoki<br><strong>On. 10.11 Virke\u00e4 Vartti &#8211; En rolig kvart x 3 <\/strong>Kankaan koulu, Noormarkku, Bj\u00f6rneborg<br><strong>To. 11.11 Virke\u00e4 Vartti &#8211; En rolig kvart x 4-5 <\/strong>Keskustan ala-koulu, Harjavalta<br><strong>To. 25.11 kl. 9.30 &#8211; <a href=\"https:\/\/www.estrad.fi\/barnensestrad\/aktuellt\/mamma-mu-och-krakan-firar-jul-24-11-18-12-2021\/\">Mamma Mu och Kr\u00e5kan firar jul<\/a><\/strong><br>Helsingfors, \u00d6stersundom skola<br><strong>To. 25.11 klo. 17.30 &#8211; <a href=\"https:\/\/www.estrad.fi\/barnensestrad\/aktuellt\/mimmi-lehman-ja-variksen-joulu-2021\/\">Mimmi Lehm\u00e4n ja Variksen joulu<\/a><\/strong><br>Karjaa, Tryckeriteatern<br><strong>To. 25.11 kl. 18.30 &#8211; <a href=\"https:\/\/www.estrad.fi\/barnensestrad\/aktuellt\/mamma-mu-och-krakan-firar-jul-24-11-18-12-2021\/\">Mamma Mu och Kr\u00e5kan firar jul<\/a><\/strong><br>Karis, Tryckeriteatern<br><strong>Fr. 26.11 kl. 9.30 &#8211; <a href=\"https:\/\/www.estrad.fi\/barnensestrad\/aktuellt\/mamma-mu-och-krakan-firar-jul-24-11-18-12-2021\/\">Mamma Mu och Kr\u00e5kan firar jul<\/a><\/strong><br>Bromarv skola och daghem<br><strong>Fr. 26.11 kl. 18 &#8211; <a href=\"https:\/\/www.estrad.fi\/barnensestrad\/aktuellt\/mamma-mu-och-krakan-firar-jul-24-11-18-12-2021\/\">Mamma Mu och Kr\u00e5kan firar jul<\/a><\/strong><br>Eken\u00e4s, Karelia<br><strong>L\u00f6. 27.11 kl. 15 &#8211; <a href=\"https:\/\/www.estrad.fi\/barnensestrad\/aktuellt\/mamma-mu-och-krakan-firar-jul-24-11-18-12-2021\/\">Mamma Mu och Kr\u00e5kan firar jul<\/a><\/strong><br>Borg\u00e5, Kulturhuset Grand<br><strong>La. 27.11 klo. 16.15 &#8211; <a href=\"https:\/\/www.estrad.fi\/barnensestrad\/aktuellt\/mimmi-lehman-ja-variksen-joulu-2021\/\">Mimmi Lehm\u00e4n ja Variksen joulu<\/a><\/strong><br>Porvoo, Kulttuuritalo Grand<br><strong>S\u00f6. 28.11 kl. 15 &#8211; <a href=\"https:\/\/www.estrad.fi\/barnensestrad\/aktuellt\/mamma-mu-och-krakan-firar-jul-24-11-18-12-2021\/\">Mamma Mu och Kr\u00e5kan firar jul<\/a><\/strong><br>Pargas, Piugs kultursal<br><strong>Su. 28.11 klo. 16.15 &#8211; <a href=\"https:\/\/www.estrad.fi\/barnensestrad\/aktuellt\/mimmi-lehman-ja-variksen-joulu-2021\/\">Mimmi Lehm\u00e4n ja Variksen joulu<\/a><\/strong><br>Parainen, Punt, Kulttuurisali<br><strong>On. 1.12 kl. 10 &#8211; <a href=\"http:\/\/Mamma Mu och Kr\u00e5kan firar jul\">Mamma Mu och Kr\u00e5kan firar jul<\/a><\/strong><br>Helsingfors, Malms kulturhus<br><strong>To. 2.12 kl. 9.15 &#8211; <a href=\"https:\/\/www.estrad.fi\/barnensestrad\/aktuellt\/mamma-mu-och-krakan-firar-jul-24-11-18-12-2021\/\">Mamma Mu och Kr\u00e5kan firar jul<\/a><\/strong><br>Karleby, Jungsborg<br><strong>To. 2.12 kl. 10.15 &#8211; <a href=\"https:\/\/www.estrad.fi\/barnensestrad\/aktuellt\/mamma-mu-och-krakan-firar-jul-24-11-18-12-2021\/\">Mamma Mu och Kr\u00e5kan firar jul<\/a><\/strong><br>Karleby, Jungsborg<br><strong>To. 2.12 kl. 17.30 &#8211; <a href=\"https:\/\/www.estrad.fi\/barnensestrad\/aktuellt\/mamma-mu-och-krakan-firar-jul-24-11-18-12-2021\/\">Mamma Mu och Kr\u00e5kan firar jul<\/a><\/strong><br>Jakobstad, Schaumansalen<br><strong>To. 2.12 klo. 18.30 &#8211; <a href=\"https:\/\/www.estrad.fi\/barnensestrad\/aktuellt\/mimmi-lehman-ja-variksen-joulu-2021\/\">Mimmi Lehm\u00e4n ja Variksen joulu<\/a><\/strong><br>Pietarsaari, Schaumansali<br><strong>Fr. 3.12 kl. 18 &#8211; <a href=\"https:\/\/www.estrad.fi\/barnensestrad\/aktuellt\/mamma-mu-och-krakan-firar-jul-24-11-18-12-2021\/\">Mamma Mu och Kr\u00e5kan firar jul<\/a><\/strong><br>Nykarleby, Scala<br><strong>L\u00f6. 4.12 kl. 10.30 &#8211; <a href=\"https:\/\/www.estrad.fi\/barnensestrad\/aktuellt\/mamma-mu-och-krakan-firar-jul-24-11-18-12-2021\/\">Mamma Mu och Kr\u00e5kan firar jul<\/a><\/strong><br>Nedervetil, Skolan<br><strong>L\u00f6. 4.12 kl. 15 &#8211; <a href=\"https:\/\/www.estrad.fi\/barnensestrad\/aktuellt\/mamma-mu-och-krakan-firar-jul-24-11-18-12-2021\/\">Mamma Mu och Kr\u00e5kan firar jul<\/a><\/strong><br>Lepplax samlingshus<br><strong>S\u00f6. 5.12 kl. 13 &#8211; <a href=\"https:\/\/www.estrad.fi\/barnensestrad\/aktuellt\/mamma-mu-och-krakan-firar-jul-24-11-18-12-2021\/\">Mamma Mu och Kr\u00e5kan firar jul<\/a><\/strong><br>Vasa, Ritz<br><strong>S\u00f6. 5.12 kl. 14.45 &#8211; <a href=\"https:\/\/www.estrad.fi\/barnensestrad\/aktuellt\/mamma-mu-och-krakan-firar-jul-24-11-18-12-2021\/\">Mamma Mu och Kr\u00e5kan firar jul<\/a><\/strong><br>Vasa, Ritz<br><strong>Su. 5.12 klo. 16.30 &#8211; <a href=\"https:\/\/www.estrad.fi\/barnensestrad\/aktuellt\/mimmi-lehman-ja-variksen-joulu-2021\/\">Mimmi Lehm\u00e4n ja Variksen joulu<\/a><\/strong><br>Vaasa, Ritz<br><strong>M\u00e5. 6.12 kl. 11 &#8211; <a href=\"https:\/\/www.estrad.fi\/barnensestrad\/aktuellt\/mamma-mu-och-krakan-firar-jul-24-11-18-12-2021\/\">Mamma Mu och Kr\u00e5kan firar jul<\/a><\/strong><br>N\u00e4rpes, Simhallens festsal<br><strong>On. 8.12 kl. 9.15 \u2013 <a href=\"https:\/\/www.estrad.fi\/barnensestrad\/aktuellt\/mamma-mu-och-krakan-firar-jul-24-11-18-12-2021\/\">Mamma Mu och Kr\u00e5kan firar jul<\/a> <\/strong>Daghemmet Maria Asyl, Helsingfors<br><strong>On. 8.12 kl. 10.15 \u2013 <a href=\"https:\/\/www.estrad.fi\/barnensestrad\/aktuellt\/mamma-mu-och-krakan-firar-jul-24-11-18-12-2021\/\">Mamma Mu och Kr\u00e5kan firar jul<\/a> <\/strong>Daghemmet Maria Asyl, Helsingfors<br><strong>To. 9.12 kl. 10 &#8211; <a href=\"https:\/\/www.estrad.fi\/barnensestrad\/aktuellt\/mamma-mu-och-krakan-firar-jul-24-11-18-12-2021\/\">Mamma Mu och Kr\u00e5kan firar jul<\/a><\/strong><br>Vanda, V\u00e4stersundom skola<br><strong>To. 9.12 kl. 18 &#8211; <a href=\"https:\/\/www.estrad.fi\/barnensestrad\/aktuellt\/mamma-mu-och-krakan-firar-jul-24-11-18-12-2021\/\">Mamma Mu och Kr\u00e5kan firar jul<\/a><\/strong><br>Kyrksl\u00e4tt, Evitskog, \u00d6vidsborg<br><strong>Fr. 10.12 kl. 9.30 &#8211; <a href=\"https:\/\/www.estrad.fi\/barnensestrad\/aktuellt\/mamma-mu-och-krakan-firar-jul-24-11-18-12-2021\/\">Mamma Mu och Kr\u00e5kan firar jul<\/a><\/strong><br>Helsingfors, Rastis<br><strong>Fr. 10.12 kl. 10.30 &#8211; <a href=\"https:\/\/www.estrad.fi\/barnensestrad\/aktuellt\/mamma-mu-och-krakan-firar-jul-24-11-18-12-2021\/\">Mamma Mu och Kr\u00e5kan firar jul<\/a><\/strong><br>Helsingfors, Rastis<br><strong>L\u00f6. 11.12 kl. 10.15 &#8211; <a href=\"https:\/\/www.estrad.fi\/barnensestrad\/aktuellt\/mamma-mu-och-krakan-firar-jul-24-11-18-12-2021\/\">Mamma Mu och Kr\u00e5kan firar jul<\/a><\/strong><br>Hang\u00f6, Stadshusets festsal<br><strong>La. 11.12 klo. 11.15 &#8211; <a href=\"https:\/\/www.estrad.fi\/barnensestrad\/aktuellt\/mimmi-lehman-ja-variksen-joulu-2021\/\">Mimmi Lehm\u00e4n ja Variksen joulu<\/a><\/strong><br>Hanko, Kaupungintalon juhlasali<br><strong>S\u00f6. 12.12 kl. 15 &#8211; <a href=\"https:\/\/www.estrad.fi\/barnensestrad\/aktuellt\/mamma-mu-och-krakan-firar-jul-24-11-18-12-2021\/\">Mamma Mu och Kr\u00e5kan firar jul<\/a><\/strong><br>\u00c5bo Svenska Teater, Studioscenen<br><strong>Su. 12.12 klo. 16.15 &#8211; <a href=\"https:\/\/www.estrad.fi\/barnensestrad\/aktuellt\/mimmi-lehman-ja-variksen-joulu-2021\/\">Mimmi Lehm\u00e4n ja Variksen joulu<\/a><\/strong><br>Turku, \u00c5bo Svenska Teater, Studion\u00e4ytt\u00e4m\u00f6<br><strong>L\u00f6. 18.12 kl. 14 &#8211; <a href=\"https:\/\/www.estrad.fi\/barnensestrad\/aktuellt\/mamma-mu-och-krakan-firar-jul-24-11-18-12-2021\/\">Mamma Mu och Kr\u00e5kan firar jul<\/a><\/strong><br>Esbo, Vind\u00e4ngensalen<\/p>\n<\/div><\/div><\/div>\n\n\n\n<div class=\"wp-block-ep-toggle-item ep_toggle_item_wrapper__a73831f2-a1cb-4b7a-a775-9284bb44d4ae undefined\"><div class=\"ep_toggle_item_wrapper\"><div class=\"ep_toggle_item_title\"><span>2020<\/span><span class=\"ep_toggles_icon eplusicon-plus1\" data-icon=\"eplusicon-plus1\" data-activeicon=\"eplusicon-minus1\"><\/span><\/div><div class=\"ep_toggle_item_content\">\n<p class=\" eplus-wrapper\"><strong>Ti. 14.1 kl. 9.30 &#8211; Hoppelina &amp; Maija &#8211; Uudet yst\u00e4v\u00e4t &#8211; Nya v\u00e4nner <\/strong>Herttoniemenrannan ala-asteen koulu, Helsingfors<br><strong>Ti. 14.1 kl. 12 &#8211; Pelon linnassa &#8211; I r\u00e4dslans slott <\/strong>Herttoniemenrannan ala-asteen koulu, Helsingfors<br><strong>On. 15.1 kl. 9.30 &#8211; Hoppelina &amp; Maija &#8211; Uudet yst\u00e4v\u00e4t &#8211; Nya v\u00e4nner <\/strong>Herttoniemenrannan ala-asteen koulu, Helsingfors<br><strong>On. 15.1 kl. 12 &#8211; Pelon linnassa &#8211; I r\u00e4dslans slott <\/strong>Herttoniemenrannan ala-asteen koulu, Helsingfors<br><strong>To. 16.1 kl. 9 &#8211; Hoppelina &amp; Maija &#8211; Uudet yst\u00e4v\u00e4t &#8211; Nya v\u00e4nner <\/strong>Tapanilan ala-asteen koulu, Helsingfors<br><strong>To. 16.1 kl. 10.15 &#8211; Pelon linnassa &#8211; I r\u00e4dslans slott <\/strong>Tapanilan ala-asteen koulu, Helsingfors<br><strong>Fr. 17.1 kl.&nbsp; &#8211; Hoppelina &amp; Maija &#8211; Uudet yst\u00e4v\u00e4t &#8211; Nya v\u00e4nner <\/strong>Pihkapuiston koulu, Helsingfors<br><strong>Fr. 17.1 kl.&nbsp; &#8211; Pelon linnassa &#8211; I r\u00e4dslans slott <\/strong>Pihkapuiston koulu, Helsingfors<br><strong>L\u00f6. 18.1 kl. 12 och kl. 14.30 &#8211; Apan Anders <\/strong><a rel=\"noreferrer noopener\" href=\"https:\/\/www.ghfyren.fi\/18-1-barnens-brunch-11-14\/\" target=\"_blank\">Barnens Brunch<\/a>, Fyren, Eken\u00e4s<br><strong>Ti. 21.1 kl. 9.15 &#8211; Hoppelina &amp; Apan Anders &#8211; Kul med mysterier <\/strong>Vimma, \u00c5bo<br><strong>Ti. 21.1 kl. 10.15 &#8211; Hoppelina &amp; Apan Anders &#8211; Kul med mysterier <\/strong>Vimma, \u00c5bo<br><strong>On. 22.1 kl. 9.15 &#8211; Hoppelina &amp; Apan Anders &#8211; Kul med mysterier <\/strong>Vimma, \u00c5bo<br><strong>On. 22.1 kl. 10.15 &#8211; Hoppelina &amp; Apan Anders &#8211; Kul med mysterier <\/strong>Vimma, \u00c5bo<br><strong>To. 23.1 kl. 9.15&nbsp;&#8211; Hoppelina &amp; Apan Anders &#8211; Kul med mysterier <\/strong>Vimma, \u00c5bo<br><strong>To. 23.1 kl. 10.15 &#8211; Hoppelina &amp; Apan Anders &#8211; Kul med mysterier <\/strong>Vimma, \u00c5bo<br><strong>M\u00e5. 27.1 kl. 9.30 &#8211; Hoppelina &amp; Maija &#8211; Uudet yst\u00e4v\u00e4t &#8211; Nya v\u00e4nner <\/strong>Lapin koulu, Raumo<br><strong>M\u00e5. 27.1 kl. 10.30 &#8211; Pelon linnassa &#8211; I r\u00e4dslans slott <\/strong>Lapin koulu, Raumo<br><strong>M\u00e5. 27.1 kl. 10 &#8211; Anders &amp; kompisen &#8211; musiikkia kahdella kielell\u00e4 <\/strong>Bj\u00f6rneborgs svenska samskola, Bj\u00f6rneborg<br><strong>Ti. 28.1 kl. &#8211; Hoppelina &amp; Maija &#8211; Uudet yst\u00e4v\u00e4t &#8211; Nya v\u00e4nner <\/strong>Huovirinteen koulu, S\u00e4kyl\u00e4<br><strong>Ti. 28.1 kl.&nbsp; &#8211; Pelon linnassa &#8211; I r\u00e4dslans slott <\/strong>Huovirinteen koulu, S\u00e4kyl\u00e4<br><strong>Ti. 28.1 kl. 10 &#8211; Anders &amp; kompisen &#8211; musiikkia kahdella kielell\u00e4 <\/strong>L\u00e4nsi-Puijon koulu, Kuopio<br><strong>Ti. 28.1 kl. 11 &#8211; Apan Anders laulaa kahdella kielell\u00e4 <\/strong>L\u00e4nsi-Puijon koulu, Kuopio<br><strong>On. 29.1 kl. 10 &#8211; Pelon linnassa &#8211; I r\u00e4dslans slott <\/strong>Kaaron koulu, Raumo<br><strong>On. 29.1 kl. 11.15 &#8211; Hoppelina &amp; Maija &#8211; Uudet yst\u00e4v\u00e4t &#8211; Nya v\u00e4nner <\/strong>Kaaron koulu, Raumo<br><strong>On. 29.1 kl. &#8211; Apan Anders laulaa kahdella kielell\u00e4 <\/strong>Rajalan koulu, Kuopio<br><strong>On. 29.1 kl. &#8211; Anders &amp; kompisen &#8211; musiikkia kahdella kielell\u00e4 <\/strong>Rajalan koulu, Kuopio<br><strong>To. 30.1 kl. 10 &#8211; Pelon linnassa &#8211; I r\u00e4dslans slott <\/strong>Uotilan koulu, Raumo<strong> To. 30.1 kl. 11.15 &#8211; Hoppelina &amp; Maija &#8211; Uudet yst\u00e4v\u00e4t &#8211; Nya v\u00e4nner <\/strong>Uotilan koulu, Raumo<br><strong>To. 30.1 kl. 10 &#8211; Apan Anders laulaa kahdella kielell\u00e4 <\/strong>Hiltulanlahden koulu, Kuopio<br><strong>To. 30.1 kl. 11.30 &#8211; Anders &amp; kompisen &#8211; musiikkia kahdella kielell\u00e4 <\/strong>Hiltulanlahden koulu, Kuopio<strong>Fr. 31.1 kl. 9.45 &#8211; Hoppelina &amp; Maija &#8211; Uudet yst\u00e4v\u00e4t &#8211; Nya v\u00e4nner <\/strong>En\u00e4j\u00e4rven koulu, Bj\u00f6rneborg<br><strong>Fr. 31.1 kl.&nbsp; 11.35 &#8211; Pelon linnassa &#8211; I r\u00e4dslans slott <\/strong>En\u00e4j\u00e4rven koulu, Bj\u00f6rneborg<br><strong>Fr. 31.1 kl. 9 &#8211; Apan Anders laulaa kahdella kielell\u00e4 <\/strong>Kettulan koulu, Kuopio<br><strong>Fr. 31.1 kl. 9.45 &#8211; Anders &amp; kompisen &#8211; musiikkia kahdella kielell\u00e4 <\/strong>Kettulan koulu, Kuopio<br><strong>On. 5.2 kl. 9 &#8211; Hyppeliini &amp; Apan Anders &#8211; Kul med mysterier &#8211; Mahtava mysteeri <\/strong>Schaumansalen &#8211; Schaumansali, Jakobstad &#8211; Pietarsaari<br><strong>On. 5.2 kl. 10.15 &#8211; Hyppeliini &amp; Apan Anders &#8211; Kul med mysterier &#8211; Mahtava mysteeri <\/strong>Schaumansalen &#8211; Schaumansali, Jakobstad &#8211; Pietarsaari<br><strong>To. 6.2 kl. 9 &#8211; Hyppeliini &amp; Apan Anders &#8211; Kul med mysterier &#8211; Mahtava mysteeri <\/strong>Schaumansalen &#8211; Schaumansali, Jakobstad &#8211; Pietarsaari<br><strong>To. 6.2 kl. 10.15 &#8211; Hyppeliini &amp; Apan Anders &#8211; Kul med mysterier &#8211; Mahtava mysteeri <\/strong>Schaumansalen &#8211; Schaumansali, Jakobstad &#8211; Pietarsaari<br><strong>Fr. 7.2 kl. 10 &#8211; Hoppelina &amp; Apan Anders &#8211; Kul med mysterier <\/strong>Bj\u00f6rneborgs svenska samskola, Bj\u00f6rneborg<br><strong>M\u00e5. 10.2 kl. 10 &#8211; Pelon linnassa &#8211; I r\u00e4dslans slott <\/strong>Niipperin koulu, Esbo<br><strong>M\u00e5. 10.2 kl. 11.15 &#8211; Pelon linnassa &#8211; I r\u00e4dslans slott <\/strong>Niipperin koulu, Esbo<br><strong>Ti. 11.2 kl. 10 &#8211; Hoppelina &amp; Maija &#8211; Uudet yst\u00e4v\u00e4t &#8211; Nya v\u00e4nner <\/strong>Niipperin koulu, Esbo<br><strong>Ti. 11.2 kl. 11.15 &#8211; Hoppelina &amp; Maija &#8211; Uudet yst\u00e4v\u00e4t &#8211; Nya v\u00e4nner <\/strong>Niipperin koulu, Esbo<br><strong>On. 12.2 kl. 9.15 &#8211; Hoppelina &amp; Maija &#8211; Uudet yst\u00e4v\u00e4t &#8211; Nya v\u00e4nner <\/strong>Kalaj\u00e4rven koulu, Esbo<br><strong>On. 12.2 kl. 10.30 &#8211; Pelon linnassa &#8211; I r\u00e4dslans slott <\/strong>Kalaj\u00e4rven koulu, Esbo<br><strong>To. 13.2 kl. 9 &#8211; Hoppelina &amp; Maija &#8211; Uudet yst\u00e4v\u00e4t &#8211; Nya v\u00e4nner <\/strong>Koulumestarin koulu, Esbo<br><strong>To. 13.2 kl. 10.15 &#8211; Pelon linnassa &#8211; I r\u00e4dslans slott <\/strong>Koulumestarin koulu, Esbo<br><strong>Fr. 14.2 kl. 10 &#8211; Hoppelina &amp; Maija &#8211; Uudet yst\u00e4v\u00e4t &#8211; Nya v\u00e4nner <\/strong>Kouruj\u00e4rven koulu, Raumo<br><strong>Fr. 14.2 kl. 11.15 &#8211; Pelon linnassa &#8211; I r\u00e4dslans slott <\/strong>Kouruj\u00e4rven koulu, Raumo<br><strong>Ti. 3.3 kl. 10 &#8211; WTF? What The Finlandssvensk <\/strong>Ulvilan lukio, Ulvila<br><strong>Ti. 3.3 kl. 12 -WTF? What The Finlandssvensk <\/strong>Ulvilan lukio, Ulvila<br><strong>On. 3.3 kl. 9.20 &#8211; Norden runt p\u00e5 40 minuter <\/strong>S\u00e4kyl\u00e4n seudun yhten\u00e4iskoulu, S\u00e4kyl\u00e4<br><strong>On. 3.3 kl. 10.20 -WTF? What The Finlandssvensk <\/strong>Lukio, S\u00e4kyl\u00e4<br><strong>To. 5.3 kl. 12.15 &#8211; Norden runt p\u00e5 40 minuter <\/strong>Raumanmeren peruskoulu, Raumo<br><strong>To. 5.3 kl. 14 &#8211; Norden runt p\u00e5 40 minuter <\/strong>Raumanmeren peruskoulu, Raumo<strong> L\u00f6. 7.3 kl. 13.30 &#8211; Hoppelina &amp; Apan Anders &#8211; Kul med mysterier<\/strong><br>Barnfesten 2020, Arbis, Helsingfors<br><strong>M\u00e5. 9.3 kl. &#8211; Hoppelina &amp; Maija &#8211; Uudet yst\u00e4v\u00e4t &#8211; Nya v\u00e4nner <\/strong>Seutulan koulu, Vanda<br><strong>M\u00e5. 9.3 kl. &#8211; Pelon linnassa &#8211; I r\u00e4dslans slott <\/strong>Seutulan koulu, Vanda<br><strong>Ti. 10.3 kl. 10.30 &#8211; Hoppelina &amp; Maija &#8211; Uudet yst\u00e4v\u00e4t &#8211; Nya v\u00e4nner <\/strong>P\u00e4iv\u00e4kummun koulu, Vanda<br><strong>Ti. 10.3 kl. 12.30 &#8211; Pelon linnassa &#8211; I r\u00e4dslans slott <\/strong>P\u00e4iv\u00e4kummun koulu, Vanda<br><strong>On. 11.3 kl. 11 &#8211; Hoppelina &amp; Maija &#8211; Uudet yst\u00e4v\u00e4t &#8211; Nya v\u00e4nner <\/strong>Rajatorpan koulu, Vanda<br><strong>On. 11.3 kl. 12.30 &#8211; Pelon linnassa &#8211; I r\u00e4dslans slott <\/strong>Rajatorpan koulu, Vanda<br><strong>To. 12.3 kl. 11.30 &#8211; Hoppelina &amp; Maija &#8211; Uudet yst\u00e4v\u00e4t &#8211; Nya v\u00e4nner <\/strong>Kuusikon koulu, Vanda<br><strong>To. 12.3 kl. 12.20 &#8211; Pelon linnassa &#8211; I r\u00e4dslans slott <\/strong>Kuusikon koulu, Vanda<br><strong>Fr. 13.3 kl. &#8211; Hoppelina &amp; Maija &#8211; Uudet yst\u00e4v\u00e4t &#8211; Nya v\u00e4nner <\/strong>Askiston koulu, Vanda<br><strong>Fr. 13.3 kl. &#8211; Pelon linnassa &#8211; I r\u00e4dslans slott <\/strong>Askiston koulu, Vanda<br><strong>Avbokad Fr. 13.3 kl. 18 &#8211; <a href=\"https:\/\/www.estrad.fi\/barnensestrad\/aktuellt\/findus-flyttar-ut\/\">Findus flyttar ut<\/a> <\/strong>Villa Lande, Kimito<br><strong>Avbokad L\u00f6. 14.3 kl. 11 &#8211;&nbsp;<a href=\"https:\/\/www.estrad.fi\/barnensestrad\/aktuellt\/findus-flyttar-ut\/\">Findus flyttar ut<\/a> <\/strong>Piugs kultursal, Pargas<br><strong>Avbokad S\u00f6. 15.3 kl. 15 &#8211;&nbsp;<a href=\"https:\/\/www.estrad.fi\/barnensestrad\/aktuellt\/findus-flyttar-ut\/\">Findus flyttar ut<\/a> <\/strong>Arbis festsal, \u00c5bo<br><strong>Avbokad Ti. 17.3 kl. 9.15 &#8211; Hoppelina &amp; Maija &#8211; Uudet yst\u00e4v\u00e4t &#8211; Nya v\u00e4nner <\/strong>P\u00e4iv\u00f6l\u00e4nlaakson koulu, Kervo &#8211; Kerava<br><strong>Avbokad Ti. 17.3 kl. 10.30 &#8211; Pelon linnassa &#8211; I r\u00e4dslans slott <\/strong>P\u00e4iv\u00f6l\u00e4nlaakson koulu, Kervo &#8211; Kerava<br><strong>Avbokad On. 18.3 kl. 10.15 &#8211; Pelon linnassa &#8211; I r\u00e4dslans slott <\/strong>Killan koulu, Kervo &#8211; Kerava<br><strong>Avbokad On. 18.3 kl. 11.30 &#8211; Hoppelina &amp; Maija &#8211; Uudet yst\u00e4v\u00e4t &#8211; Nya v\u00e4nner <\/strong>Killan koulu, Kervo &#8211; Kerava<br><strong>Avbokad To. 19.3 kl. 9.15 &#8211; Pelon linnassa &#8211; I r\u00e4dslans slott <\/strong>Kartanon koulu, Tr\u00e4sk\u00e4nda &#8211; J\u00e4rvenp\u00e4\u00e4<br><strong>Avbokad To. 19.3 kl. 10.15 &#8211; Pelon linnassa &#8211; I r\u00e4dslans slott <\/strong>Kartanon koulu, Tr\u00e4sk\u00e4nda &#8211; J\u00e4rvenp\u00e4\u00e4<br><strong>Avbokad To. 19.3 kl. 11.15 &#8211; Hoppelina &amp; Maija &#8211; Uudet yst\u00e4v\u00e4t &#8211; Nya v\u00e4nner <\/strong>Kartanon koulu, Tr\u00e4sk\u00e4nda &#8211; J\u00e4rvenp\u00e4\u00e4<br><strong>Avbokad Fr. 20.3 kl. 10 &#8211; Hoppelina &amp; Maija &#8211; Uudet yst\u00e4v\u00e4t &#8211; Nya v\u00e4nner <\/strong>Anttilan koulu, Tr\u00e4sk\u00e4nda &#8211; J\u00e4rvenp\u00e4\u00e4<br><strong>Avbokad Fr. 20.3 kl. 11.15 &#8211; Pelon linnassa &#8211; I r\u00e4dslans slott <\/strong>Anttilan koulu, Tr\u00e4sk\u00e4nda &#8211; J\u00e4rvenp\u00e4\u00e4<br><strong>Avbokad Fr. 20.3 kl. 12.25 &#8211; Pelon linnassa &#8211; I r\u00e4dslans slott <\/strong>Anttilan koulu, Tr\u00e4sk\u00e4nda &#8211; J\u00e4rvenp\u00e4\u00e4<br><strong>Avbokad L\u00f6. 21.3 kl. 14 &#8211;&nbsp;<a href=\"https:\/\/www.estrad.fi\/barnensestrad\/aktuellt\/findus-flyttar-ut\/\">Findus flyttar ut<\/a> <\/strong>Vind\u00e4ngen, Esbo<br><strong>Avbokad S\u00f6. 22.3 kl. 15 &#8211;&nbsp;<a href=\"https:\/\/www.estrad.fi\/barnensestrad\/aktuellt\/findus-flyttar-ut\/\">Findus flyttar ut<\/a> <\/strong>Grand, Borg\u00e5<br><strong>Avbokad M\u00e5. 23.3 kl. &#8211; Hoppelina &amp; Maija &#8211; Uudet yst\u00e4v\u00e4t &#8211; Nya v\u00e4nner <\/strong>Kanniston koulu, Vanda<strong> Avbokad M\u00e5. 23.3 kl. &#8211; Pelon linnassa &#8211; I r\u00e4dslans slott <\/strong>Kanniston, Vanda<strong> Avbokad Ti. 24.3 kl. &#8211; Hoppelina &amp; Maija &#8211; Uudet yst\u00e4v\u00e4t &#8211; Nya v\u00e4nner <\/strong>Vanhan Vaasan koulu, Vasa<br><strong>Avbokad Ti. 24.3 kl. &#8211; Pelon linnassa &#8211; I r\u00e4dslans slott <\/strong>Vanhan Vaasan koulu, Vasa<br><strong>Avbokad On. 25.3 kl. &#8211; Hoppelina &amp; Maija &#8211; Uudet yst\u00e4v\u00e4t &#8211; Nya v\u00e4nner <\/strong>Hietalahden koulu, Vasa<br><strong>Avbokad On. 25.3 kl. &#8211; Pelon linnassa &#8211; I r\u00e4dslans slott <\/strong>Hietalahden koulu, Vasa<br><strong>Avbokad On. 25.3 kl. 10 &#8211;&nbsp;<a href=\"https:\/\/www.estrad.fi\/barnensestrad\/aktuellt\/findus-flyttar-ut\/\">Findus flyttar ut<\/a> <\/strong>Daghemmet Lillg\u00e5rden, Kimito<strong> Avbokad On. 25.3 kl. 18 &#8211;&nbsp;<a href=\"https:\/\/www.estrad.fi\/barnensestrad\/aktuellt\/findus-flyttar-ut\/\">Findus flyttar ut<\/a> <\/strong>Stadshusets festsal, Hang\u00f6<br><strong>Avbokad To. 26.3 kl. &#8211; Hoppelina &amp; Maija &#8211; Uudet yst\u00e4v\u00e4t &#8211; Nya v\u00e4nner <\/strong>Merikaarron koulu, Vasa<br><strong>Avbokad To. 26.3 kl. &#8211; Pelon linnassa &#8211; I r\u00e4dslans slott <\/strong>Merikaarron koulu, Vasa<br><strong>Avbokad To. 26.3 kl. 9.30 &#8211; Apan Anders <\/strong>Knattesk\u00e4rs daghem, \u00c5bo<br><strong>Avbokad To. 26.3 kl. 18 &#8211;&nbsp;<a href=\"https:\/\/www.estrad.fi\/barnensestrad\/aktuellt\/findus-flyttar-ut\/\">Findus flyttar ut<\/a> <\/strong>Frans Henrikssonsalen, N\u00e4rpes<br><strong>Avbokad Fr. 27.3 kl. 8.45 &#8211; Hoppelina &amp; Maija &#8211; Uudet yst\u00e4v\u00e4t &#8211; Nya v\u00e4nner <\/strong>Isolahden koulu, Vasa &#8211; Vaasa<br><strong>Avbokad Fr. 27.3 kl. 10 &#8211; Pelon linnassa &#8211; I r\u00e4dslans slott <\/strong>Isolahden koulu, Vasa &#8211; Vaasa<br><strong>Avbokad Fr. 27.3 kl. 18 &#8211;&nbsp;<a href=\"https:\/\/www.estrad.fi\/barnensestrad\/aktuellt\/findus-flyttar-ut\/\">Findus flyttar ut<\/a> <\/strong>Purmog\u00e5rden, Purmo<strong> Avbokad L\u00f6. 28.3 kl. 11 &#8211;&nbsp;<a href=\"https:\/\/www.estrad.fi\/barnensestrad\/aktuellt\/findus-flyttar-ut\/\">Findus flyttar ut<\/a> <\/strong>Svenska G\u00e5rden, Jakobstad<br><strong>Avbokad S\u00f6. 29.3 kl. 14 &#8211;&nbsp;<a href=\"https:\/\/www.estrad.fi\/barnensestrad\/aktuellt\/findus-flyttar-ut\/\">Findus flyttar ut<\/a> <\/strong>Ritz, Vasa<br><strong>Avbokad M\u00e5. 30.3 kl. 9.30 &#8211;&nbsp;<a href=\"https:\/\/www.estrad.fi\/barnensestrad\/aktuellt\/findus-flyttar-ut\/\">Findus flyttar ut<\/a> <\/strong>Kyrkoby skola, Korsn\u00e4s<br><strong>Avbokad M\u00e5. 30.3 kl. 9 &#8211; Norden runt p\u00e5 40 minuter <\/strong>Kajaanin lyseo<br><strong>Avbokad M\u00e5. 30.3 kl. 10 &#8211; Norden runt p\u00e5 40 minuter <\/strong>Kajaanin lyseo<br><strong>Avbokad Ti. 31.3 kl. &#8211; Norden runt p\u00e5 40 minuter <\/strong>Juhani Ahon koulu, Iidensalmi<br><strong>Avbokad Ti. 31.3 kl. &#8211; Norden runt p\u00e5 40 minuter <\/strong>Juhani Ahon koulu, Iidensalmi<br><strong>Avbokad Ti. 31.3 kl. &#8211; Norden runt p\u00e5 40 minuter <\/strong>Juhani Ahon koulu, Iidensalmi<br><strong>Avbokad On. 1.4 kl. 10 &#8211; WTF? What The Finlandssvensk <\/strong>Kajaanin lukio<br><strong>Avbokad On. 1.4 kl. 13.30 &#8211; WTF? What The Finlandssvensk <\/strong>Kajaanin lukio<br><strong>Avbokad To. 2.4 kl. 11.40 &#8211; WTF? What The Finlandssvensk <\/strong>Tampereen yhteikoulun lukio<br><strong>Avbokad To. 2.4 kl. 14.20 &#8211; WTF? What The Finlandssvensk <\/strong>Tampereen yhteikoulun lukio<strong>Avbokad To. 2.4 kl. 10 &#8211;&nbsp;<a href=\"https:\/\/www.estrad.fi\/barnensestrad\/aktuellt\/findus-flyttar-ut\/\">Findus flyttar ut<\/a> <\/strong>Malms kulturhus, Helsingfors<br><strong>Avbokad To. 2.4 kl. 18 &#8211;&nbsp;<a href=\"https:\/\/www.estrad.fi\/barnensestrad\/aktuellt\/findus-flyttar-ut\/\">Findus flyttar ut<\/a> <\/strong>Karelia, Eken\u00e4s<br><strong>Avbokad Fr. 3.4 kl. &#8211; Norden runt p\u00e5 40 minuter <\/strong>Harjuniityn koulu, Nokia<br><strong>Avbokad Fr. 3.4 kl. &#8211; Norden runt p\u00e5 40 minuter <\/strong>Harjuniityn koulu, Nokia<br><strong>Avbokad Fr. 3.4 kl. &#8211; Norden runt p\u00e5 40 minuter <\/strong>Harjuniityn koulu, Nokia<br><strong>Avbokad Fr. 3.4 kl. 10 &#8211;&nbsp;<a href=\"https:\/\/www.estrad.fi\/barnensestrad\/aktuellt\/findus-flyttar-ut\/\">Findus flyttar ut<\/a> <\/strong>Rastis, Helsingfors<br><strong>Avbokad Fr. 3.4 kl. 12 &#8211;&nbsp;<a href=\"https:\/\/www.estrad.fi\/barnensestrad\/aktuellt\/findus-flyttar-ut\/\">Findus flyttar ut<\/a> <\/strong>Rastis, Helsingfors<br><strong>Avbokad L\u00f6. 4.4 kl. 12 &#8211;&nbsp;<a href=\"https:\/\/www.estrad.fi\/barnensestrad\/aktuellt\/findus-flyttar-ut\/\">Findus flyttar ut<\/a> <\/strong>Tryckeriteatern, Karis<br><strong>Avbokad To. 16.4 kl. 9.30 &#8211; Apan Anders <\/strong>Daghemmet Apollo, Helsingfors<br><strong>Avbokad Fr. 17.4 kl. 9.30 &#8211; Apan Anders <\/strong>Distby daghem, Esbo<br><strong>Avbokad Ti. 21.4 kl. 9.10 &#8211; Hoppelina &amp; Maija &#8211; Uudet yst\u00e4v\u00e4t &#8211; Nya v\u00e4nner <\/strong>Lappeen koulu, Villmanstrand<br><strong>Avbokad Ti. 21.4 kl. 11.40 &#8211; Pelon linnassa &#8211; I r\u00e4dslans slott <\/strong>Lappeen koulu, Villmanstrand<br><strong>Avbokad On. 22.4 kl. 10 &#8211; Hoppelina &amp; Maija &#8211; Uudet yst\u00e4v\u00e4t &#8211; Nya v\u00e4nner <\/strong>Myllym\u00e4en koulu, Villmanstrand<br><strong>Avbokad On. 22.4 kl. 11.15 &#8211; Pelon linnassa &#8211; I r\u00e4dslans slott <\/strong>Myllym\u00e4en koulu, Villmanstrand<br><strong>Avbokad To. 23.4 kl. 9.30 &#8211; Hoppelina &amp; Maija &#8211; Uudet yst\u00e4v\u00e4t &#8211; Nya v\u00e4nner <\/strong>Voisalmen koulu, Villmanstrand<br><strong>Avbokad To. 23.4 kl. 11.45 &#8211; Pelon linnassa &#8211; I r\u00e4dslans slott <\/strong>Voisalmen koulu, Villmanstrand<br><strong>Avbokad Fr. 24.4 kl. 9.45 &#8211; Pelon linnassa &#8211; I r\u00e4dslans slott <\/strong>Keltinm\u00e4en koulu, Jyv\u00e4skyl\u00e4<br><strong>Avbokad Fr. 24.4 kl. 11.15 &#8211; Hoppelina &amp; Maija &#8211; Uudet yst\u00e4v\u00e4t &#8211; Nya v\u00e4nner <\/strong>Keltinm\u00e4en koulu, Jyv\u00e4skyl\u00e4<br><strong>Avbokad Ti. 28.4 kl. &#8211; Hyppeliini &amp; Apan Anders &#8211; Kul med mysterier &#8211; Mahtava mysteeri <\/strong>Larsmo<br><strong>Avbokad Ti. 28.4 kl. &#8211; Hyppeliini &amp; Apan Anders &#8211; Kul med mysterier &#8211; Mahtava mysteeri <\/strong>Larsmo<br><strong>Avbokad On. 29.4 kl. &#8211; Hyppeliini &amp; Apan Anders &#8211; Kul med mysterier &#8211; Mahtava mysteeri <\/strong>Larsmo<br><strong>Avbokad On. 29.4 kl. &#8211; Hyppeliini &amp; Apan Anders &#8211; Kul med mysterier &#8211; Mahtava mysteeri <\/strong>Larsmo<br><strong>Avbokad M\u00e5. 4.5 kl. &#8211; Hoppelina &amp; Maija &#8211; Uudet yst\u00e4v\u00e4t &#8211; Nya v\u00e4nner <\/strong>Syv\u00e4senvaaran koulu, Rovaniemi<strong> Avbokad M\u00e5. 4.5 kl. &#8211; Pelon linnassa &#8211; I r\u00e4dslans slott <\/strong>Syv\u00e4senvaaran koulu, Rovaniemi<br><strong>Avbokad Ti. 5.5 kl. 9 &#8211; Hoppelina &amp; Maija &#8211; Uudet yst\u00e4v\u00e4t &#8211; Nya v\u00e4nner <\/strong>Saaren koulu, Rovaniemi<strong> Avbokad Ti. 5.5 kl. 10.15 &#8211; Pelon linnassa &#8211; I r\u00e4dslans slott <\/strong>Saaren koulu, Rovaniemi<br><strong>Avbokad On. 6.5 kl. 9.15 &#8211; Hoppelina &amp; Maija &#8211; Uudet yst\u00e4v\u00e4t &#8211; Nya v\u00e4nner <\/strong>Nivavaaran koulu, Rovaniemi<strong> Avbokad On. 6.5 kl. 10.15 &#8211; Pelon linnassa &#8211; I r\u00e4dslans slott <\/strong>Nivavaaran koulu, Rovaniemi<br><strong>Avbokad To. 7.5 kl. 12.15 &#8211; Hoppelina &amp; Maija &#8211; Uudet yst\u00e4v\u00e4t &#8211; Nya v\u00e4nner <\/strong>Rukan koulu, Kuusamo<strong> Avbokad To. 7.5 kl. 14 &#8211; Pelon linnassa &#8211; I r\u00e4dslans slott <\/strong>Rukan koulu, Kuusamo<br><strong>Avbokad Fr. 8.5 kl. 10 &#8211; Hoppelina &amp; Maija &#8211; Uudet yst\u00e4v\u00e4t &#8211; Nya v\u00e4nner <\/strong>Ruukinkankaan koulu, Suomussalmi<strong> Avbokad Fr. 8.5 kl. 11.30 &#8211; Pelon linnassa &#8211; I r\u00e4dslans slott <\/strong>Ruukinkankaan koulu, Suomussalmi<strong> Avbokad M\u00e5. 11.5 kl. 9.40 &#8211; Norden runt p\u00e5 40 minuter <\/strong>Kuopion Taidelukio Lumit<br><strong>Avbokad M\u00e5. 11.5 kl. 11.30&nbsp; -WTF? What The Finlandssvensk <\/strong>Kuopion Taidelukio Lumit<br><strong>Avbokad Ti. 12.5 kl. 13 &#8211; Norden runt p\u00e5 40 minuter <\/strong>Kuopion klassillinen lukio<br><strong>Avbokad Ti. 12.5 kl. &nbsp;-WTF? What The Finlandssvensk <\/strong>Kuopio<br><strong>Avbokad On. 13.5 kl. 9.40 &#8211; Norden runt p\u00e5 40 minuter <\/strong>Kallaveden lukio, Kuopio<br><strong>Avbokad On. 13.5 kl. 11.30 &#8211; WTF? What The Finlandssvensk <\/strong>Kallaveden lukio, Kuopio<br><strong>Avbokad To. 14.5&nbsp;kl. &#8211; Norden runt p\u00e5 40 minuter <\/strong>Kuopion Lyseon Lukio<br><strong>Avbokad To. 14.5 kl. &#8211; WTF? What The Finlandssvensk <\/strong>Kuopion Lyseon Lukio<br><strong>Avbokad Fr. 15.5 kl. &#8211; WTF? What The Finlandssvensk <\/strong>Kuopio<br><strong>Avbokad M\u00e5. 18.5 kl. &#8211; Hoppelina &amp; Maija &#8211; Uudet yst\u00e4v\u00e4t &#8211; Nya v\u00e4nner <\/strong>Korpilahden yhten\u00e4iskoulu, Jyv\u00e4skyl\u00e4<br><strong>Avbokad M\u00e5. 18.5 kl. &#8211; Pelon linnassa &#8211; I r\u00e4dslans slott <\/strong>Korpilahden yhten\u00e4iskoulu, Jyv\u00e4skyl\u00e4<br><strong>Avbokad To. 19.5 kl. 9.30 &#8211; Hoppelina &amp; Maija &#8211; Uudet yst\u00e4v\u00e4t &#8211; Nya v\u00e4nner <\/strong>Halssilan koulu, Jyv\u00e4skyl\u00e4<br><strong>Avbokad Ti. 19.5 kl. 11.40 &#8211; Pelon linnassa &#8211; I r\u00e4dslans slott <\/strong>Halssilan koulu, Jyv\u00e4skyl\u00e4<br><strong>Avbokad On. 20.5 kl. 9 &#8211; Hoppelina &amp; Maija &#8211; Uudet yst\u00e4v\u00e4t &#8211; Nya v\u00e4nner <\/strong>Jokelan koulu, Jyv\u00e4skyl\u00e4<br><strong>Avbokad On. 20.5 kl. 10.15 &#8211; Pelon linnassa &#8211; I r\u00e4dslans slott <\/strong>Jokelan koulu, Jyv\u00e4skyl\u00e4<br><strong>To. 13.8 kl. &#8211; Apan Anders <\/strong>Konstens Natt p\u00e5 Svenska i \u00c5bo, info <a rel=\"noreferrer noopener\" href=\"https:\/\/www.facebook.com\/konstensnatt\/\" target=\"_blank\">h\u00e4r<\/a>.<strong> On. 19.8 kl. 18 &#8211; Apan Anders <\/strong>Larsmo torg, info <a rel=\"noreferrer noopener\" href=\"https:\/\/www.larsmo.fi\/beslutsfattande-och-forvaltning\/kommunikation\/anslagstavla\/trivselkvallar-pa-larsmo-torg-i-augusti\" target=\"_blank\">h\u00e4r<\/a>.<strong>M\u00e5. 31.8 kl. 9 &#8211; Kejsarens nya kl\u00e4der <\/strong>T\u00f6l\u00f6 daghem, Helsingfors<strong> M\u00e5. 31.8 kl. 10 &#8211; Kejsarens nya kl\u00e4der <\/strong>T\u00f6l\u00f6 daghem, Helsingfors<strong> M\u00e5. 31.8 kl. 14.30 &#8211; Kejsarens nya kl\u00e4der <\/strong>Steinerskolans eftis, Helsingfors<br><strong>Ti. 1.9 kl. 10.15 &#8211; Kejsarens nya kl\u00e4der <\/strong>Daghemmet Elka, Helsingfors<br><strong>Ti. 1.9 kl. 14.30 &#8211; Kejsarens nya kl\u00e4der <\/strong>Cygnaeus eftis, Helsingfors<br><strong>On. 2.9 kl. 9.30 &#8211; Kejsarens nya kl\u00e4der <\/strong>Sedmigradskys sm\u00e5barnsskola, Helsingfors<br><strong>To. 3.9 kl. 9.30 &#8211; Kejsarens nya kl\u00e4der <\/strong>Munksn\u00e4s sm\u00e5barnsskola, Helsingfors<br><strong>To. 3.9 kl. 14.30 &#8211; Kejsarens nya kl\u00e4der <\/strong>Botby eftis, Helsingfors<br><strong>Fr. 4.9 kl. 9 &#8211; Kejsarens nya kl\u00e4der <\/strong>Daghemmet Anna, Helsingfors<br><strong>Fr. 4.9 kl. 10 &#8211; Kejsarens nya kl\u00e4der <\/strong>Daghemmet Anna, Helsingfors<strong> Fr. 4.9 kl. 14.30 &#8211; Kejsarens nya kl\u00e4der <\/strong>Drums\u00f6 eftis, Helsingfors<br><strong>Fr. 4.9 kl. 15.20 &#8211; Kejsarens nya kl\u00e4der <\/strong>Drums\u00f6 eftis, Helsingfors<strong> M\u00e5. 7.9 &#8211; Virke\u00e4 Vartti &#8211; En rolig kvart, x 5 <\/strong>Soukan koulu, Esbo<br><strong>Ti. 8.9 &#8211; Virke\u00e4 Vartti &#8211; En rolig kvart, x 5 <\/strong>M\u00e4ntym\u00e4en koulu, Grankulla<strong> On. 9.9 &#8211; Virke\u00e4 Vartti &#8211; En rolig kvart, x 5 <\/strong>Killan koulu, Kervo<strong>To. 10.9 &#8211; Virke\u00e4 Vartti &#8211; En rolig kvart, x 4 <\/strong>Mets\u00e4kaltevan koulu, Hyvinge<br><strong>Fr. 11.9 &#8211; Virke\u00e4 Vartti &#8211; En rolig kvart, x 6 <\/strong>Anttilan koulu, J\u00e4rvenp\u00e4\u00e4<br><strong>M\u00e5. 14.9 kl. 10 &#8211; Kejsarens nya kl\u00e4der <\/strong>Slottebo daghem, Kronoby<br><strong>M\u00e5. 14.9 kl. 14.30 &#8211; Kejsarens nya kl\u00e4der <\/strong>Kvarnbo daghem, Kronoby<br><strong>Ti. 15.9 kl. 9.30 &#8211; Kejsarens nya kl\u00e4der <\/strong>Svenska daghemmet, Karleby<br><strong>Ti. 15.9 kl. 14.30 &#8211; Kejsarens nya kl\u00e4der <\/strong>S\u00e5ka eftis, Karleby<br><strong>On. 16.9 kl. 9.30 &#8211; Kejsarens nya kl\u00e4der <\/strong>Kyrkbackens daghem, Karleby<br><strong>On. 16.9 kl. 14.30 &#8211; Kejsarens nya kl\u00e4der <\/strong>Chydenius eftis, Karleby<br><strong>To. 17.9 kl. 9.30 &#8211; Kejsarens nya kl\u00e4der <\/strong>Solorens daghem, Nedervetil<br><strong>To. 17.9 kl. 14 &#8211; Kejsarens nya kl\u00e4der <\/strong>Kyrkbackens eftis, Karleby<br><strong>Fr. 18.9 kl. 9.30 &#8211; Kejsarens nya kl\u00e4der <\/strong>Hakalax daghem, Karleby<br><strong>Fr. 18.9 kl. 14 &#8211; Kejsarens nya kl\u00e4der <\/strong>Villa f\u00f6rskola &amp; eftis, Karleby<br><strong>M\u00e5. 21.9 kl. 9.30 &#8211; Kejsarens nya kl\u00e4der <\/strong>Langansb\u00f6le daghem, Eken\u00e4s<br><strong>M\u00e5. 21.9 kl. 15 &#8211; Kejsarens nya kl\u00e4der <\/strong>Eftis i \u00d6sterby, Eken\u00e4s<br><strong>Ti. 22.9 kl. 9.30 &#8211; Kejsarens nya kl\u00e4der <\/strong>Bj\u00f6rkebo daghem, Eken\u00e4s<br><strong>Ti. 22.9 kl. 14.30\/15 &#8211; Kejsarens nya kl\u00e4der <\/strong>Katarinaskolans eftis, Byllan &amp; Kupan, Karis<br><strong>On. 23.9 kl. 9.30 &#8211; Kejsarens nya kl\u00e4der <\/strong>Rasebo daghem, Eken\u00e4s<br><strong>On. 23.9 kl. 14.30\/15 &#8211; Kejsarens nya kl\u00e4der <\/strong>H\u00f6ijersg\u00e5rdens eftis Svalbo, Eken\u00e4s<br><strong>To. 24.9 kl. 9.30 &#8211; Kejsarens nya kl\u00e4der <\/strong>Daghemmet Karusellen, Karis<br><strong>To. 24.9 kl. 14.30\/15 &#8211; Kejsarens nya kl\u00e4der <\/strong>Tenala eftis, Tenala<strong>M\u00e5. 28.9 &#8211; Virke\u00e4 Vartti &#8211; En rolig kvart, x 5 <\/strong>Kanniston koulu, Vanda<br><strong>Ti. 29.9 &#8211; Virke\u00e4 Vartti &#8211; En rolig kvart, x 5 <\/strong>Vanhan Vaasan koulu, Vasa<br><strong>On. 30.9 &#8211; Virke\u00e4 Vartti &#8211; En rolig kvart, x 5 <\/strong>Hietalahden koulu, Vasa<br><strong>To. 1.10 kl. 11.15 &#8211; Pelon linnassa &#8211; I r\u00e4dslans slott<\/strong>Merikaarron koulu, Vasa<br><strong>To. 1.10 kl. 9.30 &#8211; Apan Anders <\/strong>Daghemmet Apollo, Helsingfors<br><strong>Fr. 2.10 &#8211; Virke\u00e4 Vartti &#8211; En rolig kvart, x 5 <\/strong>Isolahden koulu, Vasa<br><strong>M\u00e5. 5.10 &#8211; Virke\u00e4 Vartti &#8211; En rolig kvart, x 5 <\/strong>Karhusuon koulu, Esbo<br><strong>Ti. 6.10 &#8211; Virke\u00e4 Vartti &#8211; En rolig kvart, x 5 <\/strong>Lappeen koulu, Lappeenranta &#8211; Villmanstrand<br><strong>On. 7.10 &#8211; Virke\u00e4 Vartti &#8211; En rolig kvart, x 5 <\/strong>Myllym\u00e4en koulu, Lappeenranta &#8211; Villmanstrand<br><strong>To. 8.10 &#8211; Virke\u00e4 Vartti &#8211; En rolig kvart, x 5 <\/strong>Voisalmen koulu, Lappeenranta &#8211; Villmanstrand<br><strong>Fr. 9.10 &#8211; Virke\u00e4 Vartti &#8211; En rolig kvart, x 3 <\/strong>Junajlijankadun p\u00e4iv\u00e4koti, Riihim\u00e4ki<br><strong>M\u00e5. 12.10 &#8211; Virke\u00e4 Vartti &#8211; En rolig kvart, x 5 <\/strong>Alankyl\u00e4n koulu, Kontio, Ule\u00e5borg &#8211; Oulu<br><strong>Ti. 13.10 &#8211; Virke\u00e4 Vartti &#8211; En rolig kvart, x 5 <\/strong>Hintan koulu, Ule\u00e5borg &#8211; Oulu<br><strong>On. 14.10 &#8211; Virke\u00e4 Vartti &#8211; En rolig kvart, x 5 <\/strong>Tirinkyl\u00e4n koulu, Kontio, Ule\u00e5borg &#8211; Oulu<br><strong>To. 15.10 &#8211; Virke\u00e4 Vartti &#8211; En rolig kvart, x 5 <\/strong>Myllyojan koulu, Ule\u00e5borg &#8211; Oulu<br><strong>Fr. 16.10 &#8211; Virke\u00e4 Vartti &#8211; En rolig kvart, x 5 <\/strong>Paulaharjun koulu, Ule\u00e5borg &#8211; Oulu<br><strong>M\u00e5. 19.10 &#8211; Virke\u00e4 Vartti &#8211; En rolig kvart, x 5 <\/strong>Nummenpakan koulu, \u00c5bo<br><strong>Ti. 20.10 &#8211; Virke\u00e4 Vartti &#8211; En rolig kvart, x 5 <\/strong>Ter\u00e4srautelan koulu, Suikkila, \u00c5bo<br><strong>On. 21.10 &#8211; Virke\u00e4 Vartti &#8211; En rolig kvart, x 5 <\/strong>Katariinan koulu, \u00c5bo<br><strong>To. 22.10 &#8211; Virke\u00e4 Vartti &#8211; En rolig kvart, x 5 <\/strong>Ter\u00e4srautelan koulu, Ter\u00e4srautela, \u00c5bo<br><strong>Fr. 23.10 &#8211; Virke\u00e4 Vartti &#8211; En rolig kvart, x 5 <\/strong>Loukinaisten koulu, Lundo<br><strong>M\u00e5. 26.10 &#8211; En kvart p\u00e5 svenska, x 5<\/strong>Kajaanin lyseo, Kajana<strong> Ti. 27.10 &#8211; En kvart p\u00e5 svenska, x 5<\/strong>Juhani Ahon koulu, Iisalmi<br><strong>On. 28.10 &#8211; En kvart p\u00e5 svenska, x 5<\/strong>Viitaniemen koulu, Jyv\u00e4skyl\u00e4<br><strong>To. 29.10 kl. 10 och 10.30 &#8211; En kvart p\u00e5 svenska&nbsp;<\/strong>Laikunlava, Tammerfors<strong>Fr. 30.10 &#8211; En kvart p\u00e5 svenska, x 5<\/strong>Harjuniityn koulu, Nokia<br><strong>M\u00e5. 2.11 &#8211; En kvart p\u00e5 svenska, x 5<\/strong>Kuopion taidelukio, Kuopio<br><strong>Ti. 3.11 &#8211; En kvart p\u00e5 svenska, x 5<\/strong>Nilsi\u00e4n yhten\u00e4iskoulu, Kuopio<br><strong>On. 4.11 &#8211; En kvart p\u00e5 svenska, x 5<\/strong>Kallaveden lukio, Kuopio<br><strong>To. 5.11 &#8211; En kvart p\u00e5 svenska, x 5<\/strong>Kuopion lyseon lukio, Kuopio<br><strong>Fr. 6.11 &#8211; En kvart p\u00e5 svenska, x 5<\/strong>Mankolan koulu, Jyv\u00e4skyl\u00e4<br><strong>M\u00e5. 9.11 &#8211; En kvart p\u00e5 svenska, x 5 <\/strong>Pateniemen koulu, Ule\u00e5borg<br><strong>Ti. 10.11 &#8211; En kvart p\u00e5 svenska, x 5<\/strong>Hepolan koulu, Kemi<br><strong>On. 11.11 &#8211; En kvart p\u00e5 svenska, x 5<\/strong>L\u00e4nsituulen koulu, Ule\u00e5borg<br><strong>To. 12.11 &#8211; En kvart p\u00e5 svenska, x 5<\/strong>Merikosken yl\u00e4koulu, Ule\u00e5borg<br><strong>Fr. 13.11 &#8211; En kvart p\u00e5 svenska, x 5<\/strong>Sein\u00e4joen lukio, Sein\u00e4joki<strong> M\u00e5. 16.11 &#8211; En kvart p\u00e5 svenska, x 5<\/strong>Tammerkosken lukio, Tammerfors<br><strong>Ti. 17.11 &#8211; En kvart p\u00e5 svenska, x 5<\/strong>K\u00e4mmenniemen koulu, Tammerfors<br><strong>On. 18.11 &#8211; En kvart p\u00e5 svenska, x 5<\/strong>Sein\u00e4joen lyseo, Sein\u00e4joki<br><strong>To. 19.11 &#8211; En kvart p\u00e5 svenska, x 5<\/strong>Hatanp\u00e4\u00e4n koulu, Tampere<br><strong>To. 19.11 kl. 10 \u2013 <a href=\"https:\/\/www.estrad.fi\/barnensestrad\/aktuellt\/alfons-och-mallgan-teater-julallsanger-med-apan-anders\/\">Alfons och M\u00e5llgan-teater &amp; juls\u00e5nger med Apan Anders<\/a> <\/strong>Malms kulturhus, Helsingfors<strong> Fr. 20.11 &#8211; En kvart p\u00e5 svenska, x 5<\/strong>Sein\u00e4joen lyseo, Sein\u00e4joki<br><strong>Fr. 20.11 kl. 9.15 \u2013 <a href=\"https:\/\/www.estrad.fi\/barnensestrad\/aktuellt\/alfons-och-mallgan-teater-julallsanger-med-apan-anders\/\">Alfons och M\u00e5llgan-teater &amp; juls\u00e5nger med Apan Anders<\/a> <\/strong>Rastis, Helsingfors<br><strong>Fr. 20.11 kl. 10.30 \u2013 <a href=\"https:\/\/www.estrad.fi\/barnensestrad\/aktuellt\/alfons-och-mallgan-teater-julallsanger-med-apan-anders\/\">Alfons och M\u00e5llgan-teater &amp; juls\u00e5nger med Apan Anders<\/a> <\/strong>Rastis, Helsingfors<br><strong>M\u00e5. 23.11 &#8211; Virke\u00e4 Vartti &#8211; En rolig kvart, x 5 <\/strong>Syv\u00e4senvaaran koulu, Rovaniemi<br><strong>Ti. 24.11 &#8211; Virke\u00e4 Vartti &#8211; En rolig kvart, x 5 <\/strong>Saaren koulu, Rovaniemi<br><strong>On. 25.11 &#8211; Virke\u00e4 Vartti &#8211; En rolig kvart, x 5 <\/strong>Nivavaaran koulu, Rovaniemi<br><strong>To. 26.11 &#8211; Virke\u00e4 Vartti &#8211; En rolig kvart, x 5 <\/strong>Rukan koulu, Kuusamo<strong> Fr. 27.11 &#8211; Virke\u00e4 Vartti &#8211; En rolig kvart, x 5 <\/strong>Ruukinkankaan koulu, Suomussalmi<br><strong>Fr. 27.11 kl.&nbsp; \u2013 <a href=\"https:\/\/www.estrad.fi\/barnensestrad\/aktuellt\/alfons-och-mallgan-teater-julallsanger-med-apan-anders\/\">Alfons och M\u00e5llgan-teater &amp; juls\u00e5nger med Apan Anders<\/a> <\/strong>Tallen, Drums\u00f6, Helsingfors<br><strong>L\u00f6. 28.11 kl. 10.30 \u2013 <a href=\"https:\/\/www.estrad.fi\/barnensestrad\/aktuellt\/alfons-och-mallgan-teater-julallsanger-med-apan-anders\/\">Alfons och M\u00e5llgan-teater &amp; juls\u00e5nger med Apan Anders<\/a> <\/strong>Piug, Kultursalen, Pargas<br><strong>L\u00f6. 28.11 kl. 12 \u2013 <a href=\"https:\/\/www.estrad.fi\/barnensestrad\/aktuellt\/alfons-och-mallgan-teater-julallsanger-med-apan-anders\/\">Alfons och M\u00e5llgan-teater &amp; juls\u00e5nger med Apan Anders<\/a> <\/strong>Piug, Kultursalen, Pargas<br><strong>M\u00e5. 30.11 &#8211; Virke\u00e4 Vartti &#8211; En rolig kvart, x 5 <\/strong>Otavan koulu, St. Michel<br><strong>Ti. 1.12 &#8211; Virke\u00e4 Vartti &#8211; En rolig kvart, x 5 <\/strong>Halssilan koulu, Jyv\u00e4skyl\u00e4<br><strong>On. 2.12 &#8211; Virke\u00e4 Vartti &#8211; En rolig kvart, x 5 <\/strong>Jokelan koulu, Jyv\u00e4skyl\u00e4<br><strong>To. 3.12 &#8211; Virke\u00e4 Vartti &#8211; En rolig kvart, x 5 <\/strong>Keltinm\u00e4en koulu, Jyv\u00e4skyl\u00e4<br><strong>Fr. 4.12 &#8211; Virke\u00e4 Vartti &#8211; En rolig kvart, x 5 <\/strong>S\u00e4\u00e4ksj\u00e4rven koulu, Lemp\u00e4\u00e4l\u00e4<br><strong>M\u00e5. 7.12 &#8211; Virke\u00e4 Vartti &#8211; En rolig kvart, x 5 <\/strong>Vahteron koulu, Kouvola<br><strong>M\u00e5. 7.12 kl. 16.30 \u2013 <a href=\"https:\/\/www.estrad.fi\/barnensestrad\/aktuellt\/alfons-och-mallgan-teater-julallsanger-med-apan-anders\/\">Alfons och M\u00e5llgan-teater &amp; juls\u00e5nger med Apan Anders<\/a> <\/strong>Ritz, Vasa<br><strong>M\u00e5. 7.12 kl. 18 \u2013 <a href=\"https:\/\/www.estrad.fi\/barnensestrad\/aktuellt\/alfons-och-mallgan-teater-julallsanger-med-apan-anders\/\">Alfons och M\u00e5llgan-teater &amp; juls\u00e5nger med Apan Anders<\/a> <\/strong>Ritz, Vasa<br><strong>Ti. 8.12 &#8211; Virke\u00e4 Vartti &#8211; En rolig kvart, x 5 <\/strong>Sippolan koulu, Kouvola&nbsp;<strong> Ti. 8.12 kl. \u2013 <a href=\"https:\/\/www.estrad.fi\/barnensestrad\/aktuellt\/alfons-och-mallgan-teater-julallsanger-med-apan-anders\/\">Alfons och M\u00e5llgan-teater &amp; juls\u00e5nger med Apan Anders<\/a> <\/strong>, Karleby<br><strong>On. 9.12 &#8211; Virke\u00e4 Vartti &#8211; En rolig kvart, x 3 <\/strong>Poitsilan koulu, Fredrikshamn&nbsp;<strong> To. 10.12 &#8211; Virke\u00e4 Vartti &#8211; En rolig kvart, x 5 <\/strong>Korian koulu, Kouvola&nbsp;<strong> Fr. 11.12 &#8211; Virke\u00e4 Vartti &#8211; En rolig kvart, x 5 <\/strong>J\u00e4k\u00e4rl\u00e4n koulu, \u00c5bo<\/p>\n<\/div><\/div><\/div>\n\n\n\n<div class=\"wp-block-ep-toggle-item ep_toggle_item_wrapper__333c1940-4dc3-419d-b58d-932572ff14ed undefined\"><div class=\"ep_toggle_item_wrapper\"><div class=\"ep_toggle_item_title\"><span>2019<\/span><span class=\"ep_toggles_icon eplusicon-plus1\" data-icon=\"eplusicon-plus1\" data-activeicon=\"eplusicon-minus1\"><\/span><\/div><div class=\"ep_toggle_item_content\">\n<p class=\" eplus-wrapper\"><strong>On. 9.1 kl. 9 &#8211; Apan Anders laulaa kahdella kielell\u00e4<\/strong> Haagan peruskoulu, Helsingfors<br><strong>On. 9.1 kl. 10.15 &#8211; Apan Anders laulaa kahdella kielell\u00e4 <\/strong>Haagan peruskoulu, Helsingfors<br><strong>Ti. 15.1 kl. 10 &#8211;&nbsp;Anders &amp; kompisen &#8211; musiikkia kahdella kielell\u00e4 <\/strong>Uuden-Summan koulu, Fredrikshamn<br><strong>Ti. 15.1 kl. 10.45 &#8211; Anders &amp; kompisen &#8211; musiikkia kahdella kielell\u00e4 <\/strong>Uuden-Summan koulu, Fredrikshamn<br><strong>On. 16.1 kl. 11 &#8211;&nbsp;Anders &amp; kompisen &#8211; musiikkia kahdella kielell\u00e4 <\/strong>Vehkalahden koulu, Fredrikshamn<br><strong>On. 16.1 kl. 12 &#8211;&nbsp;Anders &amp; kompisen &#8211; musiikkia kahdella kielell\u00e4 <\/strong>Vehkalahden koulu, Fredrikshamn<br><strong>To. 17.1 kl. 10.15 &#8211;&nbsp;Anders &amp; kompisen &#8211; musiikkia kahdella kielell\u00e4 <\/strong>Mussalon koulu, Kotka<br><strong>To. 17.1 kl. 11.30 &#8211;&nbsp;Anders &amp; kompisen &#8211; musiikkia kahdella kielell\u00e4 <\/strong>Mussalon koulu, Kotka<br><strong>Fr. 18.1 kl. 10 &#8211;&nbsp;Anders &amp; kompisen &#8211; musiikkia kahdella kielell\u00e4 <\/strong>Kyminkartanon koulu, Kotka<br><strong>Fr. 18.1 kl. 11 &#8211;&nbsp;Anders &amp; kompisen &#8211; musiikkia kahdella kielell\u00e4 <\/strong>Kyminkartanon koulu, Kotka<br><strong>M\u00e5. 21.1 kl. 9 &#8211;&nbsp;Anders &amp; kompisen &#8211; musiikkia kahdella kielell\u00e4 <\/strong>Haagan peruskoulu, Helsingfors<br><strong>M\u00e5. 21.1 kl. 10.15 &#8211;&nbsp;Anders &amp; kompisen &#8211; musiikkia kahdella kielell\u00e4 <\/strong>Haagan peruskoulu, Helsingfors<br><strong>Ti. 22.1 kl. 9.15 &#8211;&nbsp;Anders &amp; kompisen &#8211; musiikkia kahdella kielell\u00e4 <\/strong>Aarnivalkean koulu, Esbo<br><strong>Ti. 22.1 kl. 10.15 &#8211;&nbsp;Anders &amp; kompisen &#8211; musiikkia kahdella kielell\u00e4 <\/strong>Aarnivalkean koulu, Esbo<br><strong>On. 23.1 kl. 10 &#8211;&nbsp;Anders &amp; kompisen &#8211; musiikkia kahdella kielell\u00e4 <\/strong>Lahnuksen koulu, Esbo<br><strong>To. 24.1 kl. 10.20 &#8211;&nbsp;Anders &amp; kompisen &#8211; musiikkia kahdella kielell\u00e4 <\/strong>Kajsaniemen&nbsp;ala-asteen koulu, Helsingfors<br><strong>To. 24.1 kl. 11 &#8211;&nbsp;Anders &amp; kompisen &#8211; musiikkia kahdella kielell\u00e4 <\/strong>Kajsaniemen&nbsp;ala-asteen koulu, Helsingfors<br><strong>Fr. 25.1 kl. 8.30-&nbsp;Anders &amp; kompisen &#8211; musiikkia kahdella kielell\u00e4 <\/strong>Snellmannin ala-asteen koulu, Helsingfors<br><strong>Fr. 25.1 kl. 9.15 &#8211;&nbsp;Anders &amp; kompisen &#8211; musiikkia kahdella kielell\u00e4 <\/strong>Snellmannin ala-asteen koulu, Helsingfors<br><strong>Ti. 29.1 kl. 9 \u2013&nbsp;Pelon linnassa &#8211; I r\u00e4dslans slott <\/strong>V\u00e4in\u00f6l\u00e4n koulu, Bj\u00f6rneborg<br><strong>Ti. 29.1 kl. 10 \u2013 Pelon linnassa &#8211; I r\u00e4dslans slott <\/strong>V\u00e4in\u00f6l\u00e4n koulu, Bj\u00f6rneborg<strong> Ti. 29.1 kl. 11 \u2013 Kuka pelastaisi \u00c5ke-lapsen? Ett teater\u00e4ventyr. <\/strong>V\u00e4in\u00f6l\u00e4n koulu, Bj\u00f6rneborg<strong> On. 30.1 kl. 9 \u2013 Kuka pelastaisi \u00c5ke-lapsen? Ett teater\u00e4ventyr. <\/strong>Kyl\u00e4saaren koulu, Bj\u00f6rneborg<strong> On. 30.1 kl. 10 \u2013 Pelon linnassa &#8211; I r\u00e4dslans slott <\/strong>Kyl\u00e4saaren koulu, Bj\u00f6rneborg<strong> On. 30.1 kl. 11 \u2013 Pelon linnassa &#8211; I r\u00e4dslans slott <\/strong>Kyl\u00e4saaren koulu, Bj\u00f6rneborg<br><strong>To. 31.1 kl. 9 \u2013 Kuka pelastaisi \u00c5ke-lapsen? Ett teater\u00e4ventyr. <\/strong>Kaarisillan yhten\u00e4iskoulu, Bj\u00f6rneborg<strong> To. 31.1 kl. 10 \u2013 Pelon linnassa &#8211; I r\u00e4dslans slott <\/strong>Kaarisillan yhten\u00e4iskoulu, Bj\u00f6rneborg<br><strong>To. 31.1 kl. 11 \u2013 Pelon linnassa &#8211; I r\u00e4dslans slott <\/strong>Kaarisillan yhten\u00e4iskoulu, Bj\u00f6rneborg<br><strong>Fr. 1.2 kl. 9.15 \u2013 Kuka pelastaisi \u00c5ke-lapsen? Ett teater\u00e4ventyr. <\/strong>Kirkonseudun koulu, Nakkila<strong> Fr. 1.2 kl. 10.15 \u2013 Pelon linnassa &#8211; I r\u00e4dslans slott <\/strong>Kirkonseudun koulu, Nakkila<strong> Fr. 1.2 kl. 11.15 \u2013 Pelon linnassa &#8211; I r\u00e4dslans slott <\/strong>Kirkonseudun koulu, Nakkila<br><strong>Ti. 5.2 kl. 17.30 &#8211; Apan Anders &#8211; Anders Apina <\/strong>Stadsbiblioteket &#8211; Kaupunginkirjasto, Jakobstad<br><strong>To. 7.2 kl. 9.15 &#8211; Apan Anders <\/strong>Kuratorsstigens daghem, \u00c5bo<br><strong>To. 7.2 kl. 10 &#8211; Apan Anders <\/strong>Kuratorsstigens daghem, \u00c5bo<br><strong>M\u00e5. 11.2 kl. 9 &#8211; Apan Anders laulaa kahdella kielell\u00e4 <\/strong>Rekolanm\u00e4en koulu, Vanda<br><strong>M\u00e5. 11.2 kl. 10.15 &#8211; Apan Anders laulaa kahdella kielell\u00e4 <\/strong>Rekolanm\u00e4en koulu, Vanda<br><strong>Ti. 12.2 kl. 10 &#8211; Apan Anders laulaa kahdella kielell\u00e4 <\/strong>Kaivokselan koulu, Vanda<br><strong>Ti. 12.2 kl. 11.45 &#8211; Apan Anders laulaa kahdella kielell\u00e4 <\/strong>Kaivokselan koulu, Vanda<br><strong>On. 13.2 kl. 9 &#8211; Apan Anders laulaa kahdella kielell\u00e4 <\/strong>Rajatorpan koulu, Vanda<br><strong>On. 13.2 kl. 10.15 &#8211; Apan Anders laulaa kahdella kielell\u00e4 <\/strong>Rajatorpan koulu, Vanda<br><strong>To. 14.2 kl. 9.10 &#8211; Apan Anders laulaa kahdella kielell\u00e4 <\/strong>Rajakyl\u00e4n koulu, Vanda<br><strong>To. 14.2 kl. 10.20 &#8211; Apan Anders laulaa kahdella kielell\u00e4 <\/strong>Rajakyl\u00e4n koulu, Vanda<br><strong>On. 27.2 kl. 9.30 <a href=\"https:\/\/www.estrad.fi\/barnensestrad\/aktuellt\/mamma-mu-och-krakan\/\">Mamma Mu och Kr\u00e5kan &#8211; Kozoo + Apan Anders minikonsert<\/a> <\/strong>Klockringaregatans daghem, \u00c5bo<strong> To. 28.2 kl. 10&nbsp;&nbsp;<a href=\"https:\/\/www.estrad.fi\/barnensestrad\/aktuellt\/mamma-mu-och-krakan\/\">Mamma Mu och Kr\u00e5kan &#8211; Kozoo + Apan Anders minikonsert<\/a> <\/strong>Cronjelms skolas festal, Larsmo<br><strong>To. 28.2 kl. 14&nbsp;&nbsp;<a href=\"https:\/\/www.estrad.fi\/barnensestrad\/aktuellt\/mamma-mu-och-krakan\/\">Mamma Mu och Kr\u00e5kan &#8211; Kozoo + Apan Anders minikonsert<\/a> <\/strong>Bosunds skolas festsal, Larsmo<strong>M\u00e5. 4.3 kl. 9.30 <a href=\"https:\/\/www.estrad.fi\/barnensestrad\/aktuellt\/mamma-mu-och-krakan\/\">Mamma Mu och Kr\u00e5kan &#8211; Kozoo + Apan Anders minikonsert<\/a> <\/strong>Kasabergets daghem, Grankulla<br><strong>M\u00e5. 4.3 kl. 10.30 <a href=\"https:\/\/www.estrad.fi\/barnensestrad\/aktuellt\/mamma-mu-och-krakan\/\">Mamma Mu och Kr\u00e5kan &#8211; Kozoo + Apan Anders minikonsert<\/a> <\/strong>Kasabergets daghem, Grankulla<br><strong>Ti. 12.3 kl. 10.10\u2013 Norden runt p\u00e5 40 minuter <\/strong>Pohjanlinnan koulu, Kankaanp\u00e4\u00e4<br><strong>Ti. 12.3 kl. 12.15 \u2013 Norden runt p\u00e5 40 minuter <\/strong>Pohjanlinnan koulu, Kankaanp\u00e4\u00e4<br><strong>On. 13.3 kl. 8.55 \u2013 Norden runt p\u00e5 40 minuter <\/strong>Euran yhteiskoulu<br><strong>On. 13.3 kl. 10.20 \u2013 Norden runt p\u00e5 40 minuter <\/strong>Euran yhteiskoulu<br><strong>On. 13.3 kl. 12.05 \u2013 Norden runt p\u00e5 40 minuter <\/strong>Euran lukio<br><strong>To. 14.3 kl. 10.30 \u2013 Norden runt p\u00e5 40 minuter <\/strong>Varpeen koulu, Laitila<br><strong>To. 14.3 kl. 12.35\u2013 Norden runt p\u00e5 40 minuter <\/strong>Laitilan lukio<br><strong>To. 14.3 kl. 13.45 \u2013 Norden runt p\u00e5 40 minuter <\/strong>Varpeen koulu, Laitila<br><strong>Fr. 15.3 kl. \u2013 Norden runt p\u00e5 40 minuter <\/strong>Liedon keskuskoulu<br><strong>M\u00e5. 18.3 kl. 9.25 \u2013 Norden runt p\u00e5 40 minuter <\/strong>Puropellon koulu, \u00c5bo<br><strong>M\u00e5. 18.3 kl. 10.15\u2013 Norden runt p\u00e5 40 minuter <\/strong>Puropellon koulu, \u00c5bo<br><strong>M\u00e5. 18.3 kl. 13.25\u2013 Norden runt p\u00e5 40 minuter <\/strong>Piispanl\u00e4hteen koulu, St.Karins<br><strong>M\u00e5. 18.3 kl. 14.20 \u2013 Norden runt p\u00e5 40 minuter <\/strong>Piispanl\u00e4hteen koulu, St.Karins<br><strong>Ti. 19.3 kl. 9 \u2013 Norden runt p\u00e5 40 minuter <\/strong>Vistan koulu, Paimio<br><strong>Ti. 19.3 kl. 12.45 \u2013 Norden runt p\u00e5 40 minuter <\/strong>Yli-Maarian yhten\u00e4iskoulu, \u00c5bo<br><strong>On. 20.3 kl. 8.50 \u2013 Norden runt p\u00e5 40 minuter <\/strong>Turun Lyseon yl\u00e4koulu, \u00c5bo<br><strong>On. 20.3 kl. 12.15 \u2013 Norden runt p\u00e5 40 minuter <\/strong>Turun normaalikoulu, \u00c5bo<br><strong>To. 21.3 kl. 11 \u2013 Norden runt p\u00e5 40 minuter <\/strong>Turun Suomalaisen Yhten\u00e4iskoulun lukio, \u00c5bo<br><strong>To. 21.3 kl.13.15&nbsp; \u2013 Norden runt p\u00e5 40 minuter <\/strong>Turun Suomalaisen Yhten\u00e4iskoulun lukio, \u00c5bo<br><strong>Ti 26.3 kl. 10 Anders &amp; kompisen &#8211; musiikkia kahdella kielell\u00e4<\/strong><br>J\u00e4k\u00e4rl\u00e4n koulu, \u00c5bo<br><strong>Ti 26.3 kl. 11 Anders &amp; kompisen &#8211; musiikkia kahdella kielell\u00e4<\/strong><br>J\u00e4k\u00e4rl\u00e4n koulu, \u00c5bo<br><strong>On 27.3 kl.&nbsp; Anders &amp; kompisen &#8211; musiikkia kahdella kielell\u00e4 <\/strong>Yli-Maarian koulu, \u00c5bo<br><strong>On 27.3 kl.&nbsp; Anders &amp; kompisen &#8211; musiikkia kahdella kielell\u00e4<\/strong><br>Yli-Maarian koulu, \u00c5bo<br><strong>To 28.3 kl. 10 Anders &amp; kompisen &#8211; musiikkia kahdella kielell\u00e4<\/strong><br>Vasaram\u00e4en koulu, \u00c5bo<br><strong>To 28.3 kl. 11.15 Anders &amp; kompisen &#8211; musiikkia kahdella kielell\u00e4 <\/strong>Vasaram\u00e4en koulu, \u00c5bo<br><strong>Fr 29.3 kl. 9 Apan Anders laulaa kahdella kielell\u00e4 <\/strong>Paattisten koulu, \u00c5bo<br><strong>Fr 29.3 kl. 10 Anders &amp; kompisen &#8211; musiikkia kahdella kielell\u00e4 <\/strong>Paattisten koulu, \u00c5bo<br><strong>Ti. 2.4 kl. 10 -Anders &amp; kompisen &#8211; musiikkia kahdella kielell\u00e4 <\/strong>Kaivokselan koulu, Vanda<br><strong>Ti. 2.4 kl. 11 -Anders &amp; kompisen &#8211; musiikkia kahdella kielell\u00e4 <\/strong>Kaivokselan koulu, Vanda<br><strong>On. 3.4 kl. 9 -Anders &amp; kompisen &#8211; musiikkia kahdella kielell\u00e4 <\/strong>Rajatorpan koulu, Vanda<br><strong>On. 3.4 kl. 10.15 -Anders &amp; kompisen &#8211; musiikkia kahdella kielell\u00e4 <\/strong>Rajatorpan koulu, Vanda<br><strong>To. 4.4 kl. 9 -Anders &amp; kompisen &#8211; musiikkia kahdella kielell\u00e4 <\/strong>Rekolanm\u00e4en koulu, Vanda<br><strong>To. 4.4 kl. 10.15 -Anders &amp; kompisen &#8211; musiikkia kahdella kielell\u00e4 <\/strong>Rekolanm\u00e4en koulu, Vanda<br><strong>Fr. 5.4 kl. 10.20 -Anders &amp; kompisen &#8211; musiikkia kahdella kielell\u00e4 <\/strong>Rajakyl\u00e4n koulu, Vanda<br><strong>Fr. 5.4 kl. 11.15 -Anders &amp; kompisen &#8211; musiikkia kahdella kielell\u00e4 <\/strong>Rajakyl\u00e4n koulu, Vanda<br><strong>Ti. 23.4 kl. 9.15 &#8211; Apan Anders laulaa kahdella kielell\u00e4 <\/strong>Vanhan kyl\u00e4n koulu, liikuntasali, Ulvila<br><strong>Ti. 23.4 kl. 10.30 &#8211; Anders &amp; kompisen &#8211; musiikkia kahdella kielell\u00e4 <\/strong>Vanhan kyl\u00e4n koulu, liikuntasali, Ulvila<br><strong>On. 24.4 kl. 9 &#8211; Apan Anders laulaa kahdella kielell\u00e4 <\/strong>Atalan koulu, Tammerfors<br><strong>On. 24.4 kl. 10.15 &#8211; Anders &amp; kompisen &#8211; musiikkia kahdella kielell\u00e4 <\/strong>Atalan koulu, Tammerfors<br><strong>To. 25.4 kl. 9 &#8211; Apan Anders laulaa kahdella kielell\u00e4 <\/strong>Kaarilan koulu, Tammerfors<br><strong>To. 25.4 kl. 10 &#8211; Anders &amp; kompisen &#8211; musiikkia kahdella kielell\u00e4 <\/strong>Kaarilan koulu, Tammerfors<br><strong>Fr. 26.4 kl. 10.15 &#8211; Anders &amp; kompisen &#8211; musiikkia kahdella kielell\u00e4 <\/strong>Harjun koulutalo, Raholan koulu, Tammerfors<br><strong>Fr. 26.4 kl. 11.15 &#8211;&nbsp;Apan Anders laulaa kahdella kielell\u00e4 <\/strong>Harjun koulutalo, Raholan koulu, Tammerfors<br><strong>M\u00e5. 6.5 kl. 9 &#8211; Anders &amp; kompisen &#8211; musiikkia kahdella kielell\u00e4 <\/strong>Saaren koulu, Rovaniemi<br><strong>M\u00e5. 6.5 kl. 10 &#8211; Apan Anders laulaa kahdella kielell\u00e4 <\/strong>Saaren koulu, Rovaniemi<br><strong>Ti. 7.5 kl. 11.10 &#8211; Anders &amp; kompisen &#8211; musiikkia kahdella kielell\u00e4 <\/strong>Aleksanteri Kenan koulu &amp; Sompion koulu, Sodankyl\u00e4<br><strong>Ti. 7.5 kl. 12.10 &#8211; Anders &amp; kompisen &#8211; musiikkia kahdella kielell\u00e4 <\/strong>Aleksanteri Kenan koulu &amp; Sompion koulu, Sodankyl\u00e4<br><strong>On. 8.5 kl. 10 &#8211; Apan Anders laulaa kahdella kielell\u00e4 <\/strong>Syv\u00e4senvaaran koulu, Rovaniemi<br><strong>On. 8.5 kl. 11 &#8211; Anders &amp; kompisen &#8211; musiikkia kahdella kielell\u00e4 <\/strong>Syv\u00e4senvaaran koulu, Rovaniemi<br><strong>To. 9.5 kl. 10 &#8211; Apan Anders laulaa kahdella kielell\u00e4 <\/strong>Ojanper\u00e4n koulu, Liminka<br><strong>To. 9.5 kl. 11 &#8211; Anders &amp; kompisen &#8211; musiikkia kahdella kielell\u00e4 <\/strong>Ojanper\u00e4n koulu, Liminka<br><strong>To. 16.5 kl. 17.30 &#8211; Apan Anders <\/strong>Ramsholmen, Eken\u00e4s, <em>privat tillst\u00e4llning inte f\u00f6r allm\u00e4nheten<\/em><br><strong>Ti. 21.5. kl. 9 &#8211; Apan Anders laulaa kahdella kielell\u00e4 <\/strong>Niittylahden koulu, Joensuu<br><strong>Ti. 21.5. kl. 10 &#8211; Apan Anders laulaa kahdella kielell\u00e4 <\/strong>Niittylahden koulu, Joensuu<br><strong>On. 22.5. kl. 9 &#8211; Apan Anders laulaa kahdella kielell\u00e4 <\/strong>Utran koulu, Joensuu<br><strong>On. 22.5. kl. 10 &#8211; Apan Anders laulaa kahdella kielell\u00e4 <\/strong>Utran koulu, Joensuu<br><strong>To. 23.5. kl. 8 &#8211; Apan Anders laulaa kahdella kielell\u00e4 <\/strong>Noljakan koulu, Joensuu<br><strong>To. 23.5. kl. 9 &#8211; Apan Anders laulaa kahdella kielell\u00e4 <\/strong>Noljakan koulu, Joensuu<br><strong>Fr. 24.5. kl. 9 &#8211; Apan Anders laulaa kahdella kielell\u00e4 <\/strong>Karsikon koulu, Joensuu<br><strong>Fr. 24.5. kl. 11 &#8211; Apan Anders laulaa kahdella kielell\u00e4 <\/strong>Karsikon koulu, Joensuu<br><strong>L\u00f6. 8.6 kl. 14 &#8211; Apan Anders<\/strong><br>V\u00e4stanfj\u00e4rd, Kalkholmen<br><strong>On. 26.6 kl.&nbsp; &#8211; Apan Anders<\/strong><br>Korsholm, Barnkalas p\u00e5 Stundars<br><strong>L\u00f6. 29.6 kl. 15-16.30 &#8211; Barnfest med Alfons och M\u00e5llgan <\/strong>Houtsk\u00e4r, Vesterlid, se <a href=\"https:\/\/www.estrad.fi\/barnensestrad\/aktuellt\/barnfest\">h\u00e4r<\/a>!<br><strong>S\u00f6. 30.6 kl. 15-16.30 -Barnfest med Alfons och M\u00e5llgan <\/strong>Korpo, Gjallarhorn, se <a href=\"https:\/\/www.estrad.fi\/barnensestrad\/aktuellt\/barnfest\">h\u00e4r<\/a>!<br><strong>M\u00e5. 1.7 kl. 17-18.30 &#8211; Barnfest med Alfons och M\u00e5llgan <\/strong>Pargas, Lillholmen, se <a href=\"https:\/\/www.estrad.fi\/barnensestrad\/aktuellt\/barnfest\">h\u00e4r<\/a>!<br><strong>Ti. 2.7 kl. 17-18.30 &#8211; Barnfest med Alfons och M\u00e5llgan <\/strong>Kimito, Wrethalla, se <a href=\"https:\/\/www.estrad.fi\/barnensestrad\/aktuellt\/barnfest\">h\u00e4r<\/a>!<br><strong>On. 3.7 kl. 15-16.30 &#8211; Barnfest med Alfons och M\u00e5llgan <\/strong>Ini\u00f6, Sn\u00e4ckan, se <a href=\"https:\/\/www.estrad.fi\/barnensestrad\/aktuellt\/barnfest\">h\u00e4r<\/a>!<strong> To. 4.7 kl. 17-18.30 &#8211; Barnfest med Alfons och M\u00e5llgan <\/strong>Nagu, Framn\u00e4s, se <a href=\"https:\/\/www.estrad.fi\/barnensestrad\/aktuellt\/barnfest\">h\u00e4r<\/a>!<br><strong>M\u00e5. 8.7 kl. 17-18.30 &#8211; Barnfest med Alfons och M\u00e5llgan <\/strong>S\u00f6dra Vallgrund, UF Havsbandet, se <a href=\"https:\/\/www.estrad.fi\/barnensestrad\/aktuellt\/barnfest\">h\u00e4r<\/a>!<br><strong>Ti. 9.7 kl. 17-18.30 &#8211; Barnfest med Alfons och M\u00e5llgan <\/strong>Nykarleby, Ytterjeppo Paviljong, se <a href=\"https:\/\/www.estrad.fi\/barnensestrad\/aktuellt\/barnfest\">h\u00e4r<\/a>!<br><strong>On. 10.7 kl. 17-18.30 &#8211; Barnfest med Alfons och M\u00e5llgan <\/strong>Kristinestad, Braheg\u00e5rden, se <a href=\"https:\/\/www.estrad.fi\/barnensestrad\/aktuellt\/barnfest\">h\u00e4r<\/a>!<br><strong>To. 11.7 kl. 17-18.30 &#8211; Barnfest med Alfons och M\u00e5llgan <\/strong>Esse, Esseg\u00e5rden, se <a href=\"https:\/\/www.estrad.fi\/barnensestrad\/aktuellt\/barnfest\">h\u00e4r<\/a>!<br><strong>Fr. 12.7 kl. 13-14.30 &#8211; Barnfest med Alfons och M\u00e5llgan <\/strong>Karleby, Stadsbiblioteket &#8211; Luckan, se <a href=\"https:\/\/www.estrad.fi\/barnensestrad\/aktuellt\/barnfest\">h\u00e4r<\/a>!<br><strong>L\u00f6. 13.7 kl. 14-15 -Alfons och M\u00e5llgan-teater &amp; Apan Anders <\/strong>N\u00e4rpes, \u00d6vermark, se <a href=\"https:\/\/www.estrad.fi\/barnensestrad\/aktuellt\/barnens-sommarteater\/\">h\u00e4r<\/a>!<br><strong>S\u00f6. 14.7 kl. 15-16.30 -Barnfest med Alfons och M\u00e5llgan <\/strong>Maxmo, Dansbanan, se <a href=\"https:\/\/www.estrad.fi\/barnensestrad\/aktuellt\/barnfest\">h\u00e4r<\/a>!<br><strong>L\u00f6. 27.7 kl. 18 &#8211; Apan Anders &#8211; Anders Apina <\/strong>Pilvilinna &#8211; Mickelspiltom<br><strong>S\u00f6. 28.7 kl. 13 &#8211; Apan Anders &#8211; Anders Apina <\/strong>Borg\u00e5, Postbacken<br><strong>Fr. 9.8 kl. 18 &#8211; Apan Anders <\/strong>Mariehamn, \u00c5lands konstmuseum, Kulturnatten<br><strong>Ti. 27.8 kl. 9.30 &#8211; Alfons och M\u00e5llgan <\/strong>Daghemmet Marias Asyl, Helsingfors<br><strong>Ti. 27.8 kl. 14.30 &#8211; Alfons och M\u00e5llgan <\/strong>S:t Jacobs eftis, Helsingfors<br><strong>On. 28.8 kl. 9.30 &#8211; Alfons och M\u00e5llgan <\/strong>Munksn\u00e4s sm\u00e5barnsskola, Helsingfors<br><strong>On. 28.8 kl.&nbsp; 15 &#8211; Alfons och M\u00e5llgan <\/strong>Eftis i Staffansby, Solhem, Helsingfors<br><strong>To. 29.8 kl. 9.30 &#8211; Alfons och M\u00e5llgan <\/strong>Sedmigradskys sm\u00e5barnsskola, Helsingfors<br><strong>To. 29.8 kl. 14.30 &#8211; Alfons och M\u00e5llgan <\/strong>Botby eftis, Helsingfors<br><strong>Ti. 3.9. kl. 9 &#8211; Apan Anders laulaa kahdella kielell\u00e4 <\/strong>Tuupalan ala-koulu, Kuhmo<br><strong>Ti. 3.9. kl. 10 &#8211; Anders &amp; kompisen &#8211; musiikkia kahdella kielell\u00e4 <\/strong>Tuupalan ala-koulu, Kuhmo<br><strong>Ti. 3.9. kl. 12 &#8211; Anders &amp; kompisen &#8211; musiikkia kahdella kielell\u00e4 <\/strong>Tuupalan ala-koulu, Kuhmo<br><strong>On. 4.9. kl. 9.20 &#8211; Apan Anders laulaa kahdella kielell\u00e4 <\/strong>Lehtikankaan koulu, Kajaani<br><strong>On. 4.9. kl. 10.20 -Anders &amp; kompisen &#8211; musiikkia kahdella kielell\u00e4 <\/strong>Lehtikankaan koulu, Kajaani<br><strong>To. 5.9. kl. 9.15 &#8211; Apan Anders laulaa kahdella kielell\u00e4 <\/strong>Soidinsuon koulu, Kajaani<br><strong>To. 5.9. kl. 10.15 -Anders &amp; kompisen &#8211; musiikkia kahdella kielell\u00e4 <\/strong>Soidinsuon koulu, Kajaani<br><strong>To. 5.9 kl. 9.30 &#8211; Alfons och M\u00e5llgan <\/strong>T\u00f6l\u00f6 daghem, Helsingfors<br><strong>To. 5.9 kl. 15 &#8211; Alfons och M\u00e5llgan <\/strong>Cygnaeus eftis, Helsingfors<br><strong>Fr. 6.9. kl. 8 &#8211; Apan Anders laulaa kahdella kielell\u00e4 <\/strong>Kirkonsalmen koulu, Iisalmi<strong> Fr. 6.9. kl. 9 &#8211; Anders &amp; kompisen &#8211; musiikkia kahdella kielell\u00e4 <\/strong>Kirkonsalmen koulu, Iisalmi<br><strong>Fr. 6.9 kl. 9.30 &#8211; Alfons och M\u00e5llgan <\/strong>Daghemmet Anna, Helsingfors<br><strong>Fr. 6.9 kl. 14.30 &#8211; Alfons och M\u00e5llgan <\/strong>Steinerskolans eftis , Helsingfors<br><strong>M\u00e5. 9.9 kl. 9.30 &#8211; Alfons och M\u00e5llgan <\/strong>Kyrkbackens daghem, Karleby<br><strong>M\u00e5. 9.9 kl. 14.30 &#8211; Alfons och M\u00e5llgan <\/strong>Chydenius och Kyrkbackens eftisar och f\u00f6rskolor, Karleby<br><strong>Ti. 10.9. kl. 9.15 &#8211; Apan Anders laulaa kahdella kielell\u00e4 <\/strong>Sorrilan koulu, Valkeakoski<strong> Ti. 10.9. kl. 10.15 -Anders &amp; kompisen &#8211; musiikkia kahdella kielell\u00e4 <\/strong>Sorrilan koulu, Valkeakoski<br><strong>Ti. 10.9. kl. 11.15 -Anders &amp; kompisen &#8211; musiikkia kahdella kielell\u00e4 <\/strong>Sorrilan koulu, Valkeakoski<strong> Ti. 10.9 kl. 9 &#8211; Alfons och M\u00e5llgan <\/strong>Svenska daghemmet, Karleby<br><strong>Ti. 10.9 kl. 14.30 &#8211; Alfons och M\u00e5llgan <\/strong>Villa skolas eftis, Karleby<br><strong>On. 11.9. kl. 10&nbsp;-Apan Anders laulaa kahdella kielell\u00e4 <\/strong>Myllyhaan koulu ja Harjunniityn koulu, Nokia<strong> On. 11.9. kl. 11 -Anders &amp; kompisen &#8211; musiikkia kahdella kielell\u00e4 <\/strong>Myllyhaan koulu ja Harjunniityn koulu, Nokia<br><strong>On. 11.9 kl. 9.30 &#8211; Alfons och M\u00e5llgan <\/strong>Hakalax daghem, Karleby<br><strong>On. 11.9 kl. 14.30 &#8211; Alfons och M\u00e5llgan <\/strong>Eftis, Kvarnbo daghem, Kronoby<br><strong>To. 12.9. kl. 9.05&nbsp;-Apan Anders laulaa kahdella kielell\u00e4 <\/strong>Siivikkalan koulu,&nbsp;Siivikkala, Yl\u00e4j\u00e4rvi<strong> To. 12.9. kl. 10.20 -Anders &amp; kompisen &#8211; musiikkia kahdella kielell\u00e4 <\/strong>Siivikkalan koulu,&nbsp;Siivikkala, Yl\u00e4j\u00e4rvi<strong> To. 12.9 kl. 9.30 &#8211; Alfons och M\u00e5llgan <\/strong>Solrosens daghem, Nedervetil<br><strong>To. 12.9 kl. 14 &#8211; Alfons och M\u00e5llgan <\/strong>Vittsar eftis, Karleby<br><strong>Fr. 13.9. kl. 9.05&nbsp;-Apan Anders laulaa kahdella kielell\u00e4 <\/strong>Takamaan koulu,&nbsp;Lakiala, Yl\u00e4j\u00e4rvi<strong> Fr. 13.9. kl. 10.20 -Anders &amp; kompisen &#8211; musiikkia kahdella kielell\u00e4 <\/strong>Takamaan koulu,&nbsp;Lakiala, Yl\u00e4j\u00e4rvi<br><strong>Fr. 13.9 kl. 10 &#8211; Alfons och M\u00e5llgan <\/strong>Slottebo daghem, Kronoby<br><strong>Fr. 13.9 kl. 14 &#8211; Alfons och M\u00e5llgan <\/strong>S\u00e5ka eftis, Karleby<br><strong><a rel=\"noreferrer noopener\" href=\"https:\/\/www.netticket.fi\/information_plays.php?info_id=13708\" target=\"_blank\">L\u00f6. 14.9 kl. 10.30 &#8211; Alfons och M\u00e5llgan<\/a> <\/strong>Ritz, Vasa &#8211;&nbsp;<em>F\u00f6r alla, v\u00e4lkomna!<\/em><br><strong><a rel=\"noreferrer noopener\" href=\"https:\/\/www.netticket.fi\/information_plays.php?info_id=13708\" target=\"_blank\">La. 14.9 klo. 12 &#8211; Mikko Mallikas ja Mulperi<\/a> <\/strong>Ritz, Vaasa &#8211; <em>Kaikille, tervetuloa! <\/em><strong>Ti. 17.9 kl. 9.30 &#8211; Alfons och M\u00e5llgan <\/strong>Bj\u00f6rkebo daghem, Eken\u00e4s<br><strong>Ti. 17.9 kl. 14.30 &#8211; Alfons och M\u00e5llgan <\/strong>Lilla Pr\u00e4stg\u00e5rdens eftis, Karis<br><strong>On. 18.9 kl. &#8211; Alfons och M\u00e5llgan <\/strong>Labyrintti och Karuselli, Raseborg<br><strong>On. 18.9 kl. &#8211; Alfons och M\u00e5llgan <\/strong>eftis, Raseborg<br><strong>To. 19.9 kl. 9.30 &#8211; Alfons och M\u00e5llgan <\/strong>Rasebo daghem, Eken\u00e4s<br><strong>To. 19.9 kl. 14.30 &#8211; Alfons och M\u00e5llgan <\/strong>Katarinasko\u00f6lans eftis, Karis<br><strong>Fr. 20.9 kl. &#8211; Alfons och M\u00e5llgan <\/strong>Langansb\u00f6le daghem, Eken\u00e4s<br><strong>Fr. 20.9 kl. 14 &#8211; Alfons och M\u00e5llgan <\/strong>H\u00f6ijersg\u00e5rdens eftis, Svalbo, Eken\u00e4s<br><strong>L\u00f6. 21.9 kl. 10.30 &#8211; Alfons och M\u00e5llgan <\/strong>Pargas, Stadsbiblioteket<br><em>Bilj. 10 \u20ac fr\u00e5n Pargas bibliotek, v\u00e4lkomna!<\/em><br><strong>La. 21.9 klo. 12 &#8211; Mikko Mallikas ja Mulperi <\/strong>Parainen, Kirjasto<br><em>Liput: 10 \u20ac, Paraisten kirjastosta, tervetuloa!<\/em><br><strong>On. 25.9. kl. 10.10 -Apan Anders laulaa kahdella kielell\u00e4 <\/strong>Iittalan yhten\u00e4iskoulu, Tavastehus<strong> On. 25.9. kl. 11.10 -Anders &amp; kompisen &#8211; musiikkia kahdella kielell\u00e4 <\/strong>Iittalan yhten\u00e4iskoulu, Tavastehus<strong>To. 26.9. kl. 9.45- Apan Anders laulaa kahdella kielell\u00e4 <\/strong>Rengon koulu, Tavastehus<strong> To. 26.9. &#8211; 10.40 Anders &amp; kompisen &#8211; musiikkia kahdella kielell\u00e4 <\/strong>Rengon koulu, Tavastehus<br><strong>Fr. 27.9. kl. 10- Apan Anders laulaa kahdella kielell\u00e4 <\/strong>Konnarin koulu, Lammi, Tavastehus<strong> Fr. 27.9. kl. 11- Anders &amp; kompisen &#8211; musiikkia kahdella kielell\u00e4 <\/strong>Konnarin koulu, Lammi, Tavastehus<br><strong>L\u00f6. 5.10. kl. 13.30 &#8211; Alfons och M\u00e5llgan <\/strong><a rel=\"noreferrer noopener\" href=\"https:\/\/www.hanaholmen.fi\/sv\/kulturcentrum\/konst-och-kultur\/kulturevenemang\/litteraturfestival-for-barn\/\" target=\"_blank\">Hanaholmen, Esbo<\/a><br><strong>La. 5.10. klo. 14.30 &#8211; Mikko Mallikas ja Mulperi <\/strong><a rel=\"noreferrer noopener\" href=\"https:\/\/www.hanaholmen.fi\/kulttuurikeskus\/taide-ja-kulttuuri\/kulttuuritapahtumat\/kirjaseikkailu-lapsille\/\" target=\"_blank\">Hanasaari, Espoo<\/a><br><strong>Ti. 8.10. kl. 9.15 &#8211; Hyppeliini &amp; Apan Anders &#8211; Mahtava mysteeri &#8211; Kul med mysterier! <\/strong>Piug &#8211; Punt, Pargas, Parainen<br><strong>Ti. 8.10. kl. 10.30 &#8211; Hyppeliini &amp; Apan Anders &#8211; Mahtava mysteeri &#8211; Kul med mysterier! <\/strong>Piug &#8211; Punt, Pargas, Parainen<br><strong>On. 9.10. kl. 9.15 &#8211; Hyppeliini &amp; Apan Anders &#8211; Mahtava mysteeri &#8211; Kul med mysterier! <\/strong>Piug &#8211; Punt, Pargas, Parainen<br><strong>On. 9.10. kl. 10.30 &#8211; Hyppeliini &amp; Apan Anders &#8211; Mahtava mysteeri &#8211; Kul med mysterier! <\/strong>Piug &#8211; Punt, Pargas, Parainen<br><strong>To. 10.10. kl. 10 &#8211; Hoppelina och Apan Anders &#8211; Kul med mysterier! <\/strong>Piug, Pargas<br><strong>Fr. 11.10. kl. 10 &#8211; Hyppeliini &amp; Apan Anders &#8211; Mahtava mysteeri &#8211; Kul med mysterier! <\/strong>Framn\u00e4s, Nagu, Nauvo<br><strong>Ti. 22.10. kl. 9.15 &#8211; Hyppeliini &amp; Apan Anders &#8211; Mahtava mysteeri &#8211; Kul med mysterier! <\/strong>Brukshallen, Dalsbruk<br><strong>Ti. 22.10. kl. 10.30 &#8211; Hoppelina &amp; Apan Anders &#8211; Kul med mysterier! <\/strong>Brukshallen, Dalsbruk<br><strong>On. 23.10. kl. 9.15 &#8211; Hyppeliini &amp; Apan Anders &#8211; Mahtava mysteeri &#8211; Kul med mysterier! <\/strong>Amosparkens skola, Kimito<br><strong>On. 23.10. kl. 10.30 &#8211; Hoppelina &amp; Apan Anders &#8211; Kul med mysterier! <\/strong>Amosparkens skola, Kimito<br><strong>To. 24.10. kl. 10 &#8211; Hoppelina och Apan Anders &#8211; Kul med mysterier! <\/strong>Vesterlid, Houtsk\u00e4r<br><strong>Fr. 25.10. kl. 9 &#8211; Hoppelina och Apan Anders &#8211; Kul med mysterier! <\/strong>Kaarina-sali, St.Karins<br><strong>Ti. 29.10. kl. 10&nbsp; &#8211; Apan Anders laulaa kahdella kielell\u00e4 <\/strong>Lotilan koulu, Lahtis<br><strong>Ti. 29.10. kl. 11 &#8211; Anders &amp; kompisen &#8211; musiikkia kahdella kielell\u00e4 <\/strong>Lotilan koulu, Lahtis<br><strong>On. 30.10. kl. 10 &#8211; Apan Anders laulaa kahdella kielell\u00e4 <\/strong>Myllypohjan koulu, Lahtis<br><strong>On. 30.10. kl. 11 &#8211; Anders &amp; kompisen &#8211; musiikkia kahdella kielell\u00e4 <\/strong>Myllypohjan koulu, Lahtis<br><strong>To. 31.10. kl. 8.15&nbsp; &#8211; Apan Anders laulaa kahdella kielell\u00e4 <\/strong>Kasakkam\u00e4en koulu, Lahtis<br><strong>To. 31.10. kl. 9.10 &#8211; Anders &amp; kompisen &#8211; musiikkia kahdella kielell\u00e4 <\/strong>Kasakkam\u00e4en koulu, Lahtis<br><strong>Fr. 1.11. kl.&nbsp; 10 &#8211; Apan Anders laulaa kahdella kielell\u00e4 <\/strong>Renkom\u00e4en koulu, Lahtis<strong> Fr. 1.11. kl. 11 &#8211; Anders &amp; kompisen &#8211; musiikkia kahdella kielell\u00e4 <\/strong>Renkom\u00e4en koulu, Lahtis<br><strong>On. 6.11 kl. 8.30 \u2013 Norden runt p\u00e5 40 minuter<\/strong><br>Pakilan yl\u00e4asteen koulu, Helsinki<br><strong>On. 6.11 kl. 13 \u2013 Norden runt p\u00e5 40 minuter <\/strong>Keuda, Kervo<br><strong>On. 6.11 kl. 14 \u2013 Norden runt p\u00e5 40 minuter <\/strong>Keuda, Kervo<br><strong>To. 7.11 kl. 9 \u2013 Norden runt p\u00e5 40 minuter <\/strong>Laajasalon peruskoulu, Helsingfors<br><strong>To. 7.11 kl. 12.45\u2013 Norden runt p\u00e5 40 minuter <\/strong>Lintumets\u00e4n koulu, Esbo<br><strong>Fr. 8.11 kl. 9.15 \u2013 Norden runt p\u00e5 40 minuter <\/strong>Karakallion koulu, Esbo<br><strong>Fr. 8.11 kl. 15.30 \u2013 Norden runt p\u00e5 40 minuter <\/strong>Hanaholmen, Esbo<br><strong>M\u00e5. 11.11 kl. 9.20 \u2013 Norden runt p\u00e5 40 minuter <\/strong>Lehtikankaan koulu, Kajana<br><strong>M\u00e5. 11.11 kl. 10.15 \u2013 Norden runt p\u00e5 40 minuter <\/strong>Lehtikankaan koulu, Kajana<br><strong>M\u00e5. 11.11 kl. 13.15 \u2013 Norden runt p\u00e5 40 minuter <\/strong>Kajaanin keskuskoulu, Kajana<strong> Ti. 12.11 kl. 9 \u2013 Norden runt p\u00e5 40 minuter <\/strong>Tenetin koulu, Vuokatti<br><strong>Ti. 12.11 kl. 10 \u2013 Norden runt p\u00e5 40 minuter <\/strong>Tenetin koulu, Vuokatti<br><strong>Ti. 12.11 kl. 12.30 \u2013 Norden runt p\u00e5 40 minuter<\/strong><br>Sotkamon lukio, Sotkamo<br><strong>On. 13.11 kl. 10.20 \u2013 Norden runt p\u00e5 40 minuter <\/strong>Hakkarin koulu, Lemp\u00e4\u00e4l\u00e4<br><strong>On. 13.11 kl. 12.20 \u2013 Norden runt p\u00e5 40 minuter <\/strong>Hakkarin koulu, Lemp\u00e4\u00e4l\u00e4<br><strong>On. 13.11 kl. 13.30 \u2013 Norden runt p\u00e5 40 minuter <\/strong>Hakkarin koulu, Lemp\u00e4\u00e4l\u00e4<br><strong>To. 14.11 kl. 10 \u2013 Norden runt p\u00e5 40 minuter <\/strong>Vesilahden yhten\u00e4iskoulu, Vesilahti<br><strong>To. 14.11 kl. 18 \u2013 <a href=\"https:\/\/www.estrad.fi\/barnensestrad\/aktuellt\/mamma-mu-och-krakan-firar-jul\/\">Mamma Mu och Kr\u00e5kan firar jul<\/a> <\/strong>Villa Lande, Kimito<br><strong>Fr. 15.11 kl. 10.20 \u2013 Norden runt p\u00e5 40 minuter <\/strong>Kruunuhaan yl\u00e4asteen koulu, Helsingfors<br><strong>Fr. 15.11 kl. 11.50 \u2013 Norden runt p\u00e5 40 minuter <\/strong>Kruunuhaan yl\u00e4asteen koulu, Helsingfors<br><strong>Fr. 15.11 kl. 12.50 \u2013 Norden runt p\u00e5 40 minuter <\/strong>Kruunuhaan yl\u00e4asteen koulu, Helsingfors<br><strong>Fr. 15.11 kl. 9.30 \u2013 <a href=\"https:\/\/www.estrad.fi\/barnensestrad\/aktuellt\/mamma-mu-och-krakan-firar-jul\/\">Mamma Mu och Kr\u00e5kan firar jul<\/a> <\/strong>\u00d6stersundom skola, Helsingfors<br><strong>Fr. 15.11 kl. 18 \u2013 <a href=\"https:\/\/www.estrad.fi\/barnensestrad\/aktuellt\/mamma-mu-och-krakan-firar-jul\/\">Mamma Mu och Kr\u00e5kan firar jul<\/a> <\/strong>Borgvik, Sjunde\u00e5<br><strong>L\u00f6. 16.11 kl. 15 \u2013 <a href=\"https:\/\/www.estrad.fi\/barnensestrad\/aktuellt\/mamma-mu-och-krakan-firar-jul\/\">Mamma Mu och Kr\u00e5kan firar jul<\/a> <\/strong>Tr\u00e4skberga, Sibbo<br><strong>On. 20.11 kl. 9.30 \u2013 <a href=\"https:\/\/www.estrad.fi\/barnensestrad\/aktuellt\/mamma-mu-och-krakan-firar-jul\/\">Mamma Mu och Kr\u00e5kan firar jul<\/a> <\/strong>Svenska lekskolan, Kuusankoski<br><strong>To. 21.11 kl. 10 \u2013 <a href=\"https:\/\/www.estrad.fi\/barnensestrad\/aktuellt\/mamma-mu-och-krakan-firar-jul\/\">Mamma Mu och Kr\u00e5kan firar jul<\/a> <\/strong>Malms kulturhus, Helsingfors<br><strong>Fr. 22.11 kl. 10 \u2013 <a href=\"https:\/\/www.estrad.fi\/barnensestrad\/aktuellt\/mamma-mu-och-krakan-firar-jul\/\">Mamma Mu och Kr\u00e5kan firar jul<\/a> <\/strong>Nordhuset eller Rastis, Helsingfors<br><strong>Fr. 22.11 kl. 18 \u2013 <a href=\"https:\/\/www.estrad.fi\/barnensestrad\/aktuellt\/mamma-mu-och-krakan-firar-jul\/\">Mamma Mu och Kr\u00e5kan firar jul<\/a> <\/strong>Nordhuset, Helsingfors<br><strong>La. 23.11 klo. 14 \u2013 <a href=\"https:\/\/www.estrad.fi\/barnensestrad\/aktuellt\/mimmi-lehman-ja-variksen-joulu\/\">Mimmi Lehm\u00e4n ja Variksen joulu<\/a> <\/strong>Grand, Porvoo<br><strong>L\u00f6. 23.11 kl. 15.15 \u2013 <a href=\"https:\/\/www.estrad.fi\/barnensestrad\/aktuellt\/mamma-mu-och-krakan-firar-jul\/\">Mamma Mu och Kr\u00e5kan firar jul<\/a> <\/strong>Grand, Borg\u00e5<br><strong>S\u00f6. 24.11 kl. 15 \u2013 <a href=\"https:\/\/www.estrad.fi\/barnensestrad\/aktuellt\/mamma-mu-och-krakan-firar-jul\/\">Mamma Mu och Kr\u00e5kan firar jul<\/a> <\/strong>Harjurinteen koulu, Lovisa<br><strong>Su. 24.11 klo. 16.15 \u2013 <a href=\"https:\/\/www.estrad.fi\/barnensestrad\/aktuellt\/mimmi-lehman-ja-variksen-joulu\/\">Mimmi Lehm\u00e4n ja Variksen joulu<\/a> <\/strong>Harjurinteen koulu, Loviisa<br><strong>On. 27.11 kl. 9.30 \u2013 <a href=\"https:\/\/www.estrad.fi\/barnensestrad\/aktuellt\/mamma-mu-och-krakan-firar-jul\/\">Mamma Mu och Kr\u00e5kan firar jul<\/a> <\/strong>V\u00e4stersundom skola, Vanda<br><strong>On. 27.11 kl. 17.30 \u2013 <a href=\"https:\/\/www.estrad.fi\/barnensestrad\/aktuellt\/mamma-mu-och-krakan-firar-jul\/\">Mamma Mu och Kr\u00e5kan firar jul<\/a> <\/strong>Stadshusets festsal, Hang\u00f6<br><strong>Ke. 27.11 klo. 18.30 \u2013 <a href=\"https:\/\/www.estrad.fi\/barnensestrad\/aktuellt\/mimmi-lehman-ja-variksen-joulu\/\">Mimmi Lehm\u00e4n ja Variksen joulu<\/a> <\/strong>Kaupungintalon juhlasali, Hanko<br><strong>To. 28.11 kl. 9.30 \u2013 <a href=\"https:\/\/www.estrad.fi\/barnensestrad\/aktuellt\/mamma-mu-och-krakan-firar-jul\/\">Mamma Mu och Kr\u00e5kan firar jul<\/a> <\/strong>Bromarv skola, Raseborg<br><strong>To. 28.11 kl. 18 \u2013 <a href=\"https:\/\/www.estrad.fi\/barnensestrad\/aktuellt\/mamma-mu-och-krakan-firar-jul\/\">Mamma Mu och Kr\u00e5kan firar jul<\/a> <\/strong>Karelia, Eken\u00e4s<br><strong>Pe. 29.11 klo. 17.30 \u2013 <a href=\"https:\/\/www.estrad.fi\/barnensestrad\/aktuellt\/mimmi-lehman-ja-variksen-joulu\/\">Mimmi Lehm\u00e4n ja Variksen joulu<\/a> <\/strong>Tryckeriteatern, Karjaa<br><strong>Fr. 29.11 kl. 18.30 \u2013 <a href=\"https:\/\/www.estrad.fi\/barnensestrad\/aktuellt\/mamma-mu-och-krakan-firar-jul\/\">Mamma Mu och Kr\u00e5kan firar jul<\/a> <\/strong>Tryckeriteatern, Karis<br><strong>L\u00f6. 30.11 kl. 10.30 \u2013 <a href=\"https:\/\/www.estrad.fi\/barnensestrad\/aktuellt\/mamma-mu-och-krakan-firar-jul\/\">Mamma Mu och Kr\u00e5kan firar jul<\/a> <\/strong>Piugs kultursal, Pargas<br><strong>La. 30.11 klo. 12 \u2013 <a href=\"https:\/\/www.estrad.fi\/barnensestrad\/aktuellt\/mimmi-lehman-ja-variksen-joulu\/\">Mimmi Lehm\u00e4n ja Variksen joulu<\/a> <\/strong>Punt kulttuurisali, Parainen<br><strong>S\u00f6. 1.12 kl. 15 \u2013 <a href=\"https:\/\/www.estrad.fi\/barnensestrad\/aktuellt\/mamma-mu-och-krakan-firar-jul\/\">Mamma Mu och Kr\u00e5kan firar jul<\/a> <\/strong>Arbishusets festsal, \u00c5bo<br><strong>Su. 1.12 klo. 16.15 \u2013 <a href=\"https:\/\/www.estrad.fi\/barnensestrad\/aktuellt\/mimmi-lehman-ja-variksen-joulu\/\">Mimmi Lehm\u00e4n ja Variksen joulu<\/a> <\/strong>Ty\u00f6v\u00e4enopiston juhlasali, Turku<br><strong>To. 5.12 kl. 18 \u2013 <a href=\"https:\/\/www.estrad.fi\/barnensestrad\/aktuellt\/mamma-mu-och-krakan-firar-jul\/\">Mamma Mu och Kr\u00e5kan firar jul<\/a> <\/strong>Skolan, Nedervetil<br><strong>Fr. 6.12 kl. 11 \u2013 <a href=\"https:\/\/www.estrad.fi\/barnensestrad\/aktuellt\/mamma-mu-och-krakan-firar-jul\/\">Mamma Mu och Kr\u00e5kan firar jul<\/a> <\/strong>Scala, Nykarleby<br><strong>L\u00f6. 7.12 kl. 15 \u2013 <a href=\"https:\/\/www.estrad.fi\/barnensestrad\/aktuellt\/mamma-mu-och-krakan-firar-jul\/\">Mamma Mu och Kr\u00e5kan firar jul<\/a> <\/strong>Lepplax samlingshus<br><strong>S\u00f6. 8.12 kl. 13.30 \u2013 <a href=\"https:\/\/www.estrad.fi\/barnensestrad\/aktuellt\/mamma-mu-och-krakan-firar-jul\/\">Mamma Mu och Kr\u00e5kan firar jul<\/a> <\/strong>Ritz, Vasa<br><strong>S\u00f6. 8.12 kl. 15 \u2013 <a href=\"https:\/\/www.estrad.fi\/barnensestrad\/aktuellt\/mamma-mu-och-krakan-firar-jul\/\">Mamma Mu och Kr\u00e5kan firar jul<\/a> <\/strong>Ritz, Vasa<br><strong>Su. 8.12 klo. 16.30 \u2013 <a href=\"https:\/\/www.estrad.fi\/barnensestrad\/aktuellt\/mimmi-lehman-ja-variksen-joulu\/\">Mimmi Lehm\u00e4n ja Variksen joulu<\/a> <\/strong>Ritz, Vaasa<br><strong>M\u00e5. 9.12 kl. 9.30 \u2013 <a href=\"https:\/\/www.estrad.fi\/barnensestrad\/aktuellt\/mamma-mu-och-krakan-firar-jul\/\">Mamma Mu och Kr\u00e5kan firar jul<\/a> <\/strong>Kyrkoby skola, Korsn\u00e4s<br><strong>M\u00e5. 9.12 kl. 18 \u2013 <a href=\"https:\/\/www.estrad.fi\/barnensestrad\/aktuellt\/mamma-mu-och-krakan-firar-jul\/\">Mamma Mu och Kr\u00e5kan firar jul<\/a> <\/strong>Tegengrenskolan, V\u00f6r\u00e5<br><strong>Ti. 10.12 kl. 18 \u2013 <a href=\"https:\/\/www.estrad.fi\/barnensestrad\/aktuellt\/mamma-mu-och-krakan-firar-jul\/\">Mamma Mu och Kr\u00e5kan firar jul<\/a> <\/strong>Frans Henrikssonssalen, N\u00e4rpes<br><strong>On. 11.12 kl. 9.30 \u2013 <a href=\"https:\/\/www.estrad.fi\/barnensestrad\/aktuellt\/mamma-mu-och-krakan-firar-jul\/\">Mamma Mu och Kr\u00e5kan firar jul<\/a> <\/strong>Jungsborg, Karleby<br><strong>On. 11.12 kl. 17.30 \u2013 <a href=\"https:\/\/www.estrad.fi\/barnensestrad\/aktuellt\/mamma-mu-och-krakan-firar-jul\/\">Mamma Mu och Kr\u00e5kan firar jul<\/a> <\/strong>Schaumansalen, Jakobstad<br><strong>Ke. 11.12 klo. 18.30 \u2013 <a href=\"https:\/\/www.estrad.fi\/barnensestrad\/aktuellt\/mimmi-lehman-ja-variksen-joulu\/\">Mimmi Lehm\u00e4n ja Variksen joulu<\/a> <\/strong>Schaumansali, Pietarsaari<br><strong>Fr. 13.12 kl. 11.30 \u2013 <a href=\"https:\/\/www.estrad.fi\/barnensestrad\/aktuellt\/mamma-mu-och-krakan-firar-jul\/\">Mamma Mu och Kr\u00e5kan firar jul<\/a> <\/strong>Folkh\u00e4lsans familjecaf\u00e9, Drums\u00f6, Helsingfors<strong> L\u00f6. 14.12 kl. 14 \u2013 <a href=\"https:\/\/www.estrad.fi\/barnensestrad\/aktuellt\/mamma-mu-och-krakan-firar-jul\/\">Mamma Mu och Kr\u00e5kan firar jul<\/a> <\/strong>Vind\u00e4ngen, Esbo<br><strong>S\u00f6. 15.12 kl. 15 \u2013 <a href=\"https:\/\/www.estrad.fi\/barnensestrad\/aktuellt\/mamma-mu-och-krakan-firar-jul\/\">Mamma Mu och Kr\u00e5kan firar jul<\/a> <\/strong>Nya Paviljongen, Grankulla<br><strong>Su. 15.12 klo. 16.15 \u2013 <a href=\"https:\/\/www.estrad.fi\/barnensestrad\/aktuellt\/mimmi-lehman-ja-variksen-joulu\/\">Mimmi Lehm\u00e4n ja Variksen joulu<\/a> <\/strong>Uusi Paviljonki, Kauniainen<\/p>\n<\/div><\/div><\/div>\n<\/div><style>.eplus_styles .ep_toggles_wrapper__332af8f5-6014-4d2d-8531-a68cb954ef7e .ep_toggles_wrapper {\n                \n                grid-template-columns: repeat(1 , 1fr) ;\n            }\n            \n\n        \n\n         \n\n        \n            .eplus_styles .ep_toggles_wrapper__332af8f5-6014-4d2d-8531-a68cb954ef7e .ep_toggles_wrapper:hover {\n                grid-template-columns: repeat(undefined , 1fr) ;\n            }.eplus_styles .ep_toggles_wrapper__332af8f5-6014-4d2d-8531-a68cb954ef7e .wp-block-ep-toggle-item, [data-type='ep\/toggle-item'] {\n                \n                grid-template-columns: 100% ;\n            }.eplus_styles .ep_toggles_wrapper__332af8f5-6014-4d2d-8531-a68cb954ef7e .wp-block-ep-toggle-item, [data-type='ep\/toggle-item'] {\n                \n                justify-content: center;\n            }.eplus_styles .ep_toggles_wrapper__332af8f5-6014-4d2d-8531-a68cb954ef7e .ep_toggles_wrapper {\n                \n                grid-gap: 15px ;\n            }.eplus_styles .ep_toggles_wrapper__332af8f5-6014-4d2d-8531-a68cb954ef7e .ep_toggle_item_title {\n                \n                font-weight: 700;\ncolor: #ffffff;\nfont-size: 17px ;\n            }\n            \n\n        \n\n         \n\n        \n            .eplus_styles .ep_toggles_wrapper__332af8f5-6014-4d2d-8531-a68cb954ef7e .ep_toggle_item_title:hover {\n                color: #ffffff;\n            }.eplus_styles .ep_toggles_wrapper__332af8f5-6014-4d2d-8531-a68cb954ef7e .ep_ti_open .ep_toggle_item_title {\n                \n                color: #ffffff;\n            }.eplus_styles .ep_toggles_wrapper__332af8f5-6014-4d2d-8531-a68cb954ef7e .ep_toggle_item_title {\n                \n                background-image: linear-gradient(#bcd377, #bcd377);\n            }\n            \n\n        \n\n         \n\n        \n            .eplus_styles .ep_toggles_wrapper__332af8f5-6014-4d2d-8531-a68cb954ef7e .ep_toggle_item_title:hover {\n                background-image: linear-gradient(#9b9dc9, #9b9dc9);\n            }.eplus_styles .ep_toggles_wrapper__332af8f5-6014-4d2d-8531-a68cb954ef7e .ep_ti_open .ep_toggle_item_title {\n                \n                background-image: linear-gradient(#9b9dc9, #9b9dc9);\n            }.eplus_styles .ep_toggles_wrapper__332af8f5-6014-4d2d-8531-a68cb954ef7e .ep_toggle_item_title {\n                \n                padding-top: 15px ;\npadding-right: 15px ;\npadding-bottom: 15px ;\npadding-left: 15px ;\n            }.eplus_styles .ep_toggles_wrapper__332af8f5-6014-4d2d-8531-a68cb954ef7e .ep_toggle_item_content {\n                \n                padding-top: 15px ;\npadding-right: 15px ;\npadding-bottom: 15px ;\npadding-left: 15px ;\n            }<\/style><\/div>\n","protected":false},"excerpt":{"rendered":"<p>Kalender | kalenteri<\/p>\n","protected":false},"author":3,"featured_media":0,"parent":0,"menu_order":0,"comment_status":"closed","ping_status":"closed","template":"","meta":{"editor_plus_copied_stylings":"{}","_price":"","_stock":"","_tribe_ticket_header":"","_tribe_default_ticket_provider":"","_tribe_ticket_capacity":"0","_ticket_start_date":"","_ticket_end_date":"","_tribe_ticket_show_description":"","_tribe_ticket_show_not_going":false,"_tribe_ticket_use_global_stock":"","_tribe_ticket_global_stock_level":"","_global_stock_mode":"","_global_stock_cap":"","_tribe_rsvp_for_event":"","_tribe_ticket_going_count":"","_tribe_ticket_not_going_count":"","_tribe_tickets_list":"[]","_tribe_ticket_has_attendee_info_fields":false,"footnotes":"","_tec_slr_enabled":"","_tec_slr_layout":""},"class_list":["post-8","page","type-page","status-publish","hentry"],"ticketed":false,"_links":{"self":[{"href":"https:\/\/www.estrad.fi\/barnensestrad\/wp-json\/wp\/v2\/pages\/8","targetHints":{"allow":["GET"]}}],"collection":[{"href":"https:\/\/www.estrad.fi\/barnensestrad\/wp-json\/wp\/v2\/pages"}],"about":[{"href":"https:\/\/www.estrad.fi\/barnensestrad\/wp-json\/wp\/v2\/types\/page"}],"author":[{"embeddable":true,"href":"https:\/\/www.estrad.fi\/barnensestrad\/wp-json\/wp\/v2\/users\/3"}],"replies":[{"embeddable":true,"href":"https:\/\/www.estrad.fi\/barnensestrad\/wp-json\/wp\/v2\/comments?post=8"}],"version-history":[{"count":1338,"href":"https:\/\/www.estrad.fi\/barnensestrad\/wp-json\/wp\/v2\/pages\/8\/revisions"}],"predecessor-version":[{"id":17083,"href":"https:\/\/www.estrad.fi\/barnensestrad\/wp-json\/wp\/v2\/pages\/8\/revisions\/17083"}],"wp:attachment":[{"href":"https:\/\/www.estrad.fi\/barnensestrad\/wp-json\/wp\/v2\/media?parent=8"}],"curies":[{"name":"wp","href":"https:\/\/api.w.org\/{rel}","templated":true}]}}